{"id":21264,"date":"2018-01-02T01:01:05","date_gmt":"2018-01-02T01:01:05","guid":{"rendered":"http:\/\/biblian.is\/videy\/nehemiabok-2-kafli\/"},"modified":"2018-01-02T01:01:05","modified_gmt":"2018-01-02T01:01:05","slug":"nehemiabok-2-kafli","status":"publish","type":"page","link":"https:\/\/biblian.is\/videy\/nehemiabok-2-kafli\/","title":{"rendered":"Nehem\u00edab\u00f3k 2. kafli"},"content":{"rendered":"<div class=\"fyrirsognVidey\">Artaxerxes skipar Nehem\u00edas a\u00f0 fara til Jer\u00fasalem og byggja upp sta\u00f0inn og hla\u00f0a upp aftur m\u00farana.<\/div>\n<p><a name=\"1\"><span class=\"versanumer\">1<\/span><\/a>Og \u00fea\u00f0 ske\u00f0i \u00ed m\u00e1nu\u00f0inum nisan <span class='VideyAth'>e)<\/span> tuttugasta \u00e1rs Artaxerxis k\u00f3ngs\u2014a\u00f0 v\u00edn st\u00f3\u00f0 fyrir framan hann og eg t\u00f3k v\u00edni\u00f0 og r\u00e9tti a\u00f0 k\u00f3nginum, og ekki var eg hryggur \u00e1s\u00fdndum <span class='VideyAth'>f)<\/span>;<a name=\"2\"><span class=\"versanumer\">2<\/span><\/a>en k\u00f3ngurinn segir vi\u00f0 mig: \u00fev\u00ed er andlit \u00feitt svo sorgbiti\u00f0? \u00fe\u00fa ert \u00fe\u00f3 ekki sj\u00fakur? ekki er \u00feetta anna\u00f0 en hugs\u00fdki\u2014og eg var\u00f0 mj\u00f6g hr\u00e6ddur,<a name=\"3\"><span class=\"versanumer\">3<\/span><\/a>og sag\u00f0i til k\u00f3ngsins: k\u00f3ngurinn lifi lengi, \u00fev\u00ed skyldi ekki andlit mitt vera syrgjandi, \u00fear e\u00f0 borgin hvar forfe\u00f0ur m\u00ednir eru grafnir er ey\u00f0il\u00f6g\u00f0 og hennar hli\u00f0 af eldi fort\u00e6r\u00f0?<a name=\"4\"><span class=\"versanumer\">4<\/span><\/a>Og k\u00f3ngurinn sag\u00f0i vi\u00f0 mig: hv\u00f6rs \u00e6skir\u00f0u \u00fe\u00e1, og eg f\u00e9ll fram fyrir himnanna Gu\u00f0i.<a name=\"5\"><span class=\"versanumer\">5<\/span><\/a>Og eg sag\u00f0i vi\u00f0 k\u00f3nginn: ef a\u00f0 \u00fea\u00f0 er k\u00f3nginum ge\u00f0fellt og \u00fe\u00e9r ge\u00f0jast a\u00f0 \u00fej\u00f3ni \u00fe\u00ednum, <span class='VideyAth'>(\u00fe\u00e1 er \u00fea\u00f0 \u00f3sk m\u00edn)<\/span> a\u00f0 eg ver\u00f0i sendur til J\u00fadeu, til borgar \u00feeirrar, hvar forfe\u00f0ur m\u00ednir eru greftra\u00f0ir, svo a\u00f0 eg f\u00e1i byggt hana upp.<a name=\"6\"><span class=\"versanumer\">6<\/span><\/a>Og k\u00f3ngurinn sag\u00f0i vi\u00f0 mig og drottningin, sem sat hj\u00e1 honum: hva\u00f0 l\u00f6ng \u00e6tli a\u00f0 fer\u00f0 \u00fe\u00edn ver\u00f0i og hv\u00f6n\u00e6r \u00e6tli \u00fe\u00fa komir aftur? og k\u00f3nginum \u00fe\u00f3kna\u00f0ist a\u00f0 senda mig, og tilt\u00f3k t\u00edmann, vissan t\u00edma.<a name=\"7\"><span class=\"versanumer\">7<\/span><\/a>S\u00ed\u00f0an sag\u00f0i eg vi\u00f0 k\u00f3nginn: ef \u00fea\u00f0 er k\u00f3nginum \u00fe\u00f3knanlegt, \u00fe\u00e1 m\u00e6tti f\u00e1 m\u00e9r br\u00e9f til landsh\u00f6f\u00f0ingja skattlandanna fyrir handan Evfrat, a\u00f0 \u00feeir beini m\u00e9r, \u00feanga\u00f0 til eg kemst til J\u00fadeu.<a name=\"8\"><span class=\"versanumer\">8<\/span><\/a>Og br\u00e9f til Asafs umsj\u00f3narmanns ens k\u00f3nglega lystisk\u00f3gar, a\u00f0 hann l\u00e1ti mig f\u00e1 vi\u00f0, til a\u00f0 byggja borgarhli\u00f0 h\u00f6fu\u00f0sta\u00f0arins \u00ed hv\u00f6rjum a\u00f0 musteri\u00f0 liggur og til borgarm\u00farsins og til \u00feess musteris, hv\u00f6rt fer\u00f0inni er heiti\u00f0. \u00deetta veitti k\u00f3ngurinn m\u00e9r vegna Gu\u00f0s g\u00f3\u00f0u handar sem var yfir m\u00e9r.<a name=\"9\"><span class=\"versanumer\">9<\/span><\/a>Og eg kom til landsh\u00f6f\u00f0ingjanna hinumegin flj\u00f3tsins, og f\u00e9kk \u00feeim br\u00e9f k\u00f3ngsins; k\u00f3ngurinn haf\u00f0i l\u00edka sent me\u00f0 m\u00e9r herforingja og riddara.<a name=\"10\"><span class=\"versanumer\">10<\/span><\/a>En \u00fe\u00e1 Sanballat sem var \u00e6tta\u00f0ur fr\u00e1 Horon <span class='VideyAth'>a)<\/span>, og Tob\u00eda \u00fej\u00f3n hans fr\u00e1 Ammon\u00edu heyr\u00f0i \u00feetta, misl\u00edka\u00f0i \u00feeim \u00feetta mj\u00f6g svo miki\u00f0, a\u00f0 s\u00e1 ma\u00f0ur skyldi koma sem leita\u00f0i hagsmuna \u00cdsraelssonum.<br \/><a name=\"11\"><span class=\"versanumer\">11<\/span><\/a>\u00de\u00e1 eg kom til Jer\u00fasalem haf\u00f0i og veri\u00f0 \u00fear \u00ferj\u00e1 daga,<a name=\"12\"><span class=\"versanumer\">12<\/span><\/a>st\u00f3\u00f0 eg upp um n\u00f3ttina, eg og f\u00e1einir menn me\u00f0 m\u00e9r, og ekki augl\u00fdsti eg \u00fea\u00f0 fyrir neinum sem Gu\u00f0 haf\u00f0i skoti\u00f0 m\u00e9r \u00ed brj\u00f3st a\u00f0 framkv\u00e6ma \u00ed Jer\u00fasalem, og ekki var nokkur skepna me\u00f0 m\u00e9r, nema skepna s\u00fa sem eg rei\u00f0,<a name=\"13\"><span class=\"versanumer\">13<\/span><\/a>og eg f\u00f3r \u00fat af dalshli\u00f0inu um n\u00f3ttina og til H\u00f6ggormabrunnsins og til Mykjuhli\u00f0sins, og eg sko\u00f0a\u00f0i Jer\u00fasalemsm\u00fara, sem voru ni\u00f0urrifnir og hv\u00f6rra hli\u00f0 voru af eldi fort\u00e6r\u00f0.<a name=\"14\"><span class=\"versanumer\">14<\/span><\/a>S\u00ed\u00f0an f\u00f3r eg til brunnhli\u00f0sins og til fiskivatns konungsins, \u00fe\u00e1 var ekki lengur vegur fyrir skepnuna sem eg rei\u00f0.<a name=\"15\"><span class=\"versanumer\">15<\/span><\/a>S\u00ed\u00f0an gekk eg upp \u00ed dalinn um n\u00f3ttina og sko\u00f0a\u00f0i m\u00farinn og sneri svo aftur og kom til dalhli\u00f0sins og sneri svo heim.<a name=\"16\"><span class=\"versanumer\">16<\/span><\/a>Ekki vissu yfirmennirnir hv\u00f6rt eg haf\u00f0i fari\u00f0 n\u00e9 hva\u00f0 a\u00f0hafst, \u00fev\u00ed a\u00f0 \u00fe\u00e1 haf\u00f0i eg enn ekkert opinbera\u00f0 Gy\u00f0ingunum n\u00e9 prestunum, n\u00e9 \u00feeim heldri, n\u00e9 forst\u00f6\u00f0um\u00f6nnunum, n\u00e9 \u00f6\u00f0rum sem a\u00f0 verkinu unnu.<a name=\"17\"><span class=\"versanumer\">17<\/span><\/a>En \u00fe\u00e1 sag\u00f0i eg vi\u00f0 \u00fe\u00e1: \u00fe\u00e9r sj\u00e1i\u00f0 n\u00fa \u00feau b\u00e1gindi \u00ed hv\u00f6r v\u00e9r erum komnir; a\u00f0 Jer\u00fasalem er ey\u00f0il\u00f6g\u00f0 og hli\u00f0 hennar \u00ed eldi brennd\u2014komi\u00f0! og skulum v\u00e9r n\u00fa byggja upp Jer\u00fasalems m\u00fara, a\u00f0 ekki ver\u00f0um v\u00e9r framar til minnkunar.<a name=\"18\"><span class=\"versanumer\">18<\/span><\/a>Og eg sag\u00f0i \u00feeim fr\u00e1 Gu\u00f0s g\u00f3\u00f0u h\u00f6nd, sem yfir m\u00e9r haf\u00f0i veri\u00f0 og l\u00edka fr\u00e1 or\u00f0um k\u00f3ngsins, er hann m\u00e6lti vi\u00f0 mig: og \u00feeir s\u00f6g\u00f0u: v\u00e9r viljum taka oss upp og byggja; og \u00feeir t\u00f3ku hug \u00ed sig til \u00feess g\u00f3\u00f0verks.<br \/><a name=\"19\"><span class=\"versanumer\">19<\/span><\/a>En er Sanballat fr\u00e1 Horon, og Tob\u00eda s\u00e1 ammonitiski \u00fej\u00f3n, heyr\u00f0u \u00feetta, og s\u00e1 arabiski Gesem, \u00fe\u00e1 h\u00f6f\u00f0u \u00feeir oss a\u00f0 spotti og fyrirlitu oss og s\u00f6g\u00f0u: hva\u00f0 er \u00feetta, er \u00fe\u00e9r hafi\u00f0 fyrir stafni? \u00e6tli\u00f0 \u00fe\u00e9r a\u00f0 gj\u00f6ra uppreisn \u00e1 m\u00f3ti k\u00f3nginum?<a name=\"20\"><span class=\"versanumer\">20<\/span><\/a>En eg svara\u00f0i \u00feeim og sag\u00f0i vi\u00f0 \u00fe\u00e1: Drottinn himnanna, hann mun l\u00e1ta oss \u00feetta takast, \u00fev\u00ed v\u00e9r hans \u00fej\u00f3nar b\u00faumst n\u00fa til og \u00e6tlum a\u00f0 byggja, en \u00fe\u00e9r eigi\u00f0 ekkert hlutskipti, e\u00f0ur r\u00e9tt e\u00f0a minnismerki \u00ed Jer\u00fasalem.<\/p>\n<div class=\"footnoteVidey\">V. 1. e. \u00de. e. aprilis. f. \u00de. e. l\u00e9t ekki bera \u00e1 hrygg\u00f0 minni.  V. 10. a. L\u00edtill sta\u00f0ur \u00ed landi M\u00f3ab\u00edtanna.<\/div>\n","protected":false},"excerpt":{"rendered":"<p>Artaxerxes skipar Nehem\u00edas a\u00f0 fara til Jer\u00fasalem og byggja upp sta\u00f0inn og hla\u00f0a upp aftur m\u00farana. 1Og \u00fea\u00f0 ske\u00f0i \u00ed m\u00e1nu\u00f0inum nisan e) tuttugasta \u00e1rs Artaxerxis k\u00f3ngs\u2014a\u00f0 v\u00edn st\u00f3\u00f0 fyrir framan hann og eg t\u00f3k v\u00edni\u00f0 og r\u00e9tti a\u00f0 k\u00f3nginum, og ekki var eg hryggur \u00e1s\u00fdndum f);2en k\u00f3ngurinn segir vi\u00f0 mig: \u00fev\u00ed er andlit \u00feitt svo sorgbiti\u00f0? \u00fe\u00fa ert \u00fe\u00f3 ekki sj\u00fakur? ekki er \u00feetta anna\u00f0 en hugs\u00fdki\u2014og eg var\u00f0 mj\u00f6g hr\u00e6ddur,3og sag\u00f0i til k\u00f3ngsins: k\u00f3ngurinn lifi lengi, \u00fev\u00ed skyldi ekki andlit mitt vera syrgjandi, \u00fear e\u00f0 borgin hvar forfe\u00f0ur m\u00ednir eru grafnir er ey\u00f0il\u00f6g\u00f0 og hennar hli\u00f0 af eldi <a href=\"https:\/\/biblian.is\/videy\/nehemiabok-2-kafli\/\"> [&#8230;]<\/a><\/p>\n","protected":false},"author":1,"featured_media":0,"parent":0,"menu_order":0,"comment_status":"open","ping_status":"open","template":"bibliukaflar.php","meta":{"footnotes":""},"class_list":["post-21264","page","type-page","status-publish","hentry"],"_links":{"self":[{"href":"https:\/\/biblian.is\/videy\/wp-json\/wp\/v2\/pages\/21264","targetHints":{"allow":["GET"]}}],"collection":[{"href":"https:\/\/biblian.is\/videy\/wp-json\/wp\/v2\/pages"}],"about":[{"href":"https:\/\/biblian.is\/videy\/wp-json\/wp\/v2\/types\/page"}],"author":[{"embeddable":true,"href":"https:\/\/biblian.is\/videy\/wp-json\/wp\/v2\/users\/1"}],"replies":[{"embeddable":true,"href":"https:\/\/biblian.is\/videy\/wp-json\/wp\/v2\/comments?post=21264"}],"version-history":[{"count":0,"href":"https:\/\/biblian.is\/videy\/wp-json\/wp\/v2\/pages\/21264\/revisions"}],"wp:attachment":[{"href":"https:\/\/biblian.is\/videy\/wp-json\/wp\/v2\/media?parent=21264"}],"curies":[{"name":"wp","href":"https:\/\/api.w.org\/{rel}","templated":true}]}}