{"id":21246,"date":"2018-01-02T01:00:59","date_gmt":"2018-01-02T01:00:59","guid":{"rendered":"http:\/\/biblian.is\/videy\/sidari-kronikubok-30-kafli\/"},"modified":"2018-01-02T01:00:59","modified_gmt":"2018-01-02T01:00:59","slug":"sidari-kronikubok-30-kafli","status":"publish","type":"page","link":"https:\/\/biblian.is\/videy\/sidari-kronikubok-30-kafli\/","title":{"rendered":"S\u00ed\u00f0ari kron\u00edkub\u00f3k 30. kafli"},"content":{"rendered":"<div class=\"fyrirsognVidey\">Sama efni.<\/div>\n<p><a name=\"1\"><span class=\"versanumer\">1<\/span><\/a>Og Esek\u00edas sendi til alls \u00cdsraels og J\u00fada, l\u00edka skrifa\u00f0i hann br\u00e9f til Efraim og Manasses, a\u00f0 \u00feeir k\u00e6mu til Drottins h\u00fass \u00ed Jer\u00fasalem, til \u00feess a\u00f0 halda Drottni, \u00cdsraels Gu\u00f0i, p\u00e1ska.<a name=\"2\"><span class=\"versanumer\">2<\/span><\/a>Og konunginum og hans h\u00f6f\u00f0ingjum og \u00f6llum s\u00f6fnu\u00f0inum \u00ed Jer\u00fasalem var \u00fea\u00f0 a\u00f0 r\u00e1\u00f0i, a\u00f0 halda p\u00e1ska \u00ed \u00f6\u00f0rum m\u00e1nu\u00f0i.<a name=\"3\"><span class=\"versanumer\">3<\/span><\/a>\u00dev\u00ed \u00feeir g\u00e1tu ekki haldi\u00f0 \u00fe\u00e1 \u00e1 hinum <span class='VideyAth'>(tiltekna)<\/span> t\u00edma, \u00fear e\u00f0 n\u00e6gilega margir prestar h\u00f6f\u00f0u ei enn n\u00fa helga\u00f0 sig, og f\u00f3lki\u00f0 var ekki samansafna\u00f0 til Jer\u00fasalem.<a name=\"4\"><span class=\"versanumer\">4<\/span><\/a>Og k\u00f3nginum og \u00f6llum s\u00f6fnu\u00f0inum l\u00edka\u00f0i \u00feetta.<a name=\"5\"><span class=\"versanumer\">5<\/span><\/a>Og \u00feeir fastsettu a\u00f0 \u00fathr\u00f3pa skyldi \u00ed \u00f6llum \u00cdsrael, fr\u00e1 Berseba til Dan, a\u00f0 menn k\u00e6mu til Jer\u00fasalem, a\u00f0 halda p\u00e1ska, Drottni \u00cdsraels Gu\u00f0i, \u00fev\u00ed \u00feeir h\u00f6f\u00f0u \u00ed langan t\u00edma ekki haldi\u00f0 \u00fe\u00e1, eins og skrifa\u00f0 stendur.<a name=\"6\"><span class=\"versanumer\">6<\/span><\/a>\u00de\u00e1 f\u00f3ru hlauparar me\u00f0 br\u00e9f af hendi konungs og hans h\u00f6f\u00f0ingja, um allan \u00cdsrael og J\u00fada, og eftir bo\u00f0i k\u00f3ngsins og s\u00f6g\u00f0u: \u00fe\u00e9r \u00cdsraelssynir, sn\u00fai\u00f0 y\u00f0ur til Drottins, til Gu\u00f0s Abrahams, \u00cdsaks og \u00cdsraels, a\u00f0 hann sn\u00fai s\u00e9r til \u00feeirra undansloppnu, sem y\u00f0ur eru eftir or\u00f0nir af hendi Ass\u00fdr\u00eduk\u00f3nga.<a name=\"7\"><span class=\"versanumer\">7<\/span><\/a>Og veri\u00f0 ekki sem y\u00f0ar fe\u00f0ur og y\u00f0ar br\u00e6\u00f0ur sem misbrutu vi\u00f0 Drottin, Gu\u00f0 y\u00f0ar fe\u00f0ra, hv\u00f6rs vegna hann ofurseldi \u00fe\u00e1 tj\u00f3ninu, eins og \u00fe\u00e9r sj\u00e1i\u00f0.<a name=\"8\"><span class=\"versanumer\">8<\/span><\/a>Veri\u00f0 ekki \u00feverbrotnir <span class='VideyAth'>(har\u00f0sv\u00edra\u00f0ir)<\/span> sem y\u00f0ar fe\u00f0ur, gefi\u00f0 Drottni h\u00f6nd, og komi\u00f0 \u00ed hans helgid\u00f3m, sem hann hefir helga\u00f0 a\u00f0 eil\u00edfu, og \u00fej\u00f3ni\u00f0 Drottni y\u00f0ar Gu\u00f0i, a\u00f0 hans upptendra\u00f0a rei\u00f0i sn\u00faist fr\u00e1 y\u00f0ur.<a name=\"9\"><span class=\"versanumer\">9<\/span><\/a>\u00dev\u00ed ef \u00fe\u00e9r sn\u00fai\u00f0 y\u00f0ur til Drottins, svo munu y\u00f0ar br\u00e6\u00f0ur og y\u00f0ar synir finna miskunn hj\u00e1 \u00feeirra sigurvegurum svo \u00feeir f\u00e1i a\u00f0 hverfa heim aftur \u00ed \u00feetta land; \u00fev\u00ed n\u00e1\u00f0ugur og miskunnsamur er Drottinn vor Gu\u00f0, og hann mun ekki sn\u00faa s\u00ednu augliti fr\u00e1 y\u00f0ur, ef \u00fe\u00e9r sn\u00fai\u00f0 y\u00f0ur til hans.<a name=\"10\"><span class=\"versanumer\">10<\/span><\/a>Og svo gengu hlaupararnir fr\u00e1 einum sta\u00f0 til annars, um Efraimsland og Manasse allt til Seb\u00falon. En \u00feeir hl\u00f3gu a\u00f0 \u00feeim og h\u00e6ddu \u00fe\u00e1.<a name=\"11\"><span class=\"versanumer\">11<\/span><\/a>Samt au\u00f0m\u00fdktu sig nokkrir af Asser og Manasse og Seb\u00falon og komu til Jer\u00fasalem.<a name=\"12\"><span class=\"versanumer\">12<\/span><\/a>L\u00edka kom Drottins h\u00f6nd yfir J\u00fada, a\u00f0 hann gaf \u00f6llum eitt sinni, a\u00f0 hl\u00fd\u00f0nast k\u00f3ngsins og yfirbo\u00f0aranna bo\u00f0i eftir Drottins or\u00f0i.<br \/><a name=\"13\"><span class=\"versanumer\">13<\/span><\/a>Og margt f\u00f3lk safna\u00f0ist til Jer\u00fasalem til \u00feess a\u00f0 halda h\u00e1t\u00ed\u00f0 \u00feeirra \u00f3s\u00fdr\u00f0u <span class='VideyAth'>(brau\u00f0a)<\/span> \u00ed \u00f6\u00f0rum m\u00e1nu\u00f0i, harla mikill s\u00f6fnu\u00f0ur.<a name=\"14\"><span class=\"versanumer\">14<\/span><\/a>Og \u00feeir t\u00f3ku sig til, og fluttu burt \u00f6lturin \u00ed Jer\u00fasalem, og \u00f6ll reyk\u00f6lturu f\u00e6r\u00f0u \u00feeir burt og k\u00f6stu\u00f0u \u00feeim \u00ed l\u00e6kinn Kidron.<a name=\"15\"><span class=\"versanumer\">15<\/span><\/a>Og \u00feeir sl\u00e1tru\u00f0u p\u00e1skalambinu \u00feann 14da dag \u00ed \u00feeim \u00f6\u00f0rum m\u00e1nu\u00f0i, og prestarnir og Lev\u00edtarnir fyrirur\u00f0u sig og helgu\u00f0u sig, og framb\u00e1ru brennif\u00f3rn \u00ed h\u00fasi Drottins.<a name=\"16\"><span class=\"versanumer\">16<\/span><\/a>Og \u00feeir st\u00f3\u00f0u \u00e1 s\u00ednum sta\u00f0, eftir \u00feeirra si\u00f0, eftir l\u00f6gum M\u00f3sis, gu\u00f0smannsins, og prestarnir st\u00f6kktu bl\u00f3\u00f0inu \u00far hendi Lev\u00edtanna.<a name=\"17\"><span class=\"versanumer\">17<\/span><\/a>\u00dear e\u00f0 margir voru \u00ed s\u00f6fnu\u00f0inum sem ekki h\u00f6f\u00f0u helga\u00f0 sig, \u00fe\u00e1 t\u00f3kust Lev\u00edtarnir \u00e1 hendur a\u00f0 sl\u00e1tra p\u00e1skal\u00f6mbunum fyrir alla \u00f3hreina og helgu\u00f0u \u00feau Drottni.<a name=\"18\"><span class=\"versanumer\">18<\/span><\/a>\u00dev\u00ed fj\u00f6ldi f\u00f3lks, margir af Efraim og Manasse, \u00cdsaskar og Seb\u00falon h\u00f6f\u00f0u ekki hreinsa\u00f0 sig, heldur \u00e1tu p\u00e1skalambi\u00f0, ekki eftir skriftinni. En Esek\u00edas ba\u00f0 fyrir \u00feeim og m\u00e6lti: Drottinn! \u00fe\u00fa g\u00f3\u00f0gjarni, fyrirgef \u00f6llum,<a name=\"19\"><span class=\"versanumer\">19<\/span><\/a>\u00feeim sem hafa hneigt sitt hjarta til a\u00f0 leita Gu\u00f0s, Drottins, Gu\u00f0s sinna fe\u00f0ra, en ekki me\u00f0 helgum hreinleika!<a name=\"20\"><span class=\"versanumer\">20<\/span><\/a>Drottinn heyr\u00f0i Esek\u00edas, og fyrirgaf f\u00f3lkinu.<a name=\"21\"><span class=\"versanumer\">21<\/span><\/a>Og svo h\u00e9ldu \u00cdsraelssynir, sem voru \u00ed Jer\u00fasalem, h\u00e1t\u00ed\u00f0 \u00feeirra \u00f3s\u00fdr\u00f0u brau\u00f0a \u00ed 7 daga me\u00f0 miklum f\u00f6gnu\u00f0i, og prestarnir og Lev\u00edtarnir lofu\u00f0u Drottin dag eftir dag me\u00f0 hlj\u00f3\u00f0f\u00e6rum Drottins lofgj\u00f6r\u00f0ar.<a name=\"22\"><span class=\"versanumer\">22<\/span><\/a>Og Esek\u00edas tala\u00f0i vinsamlega vi\u00f0 alla Lev\u00edtana, sem h\u00f6f\u00f0u gott skynbrag\u00f0 \u00e1 \u00feeim f\u00f6gru v\u00edsindum Drottins <span class='VideyAth'>(\u00fej\u00f3nustu)<\/span> og \u00feeir \u00e1tu h\u00e1t\u00ed\u00f0af\u00f3rnina \u00ed 7 daga, og offru\u00f0u \u00feakkarf\u00f3rn og lofu\u00f0u Drottin, Gu\u00f0 \u00feeirra fe\u00f0ra. <br \/><a name=\"23\"><span class=\"versanumer\">23<\/span><\/a>Og allur s\u00f6fnu\u00f0urinn r\u00e9\u00f0i \u00fea\u00f0 af a\u00f0 halda p\u00e1ska a\u00f0ra 7 daga, og \u00feeir h\u00e9ldu enn sj\u00f6 daga me\u00f0 f\u00f6gnu\u00f0i.<a name=\"24\"><span class=\"versanumer\">24<\/span><\/a>\u00dev\u00ed Esek\u00edas J\u00fadak\u00f3ngur gaf s\u00f6fnu\u00f0inum \u00fe\u00fasund naut og 7 \u00fe\u00fasund sau\u00f0a og h\u00f6f\u00f0ingjarnir g\u00e1fu s\u00f6fnu\u00f0inum \u00fe\u00fasund naut og 10 \u00fe\u00fasund sau\u00f0i; og fj\u00f6ldi prestanna haf\u00f0i helga\u00f0 sig.<a name=\"25\"><span class=\"versanumer\">25<\/span><\/a>Og allur J\u00fadas\u00f6fnu\u00f0ur gladdi sig og prestarnir og Lev\u00edtarnir og allur s\u00e1 s\u00f6fnu\u00f0ur sem kominn var fr\u00e1 \u00cdsrael, og \u00feeir \u00fatlendingar sem komnir voru \u00far \u00cdsraelslandi, og \u00feeir sem bjuggu \u00ed J\u00fada.<a name=\"26\"><span class=\"versanumer\">26<\/span><\/a>Og \u00ed Jer\u00fasalem var mikill f\u00f6gnu\u00f0ur, \u00fev\u00ed fr\u00e1 t\u00edmum Sal\u00f3mons Dav\u00ed\u00f0ssonar, \u00cdsraelskonungs, haf\u00f0i \u00feessu l\u00edkt ekki s\u00e9st \u00ed Jer\u00fasalem.<a name=\"27\"><span class=\"versanumer\">27<\/span><\/a>Og prestarnir og Lev\u00edtarnir st\u00f3\u00f0u upp, og blessu\u00f0u f\u00f3lki\u00f0 og \u00feeirra r\u00f6dd heyr\u00f0ist, og kom til hans <span class='VideyAth'>(Drottins)<\/span> heilaga b\u00fasta\u00f0ar \u00ed himninum.<\/p>\n<div class=\"footnoteVidey\">V. 17. Og helgu\u00f0u \u00feau. A\u00f0rir lesa: til a\u00f0 helga \u00fe\u00e1 Drottni.<\/div>\n","protected":false},"excerpt":{"rendered":"<p>Sama efni. 1Og Esek\u00edas sendi til alls \u00cdsraels og J\u00fada, l\u00edka skrifa\u00f0i hann br\u00e9f til Efraim og Manasses, a\u00f0 \u00feeir k\u00e6mu til Drottins h\u00fass \u00ed Jer\u00fasalem, til \u00feess a\u00f0 halda Drottni, \u00cdsraels Gu\u00f0i, p\u00e1ska.2Og konunginum og hans h\u00f6f\u00f0ingjum og \u00f6llum s\u00f6fnu\u00f0inum \u00ed Jer\u00fasalem var \u00fea\u00f0 a\u00f0 r\u00e1\u00f0i, a\u00f0 halda p\u00e1ska \u00ed \u00f6\u00f0rum m\u00e1nu\u00f0i.3\u00dev\u00ed \u00feeir g\u00e1tu ekki haldi\u00f0 \u00fe\u00e1 \u00e1 hinum (tiltekna) t\u00edma, \u00fear e\u00f0 n\u00e6gilega margir prestar h\u00f6f\u00f0u ei enn n\u00fa helga\u00f0 sig, og f\u00f3lki\u00f0 var ekki samansafna\u00f0 til Jer\u00fasalem.4Og k\u00f3nginum og \u00f6llum s\u00f6fnu\u00f0inum l\u00edka\u00f0i \u00feetta.5Og \u00feeir fastsettu a\u00f0 \u00fathr\u00f3pa skyldi \u00ed \u00f6llum \u00cdsrael, fr\u00e1 Berseba til Dan, a\u00f0 menn <a href=\"https:\/\/biblian.is\/videy\/sidari-kronikubok-30-kafli\/\"> [&#8230;]<\/a><\/p>\n","protected":false},"author":1,"featured_media":0,"parent":0,"menu_order":0,"comment_status":"open","ping_status":"open","template":"bibliukaflar.php","meta":{"footnotes":""},"class_list":["post-21246","page","type-page","status-publish","hentry"],"_links":{"self":[{"href":"https:\/\/biblian.is\/videy\/wp-json\/wp\/v2\/pages\/21246","targetHints":{"allow":["GET"]}}],"collection":[{"href":"https:\/\/biblian.is\/videy\/wp-json\/wp\/v2\/pages"}],"about":[{"href":"https:\/\/biblian.is\/videy\/wp-json\/wp\/v2\/types\/page"}],"author":[{"embeddable":true,"href":"https:\/\/biblian.is\/videy\/wp-json\/wp\/v2\/users\/1"}],"replies":[{"embeddable":true,"href":"https:\/\/biblian.is\/videy\/wp-json\/wp\/v2\/comments?post=21246"}],"version-history":[{"count":0,"href":"https:\/\/biblian.is\/videy\/wp-json\/wp\/v2\/pages\/21246\/revisions"}],"wp:attachment":[{"href":"https:\/\/biblian.is\/videy\/wp-json\/wp\/v2\/media?parent=21246"}],"curies":[{"name":"wp","href":"https:\/\/api.w.org\/{rel}","templated":true}]}}