{"id":21230,"date":"2018-01-02T01:00:59","date_gmt":"2018-01-02T01:00:59","guid":{"rendered":"http:\/\/biblian.is\/videy\/sidari-kronikubok-14-kafli\/"},"modified":"2018-01-02T01:00:59","modified_gmt":"2018-01-02T01:00:59","slug":"sidari-kronikubok-14-kafli","status":"publish","type":"page","link":"https:\/\/biblian.is\/videy\/sidari-kronikubok-14-kafli\/","title":{"rendered":"S\u00ed\u00f0ari kron\u00edkub\u00f3k 14. kafli"},"content":{"rendered":"<div class=\"fyrirsognVidey\">Um r\u00edkisstj\u00f3rn Assa. (1 Kgb. 15,9\u201324.)<\/div>\n<p><a name=\"1\"><span class=\"versanumer\">1<\/span><\/a>Og Ab\u00eda lag\u00f0ist hj\u00e1 s\u00ednum fe\u00f0rum, og menn j\u00f6r\u00f0u\u00f0u hann \u00ed Dav\u00ed\u00f0sborg, og Assa hans son var\u00f0 k\u00f3ngur \u00ed hans sta\u00f0. Um \u00feessa daga haf\u00f0i landi\u00f0 fri\u00f0 \u00ed 10 \u00e1r.<a name=\"2\"><span class=\"versanumer\">2<\/span><\/a>Og Assa gj\u00f6r\u00f0i \u00fea\u00f0 sem var r\u00e9tt og gott \u00ed augs\u00fdn Drottins, hans Gu\u00f0s.<a name=\"3\"><span class=\"versanumer\">3<\/span><\/a>Og hann t\u00f3k burt \u00feau \u00fatlendu \u00f6lturu og h\u00e6\u00f0irnar, og braut b\u00edl\u00e6tin og hj\u00f3 upp lundana,<a name=\"4\"><span class=\"versanumer\">4<\/span><\/a>og bau\u00f0 J\u00fada a\u00f0 leita Drottins, \u00feeirra fe\u00f0ra Gu\u00f0s, og a\u00f0 halda l\u00f6gin og bo\u00f0or\u00f0in.<a name=\"5\"><span class=\"versanumer\">5<\/span><\/a>Og hann t\u00f3k burt \u00far \u00f6llum J\u00fada st\u00f6\u00f0um h\u00e6\u00f0irnar og s\u00f3larb\u00edl\u00e6tin, og r\u00edki\u00f0 haf\u00f0i fri\u00f0 undir honum.<a name=\"6\"><span class=\"versanumer\">6<\/span><\/a>Og hann bygg\u00f0i borgir \u00ed J\u00fada, \u00fev\u00ed landi\u00f0 haf\u00f0i fri\u00f0, og ekkert str\u00ed\u00f0 \u00e1tti hann \u00e1 \u00feeim \u00e1rum; \u00fev\u00ed Drottinn haf\u00f0i gefi\u00f0 honum hv\u00edld.<a name=\"7\"><span class=\"versanumer\">7<\/span><\/a>Og hann sag\u00f0i vi\u00f0 J\u00fada: l\u00e1tum oss byggja borgir, og setja m\u00far \u00ed kringum \u00fe\u00e6r og kastala, og hur\u00f0ir me\u00f0 slagbr\u00f6ndum; v\u00e9r h\u00f6fum landi\u00f0 \u00ed frelsi, af \u00fev\u00ed v\u00e9r h\u00f6fum leita\u00f0 Drottins vors Gu\u00f0s; v\u00e9r h\u00f6fum leita\u00f0 hans, og hann hefir gefi\u00f0 oss hv\u00edld, allt um kring. Og svo bygg\u00f0u \u00feeir og \u00feeim lukka\u00f0ist \u00fea\u00f0.<a name=\"8\"><span class=\"versanumer\">8<\/span><\/a>Og Assa haf\u00f0i herli\u00f0 sem bar skj\u00f6ld og spj\u00f3t, \u00far J\u00fadea 3 hundru\u00f0 \u00fe\u00fasund, og af Benjam\u00edn, sem bar skj\u00f6ld og spennti boga, 2 hundru\u00f0 og 80 \u00fe\u00fasund, allt voru \u00fea\u00f0 duglegir menn til str\u00ed\u00f0s. <br \/><a name=\"9\"><span class=\"versanumer\">9<\/span><\/a>Og Sera af M\u00f3rlandi f\u00f3r \u00e1 m\u00f3ti \u00feeim me\u00f0 her, \u00fe\u00fasund sinnum \u00fe\u00fasund manns, og 3 hundru\u00f0 vagna og komst allt til Maresa.<a name=\"10\"><span class=\"versanumer\">10<\/span><\/a>\u00de\u00e1 f\u00f3r Assa m\u00f3ti honum, og \u00feeir skipu\u00f0u s\u00e9r ni\u00f0ur \u00ed fylkingar \u00ed dalnum Sefata hj\u00e1 Maresa.<a name=\"11\"><span class=\"versanumer\">11<\/span><\/a>Og Assa kalla\u00f0i til Drottins s\u00edns Gu\u00f0s og m\u00e6lti: \u00fea\u00f0 gj\u00f6rir engan mun hj\u00e1 \u00fe\u00e9r a\u00f0 hj\u00e1lpa \u00feeim voldugu e\u00f0a \u00feeim vanm\u00e1ttugu; hj\u00e1lpa oss, Drottinn vor Gu\u00f0! \u00fev\u00ed \u00e1 \u00feig treystum v\u00e9r, og \u00ed \u00fe\u00ednu nafni erum v\u00e9r komnir \u00e1 m\u00f3ti \u00feessum mannfj\u00f6lda; \u00fe\u00fa, Drottinn! ert vor Gu\u00f0; l\u00e1ttu ekki mennina standast fyrir \u00fe\u00e9r!<a name=\"12\"><span class=\"versanumer\">12<\/span><\/a>\u00de\u00e1 l\u00e9t Drottinn \u00fe\u00e1 m\u00f3rlensku hr\u00f6kkva fyrir Assa og J\u00fadam\u00f6nnum, og m\u00f3rlenskir fl\u00fd\u00f0u.<a name=\"13\"><span class=\"versanumer\">13<\/span><\/a>Og Assa og \u00feeir menn sem me\u00f0 honum voru, r\u00e1ku fl\u00f3ttann allt til Gerar, og af m\u00f3rlenskum f\u00e9llu svo margir, a\u00f0 enginn \u00feeirra h\u00e9lt l\u00edfi, \u00fev\u00ed \u00feeir v\u00f3ru sundurmar\u00f0ir fyrir Drottni og fyrir hans her. Og <span class='VideyAth'>(J\u00fadamenn)<\/span> \u00feeir fengu miki\u00f0 herfang.<a name=\"14\"><span class=\"versanumer\">14<\/span><\/a>Og \u00feeir unnu alla sta\u00f0i \u00ed kringum Gerar, \u00fev\u00ed Drottins skelfing var yfir \u00fe\u00e1 fallin; og \u00feeir r\u00e6ndu alla \u00fe\u00e1 sta\u00f0i, \u00fev\u00ed \u00fear var n\u00e6sta miki\u00f0 herfang.<a name=\"15\"><span class=\"versanumer\">15<\/span><\/a>L\u00edka felldu \u00feeir ni\u00f0ur fj\u00e1rh\u00fasin, og r\u00e1ku burt mesta fj\u00f6lda af sau\u00f0um og \u00falf\u00f6ldum og sneru svo aftur til Jer\u00fasalem.<\/p>\n<div class=\"footnoteVidey\">V. 5. S\u00f3larb\u00edl\u00e6tin: sj\u00e1 3 Msb. 26,30.<\/div>\n","protected":false},"excerpt":{"rendered":"<p>Um r\u00edkisstj\u00f3rn Assa. (1 Kgb. 15,9\u201324.) 1Og Ab\u00eda lag\u00f0ist hj\u00e1 s\u00ednum fe\u00f0rum, og menn j\u00f6r\u00f0u\u00f0u hann \u00ed Dav\u00ed\u00f0sborg, og Assa hans son var\u00f0 k\u00f3ngur \u00ed hans sta\u00f0. Um \u00feessa daga haf\u00f0i landi\u00f0 fri\u00f0 \u00ed 10 \u00e1r.2Og Assa gj\u00f6r\u00f0i \u00fea\u00f0 sem var r\u00e9tt og gott \u00ed augs\u00fdn Drottins, hans Gu\u00f0s.3Og hann t\u00f3k burt \u00feau \u00fatlendu \u00f6lturu og h\u00e6\u00f0irnar, og braut b\u00edl\u00e6tin og hj\u00f3 upp lundana,4og bau\u00f0 J\u00fada a\u00f0 leita Drottins, \u00feeirra fe\u00f0ra Gu\u00f0s, og a\u00f0 halda l\u00f6gin og bo\u00f0or\u00f0in.5Og hann t\u00f3k burt \u00far \u00f6llum J\u00fada st\u00f6\u00f0um h\u00e6\u00f0irnar og s\u00f3larb\u00edl\u00e6tin, og r\u00edki\u00f0 haf\u00f0i fri\u00f0 undir honum.6Og hann bygg\u00f0i borgir \u00ed J\u00fada, \u00fev\u00ed <a href=\"https:\/\/biblian.is\/videy\/sidari-kronikubok-14-kafli\/\"> [&#8230;]<\/a><\/p>\n","protected":false},"author":1,"featured_media":0,"parent":0,"menu_order":0,"comment_status":"open","ping_status":"open","template":"bibliukaflar.php","meta":{"footnotes":""},"class_list":["post-21230","page","type-page","status-publish","hentry"],"_links":{"self":[{"href":"https:\/\/biblian.is\/videy\/wp-json\/wp\/v2\/pages\/21230","targetHints":{"allow":["GET"]}}],"collection":[{"href":"https:\/\/biblian.is\/videy\/wp-json\/wp\/v2\/pages"}],"about":[{"href":"https:\/\/biblian.is\/videy\/wp-json\/wp\/v2\/types\/page"}],"author":[{"embeddable":true,"href":"https:\/\/biblian.is\/videy\/wp-json\/wp\/v2\/users\/1"}],"replies":[{"embeddable":true,"href":"https:\/\/biblian.is\/videy\/wp-json\/wp\/v2\/comments?post=21230"}],"version-history":[{"count":0,"href":"https:\/\/biblian.is\/videy\/wp-json\/wp\/v2\/pages\/21230\/revisions"}],"wp:attachment":[{"href":"https:\/\/biblian.is\/videy\/wp-json\/wp\/v2\/media?parent=21230"}],"curies":[{"name":"wp","href":"https:\/\/api.w.org\/{rel}","templated":true}]}}