{"id":21186,"date":"2018-01-02T01:00:42","date_gmt":"2018-01-02T01:00:42","guid":{"rendered":"http:\/\/biblian.is\/videy\/sidari-konungabok-24-kafli\/"},"modified":"2018-01-02T01:00:42","modified_gmt":"2018-01-02T01:00:42","slug":"sidari-konungabok-24-kafli","status":"publish","type":"page","link":"https:\/\/biblian.is\/videy\/sidari-konungabok-24-kafli\/","title":{"rendered":"S\u00ed\u00f0ari konungab\u00f3k 24. kafli"},"content":{"rendered":"<div class=\"fyrirsognVidey\">J\u00f3jakim og J\u00f3jakin J\u00fadak\u00f3ngar samt Sedek\u00eda.<\/div>\n<p><a name=\"1\"><span class=\"versanumer\">1<\/span><\/a>\u00c1 hans d\u00f6gum kom k\u00f3ngurinn \u00ed Babel Neb\u00fakadnesar, herf\u00f6r, og J\u00f3jakim var\u00f0 honum undirgefinn \u00ed 3 \u00e1r, en gekk undan honum aftur.<a name=\"2\"><span class=\"versanumer\">2<\/span><\/a>\u00de\u00e1 sendi Drottinn m\u00f3ti honum her \u00far Kaldeu, her af S\u00fdrlandi, M\u00f3ab\u00edta her, og Ammonssona her, til J\u00fadar\u00edkis sendi hann \u00feenna her til a\u00f0 ey\u00f0ileggja \u00fea\u00f0 eftir or\u00f0i Drottins, sem hann haf\u00f0i tala\u00f0 fyrir munn sinna \u00fej\u00f3na sp\u00e1mannanna.<a name=\"3\"><span class=\"versanumer\">3<\/span><\/a>Sannarlega f\u00f3r svo fyrir J\u00fadar\u00edki eftir Drottins bo\u00f0i, til a\u00f0 koma \u00fev\u00ed burt fr\u00e1 hans augliti, sakir Manasse synda, sakir alls \u00feess sem hann haf\u00f0i gj\u00f6rt <span class='VideyAth'>c)<\/span>,<a name=\"4\"><span class=\"versanumer\">4<\/span><\/a>og l\u00edka sakir \u00feess saklausa bl\u00f3\u00f0s sem hann \u00fathellti, og uppfyllti Jer\u00fasalem me\u00f0 saklausu bl\u00f3\u00f0i; og Drottinn vildi ekki fyrirgefa.<a name=\"5\"><span class=\"versanumer\">5<\/span><\/a>En hva\u00f0 meira er a\u00f0 segja af J\u00f3jakim, og hva\u00f0 hann gj\u00f6r\u00f0i, \u00fe\u00e1 stendur \u00fea\u00f0 skrifa\u00f0 \u00ed \u00e1rb\u00f3kum J\u00fadak\u00f3nga <span class='VideyAth'>d)<\/span>.<a name=\"6\"><span class=\"versanumer\">6<\/span><\/a>Og J\u00f3jakim lag\u00f0ist hj\u00e1 s\u00ednum fe\u00f0rum, og J\u00f3jakin hans son var\u00f0 k\u00f3ngur \u00ed hans sta\u00f0.<a name=\"7\"><span class=\"versanumer\">7<\/span><\/a>Egyptalandsk\u00f3ngur f\u00f3r ei framar \u00far s\u00ednu landi; \u00fev\u00ed k\u00f3ngurinn \u00ed Babel haf\u00f0i teki\u00f0 allt, sem Egyptalandsk\u00f3ngar \u00e1ttu, fr\u00e1 Egyptalandsl\u00e6k, til \u00e1rinnar Frat. <br \/><a name=\"8\"><span class=\"versanumer\">8<\/span><\/a>J\u00f3jakin var 18 \u00e1ra gamall \u00fe\u00e1 hann var\u00f0 k\u00f3ngur, og r\u00edkti \u00ferj\u00e1 m\u00e1nu\u00f0i \u00ed Jer\u00fasalem; en m\u00f3\u00f0ir hans h\u00e9t Nehusta, d\u00f3ttir Elnatans \u00ed Jer\u00fasalem.<a name=\"9\"><span class=\"versanumer\">9<\/span><\/a>Og hann gj\u00f6r\u00f0i \u00fea\u00f0 sem Drottni illa l\u00edka\u00f0i, r\u00e9tt eins og fa\u00f0ir hans haf\u00f0i gj\u00f6rt.<a name=\"10\"><span class=\"versanumer\">10<\/span><\/a>\u00c1 sama t\u00edma komu \u00fej\u00f3nar Neb\u00fakadnesars k\u00f3ngs \u00ed Babel, me\u00f0 her a\u00f0 Jer\u00fasalem, og sta\u00f0urinn var umsetinn.<a name=\"11\"><span class=\"versanumer\">11<\/span><\/a>Og Neb\u00fakadnesar k\u00f3ngur \u00ed Babel kom til sta\u00f0arins, me\u00f0an hans \u00fej\u00f3nar ums\u00e1tu hann.<a name=\"12\"><span class=\"versanumer\">12<\/span><\/a>\u00de\u00e1 gekk J\u00f3jakin, J\u00fadak\u00f3ngur \u00fat til k\u00f3ngsins \u00ed Babel, hann og hans m\u00f3\u00f0ir og hans \u00fe\u00e9narar og herforingjar, og hans hir\u00f0menn; og k\u00f3ngurinn \u00ed Babel t\u00f3k hann til fanga \u00e1 8da \u00e1ri hans r\u00edkisstj\u00f3rnar.<a name=\"13\"><span class=\"versanumer\">13<\/span><\/a>Og hann t\u00f3k \u00fea\u00f0an alla fj\u00e1rsj\u00f3\u00f0u Drottins h\u00fass og alla fj\u00e1rsj\u00f3\u00f0u k\u00f3ngsins h\u00fass; hann t\u00f3k og gullb\u00fana\u00f0inn af \u00f6llum \u00e1h\u00f6ldum, sem Sal\u00f3mon \u00cdsraelsk\u00f3ngur haf\u00f0i l\u00e1ti\u00f0 gj\u00f6ra \u00ed Drottins h\u00fasi, eins og Drottinn haf\u00f0i tala\u00f0.<a name=\"14\"><span class=\"versanumer\">14<\/span><\/a>Og hann flutti burt alla Jer\u00fasalem, og alla herforingja og allt str\u00ed\u00f0sf\u00f3lk, 10 \u00fe\u00fasundir voru burtfluttar, allir timburmenn og smi\u00f0ir; ekkert var eftir, nema alm\u00fagaf\u00f3lki\u00f0 \u00ed landinu.<a name=\"15\"><span class=\"versanumer\">15<\/span><\/a>Og hann flutti J\u00f3jakin burt til Babel; og m\u00f3\u00f0ur k\u00f3ngsins og konur k\u00f3ngsins, og hans hir\u00f0menn, og alla g\u00f6fuga menn \u00ed landinu hert\u00f3k hann, og flutti fr\u00e1 Jer\u00fasalem til Babel;<a name=\"16\"><span class=\"versanumer\">16<\/span><\/a>og allt str\u00ed\u00f0sf\u00f3lk, 7 \u00fe\u00fasund manns, og \u00fe\u00fasund timburmenn og smi\u00f0i, alla vopnf\u00e6ra, og til str\u00ed\u00f0s h\u00e6filega, \u00fe\u00e1 hert\u00f3k k\u00f3ngurinn \u00ed Babel, og flutti fr\u00e1 Jer\u00fasalem til Babel.<a name=\"17\"><span class=\"versanumer\">17<\/span><\/a>Og k\u00f3ngurinn af Babel <span class='VideyAth'>a)<\/span> gj\u00f6r\u00f0i Metan\u00eda, hans f\u00f6\u00f0ur br\u00f3\u00f0ur, a\u00f0 k\u00f3ngi \u00ed hans sta\u00f0, og breytti hans nafni og kalla\u00f0i hann Sedek\u00eda <span class='VideyAth'>b)<\/span>. <br \/><a name=\"18\"><span class=\"versanumer\">18<\/span><\/a>Sedek\u00eda haf\u00f0i einn um tv\u00edtugt \u00fe\u00e1 hann var\u00f0 k\u00f3ngur og 11 \u00e1r r\u00edkti hann \u00ed Jer\u00fasalem; en m\u00f3\u00f0ir hans h\u00e9t Ham\u00edtal, d\u00f3ttir Jerem\u00eda fr\u00e1 Libna.<a name=\"19\"><span class=\"versanumer\">19<\/span><\/a>Og hann gj\u00f6r\u00f0i \u00fea\u00f0 sem Drottni illa l\u00edka\u00f0i, r\u00e9tt eins og J\u00f3jakim haf\u00f0i gj\u00f6rt.<a name=\"20\"><span class=\"versanumer\">20<\/span><\/a>\u00dev\u00ed sakir Drottins rei\u00f0i gekk \u00fea\u00f0 svo Jer\u00fasalem og J\u00fada, \u00feanga\u00f0 til hann burtsnara\u00f0i \u00feeim fr\u00e1 s\u00ednu augliti. Og Sedek\u00eda gekk undan k\u00f3nginum af Babel.<\/p>\n<div class=\"footnoteVidey\">V. 3. c. Jer. 15,4.  V. 5. d. 2 Kron. 36,4. fl.  V. 10. 2 Kron. 36,6. Dan. 1,1.  V. 17. a. Jer. 37,1. b. 1 Kron. 3,15.  V. 18. 23,31. Jer. 52,1.<\/div>\n","protected":false},"excerpt":{"rendered":"<p>J\u00f3jakim og J\u00f3jakin J\u00fadak\u00f3ngar samt Sedek\u00eda. 1\u00c1 hans d\u00f6gum kom k\u00f3ngurinn \u00ed Babel Neb\u00fakadnesar, herf\u00f6r, og J\u00f3jakim var\u00f0 honum undirgefinn \u00ed 3 \u00e1r, en gekk undan honum aftur.2\u00de\u00e1 sendi Drottinn m\u00f3ti honum her \u00far Kaldeu, her af S\u00fdrlandi, M\u00f3ab\u00edta her, og Ammonssona her, til J\u00fadar\u00edkis sendi hann \u00feenna her til a\u00f0 ey\u00f0ileggja \u00fea\u00f0 eftir or\u00f0i Drottins, sem hann haf\u00f0i tala\u00f0 fyrir munn sinna \u00fej\u00f3na sp\u00e1mannanna.3Sannarlega f\u00f3r svo fyrir J\u00fadar\u00edki eftir Drottins bo\u00f0i, til a\u00f0 koma \u00fev\u00ed burt fr\u00e1 hans augliti, sakir Manasse synda, sakir alls \u00feess sem hann haf\u00f0i gj\u00f6rt c),4og l\u00edka sakir \u00feess saklausa bl\u00f3\u00f0s sem hann \u00fathellti, og <a href=\"https:\/\/biblian.is\/videy\/sidari-konungabok-24-kafli\/\"> [&#8230;]<\/a><\/p>\n","protected":false},"author":1,"featured_media":0,"parent":0,"menu_order":0,"comment_status":"open","ping_status":"open","template":"bibliukaflar.php","meta":{"footnotes":""},"class_list":["post-21186","page","type-page","status-publish","hentry"],"_links":{"self":[{"href":"https:\/\/biblian.is\/videy\/wp-json\/wp\/v2\/pages\/21186","targetHints":{"allow":["GET"]}}],"collection":[{"href":"https:\/\/biblian.is\/videy\/wp-json\/wp\/v2\/pages"}],"about":[{"href":"https:\/\/biblian.is\/videy\/wp-json\/wp\/v2\/types\/page"}],"author":[{"embeddable":true,"href":"https:\/\/biblian.is\/videy\/wp-json\/wp\/v2\/users\/1"}],"replies":[{"embeddable":true,"href":"https:\/\/biblian.is\/videy\/wp-json\/wp\/v2\/comments?post=21186"}],"version-history":[{"count":0,"href":"https:\/\/biblian.is\/videy\/wp-json\/wp\/v2\/pages\/21186\/revisions"}],"wp:attachment":[{"href":"https:\/\/biblian.is\/videy\/wp-json\/wp\/v2\/media?parent=21186"}],"curies":[{"name":"wp","href":"https:\/\/api.w.org\/{rel}","templated":true}]}}