{"id":21170,"date":"2018-01-02T01:00:42","date_gmt":"2018-01-02T01:00:42","guid":{"rendered":"http:\/\/biblian.is\/videy\/sidari-konungabok-8-kafli\/"},"modified":"2018-01-02T01:00:42","modified_gmt":"2018-01-02T01:00:42","slug":"sidari-konungabok-8-kafli","status":"publish","type":"page","link":"https:\/\/biblian.is\/videy\/sidari-konungabok-8-kafli\/","title":{"rendered":"S\u00ed\u00f0ari konungab\u00f3k 8. kafli"},"content":{"rendered":"<div class=\"fyrirsognVidey\">Hall\u00e6ri \u00ed 7 \u00e1r. S\u00fa s\u00fanam\u00edtiska. Ben-Hadad s\u00fdkist. J\u00f3ram og Ahasia k\u00f3ngar \u00ed J\u00fada.<\/div>\n<p><a name=\"1\"><span class=\"versanumer\">1<\/span><\/a>Og El\u00edsa tala\u00f0i vi\u00f0 konuna hv\u00f6rrar son hann haf\u00f0i gj\u00f6rt lifandi <span class='VideyAth'>a)<\/span> og m\u00e6lti: tak \u00fe\u00fa \u00feig upp og far burt, \u00fe\u00fa og \u00feitt hyski, og vertu hvar sem \u00fe\u00fa getur veri\u00f0; \u00fev\u00ed Drottinn kallar \u00e1 hall\u00e6ri, og \u00fea\u00f0 mun koma \u00ed landi\u00f0 \u00ed 7 \u00e1r.<a name=\"2\"><span class=\"versanumer\">2<\/span><\/a>\u00de\u00e1 t\u00f3k konan sig upp og gj\u00f6r\u00f0i eftir or\u00f0i gu\u00f0smannsins, og f\u00f3r burt, h\u00fan og hennar hyski, og var \u00ed 7 \u00e1r \u00ed Filistealandi.<a name=\"3\"><span class=\"versanumer\">3<\/span><\/a>Og a\u00f0 li\u00f0num 7 \u00e1rum kom konan heim aftur \u00far landi Filisteanna, og gekk fyrir k\u00f3ng til a\u00f0 heimta aftur h\u00fas sitt og akur.<a name=\"4\"><span class=\"versanumer\">4<\/span><\/a>K\u00f3ngur var \u00fe\u00e1 einmitt a\u00f0 tala vi\u00f0 \u00fe\u00e9nara gu\u00f0smannsins, vi\u00f0 Gihesi og m\u00e6lti: seg\u00f0u m\u00e9r fr\u00e1 \u00f6llu \u00fev\u00ed mikla sem El\u00edsa hefir gj\u00f6rt.<a name=\"5\"><span class=\"versanumer\">5<\/span><\/a>Og \u00fea\u00f0 vildi einmitt svo til a\u00f0 hann var a\u00f0 segja k\u00f3ngi fr\u00e1, a\u00f0 hann hef\u00f0i gj\u00f6rt dau\u00f0an mann lifandi, sj\u00e1! \u00fe\u00e1 kalla\u00f0i s\u00fa konan til k\u00f3ngsins, hv\u00f6rrar son hann haf\u00f0i gj\u00f6rt lifandi, um sitt h\u00fas og sinn akur, og G\u00edhesi m\u00e6lti: minn herra konungur! \u00feetta er konan og \u00feetta er hennar son sem El\u00edsa hefir gj\u00f6rt lifandi.<a name=\"6\"><span class=\"versanumer\">6<\/span><\/a>Og konungur spur\u00f0i konuna og h\u00fan sag\u00f0i honum fr\u00e1, og k\u00f3ngur f\u00e9kk henni einn af hir\u00f0m\u00f6nnunum og sag\u00f0i vi\u00f0 hann: l\u00e1ttu hana f\u00e1 \u00fea\u00f0 allt aftur sem h\u00fan \u00e1tti, og allan afrakstur akursins fr\u00e1 \u00feeim degi a\u00f0 h\u00fan f\u00f3r \u00far landi og til \u00feessa dags.<br \/><a name=\"7\"><span class=\"versanumer\">7<\/span><\/a>Og El\u00edsa kom til Damaskus, \u00fe\u00e1 var Ben-Hadad k\u00f3ngur \u00ed S\u00fdrlandi sj\u00fakur, og honum var sagt a\u00f0 gu\u00f0sma\u00f0ur nokkur v\u00e6ri \u00fear kominn.<a name=\"8\"><span class=\"versanumer\">8<\/span><\/a>\u00de\u00e1 m\u00e6lti k\u00f3ngur vi\u00f0 Hasael: tak me\u00f0 \u00fe\u00e9r g\u00e1fu, og far til fundar vi\u00f0 gu\u00f0smanninn og l\u00e1ttu hann spyrja Drottin hv\u00f6rt m\u00e9r muni batna \u00feessi veiki.<a name=\"9\"><span class=\"versanumer\">9<\/span><\/a>Og Hasael f\u00f3r til fundar vi\u00f0 hann og t\u00f3k me\u00f0 s\u00e9r g\u00e1fu og alls lags g\u00e6\u00f0i \u00ed Damaskus, klyfjar \u00e1 40 \u00falfalda, kom og gekk fyrir hann og m\u00e6lti: \u00feinn son, Ben-Hadad S\u00fdrlandskonungur, sendir mig til \u00fe\u00edn, til a\u00f0 spyrja: mun m\u00e9r batna \u00feessi veiki?<a name=\"10\"><span class=\"versanumer\">10<\/span><\/a>Og El\u00edsa sag\u00f0i til hans: far \u00fe\u00fa og seg honum: batna mun \u00fe\u00e9r <span class='VideyAth'>b)<\/span>. En Drottinn hefir s\u00fdnt m\u00e9r, a\u00f0 hann mun deyja.<a name=\"11\"><span class=\"versanumer\">11<\/span><\/a>Og gu\u00f0sma\u00f0urinn star\u00f0i lengi \u00e1 hann, og gr\u00e9t. <br \/><a name=\"12\"><span class=\"versanumer\">12<\/span><\/a>\u00de\u00e1 m\u00e6lti Hasael til hans: \u00fev\u00ed gr\u00e6tur minn herra? og hann m\u00e6lti: af \u00fev\u00ed eg veit hva\u00f0 miki\u00f0 illt \u00fe\u00fa munt gj\u00f6ra \u00cdsraelssonum; \u00fe\u00fa munt brenna \u00feeirra borgir, og sl\u00e1 \u00ed hel \u00feeirra \u00e6skumenn me\u00f0 sver\u00f0i <span class='VideyAth'>a)<\/span>, og sundurmerja \u00feeirra b\u00f6rn, og skera \u00e1 kvi\u00f0inn \u00e1 \u00feeirra \u00feungu\u00f0u konum <span class='VideyAth'>b)<\/span>.<a name=\"13\"><span class=\"versanumer\">13<\/span><\/a>Og Hasael svara\u00f0i: hva\u00f0 er \u00feinn \u00fer\u00e6ll, hundurinn s\u00e1 <span class='VideyAth'>c)<\/span>, a\u00f0 hann skyldi vinna sl\u00edk st\u00f3rvirki. Og El\u00edsa m\u00e6lti: Drottinn hefir s\u00fdnt m\u00e9r \u00feig svo sem k\u00f3ng \u00ed S\u00fdrlandi <span class='VideyAth'>d)<\/span>.<a name=\"14\"><span class=\"versanumer\">14<\/span><\/a>Og hann gekk burt fr\u00e1 El\u00edsa, og kom til s\u00edns herra, og sag\u00f0i vi\u00f0 hann: hva\u00f0 hefir El\u00edsa vi\u00f0 \u00feig tala\u00f0? og hann svara\u00f0i: hann hefir sagt a\u00f0 \u00fe\u00e9r mundi batna.<a name=\"15\"><span class=\"versanumer\">15<\/span><\/a>En \u00e1 n\u00e6sta degi, t\u00f3k hann d\u00fak og d\u00fdf\u00f0i honum \u00ed vatn og lag\u00f0i yfir hans andlit, svo hann d\u00f3. Og Hasael var\u00f0 k\u00f3ngur \u00ed hans sta\u00f0. <br \/><a name=\"16\"><span class=\"versanumer\">16<\/span><\/a>En \u00e1 5ta \u00e1ri J\u00f3rams Akabssonar, \u00cdsraelsk\u00f3ngs, var\u00f0 J\u00f3ram J\u00f3safatsson k\u00f3ngur \u00ed J\u00fada <span class='VideyAth'>e)<\/span>.<a name=\"17\"><span class=\"versanumer\">17<\/span><\/a>Hann var 32 \u00e1ra gamall \u00fe\u00e1 hann var\u00f0 k\u00f3ngur, og \u00e1tta \u00e1r r\u00edkti hann \u00ed Jer\u00fasalem.<a name=\"18\"><span class=\"versanumer\">18<\/span><\/a>Og hann gekk \u00e1 vegum \u00cdsraelsk\u00f3nga, eins og Akabs h\u00fas gj\u00f6r\u00f0i; \u00fev\u00ed hann var giftur d\u00f3ttur Akabs, og hann gj\u00f6r\u00f0i \u00fea\u00f0 sem illt var fyrir Drottins augum.<a name=\"19\"><span class=\"versanumer\">19<\/span><\/a>En Drottinn vildi ekki gj\u00f6ra J\u00fadar\u00edki ves\u00e6lt s\u00f6kum s\u00edns \u00fe\u00e9nara Dav\u00ed\u00f0s; eins og hann haf\u00f0i heiti\u00f0 honum, a\u00f0 l\u00e1ta lj\u00f3s sk\u00edna <span class='VideyAth'>f)<\/span> alla t\u00edma me\u00f0al hans sona. <br \/><a name=\"20\"><span class=\"versanumer\">20<\/span><\/a>\u00c1 hans d\u00f6gum gengu Edom\u00edtar undan J\u00fada, og \u00feeir settu k\u00f3ng yfir sig.<a name=\"21\"><span class=\"versanumer\">21<\/span><\/a>\u00dev\u00ed f\u00f3r J\u00f3ram yfir til Sa\u00edr og allt vagnali\u00f0i\u00f0 me\u00f0 honum; og hann t\u00f3k sig upp um n\u00f3tt, og sigra\u00f0i Edom\u00edta sem h\u00f6f\u00f0u umkringt hann, og fyrirli\u00f0a vagnhersins; og f\u00f3lki\u00f0 fl\u00fa\u00f0i til sinna tjalda.<a name=\"22\"><span class=\"versanumer\">22<\/span><\/a>Og svo gekk Edom undan yfirdrottnun J\u00fada, allt til \u00feessa dags. Um sama leyti gekk og Libna undan.<a name=\"23\"><span class=\"versanumer\">23<\/span><\/a>Hva\u00f0 meira er a\u00f0 segja um J\u00f3ram og allt hva\u00f0 hann gj\u00f6r\u00f0i, \u00fea\u00f0 stendur skrifa\u00f0 \u00ed \u00e1rb\u00f3kum J\u00fadak\u00f3nga.<a name=\"24\"><span class=\"versanumer\">24<\/span><\/a>Og J\u00f3ram lag\u00f0ist hj\u00e1 s\u00ednum fe\u00f0rum og var grafinn hj\u00e1 s\u00ednum fe\u00f0rum \u00ed Dav\u00ed\u00f0sborg, og Ahas\u00eda, hans son, var\u00f0 k\u00f3ngur \u00ed hans sta\u00f0. <br \/><a name=\"25\"><span class=\"versanumer\">25<\/span><\/a>\u00c1 t\u00f3lfta \u00e1ri J\u00f3rams Akabssonar, \u00cdsraelsk\u00f3ngs, var\u00f0 Ahas\u00eda sonur J\u00f3rams, k\u00f3ngur yfir J\u00fada.<a name=\"26\"><span class=\"versanumer\">26<\/span><\/a>Ahas\u00eda var 22 \u00e1ra gamall, \u00fe\u00e1 hann var\u00f0 konungur, og r\u00edkti eitt \u00e1r \u00ed Jer\u00fasalem. M\u00f3\u00f0ir hans h\u00e9t Atal\u00eda, d\u00f3ttir Omri, \u00cdsraelsk\u00f3ngs.<a name=\"27\"><span class=\"versanumer\">27<\/span><\/a>Og hann gekk \u00e1 vegum Akabs h\u00fass, og gj\u00f6r\u00f0i \u00fea\u00f0 sem illt var fyrir Drottins augs\u00fdn, eins og Akabs h\u00fas; \u00fev\u00ed hann var \u00ed m\u00e6g\u00f0um vi\u00f0 Akabs h\u00fas.<a name=\"28\"><span class=\"versanumer\">28<\/span><\/a>Og hann <span class='VideyAth'>(Ahas\u00eda)<\/span> f\u00f3r me\u00f0 J\u00f3ram syni Akabs \u00ed str\u00ed\u00f0 m\u00f3ti Hasael S\u00fdrlandsk\u00f3ngi hj\u00e1 Ramot \u00ed G\u00edlea\u00f0. Og s\u00fdrlenskir s\u00e6r\u00f0u J\u00f3ram <span class='VideyAth'>g)<\/span>.<a name=\"29\"><span class=\"versanumer\">29<\/span><\/a>\u00de\u00e1 sneri J\u00f3ram k\u00f3ngur fr\u00e1, til a\u00f0 l\u00e1ta gr\u00e6\u00f0a s\u00edn s\u00e1r, til Jesreel, \u00feau s\u00e1r sem hann haf\u00f0i fengi\u00f0 \u00ed orrustunni vi\u00f0 s\u00fdrlenska, hj\u00e1 Rama, \u00fe\u00e1 hann bar\u00f0ist vi\u00f0 Hasael S\u00fdrlandskonung. Og Ahasia sonur J\u00f3rams, J\u00fadak\u00f3ngur, f\u00f3r a\u00f0 vitja um J\u00f3ram Akabsson, \u00ed Jesreel, \u00fev\u00ed hann var sj\u00fakur.<\/p>\n<div class=\"footnoteVidey\">V. 1. a. 4,35.  V. 10. b. A\u00f0r: batna kann \u00fe\u00e9r.  V. 12. a. 10,32. b. 15,16. Esa. 13,16.18. H\u00f3s. 14,1.  V. 13. c. 1 Sam. 24,15. d. 1 K\u00f3ng. 19,15.  V. 16. e. 1 K\u00f3ng. 22,51. 2 Kron. 21,1.  V. 19. f. 1 K\u00f3ng. 11,36. 15,4.  V. 28. g. 9,14. 2 Kron. 22,5.<\/div>\n","protected":false},"excerpt":{"rendered":"<p>Hall\u00e6ri \u00ed 7 \u00e1r. S\u00fa s\u00fanam\u00edtiska. Ben-Hadad s\u00fdkist. J\u00f3ram og Ahasia k\u00f3ngar \u00ed J\u00fada. 1Og El\u00edsa tala\u00f0i vi\u00f0 konuna hv\u00f6rrar son hann haf\u00f0i gj\u00f6rt lifandi a) og m\u00e6lti: tak \u00fe\u00fa \u00feig upp og far burt, \u00fe\u00fa og \u00feitt hyski, og vertu hvar sem \u00fe\u00fa getur veri\u00f0; \u00fev\u00ed Drottinn kallar \u00e1 hall\u00e6ri, og \u00fea\u00f0 mun koma \u00ed landi\u00f0 \u00ed 7 \u00e1r.2\u00de\u00e1 t\u00f3k konan sig upp og gj\u00f6r\u00f0i eftir or\u00f0i gu\u00f0smannsins, og f\u00f3r burt, h\u00fan og hennar hyski, og var \u00ed 7 \u00e1r \u00ed Filistealandi.3Og a\u00f0 li\u00f0num 7 \u00e1rum kom konan heim aftur \u00far landi Filisteanna, og gekk fyrir k\u00f3ng til a\u00f0 <a href=\"https:\/\/biblian.is\/videy\/sidari-konungabok-8-kafli\/\"> [&#8230;]<\/a><\/p>\n","protected":false},"author":1,"featured_media":0,"parent":0,"menu_order":0,"comment_status":"open","ping_status":"open","template":"bibliukaflar.php","meta":{"footnotes":""},"class_list":["post-21170","page","type-page","status-publish","hentry"],"_links":{"self":[{"href":"https:\/\/biblian.is\/videy\/wp-json\/wp\/v2\/pages\/21170","targetHints":{"allow":["GET"]}}],"collection":[{"href":"https:\/\/biblian.is\/videy\/wp-json\/wp\/v2\/pages"}],"about":[{"href":"https:\/\/biblian.is\/videy\/wp-json\/wp\/v2\/types\/page"}],"author":[{"embeddable":true,"href":"https:\/\/biblian.is\/videy\/wp-json\/wp\/v2\/users\/1"}],"replies":[{"embeddable":true,"href":"https:\/\/biblian.is\/videy\/wp-json\/wp\/v2\/comments?post=21170"}],"version-history":[{"count":0,"href":"https:\/\/biblian.is\/videy\/wp-json\/wp\/v2\/pages\/21170\/revisions"}],"wp:attachment":[{"href":"https:\/\/biblian.is\/videy\/wp-json\/wp\/v2\/media?parent=21170"}],"curies":[{"name":"wp","href":"https:\/\/api.w.org\/{rel}","templated":true}]}}