{"id":21136,"date":"2018-01-02T01:00:30","date_gmt":"2018-01-02T01:00:30","guid":{"rendered":"http:\/\/biblian.is\/videy\/sidari-samuelsbok-20-kafli\/"},"modified":"2018-01-02T01:00:30","modified_gmt":"2018-01-02T01:00:30","slug":"sidari-samuelsbok-20-kafli","status":"publish","type":"page","link":"https:\/\/biblian.is\/videy\/sidari-samuelsbok-20-kafli\/","title":{"rendered":"S\u00ed\u00f0ari Sam\u00faelsb\u00f3k 20. kafli"},"content":{"rendered":"<div class=\"fyrirsognVidey\">Um Seba. Dav\u00ed\u00f0s helstu menn.<\/div>\n<p><a name=\"1\"><span class=\"versanumer\">1<\/span><\/a>\u00dear var \u00fe\u00e1 vi\u00f0staddur vondur ma\u00f0ur <span class='VideyAth'>(Bel\u00edalsma\u00f0ur)<\/span> sem h\u00e9t Seba, sonur Bikri, Benjam\u00edniti; hann bl\u00e9s \u00ed b\u00e1s\u00fanu og m\u00e6lti: v\u00e9r h\u00f6fum enga hlutdeild \u00ed Dav\u00ed\u00f0, v\u00e9r eigum ekkert af \u00cdsa\u00edsyni <span class='VideyAth'>a)<\/span>! fari hv\u00f6r og einn af \u00cdsrael heim til s\u00edn.<a name=\"2\"><span class=\"versanumer\">2<\/span><\/a>\u00de\u00e1 gengu allir \u00cdsraelsmenn fr\u00e1 Dav\u00ed\u00f0, og eltu Seba, Bikrason; en J\u00fadamenn h\u00e9ldu sig til s\u00edns konungs fr\u00e1 J\u00f3rdan til Jer\u00fasalem.<a name=\"3\"><span class=\"versanumer\">3<\/span><\/a>Og Dav\u00ed\u00f0 kom heim til s\u00edn, til Jer\u00fasalem. \u00de\u00e1 t\u00f3k konungurinn \u00fe\u00e6r 10 frillur, sem hann haf\u00f0i skili\u00f0 eftir til a\u00f0 geyma h\u00fassins <span class='VideyAth'>b)<\/span>, og setti \u00fe\u00e6r \u00ed var\u00f0hald og f\u00e9kk \u00feeim \u00fear atvinnu; en hann svaf ekki hj\u00e1 \u00feeim; og \u00fe\u00e6r voru inni l\u00e6star til s\u00edns dau\u00f0adags, og lif\u00f0u sem ekkjur. <br \/><a name=\"4\"><span class=\"versanumer\">4<\/span><\/a>Og k\u00f3ngurinn kom a\u00f0 m\u00e1li vi\u00f0 Amasa og m\u00e6lti: kalla \u00fe\u00fa saman fyrir mig J\u00fadamenn til \u00feri\u00f0ja dags og vertu til sta\u00f0ar sj\u00e1lfur!<a name=\"5\"><span class=\"versanumer\">5<\/span><\/a>\u00de\u00e1 f\u00f3r Amasa a\u00f0 samankalla J\u00fada, en t\u00edminn dr\u00f3st fyrir honum fram yfir \u00fea\u00f0 sem \u00e1kve\u00f0i\u00f0 var.<a name=\"6\"><span class=\"versanumer\">6<\/span><\/a>Og Dav\u00ed\u00f0 sag\u00f0i vi\u00f0 Ab\u00edsa\u00ed: n\u00fa mun Seba Bikrason vinna oss meiri ska\u00f0a en Absalon. Taktu n\u00fa \u00fej\u00f3na \u00fe\u00edns herra og far eftir honum a\u00f0 hann n\u00e1i engri v\u00edggirtri borg, og hverfi vorum augum.<a name=\"7\"><span class=\"versanumer\">7<\/span><\/a>\u00de\u00e1 l\u00f6g\u00f0u af sta\u00f0 me\u00f0 honum J\u00f3absmenn, hir\u00f0in og allir kapparnir; og \u00feeir f\u00f3ru fr\u00e1 Jer\u00fasalem, til \u00feess a\u00f0 veita Seba syni Bikra eftirf\u00f6r.<br \/><a name=\"8\"><span class=\"versanumer\">8<\/span><\/a>\u00deeir voru komnir a\u00f0 \u00feeim st\u00f3ra steini hj\u00e1 G\u00edbeon, \u00feegar Amasa m\u00e6tti \u00feeim; en J\u00f3ab haf\u00f0i belti um s\u00edn kl\u00e6\u00f0i, er hann var \u00ed, og \u00fear utanyfir var belti\u00f0 sem sver\u00f0i\u00f0 h\u00e9kk \u00ed, vi\u00f0 hans hli\u00f0 \u00ed sl\u00ed\u00f0rum, og sem hann gekk \u00e1fram, rann \u00fea\u00f0 \u00far sl\u00ed\u00f0rum.<a name=\"9\"><span class=\"versanumer\">9<\/span><\/a>Og J\u00f3ab sag\u00f0i vi\u00f0 Amasa: vegnar \u00fe\u00e9r vel, br\u00f3\u00f0ir minn? og t\u00f3k h\u00e6gri hendinni \u00ed Amasa skegg, til a\u00f0 kyssa hann;<a name=\"10\"><span class=\"versanumer\">10<\/span><\/a>en Amasa <span class='VideyAth'>c)<\/span> vara\u00f0i sig ekki \u00e1 sver\u00f0inu sem var \u00ed J\u00f3abs hendi, og hann stakk hann me\u00f0 \u00fev\u00ed \u00ed kvi\u00f0inn <span class='VideyAth'>d)<\/span>, svo hans innyfli f\u00e9llu \u00e1 j\u00f6r\u00f0ina; hann stakk hann ekki aftur, \u00fev\u00ed hann d\u00f3. En J\u00f3ab og Ab\u00edsa\u00ed br\u00f3\u00f0ir hans, f\u00f3ru eftir Seba syni Bikra.<a name=\"11\"><span class=\"versanumer\">11<\/span><\/a>En ma\u00f0ur nokkur af sveinum J\u00f3abs st\u00f3\u00f0 hj\u00e1 honum <span class='VideyAth'>(Amasa)<\/span> og var\u00f0 \u00fear eftir, hann m\u00e6lti: hv\u00f6r sem heldur me\u00f0 J\u00f3ab, og vill Dav\u00ed\u00f0 vel, s\u00e1 fylgi n\u00fa J\u00f3ab!<a name=\"12\"><span class=\"versanumer\">12<\/span><\/a>En Amasa veltist \u00ed s\u00ednu bl\u00f3\u00f0i \u00fear \u00e1 veginum; og sem ma\u00f0urinn s\u00e1 a\u00f0 allt f\u00f3lki\u00f0 nam \u00fear sta\u00f0ar, svo v\u00e9k hann Amasa burt af veginum, og lag\u00f0i fat yfir hann, \u00fear e\u00f0 hann s\u00e1 a\u00f0 hv\u00f6r ma\u00f0ur nam sta\u00f0ar, sem a\u00f0 honum kom.<a name=\"13\"><span class=\"versanumer\">13<\/span><\/a>En sem hann var kominn af g\u00f6tunni, \u00fe\u00e1 fylgdi hv\u00f6r ma\u00f0ur J\u00f3ab, til a\u00f0 veita eftirf\u00f6r Seba syni Bikra.<a name=\"14\"><span class=\"versanumer\">14<\/span><\/a>Og hann f\u00f3r um allar kynkv\u00edslir \u00cdsraels, allt til Abel og Bet-Maaka <span class='VideyAth'>c)<\/span> og um allt Berim, og menn samans\u00f6fnu\u00f0ust og f\u00f3ru me\u00f0 honum. <br \/><a name=\"15\"><span class=\"versanumer\">15<\/span><\/a>Og \u00feeir komu og settust um hann \u00ed Abel Bet-Maaka, og hl\u00f3\u00f0u gir\u00f0ingu umhverfis sta\u00f0inn, r\u00e9tt vi\u00f0 sta\u00f0arins varnargrafir; og allt f\u00f3lki\u00f0 sem var me\u00f0 J\u00f3ab, geystist mj\u00f6g til a\u00f0 r\u00edfa ni\u00f0ur borgarvegginn.<a name=\"16\"><span class=\"versanumer\">16<\/span><\/a>En kona nokkur hyggin kalla\u00f0i fr\u00e1 borginni: heyri\u00f0! heyri\u00f0! tali\u00f0 \u00fe\u00f3 vi\u00f0 J\u00f3ab: kom \u00fe\u00fa n\u00e6r, a\u00f0 eg geti vi\u00f0 \u00feig tala\u00f0!<a name=\"17\"><span class=\"versanumer\">17<\/span><\/a>Og hann kom n\u00e6r henni, og konan m\u00e6lti: ert \u00fe\u00fa J\u00f3ab? hann svara\u00f0i: eg em. Og h\u00fan sag\u00f0i vi\u00f0 hann: heyr \u00fe\u00fa til \u00feinnar amb\u00e1ttar! og hann ansa\u00f0i: eg heyri \u00fea\u00f0!<a name=\"18\"><span class=\"versanumer\">18<\/span><\/a>Og h\u00fan m\u00e6lti: tala hef\u00f0u menn \u00e1tt fyrst, spurt skyldu menn hafa \u00ed Abel, og \u00fe\u00e1 v\u00e6ri m\u00e1li\u00f0 \u00e1 enda.<a name=\"19\"><span class=\"versanumer\">19<\/span><\/a>Eg er ein af \u00feeim fri\u00f0samlegu og tr\u00falyndu \u00ed <span class='VideyAth'>(borgum)<\/span> \u00cdsraels, vilt \u00fe\u00fa dey\u00f0a borg og m\u00f3\u00f0ur \u00ed \u00cdsrael? hvarfyrir viltu skemma eign Drottins?<a name=\"20\"><span class=\"versanumer\">20<\/span><\/a>Og J\u00f3ab svara\u00f0i og m\u00e6lti: fj\u00e6rri, fj\u00e6rri s\u00e9 m\u00e9r, a\u00f0 eg vilji skemma og ey\u00f0ileggja!<a name=\"21\"><span class=\"versanumer\">21<\/span><\/a>svo stendur ekki \u00e1 \u00feessu m\u00e1li, heldur hefir ma\u00f0ur nokkur, Seba Bikrason, fr\u00e1 Efraimsfj\u00f6llum, lyft sinni h\u00f6nd m\u00f3ti konunginum, m\u00f3ti Dav\u00ed\u00f0, framselji\u00f0 \u00feenna einann, \u00fe\u00e1 skal eg fara burt fr\u00e1 borginni. Og konan sag\u00f0i vi\u00f0 J\u00f3ab: sj\u00e1! hans h\u00f6f\u00f0i skal ver\u00f0a kasta\u00f0 \u00fatfyrir borgarvegginn.<a name=\"22\"><span class=\"versanumer\">22<\/span><\/a>\u00de\u00e1 kom konan til alls f\u00f3lksins me\u00f0 s\u00edn hyggindi, og \u00feeir hjuggu h\u00f6fu\u00f0i\u00f0 af Seba Bikrasyni og sn\u00f6ru\u00f0u \u00fev\u00ed \u00fat til J\u00f3abs. Og hann bl\u00e9s \u00ed b\u00e1s\u00fanu <span class='VideyAth'>a)<\/span>, og \u00feeir dreif\u00f0ust burt fr\u00e1 borginni, hv\u00f6r heim til s\u00edn; en J\u00f3ab sneri aftur til Jer\u00fasalem til k\u00f3ngsins.<br \/><a name=\"23\"><span class=\"versanumer\">23<\/span><\/a>En J\u00f3ab var fyrir \u00f6llum \u00cdsraelsher, og Benaja sonur J\u00f3jada, var yfir hir\u00f0inni <span class='VideyAth'>(l\u00edfvaktinni)<\/span>,<a name=\"24\"><span class=\"versanumer\">24<\/span><\/a>og Adoram var rentumeistari, og J\u00f3safat sonur Ah\u00edluds sagnameistari.<a name=\"25\"><span class=\"versanumer\">25<\/span><\/a>Og Seja var skrifari, og Sadok og Ab\u00edatar prestar.<a name=\"26\"><span class=\"versanumer\">26<\/span><\/a>L\u00edka var \u00cdra, Jair\u00edtinn, Dav\u00ed\u00f0s prestur.<\/p>\n<div class=\"footnoteVidey\">V. 1. a. 1 K\u00f3ng. 12,16.  V. 3. b. Kap. 15,16. 16,21.  V. 10. c. 1 K\u00f3ng. 2,5. d. 2 Sam. 3,27. 14. e. 2 K\u00f3ng. 15,29.<\/div>\n","protected":false},"excerpt":{"rendered":"<p>Um Seba. Dav\u00ed\u00f0s helstu menn. 1\u00dear var \u00fe\u00e1 vi\u00f0staddur vondur ma\u00f0ur (Bel\u00edalsma\u00f0ur) sem h\u00e9t Seba, sonur Bikri, Benjam\u00edniti; hann bl\u00e9s \u00ed b\u00e1s\u00fanu og m\u00e6lti: v\u00e9r h\u00f6fum enga hlutdeild \u00ed Dav\u00ed\u00f0, v\u00e9r eigum ekkert af \u00cdsa\u00edsyni a)! fari hv\u00f6r og einn af \u00cdsrael heim til s\u00edn.2\u00de\u00e1 gengu allir \u00cdsraelsmenn fr\u00e1 Dav\u00ed\u00f0, og eltu Seba, Bikrason; en J\u00fadamenn h\u00e9ldu sig til s\u00edns konungs fr\u00e1 J\u00f3rdan til Jer\u00fasalem.3Og Dav\u00ed\u00f0 kom heim til s\u00edn, til Jer\u00fasalem. \u00de\u00e1 t\u00f3k konungurinn \u00fe\u00e6r 10 frillur, sem hann haf\u00f0i skili\u00f0 eftir til a\u00f0 geyma h\u00fassins b), og setti \u00fe\u00e6r \u00ed var\u00f0hald og f\u00e9kk \u00feeim \u00fear atvinnu; en hann <a href=\"https:\/\/biblian.is\/videy\/sidari-samuelsbok-20-kafli\/\"> [&#8230;]<\/a><\/p>\n","protected":false},"author":1,"featured_media":0,"parent":0,"menu_order":0,"comment_status":"open","ping_status":"open","template":"bibliukaflar.php","meta":{"footnotes":""},"class_list":["post-21136","page","type-page","status-publish","hentry"],"_links":{"self":[{"href":"https:\/\/biblian.is\/videy\/wp-json\/wp\/v2\/pages\/21136","targetHints":{"allow":["GET"]}}],"collection":[{"href":"https:\/\/biblian.is\/videy\/wp-json\/wp\/v2\/pages"}],"about":[{"href":"https:\/\/biblian.is\/videy\/wp-json\/wp\/v2\/types\/page"}],"author":[{"embeddable":true,"href":"https:\/\/biblian.is\/videy\/wp-json\/wp\/v2\/users\/1"}],"replies":[{"embeddable":true,"href":"https:\/\/biblian.is\/videy\/wp-json\/wp\/v2\/comments?post=21136"}],"version-history":[{"count":0,"href":"https:\/\/biblian.is\/videy\/wp-json\/wp\/v2\/pages\/21136\/revisions"}],"wp:attachment":[{"href":"https:\/\/biblian.is\/videy\/wp-json\/wp\/v2\/media?parent=21136"}],"curies":[{"name":"wp","href":"https:\/\/api.w.org\/{rel}","templated":true}]}}