{"id":21134,"date":"2018-01-02T01:00:30","date_gmt":"2018-01-02T01:00:30","guid":{"rendered":"http:\/\/biblian.is\/videy\/sidari-samuelsbok-18-kafli\/"},"modified":"2018-01-02T01:00:30","modified_gmt":"2018-01-02T01:00:30","slug":"sidari-samuelsbok-18-kafli","status":"publish","type":"page","link":"https:\/\/biblian.is\/videy\/sidari-samuelsbok-18-kafli\/","title":{"rendered":"S\u00ed\u00f0ari Sam\u00faelsb\u00f3k 18. kafli"},"content":{"rendered":"<div class=\"fyrirsognVidey\">Absalons afdrif.<\/div>\n<p><a name=\"1\"><span class=\"versanumer\">1<\/span><\/a>Og Dav\u00ed\u00f0 kanna\u00f0i f\u00f3lki\u00f0 sem me\u00f0 honum var og setti h\u00f6fu\u00f0smenn yfir \u00fe\u00fasund og h\u00f6fu\u00f0smenn yfir hundra\u00f0.<a name=\"2\"><span class=\"versanumer\">2<\/span><\/a>Og Dav\u00ed\u00f0 sendi f\u00f3lki\u00f0 fr\u00e1 s\u00e9r, \u00feri\u00f0jung me\u00f0 J\u00f3ab, og \u00feri\u00f0jung me\u00f0 Abisai Serujasyni br\u00f3\u00f0ur J\u00f3abs, og \u00feri\u00f0jung me\u00f0 Gat\u00edtanum \u00cdta\u00ed; og k\u00f3ngur sag\u00f0i vi\u00f0 f\u00f3lki\u00f0: eg vil fara \u00ed orrustuna me\u00f0 y\u00f0ur,<a name=\"3\"><span class=\"versanumer\">3<\/span><\/a>en f\u00f3lki\u00f0 sag\u00f0i: \u00fe\u00fa skalt ekki fara, \u00fev\u00ed \u00fe\u00f3 v\u00e9r fl\u00fdjum, svo gefa \u00feeir oss engan gaum, og \u00fe\u00f3 helftin af oss falli, svo munu \u00feeir ekki um oss skeyta, \u00fev\u00ed \u00fe\u00fa ert einn sem 10 \u00fe\u00fasundir af oss, og \u00fea\u00f0 er betra a\u00f0 \u00fe\u00fa s\u00e9rt oss a\u00f0 li\u00f0i \u00far borginni.<a name=\"4\"><span class=\"versanumer\">4<\/span><\/a>Og k\u00f3ngur sag\u00f0i til \u00feeirra: \u00fea\u00f0 sem y\u00f0ur l\u00edst vil eg gj\u00f6ra. Og k\u00f3ngur st\u00f3\u00f0 vi\u00f0 hli\u00f0 borgarinnar, og allt f\u00f3lki\u00f0 f\u00f3r \u00fat, hundru\u00f0um og \u00fe\u00fasundum saman.<a name=\"5\"><span class=\"versanumer\">5<\/span><\/a>En konungur gaf skipun \u00feeim J\u00f3ab, Ab\u00edsai og \u00cdta\u00ed og sag\u00f0i: fari\u00f0 v\u00e6gilega me\u00f0 <span class='VideyAth'>c)<\/span> unglinginn Absalon!  og allt f\u00f3lki\u00f0 heyr\u00f0i k\u00f3nginn gefa \u00feessa skipun, vi\u00f0v\u00edkjandi Absalon.<a name=\"6\"><span class=\"versanumer\">6<\/span><\/a>F\u00f3lki\u00f0 lag\u00f0i svo til orrustu vi\u00f0 \u00cdsrael og bardaginn h\u00f3fst \u00ed Efraimssk\u00f3gi.<a name=\"7\"><span class=\"versanumer\">7<\/span><\/a>Og \u00cdsraels f\u00f3lk haf\u00f0i \u00f3sigur fyrir Dav\u00ed\u00f0s m\u00f6nnum, og mannfalli\u00f0 var\u00f0 miki\u00f0 \u00e1 \u00feeim sama degi, 20 \u00fe\u00fasund manns <span class='VideyAth'>(f\u00e9llu)<\/span>.<a name=\"8\"><span class=\"versanumer\">8<\/span><\/a>Og bardaginn \u00fatdreif\u00f0ist um allt landi\u00f0, og sk\u00f3gurinn var\u00f0 fleirum m\u00f6nnum a\u00f0 l\u00edftj\u00f3ni heldur en sver\u00f0i\u00f0 \u00e1 \u00feeim degi.<br \/><a name=\"9\"><span class=\"versanumer\">9<\/span><\/a>En svo vildi til a\u00f0 Dav\u00ed\u00f0s menn komu auga \u00e1 Absalon. Hann rei\u00f0 m\u00falasna, og m\u00falasninn kom undir \u00fe\u00e9ttar greinir eikar nokkurar, \u00fe\u00e1 festist h\u00f6fu\u00f0 hans \u00ed eikinni og hann dingla\u00f0i \u00fear milli himins og jar\u00f0ar, en m\u00falasninn rann framundan honum.<a name=\"10\"><span class=\"versanumer\">10<\/span><\/a>\u00de\u00e1 kom ma\u00f0ur auga \u00e1 hann, og sag\u00f0i J\u00f3ab, og m\u00e6lti: sj\u00e1! eg hefi s\u00e9\u00f0 Absalon hanga \u00ed eik.<a name=\"11\"><span class=\"versanumer\">11<\/span><\/a>Og J\u00f3ab sag\u00f0i vi\u00f0 manninn sem \u00feetta m\u00e6lti: heyr\u00f0u! hafir \u00fe\u00fa s\u00e9\u00f0 hann, \u00fev\u00ed vannst \u00fe\u00fa \u00fe\u00e1 ekki \u00e1 honum? \u00fea\u00f0 hef\u00f0i ver\u00f0i mitt a\u00f0 gefa \u00fe\u00e9r 10 sikla silfurs og belti.<a name=\"12\"><span class=\"versanumer\">12<\/span><\/a>Og ma\u00f0urinn sag\u00f0i vi\u00f0 J\u00f3ab: og \u00fe\u00f3 eg fengi \u00fat \u00ed h\u00f6nd \u00fe\u00fasund sikla silfurs, mundi eg ekki leggja h\u00f6nd \u00e1 k\u00f3ngssoninn; \u00fev\u00ed \u00ed vorri \u00e1heyrn hefir konungurinn bo\u00f0i\u00f0 \u00fe\u00e9r og Ab\u00edsai og \u00cdta\u00ed, og sagt: gefi hv\u00f6r y\u00f0ar fyrir sig gaum a\u00f0 \u00feeim unga manni Absalon!<a name=\"13\"><span class=\"versanumer\">13<\/span><\/a>En ef eg hef\u00f0i veri\u00f0 m\u00e9r sj\u00e1lfum vestur og baka\u00f0 m\u00e9r l\u00edftj\u00f3n\u2014k\u00f3nginum dylst ekkert\u2014mundir \u00fe\u00fa sj\u00e1lfur hafa sta\u00f0i\u00f0 fj\u00e6rri m\u00e9r.<a name=\"14\"><span class=\"versanumer\">14<\/span><\/a>Og J\u00f3ab m\u00e6lti: ekki m\u00e1 eg lengur tefja hj\u00e1 \u00fe\u00e9r! og hann \u00fereif \u00ferj\u00fa spj\u00f3t \u00ed s\u00edna h\u00f6nd, og lag\u00f0i \u00feeim \u00ed gegnum Absalons hjarta. Enn n\u00fa lif\u00f0i hann \u00ed eikinni.<a name=\"15\"><span class=\"versanumer\">15<\/span><\/a>\u00de\u00e1 gengu \u00fear a\u00f0 10 menn, skjaldsveinar J\u00f3abs, og unnu \u00e1 Absalon, og dr\u00e1pu hann. <br \/><a name=\"16\"><span class=\"versanumer\">16<\/span><\/a>\u00de\u00e1 bl\u00e9s J\u00f3ab \u00ed b\u00e1s\u00fanu <span class='VideyAth'>d)<\/span> og f\u00f3lki\u00f0 h\u00e6tti a\u00f0 elta \u00cdsrael; \u00fev\u00ed J\u00f3ab stansa\u00f0i f\u00f3lki\u00f0.<a name=\"17\"><span class=\"versanumer\">17<\/span><\/a>Og \u00feeir t\u00f3ku Absalon og sn\u00f6ru\u00f0u honum \u00ed st\u00f3ra gryfju \u00fear \u00ed sk\u00f3ginum, og gj\u00f6r\u00f0u yfir honum mikinn grj\u00f3t haug <span class='VideyAth'>e)<\/span>, og allur \u00cdsrael fl\u00fa\u00f0i, hv\u00f6r \u00ed sitt tjald.<a name=\"18\"><span class=\"versanumer\">18<\/span><\/a>En Absalon haf\u00f0i, me\u00f0an hann lif\u00f0i, teki\u00f0 og sett s\u00e9r minnismerki sem stendur \u00ed konungsdalnum, \u00fev\u00ed hann sag\u00f0i: eg \u00e1 engan son til a\u00f0 halda uppi minningu m\u00edns nafns, og hann kalla\u00f0i minnismerki\u00f0 s\u00ednu nafni; og \u00fea\u00f0 er kalla\u00f0 Absalons minnismerki allt til \u00feessa dags.<a name=\"19\"><span class=\"versanumer\">19<\/span><\/a>En Akimas sonur Sadoks <span class='VideyAth'>a)<\/span> m\u00e6lti: eg \u00e6tla a\u00f0 hlaupa a\u00f0 f\u00e6ra konunginum \u00fe\u00e1 fregn, a\u00f0 Drottinn hafi r\u00e9tt hluta hans \u00e1 hans \u00f3vinum.<a name=\"20\"><span class=\"versanumer\">20<\/span><\/a>Og J\u00f3ab sag\u00f0i til hans: \u00fe\u00fa ber engin g\u00f3\u00f0 t\u00ed\u00f0indi \u00ed dag, \u00ed anna\u00f0 sinn skaltu fara me\u00f0 bo\u00f0skap, \u00fev\u00ed k\u00f3ngssonurinn er dau\u00f0ur.<a name=\"21\"><span class=\"versanumer\">21<\/span><\/a>En vi\u00f0 Kus\u00edta nokkurn sag\u00f0i J\u00f3ab: far \u00fe\u00fa og seg konungi hva\u00f0 gj\u00f6rst hefir. Og Kus\u00edtinn laut J\u00f3ab, og rann af sta\u00f0.<a name=\"22\"><span class=\"versanumer\">22<\/span><\/a>Og Akimas sonur Sadoks kom aftur a\u00f0 m\u00e1li vi\u00f0 J\u00f3ab og sag\u00f0i: hva\u00f0 um gildir, lofa \u00fe\u00fa m\u00e9r a\u00f0 hlaupa \u00e1 eftir Kus\u00edtanum! og J\u00f3ab svara\u00f0i: hv\u00f6rs vegna vilt \u00fe\u00fa hlaupa, minn son? \u00fe\u00fa hefir engin g\u00f3\u00f0 t\u00ed\u00f0indi a\u00f0 bera.<a name=\"23\"><span class=\"versanumer\">23<\/span><\/a>Hinn <span class='VideyAth'>(svara\u00f0i)<\/span>: hva\u00f0 sem sker og eftir fer, eg vil hlaupa, og hann <span class='VideyAth'>(J\u00f3ab)<\/span> sag\u00f0i: svo hlauptu! og Akimas hlj\u00f3p veginn yfir engi\u00f0 og komst \u00e1 undan Kus\u00edtanum.<br \/><a name=\"24\"><span class=\"versanumer\">24<\/span><\/a>En Dav\u00ed\u00f0 sat milli tveggja borgarhli\u00f0anna, og var\u00f0ma\u00f0ur gekk \u00e1 \u00feaki hli\u00f0sins \u00e1 veggnum, og leit upp og lita\u00f0ist um, og sj\u00e1! \u00fear kom ma\u00f0ur hlaupandi,<a name=\"25\"><span class=\"versanumer\">25<\/span><\/a>og var\u00f0ma\u00f0urinn kalla\u00f0i og sag\u00f0i \u00fea\u00f0 konungi, og konungur m\u00e6lti: s\u00e9 hann einsamall, svo er bo\u00f0skapur \u00ed hans munni, og hann kom n\u00e6r og n\u00e6r.<a name=\"26\"><span class=\"versanumer\">26<\/span><\/a>Og var\u00f0ma\u00f0urinn s\u00e1 annan mann koma hlaupandi, og var\u00f0ma\u00f0urinn kalla\u00f0i ni\u00f0ur \u00ed hli\u00f0i\u00f0, og m\u00e6lti: ma\u00f0ur kemur hlaupandi; og k\u00f3ngur ansa\u00f0i: hann er og sendibo\u00f0i.<a name=\"27\"><span class=\"versanumer\">27<\/span><\/a>Og var\u00f0ma\u00f0ur m\u00e6lti: hlaup hins fyrra er l\u00edkt hlaupi Akimas Sadokssonar. Og k\u00f3ngur svara\u00f0i: \u00fea\u00f0 er g\u00f3\u00f0ur ma\u00f0ur og hann kemur me\u00f0 g\u00f3\u00f0an bo\u00f0skap.<br \/><a name=\"28\"><span class=\"versanumer\">28<\/span><\/a>Og Akimas kalla\u00f0i og m\u00e6lti til konungs: Fri\u00f0ur! og hneig\u00f0i sig fyrir konungi me\u00f0 andlitinu til jar\u00f0ar, og m\u00e6lti: lofa\u00f0ur s\u00e9 Drottinn \u00feinn Gu\u00f0, sem hefir ofurgefi\u00f0 \u00fe\u00e1 menn, er upplyftu sinni h\u00f6nd \u00e1 m\u00f3ti m\u00ednum herra konunginum.<a name=\"29\"><span class=\"versanumer\">29<\/span><\/a>Og konungur spur\u00f0i: l\u00ed\u00f0ur unglingnum Absalon vel? og Akimas svara\u00f0i: eg s\u00e1 \u00f6s mikla \u00feegar J\u00f3ab sendi \u00feinn \u00fej\u00f3n og k\u00f3ngsins \u00fej\u00f3n; en eg veit ekki hva\u00f0 \u00fea\u00f0 var.<a name=\"30\"><span class=\"versanumer\">30<\/span><\/a>Og konungur m\u00e6lti: gakk \u00fe\u00fa til hli\u00f0ar og vertu \u00fearna! og hann gekk og st\u00f3\u00f0 \u00fear. <br \/><a name=\"31\"><span class=\"versanumer\">31<\/span><\/a>Og sj\u00e1! \u00fe\u00e1 kom K\u00fasitinn, og K\u00fasitinn m\u00e6lti: minn herra konungurinn me\u00f0taki \u00feann bo\u00f0skap, a\u00f0 Drottinn hefir r\u00e9tt hluta \u00feinn \u00e1 \u00f6llum \u00feeim sem gj\u00f6r\u00f0u uppreisn m\u00f3ti \u00fe\u00e9r.<a name=\"32\"><span class=\"versanumer\">32<\/span><\/a>Og k\u00f3ngur m\u00e6lti vi\u00f0 K\u00fasitann: l\u00ed\u00f0ur unglingnum Absalon vel? Og K\u00fasitinn svara\u00f0i: fari eins fyrir \u00f3vinum m\u00edns herra, konungsins og \u00f6llum sem gj\u00f6ra illa uppreisn m\u00f3ti \u00fe\u00e9r, eins og fyrir \u00feessum unglingi.<a name=\"33\"><span class=\"versanumer\">33<\/span><\/a>\u00de\u00e1 var\u00f0 k\u00f3nungi bilt vi\u00f0, og hann gekk upp \u00ed salinn yfir borgarhli\u00f0inu, og gr\u00e9t; og l\u00edka sag\u00f0i hann \u00ed \u00fev\u00ed hann gekk burt: sonur minn Absalon! minn sonur, minn sonur Absalon! minn sonur, minn sonur Absalon! \u00e6 a\u00f0 eg hef\u00f0i d\u00e1i\u00f0 \u00ed \u00feinn sta\u00f0! Absalon, sonur minn, sonur minn!<\/p>\n<div class=\"footnoteVidey\">V. 5. c. v. 12.  V. 16. d. Kap. 2,28. 20,22.  V. 17. e. J\u00f3s. 7,26.  V. 19. a. 1 Kron. 6,8.<\/div>\n","protected":false},"excerpt":{"rendered":"<p>Absalons afdrif. 1Og Dav\u00ed\u00f0 kanna\u00f0i f\u00f3lki\u00f0 sem me\u00f0 honum var og setti h\u00f6fu\u00f0smenn yfir \u00fe\u00fasund og h\u00f6fu\u00f0smenn yfir hundra\u00f0.2Og Dav\u00ed\u00f0 sendi f\u00f3lki\u00f0 fr\u00e1 s\u00e9r, \u00feri\u00f0jung me\u00f0 J\u00f3ab, og \u00feri\u00f0jung me\u00f0 Abisai Serujasyni br\u00f3\u00f0ur J\u00f3abs, og \u00feri\u00f0jung me\u00f0 Gat\u00edtanum \u00cdta\u00ed; og k\u00f3ngur sag\u00f0i vi\u00f0 f\u00f3lki\u00f0: eg vil fara \u00ed orrustuna me\u00f0 y\u00f0ur,3en f\u00f3lki\u00f0 sag\u00f0i: \u00fe\u00fa skalt ekki fara, \u00fev\u00ed \u00fe\u00f3 v\u00e9r fl\u00fdjum, svo gefa \u00feeir oss engan gaum, og \u00fe\u00f3 helftin af oss falli, svo munu \u00feeir ekki um oss skeyta, \u00fev\u00ed \u00fe\u00fa ert einn sem 10 \u00fe\u00fasundir af oss, og \u00fea\u00f0 er betra a\u00f0 \u00fe\u00fa s\u00e9rt oss a\u00f0 li\u00f0i \u00far <a href=\"https:\/\/biblian.is\/videy\/sidari-samuelsbok-18-kafli\/\"> [&#8230;]<\/a><\/p>\n","protected":false},"author":1,"featured_media":0,"parent":0,"menu_order":0,"comment_status":"open","ping_status":"open","template":"bibliukaflar.php","meta":{"footnotes":""},"class_list":["post-21134","page","type-page","status-publish","hentry"],"_links":{"self":[{"href":"https:\/\/biblian.is\/videy\/wp-json\/wp\/v2\/pages\/21134","targetHints":{"allow":["GET"]}}],"collection":[{"href":"https:\/\/biblian.is\/videy\/wp-json\/wp\/v2\/pages"}],"about":[{"href":"https:\/\/biblian.is\/videy\/wp-json\/wp\/v2\/types\/page"}],"author":[{"embeddable":true,"href":"https:\/\/biblian.is\/videy\/wp-json\/wp\/v2\/users\/1"}],"replies":[{"embeddable":true,"href":"https:\/\/biblian.is\/videy\/wp-json\/wp\/v2\/comments?post=21134"}],"version-history":[{"count":0,"href":"https:\/\/biblian.is\/videy\/wp-json\/wp\/v2\/pages\/21134\/revisions"}],"wp:attachment":[{"href":"https:\/\/biblian.is\/videy\/wp-json\/wp\/v2\/media?parent=21134"}],"curies":[{"name":"wp","href":"https:\/\/api.w.org\/{rel}","templated":true}]}}