{"id":21130,"date":"2018-01-02T01:00:30","date_gmt":"2018-01-02T01:00:30","guid":{"rendered":"http:\/\/biblian.is\/videy\/sidari-samuelsbok-14-kafli\/"},"modified":"2018-01-02T01:00:30","modified_gmt":"2018-01-02T01:00:30","slug":"sidari-samuelsbok-14-kafli","status":"publish","type":"page","link":"https:\/\/biblian.is\/videy\/sidari-samuelsbok-14-kafli\/","title":{"rendered":"S\u00ed\u00f0ari Sam\u00faelsb\u00f3k 14. kafli"},"content":{"rendered":"<div class=\"fyrirsognVidey\">Absalon kemur aftur \u00ed s\u00e1tt vi\u00f0 f\u00f6\u00f0ur sinn.<\/div>\n<p><a name=\"1\"><span class=\"versanumer\">1<\/span><\/a>Og J\u00f3ab Serujason t\u00f3k eftir \u00fev\u00ed a\u00f0 k\u00f3ngurinn unni Absalon.<a name=\"2\"><span class=\"versanumer\">2<\/span><\/a>\u00de\u00e1 sendi J\u00f3ab til Tekoa og l\u00e9t s\u00e6kja \u00fea\u00f0an skynuga konu, og sag\u00f0i vi\u00f0 hana: l\u00e1ttu sem \u00fe\u00fa s\u00e9rt \u00ed sorg, og far \u00fe\u00fa \u00ed sorgarkl\u00e6\u00f0i, og smyr \u00feig ekki me\u00f0 vi\u00f0smj\u00f6ri, og vertu sem kona, er \u00ed langan t\u00edma hefir syrgt framli\u00f0inn mann.<a name=\"3\"><span class=\"versanumer\">3<\/span><\/a>Og gakk fyrir konung og fall \u00e1 \u00feitt andlit til jar\u00f0ar, og \u00e1varpa hann \u00feessum or\u00f0um. Og J\u00f3ab lag\u00f0i henni or\u00f0 \u00ed munn.<br \/><a name=\"4\"><span class=\"versanumer\">4<\/span><\/a>Og konan fr\u00e1 Tekoa \u00e1varpa\u00f0i konunginn og f\u00e9ll \u00e1 sitt andlit til jar\u00f0ar og beyg\u00f0i sig, og m\u00e6lti: hj\u00e1lpa m\u00e9r konungur <span class='VideyAth'>b)<\/span>!<a name=\"5\"><span class=\"versanumer\">5<\/span><\/a>Og konungurinn sag\u00f0i til hennar: hva\u00f0 gengur a\u00f0 \u00fe\u00e9r? og h\u00fan m\u00e6lti: sannarlega! ekkja er eg og ma\u00f0ur minn er d\u00e1inn.<a name=\"6\"><span class=\"versanumer\">6<\/span><\/a>Og \u00fe\u00edn amb\u00e1tt \u00e1tti tvo syni, \u00feeir ur\u00f0u miss\u00e1ttir \u00e1 akri, og enginn var \u00fear sem gat skili\u00f0 \u00fe\u00e1, og s\u00e1 eini sl\u00f3 hinn annan og drap hann.<a name=\"7\"><span class=\"versanumer\">7<\/span><\/a>Og sj\u00e1! \u00f6ll \u00e6ttin er risin upp m\u00f3ti \u00feinni amb\u00e1tt, og menn segja: framsel \u00fe\u00fa \u00feann sem drap br\u00f3\u00f0ur sinn, a\u00f0 v\u00e9r drepum hann fyrir s\u00e1l br\u00f3\u00f0ur hans, sem hann myrti, og v\u00e9r viljum og afm\u00e1 erfingjann; og svona vilja \u00feeir sl\u00f6kka \u00feann neista sem m\u00e9r er eftir or\u00f0inn, svo ma\u00f0urinn minn hafi hv\u00f6rki nafn n\u00e9 ni\u00f0ja \u00e1 j\u00f6r\u00f0inni.<a name=\"8\"><span class=\"versanumer\">8<\/span><\/a>Og k\u00f3ngur m\u00e6lti vi\u00f0 konuna: far \u00fe\u00fa heim til \u00fe\u00edn, eg skal gefa \u00fe\u00e9r skipan \u00fe\u00e9r vi\u00f0v\u00edkjandi,<a name=\"9\"><span class=\"versanumer\">9<\/span><\/a>en konan fr\u00e1 Tekoa sag\u00f0i til konungsins: \u00e1 m\u00e9r, minn herra konungur! hv\u00edli sekt og \u00e1 m\u00edns f\u00f6\u00f0urs h\u00fasi, en konungurinn og hans h\u00e1s\u00e6ti s\u00e9 saklaust.<a name=\"10\"><span class=\"versanumer\">10<\/span><\/a>Og konungur sag\u00f0i: hv\u00f6rn sem m\u00f3ti \u00fe\u00e9r talar, skaltu f\u00e6ra til m\u00edn, og hann skal ei framar \u00e1reita \u00feig.<a name=\"11\"><span class=\"versanumer\">11<\/span><\/a>\u00de\u00e1 m\u00e6lti h\u00fan: mundu \u00fe\u00f3 k\u00f3ngur, til Drottins \u00fe\u00edns Gu\u00f0s, a\u00f0 bl\u00f3\u00f0hegnarinn gj\u00f6ri ei meira tj\u00f3n, og a\u00f0 \u00feeir tort\u00edni ekki syni m\u00ednum fyrir m\u00e9r. Og hann m\u00e6lti: svo sannarlega sem Drottinn lifir! af h\u00f6fu\u00f0h\u00e1rum sonar \u00fe\u00edns skal ekki eitt falla til jar\u00f0ar <span class='VideyAth'>c)<\/span>. <br \/><a name=\"12\"><span class=\"versanumer\">12<\/span><\/a>Og konan sag\u00f0i: leyf\u00f0u \u00feinni amb\u00e1tt a\u00f0 tala eitt or\u00f0 til m\u00edns herra konungsins! og hann svara\u00f0i: tala \u00fe\u00fa!<a name=\"13\"><span class=\"versanumer\">13<\/span><\/a>Og konan sag\u00f0i: hv\u00f6rs vegna upphugsar \u00fe\u00fa sl\u00edkt gegn Gu\u00f0s f\u00f3lki? og \u00feegar k\u00f3ngurinn hefir \u00feannig tala\u00f0, er hann svo sem sekur, \u00fear e\u00f0 konungurinn l\u00e6tur ei sinn \u00fatsk\u00fafa\u00f0a koma heim aftur.<a name=\"14\"><span class=\"versanumer\">14<\/span><\/a>\u00dev\u00ed deyja hlj\u00f3tum v\u00e9r, og eins og vatn erum v\u00e9r, sem hellt er \u00e1 j\u00f6r\u00f0ina og enginn getur handsama\u00f0 aftur, og skyldi \u00fe\u00e1 ei h\u00e1tignin hafa l\u00f6ngun til, og hugsun \u00e1, a\u00f0 \u00fatsk\u00fafa ekki fr\u00e1 s\u00e9r \u00feeim \u00fatsk\u00fafa\u00f0a?<a name=\"15\"><span class=\"versanumer\">15<\/span><\/a>Eg er n\u00fa kominn til a\u00f0 tala \u00feessi or\u00f0 vi\u00f0 minn herra konunginn, \u00fev\u00ed f\u00f3lki\u00f0 hr\u00e6ddi mig; \u00fe\u00e1 hugsa\u00f0i \u00fe\u00edn amb\u00e1tt: eg vil \u00fe\u00f3 tala vi\u00f0 konunginn; m\u00e1ske konungurinn gj\u00f6ri eftir or\u00f0i sinnar amb\u00e1ttar.<a name=\"16\"><span class=\"versanumer\">16<\/span><\/a>J\u00e1 konungurinn mun b\u00e6nheyra s\u00edna amb\u00e1tt og frelsa s\u00edna amb\u00e1tt, mig og minn son af hendi \u00feess manns sem vill afm\u00e1 hann af Gu\u00f0s arfleif\u00f0.<a name=\"17\"><span class=\"versanumer\">17<\/span><\/a>Og svo hugsa\u00f0i \u00fe\u00edn amb\u00e1tt: or\u00f0 m\u00edns herra konungsins ver\u00f0a m\u00e9r \u00fe\u00f3 til huggunar, \u00fev\u00ed sem Gu\u00f0s engill <span class='VideyAth'>a)<\/span>, svo er minn herra konungurinn, \u00ed \u00fev\u00ed a\u00f0 heyra gott og illt; \u00fev\u00ed s\u00e9 Drottinn \u00feinn Gu\u00f0 me\u00f0 \u00fe\u00e9r.<br \/><a name=\"18\"><span class=\"versanumer\">18<\/span><\/a>Og konungurinn svara\u00f0i og m\u00e6lti til konunnar: leyn \u00fe\u00fa mig engu sem eg spyr \u00feig a\u00f0. Og konan sag\u00f0i: minn herra konungurinn tali!<a name=\"19\"><span class=\"versanumer\">19<\/span><\/a>Og k\u00f3ngurinn m\u00e6lti: er ekki J\u00f3abs h\u00f6nd me\u00f0 \u00fe\u00e9r \u00ed \u00f6llu \u00feessu? og konan svara\u00f0i, og m\u00e6lti: svo sannarlega sem minn herra konungurinn lifir, \u00fea\u00f0 er einmitt eins og minn herra konungurinn segir, j\u00e1, \u00feinn \u00fe\u00e9nari J\u00f3ab, hann hefir skipa\u00f0 m\u00e9r \u00feetta og hann hefir lagt \u00feinni amb\u00e1tt \u00f6ll \u00feessi or\u00f0 \u00ed munn.<a name=\"20\"><span class=\"versanumer\">20<\/span><\/a>Til a\u00f0 koma m\u00e1lefninu \u00ed \u00feetta horf hefir \u00feinn \u00fe\u00e9nari J\u00f3ab gj\u00f6rt \u00feetta; en minn herra er v\u00eds sem Gu\u00f0s engill, svo hann veit allt \u00e1 j\u00f6r\u00f0unni.<br \/><a name=\"21\"><span class=\"versanumer\">21<\/span><\/a>Og konungurinn sag\u00f0i til J\u00f3abs: sj\u00e1! eg hefi n\u00fa gj\u00f6rt \u00feetta, svo far \u00fe\u00e1 og s\u00e6ktu \u00feann unga mann Absalon.<a name=\"22\"><span class=\"versanumer\">22<\/span><\/a>\u00de\u00e1 f\u00e9ll J\u00f3ab \u00e1 sitt andlit til jar\u00f0ar og laut, og blessa\u00f0i konunginn og m\u00e6lti: \u00ed dag reynir \u00feinn \u00fe\u00e9nari a\u00f0 eg hefi fundi\u00f0 n\u00e1\u00f0 fyrir \u00fe\u00ednum augum, minn herra konungur, \u00fear e\u00f0 konungurinn hefir fari\u00f0 eftir or\u00f0i s\u00edns \u00fe\u00e9nara.<a name=\"23\"><span class=\"versanumer\">23<\/span><\/a>Svo t\u00f3k J\u00f3ab sig til, og f\u00f3r til Gesur, og kom me\u00f0 Absalon til Jer\u00fasalem.<a name=\"24\"><span class=\"versanumer\">24<\/span><\/a>En konungur m\u00e6lti: hann fari \u00ed sitt h\u00fas og sj\u00e1i ei mitt auglit. Svo f\u00f3r Absalon \u00ed sitt h\u00fas, og k\u00f3ngsins auglit s\u00e1 hann ekki.<br \/><a name=\"25\"><span class=\"versanumer\">25<\/span><\/a>En me\u00f0al \u00cdsraelsmanna var enginn svo fr\u00ed\u00f0ur sem Absalon, og f\u00f3r miki\u00f0 or\u00f0 af \u00fev\u00ed; milli h\u00e6ls og hvirfils voru engin l\u00fdti \u00e1 honum.<a name=\"26\"><span class=\"versanumer\">26<\/span><\/a>Og \u00feegar hann skar h\u00e1r sitt\u2014\u00fea\u00f0 var skori\u00f0 einu sinni \u00e1 \u00e1ri\u2014\u00fev\u00ed \u00fe\u00e1 \u00fea\u00f0 var\u00f0 honum of \u00feungt skar hann \u00fea\u00f0\u2014svo v\u00f3 h\u00e1ri\u00f0 \u00e1 h\u00f6f\u00f0inu \u00e1 honum 2 hundru\u00f0 sikla silfurs eftir konungs vigt.<a name=\"27\"><span class=\"versanumer\">27<\/span><\/a>Og Absalon f\u00e6ddust tveir synir og ein d\u00f3ttir, h\u00fan h\u00e9t Tamar; h\u00fan var\u00f0 fr\u00ed\u00f0 kona \u00e1s\u00fdndum.<br \/><a name=\"28\"><span class=\"versanumer\">28<\/span><\/a>Og svo var Absalon tv\u00f6 \u00e1r \u00ed Jer\u00fasalem og s\u00e1 ekki k\u00f3ngsins auglit.<a name=\"29\"><span class=\"versanumer\">29<\/span><\/a>\u00de\u00e1 gj\u00f6r\u00f0i Absalon bo\u00f0 eftir J\u00f3ab til a\u00f0 senda hann til k\u00f3ngsins, en hann vildi ekki til hans koma; og hann sendi aftur \u00ed anna\u00f0 sinn; en hann vildi ekki koma.<a name=\"30\"><span class=\"versanumer\">30<\/span><\/a>\u00de\u00e1 sag\u00f0i hann til sinna \u00fej\u00f3na; J\u00f3ab \u00e1 akur \u00e1fastan vi\u00f0 minn og \u00fear \u00e1 hefir hann bygg, fari\u00f0 n\u00fa og kveiki\u00f0 \u00ed \u00fev\u00ed me\u00f0 eldi. Og \u00fej\u00f3nar Absalons kveiktu \u00ed \u00fev\u00ed me\u00f0 eldi.<a name=\"31\"><span class=\"versanumer\">31<\/span><\/a>\u00de\u00e1 t\u00f3k J\u00f3ab sig til og kom til Absalons \u00ed hans h\u00fas, og m\u00e6lti vi\u00f0 hann: \u00fev\u00ed hafa \u00fej\u00f3nar \u00fe\u00ednir kveikt \u00ed m\u00ednum akri me\u00f0 eldi?<a name=\"32\"><span class=\"versanumer\">32<\/span><\/a>Og Absalon sag\u00f0i vi\u00f0 J\u00f3ab: sj\u00e1! eg sendi til \u00fe\u00edn og sag\u00f0i: kom hinga\u00f0, a\u00f0 eg sendi \u00feig til konungsins, og seg: hv\u00ed em eg kominn fr\u00e1 Gesur? betra v\u00e6ri m\u00e9r a\u00f0 vera \u00fear enn! og n\u00fa vil eg sj\u00e1 k\u00f3ngsins auglit; en s\u00e9 eg sekur, \u00fe\u00e1 drepi hann mig.<a name=\"33\"><span class=\"versanumer\">33<\/span><\/a>\u00de\u00e1 gekk J\u00f3ab fyrir konung og sag\u00f0i honum \u00feetta. Og hann kalla\u00f0i Absalon, og hann <span class='VideyAth'>(Absalon)<\/span> kom fyrir konung, og laut til jar\u00f0ar me\u00f0 s\u00ednu andliti konunginum, og konungurinn kyssti Absalon.<\/p>\n<div class=\"footnoteVidey\">V. 4. b. 2 K\u00f3ng. 6,26. V. 11. c. 1 Sam. 14,45. 1 K\u00f3ng. 1,52.  V. 17. a. Kap. 19,27.<\/div>\n","protected":false},"excerpt":{"rendered":"<p>Absalon kemur aftur \u00ed s\u00e1tt vi\u00f0 f\u00f6\u00f0ur sinn. 1Og J\u00f3ab Serujason t\u00f3k eftir \u00fev\u00ed a\u00f0 k\u00f3ngurinn unni Absalon.2\u00de\u00e1 sendi J\u00f3ab til Tekoa og l\u00e9t s\u00e6kja \u00fea\u00f0an skynuga konu, og sag\u00f0i vi\u00f0 hana: l\u00e1ttu sem \u00fe\u00fa s\u00e9rt \u00ed sorg, og far \u00fe\u00fa \u00ed sorgarkl\u00e6\u00f0i, og smyr \u00feig ekki me\u00f0 vi\u00f0smj\u00f6ri, og vertu sem kona, er \u00ed langan t\u00edma hefir syrgt framli\u00f0inn mann.3Og gakk fyrir konung og fall \u00e1 \u00feitt andlit til jar\u00f0ar, og \u00e1varpa hann \u00feessum or\u00f0um. Og J\u00f3ab lag\u00f0i henni or\u00f0 \u00ed munn.4Og konan fr\u00e1 Tekoa \u00e1varpa\u00f0i konunginn og f\u00e9ll \u00e1 sitt andlit til jar\u00f0ar og beyg\u00f0i sig, og m\u00e6lti: <a href=\"https:\/\/biblian.is\/videy\/sidari-samuelsbok-14-kafli\/\"> [&#8230;]<\/a><\/p>\n","protected":false},"author":1,"featured_media":0,"parent":0,"menu_order":0,"comment_status":"open","ping_status":"open","template":"bibliukaflar.php","meta":{"footnotes":""},"class_list":["post-21130","page","type-page","status-publish","hentry"],"_links":{"self":[{"href":"https:\/\/biblian.is\/videy\/wp-json\/wp\/v2\/pages\/21130","targetHints":{"allow":["GET"]}}],"collection":[{"href":"https:\/\/biblian.is\/videy\/wp-json\/wp\/v2\/pages"}],"about":[{"href":"https:\/\/biblian.is\/videy\/wp-json\/wp\/v2\/types\/page"}],"author":[{"embeddable":true,"href":"https:\/\/biblian.is\/videy\/wp-json\/wp\/v2\/users\/1"}],"replies":[{"embeddable":true,"href":"https:\/\/biblian.is\/videy\/wp-json\/wp\/v2\/comments?post=21130"}],"version-history":[{"count":0,"href":"https:\/\/biblian.is\/videy\/wp-json\/wp\/v2\/pages\/21130\/revisions"}],"wp:attachment":[{"href":"https:\/\/biblian.is\/videy\/wp-json\/wp\/v2\/media?parent=21130"}],"curies":[{"name":"wp","href":"https:\/\/api.w.org\/{rel}","templated":true}]}}