{"id":21127,"date":"2018-01-02T01:00:25","date_gmt":"2018-01-02T01:00:25","guid":{"rendered":"http:\/\/biblian.is\/videy\/sidari-samuelsbok-11-kafli\/"},"modified":"2018-01-02T01:00:25","modified_gmt":"2018-01-02T01:00:25","slug":"sidari-samuelsbok-11-kafli","status":"publish","type":"page","link":"https:\/\/biblian.is\/videy\/sidari-samuelsbok-11-kafli\/","title":{"rendered":"S\u00ed\u00f0ari Sam\u00faelsb\u00f3k 11. kafli"},"content":{"rendered":"<div class=\"fyrirsognVidey\">Dav\u00ed\u00f0 leggst me\u00f0 Berseba.<\/div>\n<p><a name=\"1\"><span class=\"versanumer\">1<\/span><\/a>Og \u00fea\u00f0 ske\u00f0i, a\u00f0 \u00e1ri li\u00f0nu, um \u00fea\u00f0 leyti sem k\u00f3ngar eru vanir a\u00f0 fara \u00ed lei\u00f0angur, a\u00f0 Dav\u00ed\u00f0 sendi J\u00f3ab og s\u00edna \u00fe\u00e9nara me\u00f0 honum og allan \u00cdsrael, og \u00feeir ey\u00f0il\u00f6g\u00f0u <span class='VideyAth'>(land)<\/span> Ammonsbarna, og settust um Rabba; en Dav\u00ed\u00f0 sat heima \u00ed Jer\u00fasalem.<a name=\"2\"><span class=\"versanumer\">2<\/span><\/a>Svo bar \u00fe\u00e1 til a\u00f0 Dav\u00ed\u00f0, \u00e1 \u00e1li\u00f0num degi, st\u00f3\u00f0 upp af s\u00e6ng sinni og gekk um g\u00f3lf \u00e1 \u00feaki k\u00f3ngshallarinnar, og s\u00e1 af \u00feakinu konu sem lauga\u00f0i sig, og s\u00fa kona var miki\u00f0 fr\u00ed\u00f0 s\u00fdnum.<a name=\"3\"><span class=\"versanumer\">3<\/span><\/a>\u00de\u00e1 sendi Dav\u00ed\u00f0 og spur\u00f0ist fyrir um konuna; og menn s\u00f6g\u00f0u honum: \u00fea\u00f0 er Berseba, d\u00f3ttir Elams, kona \u00dar\u00edas Het\u00edta <span class='VideyAth'>a)<\/span>.<a name=\"4\"><span class=\"versanumer\">4<\/span><\/a>Og Dav\u00ed\u00f0 sendi menn og l\u00e9t s\u00e6kja hana, og h\u00fan kom til hans og hann lag\u00f0ist me\u00f0 henni; og h\u00fan hreinsa\u00f0i af s\u00e9r s\u00edn saurindi <span class='VideyAth'>b)<\/span>, og f\u00f3r aftur heim til s\u00edn.<a name=\"5\"><span class=\"versanumer\">5<\/span><\/a>Og konan var\u00f0 \u00f3l\u00e9tt, og h\u00fan sendi, og l\u00e9t Dav\u00ed\u00f0 vita \u00fea\u00f0 og m\u00e6lti: eg em \u00feungu\u00f0.<a name=\"6\"><span class=\"versanumer\">6<\/span><\/a>\u00de\u00e1 gj\u00f6r\u00f0i Dav\u00ed\u00f0 \u00feessi bo\u00f0 J\u00f3ab: \u201esend \u00fe\u00fa m\u00e9r Het\u00edtann \u00dar\u00eda\u201c og J\u00f3ab sendi \u00dar\u00eda til Dav\u00ed\u00f0s.<a name=\"7\"><span class=\"versanumer\">7<\/span><\/a>En sem \u00dar\u00eda kom, spur\u00f0i Dav\u00ed\u00f0 hv\u00f6rnig J\u00f3ab og f\u00f3lkinu li\u00f0i, og hv\u00f6rnig str\u00ed\u00f0i\u00f0 gengi.<a name=\"8\"><span class=\"versanumer\">8<\/span><\/a>Og Dav\u00ed\u00f0 sag\u00f0i vi\u00f0 \u00dar\u00eda: gakk \u00fe\u00fa n\u00fa heim til \u00fe\u00edn og \u00fevo \u00fe\u00edna f\u00e6tur. Svo gekk \u00dar\u00eda \u00far k\u00f3ngsins h\u00fasi, og eftir honum var borin g\u00e1fa fr\u00e1 k\u00f3nginum.<a name=\"9\"><span class=\"versanumer\">9<\/span><\/a>En \u00dar\u00eda lag\u00f0ist ni\u00f0ur fyrir dyrum hallarinnar, hj\u00e1 \u00f6llum \u00fe\u00e9nurum s\u00edns herra, og gekk ekki heim til s\u00edn.<a name=\"10\"><span class=\"versanumer\">10<\/span><\/a>Menn s\u00f6g\u00f0u \u00fea\u00f0 Dav\u00ed\u00f0 og m\u00e6ltu: \u00dar\u00eda er ekki farinn heim \u00ed sitt h\u00fas, \u00fe\u00e1 sag\u00f0i Dav\u00ed\u00f0 til \u00dar\u00edas: ert \u00fe\u00fa ekki kominn \u00far fer\u00f0? \u00fev\u00ed f\u00f3rstu ekki heim \u00ed \u00feitt h\u00fas?<a name=\"11\"><span class=\"versanumer\">11<\/span><\/a>Og \u00dar\u00eda m\u00e6lti til Dav\u00ed\u00f0s: \u00f6rkin og \u00cdsrael og J\u00fada eru \u00ed tj\u00f6ldum, og minn herra J\u00f3ab og \u00fej\u00f3nar m\u00edns herra liggja \u00e1 m\u00f6rkinni, og skyldi eg ganga heim \u00ed mitt h\u00fas, eta og drekka og leggjast hj\u00e1 konu minni? svo sannarlega sem \u00fe\u00fa lifir og \u00fe\u00edn s\u00e1la lifir, eg gj\u00f6ri \u00fea\u00f0 ekki!<a name=\"12\"><span class=\"versanumer\">12<\/span><\/a>Og Dav\u00ed\u00f0 sag\u00f0i vi\u00f0 Ur\u00edu: vertu h\u00e9r \u00fe\u00e1 \u00ed dag, en \u00e1 morgun gef eg \u00fe\u00e9r fararleyfi. Svo var \u00dar\u00eda \u00ed Jer\u00fasalem \u00feenna sama dag og daginn eftir.<a name=\"13\"><span class=\"versanumer\">13<\/span><\/a>Og Dav\u00ed\u00f0 haf\u00f0i hann \u00ed bo\u00f0i s\u00ednu, og hann \u00e1t og drakk me\u00f0 honum og hann gj\u00f6r\u00f0i hann drukkinn; en um kv\u00f6ldi\u00f0 gekk hann burt til a\u00f0 leggja sig \u00ed sitt r\u00fam hj\u00e1 \u00fe\u00e9nurum s\u00edns herra, en hann gekk ekki heim \u00ed sitt h\u00fas.<a name=\"14\"><span class=\"versanumer\">14<\/span><\/a>En um morguninn skrifa\u00f0i Dav\u00ed\u00f0 br\u00e9f til J\u00f3abs og sendi \u00fea\u00f0 me\u00f0 \u00dar\u00eda.<a name=\"15\"><span class=\"versanumer\">15<\/span><\/a>Og hann skrifa\u00f0i svo \u00ed br\u00e9fi\u00f0: setji\u00f0 \u00dar\u00eda \u00fear \u00ed bardagann sem hann er har\u00f0astur, og hopi\u00f0 fr\u00e1 honum til baka a\u00f0 hann ver\u00f0i ofurli\u00f0a borinn og falli.<a name=\"16\"><span class=\"versanumer\">16<\/span><\/a>En sem J\u00f3ab sat n\u00fa um sta\u00f0inn, skipa\u00f0i hann \u00dar\u00eda til orrustu \u00fear sem hann vissi a\u00f0 hraustir menn voru fyrir.<a name=\"17\"><span class=\"versanumer\">17<\/span><\/a>Og borgarmenn f\u00f3ru \u00fat \u00far sta\u00f0num og b\u00f6r\u00f0ust vi\u00f0 J\u00f3ab, og nokkrir f\u00e9llu af li\u00f0inu, af \u00fej\u00f3num Dav\u00ed\u00f0s, og Het\u00edtinn \u00dar\u00eda f\u00e9ll l\u00edka.<a name=\"18\"><span class=\"versanumer\">18<\/span><\/a>\u00de\u00e1 sendi J\u00f3ab og l\u00e9t Dav\u00ed\u00f0 vita hvar \u00fe\u00e1 v\u00e6ri komi\u00f0.<a name=\"19\"><span class=\"versanumer\">19<\/span><\/a>Og hann lag\u00f0i svo fyrir sendimanninn og m\u00e6lti: \u00feegar \u00fe\u00fa hefir sagt fr\u00e1 bardaganum hi\u00f0 lj\u00f3sasta,<a name=\"20\"><span class=\"versanumer\">20<\/span><\/a>og \u00fe\u00fa s\u00e9r a\u00f0 konungurinn ver\u00f0ur rei\u00f0ur, og hann segir vi\u00f0 \u00feig: \u201e\u00fev\u00ed f\u00f3ru\u00f0 \u00fei\u00f0 svo n\u00e6rri borgarveggnum \u00ed orrustu? vissu\u00f0 \u00fe\u00e9r ekki a\u00f0 \u00feeir mundu skj\u00f3ta \u00e1 y\u00f0ur ni\u00f0ur af borgarveggnum?<a name=\"21\"><span class=\"versanumer\">21<\/span><\/a>Hv\u00f6r felldi Ab\u00edmelek Jer\u00fabbesetsson? kasta\u00f0i ekki kona nokkur \u00e1 hann ni\u00f0ur af borgarveggnum kvarnarsteinsbroti, svo hann d\u00f3 \u00ed Tebes <span class='VideyAth'>c)<\/span>? \u00fev\u00ed f\u00f3ru\u00f0 \u00fe\u00e9r inn undir borgarvegginn?\u201c \u00fe\u00e1 seg\u00f0u: \u00feinn \u00fe\u00e9nari Het\u00edtinn \u00dar\u00eda f\u00e9ll l\u00edka. <br \/><a name=\"22\"><span class=\"versanumer\">22<\/span><\/a>Svo f\u00f3r sendima\u00f0urinn og kom og flutti Dav\u00ed\u00f0 allt sem J\u00f3ab haf\u00f0i lagt fyrir hann.<a name=\"23\"><span class=\"versanumer\">23<\/span><\/a>Og sendima\u00f0urinn sag\u00f0i vi\u00f0 Dav\u00ed\u00f0: mennirnir b\u00e1ru oss ofurli\u00f0a og f\u00f3ru \u00fat \u00e1 m\u00f3ti oss \u00e1 v\u00f6llinn; \u00fe\u00e1 \u00ferengdum v\u00e9r \u00feeim allt a\u00f0 borgarhli\u00f0inu.<a name=\"24\"><span class=\"versanumer\">24<\/span><\/a>En n\u00fa skutu \u00feeir \u00e1 oss ni\u00f0ur af borgarveggnum, og nokkrir af k\u00f3ngsins \u00fe\u00e9nurum f\u00e9llu, og l\u00edka er \u00feinn \u00fe\u00e9nari Het\u00edtinn \u00dar\u00eda fallinn.<a name=\"25\"><span class=\"versanumer\">25<\/span><\/a>\u00de\u00e1 m\u00e6lti Dav\u00ed\u00f0 vi\u00f0 sendimanninn: seg \u00fe\u00fa \u00fe\u00e1 J\u00f3ab: l\u00e1ttu \u00feetta ekki \u00e1 \u00feig f\u00e1 <span class='VideyAth'>(\u00fea\u00f0 gengur svona til \u00ed str\u00ed\u00f0inu)<\/span>, halt \u00fe\u00fa \u00e1fram ums\u00e1trinu og ey\u00f0ilegg \u00fe\u00fa borgina. \u00deannig skalt \u00fe\u00fa hughreysta hann.<a name=\"26\"><span class=\"versanumer\">26<\/span><\/a>En sem kona \u00dar\u00eda fr\u00e9tti, a\u00f0 ma\u00f0ur hennar \u00dar\u00eda var fallinn, harma\u00f0i h\u00fan mann sinn.<a name=\"27\"><span class=\"versanumer\">27<\/span><\/a>Og \u00fe\u00e1 sorgardagarnir voru li\u00f0nir, sendi Dav\u00ed\u00f0 og t\u00f3k hana \u00ed sitt h\u00fas, og h\u00fan var\u00f0 hans kona, og \u00f3l honum son; en Drottni misl\u00edka\u00f0i \u00fea\u00f0 sem Dav\u00ed\u00f0 haf\u00f0i gj\u00f6rt.<\/p>\n<div class=\"footnoteVidey\">V. 3. a. Kap. 23,39.  V. 4. b. N\u00fam. 15,18.19.  V. 21. c. D\u00f3m. 9,53.<\/div>\n","protected":false},"excerpt":{"rendered":"<p>Dav\u00ed\u00f0 leggst me\u00f0 Berseba. 1Og \u00fea\u00f0 ske\u00f0i, a\u00f0 \u00e1ri li\u00f0nu, um \u00fea\u00f0 leyti sem k\u00f3ngar eru vanir a\u00f0 fara \u00ed lei\u00f0angur, a\u00f0 Dav\u00ed\u00f0 sendi J\u00f3ab og s\u00edna \u00fe\u00e9nara me\u00f0 honum og allan \u00cdsrael, og \u00feeir ey\u00f0il\u00f6g\u00f0u (land) Ammonsbarna, og settust um Rabba; en Dav\u00ed\u00f0 sat heima \u00ed Jer\u00fasalem.2Svo bar \u00fe\u00e1 til a\u00f0 Dav\u00ed\u00f0, \u00e1 \u00e1li\u00f0num degi, st\u00f3\u00f0 upp af s\u00e6ng sinni og gekk um g\u00f3lf \u00e1 \u00feaki k\u00f3ngshallarinnar, og s\u00e1 af \u00feakinu konu sem lauga\u00f0i sig, og s\u00fa kona var miki\u00f0 fr\u00ed\u00f0 s\u00fdnum.3\u00de\u00e1 sendi Dav\u00ed\u00f0 og spur\u00f0ist fyrir um konuna; og menn s\u00f6g\u00f0u honum: \u00fea\u00f0 er Berseba, d\u00f3ttir Elams, kona <a href=\"https:\/\/biblian.is\/videy\/sidari-samuelsbok-11-kafli\/\"> [&#8230;]<\/a><\/p>\n","protected":false},"author":1,"featured_media":0,"parent":0,"menu_order":0,"comment_status":"open","ping_status":"open","template":"bibliukaflar.php","meta":{"footnotes":""},"class_list":["post-21127","page","type-page","status-publish","hentry"],"_links":{"self":[{"href":"https:\/\/biblian.is\/videy\/wp-json\/wp\/v2\/pages\/21127","targetHints":{"allow":["GET"]}}],"collection":[{"href":"https:\/\/biblian.is\/videy\/wp-json\/wp\/v2\/pages"}],"about":[{"href":"https:\/\/biblian.is\/videy\/wp-json\/wp\/v2\/types\/page"}],"author":[{"embeddable":true,"href":"https:\/\/biblian.is\/videy\/wp-json\/wp\/v2\/users\/1"}],"replies":[{"embeddable":true,"href":"https:\/\/biblian.is\/videy\/wp-json\/wp\/v2\/comments?post=21127"}],"version-history":[{"count":0,"href":"https:\/\/biblian.is\/videy\/wp-json\/wp\/v2\/pages\/21127\/revisions"}],"wp:attachment":[{"href":"https:\/\/biblian.is\/videy\/wp-json\/wp\/v2\/media?parent=21127"}],"curies":[{"name":"wp","href":"https:\/\/api.w.org\/{rel}","templated":true}]}}