{"id":21098,"date":"2018-01-02T01:00:19","date_gmt":"2018-01-02T01:00:19","guid":{"rendered":"http:\/\/biblian.is\/videy\/fyrri-samuelsbok-13-kafli\/"},"modified":"2018-01-02T01:00:19","modified_gmt":"2018-01-02T01:00:19","slug":"fyrri-samuelsbok-13-kafli","status":"publish","type":"page","link":"https:\/\/biblian.is\/videy\/fyrri-samuelsbok-13-kafli\/","title":{"rendered":"Fyrri Sam\u00faelsb\u00f3k 13. kafli"},"content":{"rendered":"<div class=\"fyrirsognVidey\">Afreksverk J\u00f3natans og S\u00e1ls.<\/div>\n<p><a name=\"1\"><span class=\"versanumer\">1<\/span><\/a>S\u00e1l haf\u00f0i n\u00fa veri\u00f0 1 \u00e1r konungur, og 2a\u00f0 \u00e1ri\u00f0 sem hann r\u00edkti yfir \u00cdsrael,<a name=\"2\"><span class=\"versanumer\">2<\/span><\/a>valdi S\u00e1l s\u00e9r \u00ferj\u00fa \u00fe\u00fasund manns af \u00cdsrael, og hj\u00e1 S\u00e1l voru tv\u00f6 \u00fe\u00fasund \u00ed Mikmas og \u00e1 Betels fj\u00f6llum, og \u00fe\u00fasund voru hj\u00e1 J\u00f3natan \u00ed G\u00edbea Benjam\u00edn; og \u00fea\u00f0 anna\u00f0 af f\u00f3lkinu l\u00e9t hann fara, hv\u00f6rn til s\u00edns tjalds <span class='VideyAth'>d)<\/span>.<a name=\"3\"><span class=\"versanumer\">3<\/span><\/a>Og J\u00f3natan rak burt setuli\u00f0 Filisteanna \u00ed G\u00edbea; \u00fea\u00f0 heyr\u00f0u Filistearnir. Og S\u00e1l l\u00e9t bl\u00e1sa \u00ed b\u00e1s\u00fanur um allt landi\u00f0, og sag\u00f0i \u00fea\u00f0 skulu ebreskir heyra!<a name=\"4\"><span class=\"versanumer\">4<\/span><\/a>Og allur \u00cdsrael heyr\u00f0i hv\u00f6rsu menn s\u00f6g\u00f0u: S\u00e1l hefir reki\u00f0 burt setuli\u00f0 Filisteanna, og Filisteum er illa vi\u00f0 \u00cdsrael <span class='VideyAth'>e)<\/span>, og f\u00f3lki\u00f0 var samankalla\u00f0 til S\u00e1ls \u00ed Gilgal.<a name=\"5\"><span class=\"versanumer\">5<\/span><\/a>En Filistearnir samans\u00f6fnu\u00f0ust til a\u00f0 str\u00ed\u00f0a vi\u00f0 \u00cdsrael, 30 \u00fe\u00fasund vagnar og 6 \u00fe\u00fasund rei\u00f0menn og f\u00f3lk eins margt og sandur \u00e1 sj\u00e1varstr\u00f6nd <span class='VideyAth'>f)<\/span>, og \u00feeir l\u00f6g\u00f0u af sta\u00f0, og settu herb\u00fa\u00f0irnar \u00ed Mikmas fyrir austan Bet-Aven.<a name=\"6\"><span class=\"versanumer\">6<\/span><\/a>Og \u00cdsraelsmenn s\u00e1u a\u00f0 \u00feeir voru \u00ed ney\u00f0, \u00fev\u00ed a\u00f0 f\u00f3lkinu \u00ferengdi; \u00fe\u00e1 f\u00f3l f\u00f3lki\u00f0 sig \u00ed hellrum og \u00ed \u00feyrnirunnum og \u00ed giljum og \u00ed turnum og \u00ed gryfjum.<a name=\"7\"><span class=\"versanumer\">7<\/span><\/a>Og ebreskir f\u00f3ru yfir J\u00f3rdan \u00ed landi\u00f0 Ga\u00f0 og G\u00edlea\u00f0, en S\u00e1l var enn \u00ed Gilgal og allt f\u00f3lki\u00f0 fylgdi honum skelka\u00f0. <br \/><a name=\"8\"><span class=\"versanumer\">8<\/span><\/a>Og hann bei\u00f0 sj\u00f6 daga til \u00e1kve\u00f0ins t\u00edma, sem Sam\u00fael <span class='VideyAth'>(haf\u00f0i \u00e1kve\u00f0i\u00f0)<\/span> en Sam\u00fael kom ekki til Gilgal, og f\u00f3lki\u00f0 dreif\u00f0ist burt fr\u00e1 honum.<a name=\"9\"><span class=\"versanumer\">9<\/span><\/a>\u00de\u00e1 sag\u00f0i S\u00e1l: f\u00e6ri\u00f0 m\u00e9r hinga\u00f0 brennif\u00f3rn og \u00feakkarf\u00f3rn! og hann offra\u00f0i brennif\u00f3rn.<a name=\"10\"><span class=\"versanumer\">10<\/span><\/a>Og er hann haf\u00f0i enda\u00f0 offur brennif\u00f3rnarinnar, sj\u00e1! \u00fe\u00e1 kom Sam\u00fael, og S\u00e1l gekk \u00e1 m\u00f3ti honum og heilsa\u00f0i honum.<a name=\"11\"><span class=\"versanumer\">11<\/span><\/a>Og Sam\u00fael m\u00e6lti: hva\u00f0 hefir \u00fe\u00fa gj\u00f6rt? og S\u00e1l sag\u00f0i: \u00feegar eg s\u00e1 a\u00f0 f\u00f3lki\u00f0 hlj\u00f3p fr\u00e1 m\u00e9r, og \u00fe\u00fa komst ekki \u00e1 tilteknum t\u00edma, og a\u00f0 Filistear voru komnir til Mikmas;<a name=\"12\"><span class=\"versanumer\">12<\/span><\/a>svo sag\u00f0i eg: n\u00fa munu Filistear koma til m\u00edn til Gilgal, og eg hefi ekki <span class='VideyAth'>(enn n\u00fa)<\/span> be\u00f0i\u00f0 fyrir augliti Drottins; \u00fev\u00ed dirf\u00f0ist eg a\u00f0 offra brennif\u00f3rn.<a name=\"13\"><span class=\"versanumer\">13<\/span><\/a>\u00de\u00e1 sag\u00f0i Sam\u00fael til S\u00e1l: \u00fe\u00fa hefir breytt heimskulega, hefir ekki g\u00e1\u00f0 a\u00f0 bo\u00f0i Drottins \u00fe\u00edns Gu\u00f0s, sem hann bau\u00f0 \u00fe\u00e9r; \u00fev\u00ed Drottinn hef\u00f0i n\u00fa sta\u00f0fest \u00feinn konungd\u00f3m yfir \u00cdsrael a\u00f0 eil\u00edfu;<a name=\"14\"><span class=\"versanumer\">14<\/span><\/a>en n\u00fa mun \u00feitt konungd\u00e6mi ekki ver\u00f0a sta\u00f0fast. Drottinn hefir leita\u00f0 s\u00e9r a\u00f0 \u00f6\u00f0rum manni eftir s\u00ednu sinni, og hefir sett hann fursta yfir sitt f\u00f3lk; \u00fev\u00ed \u00fe\u00fa hefir ekki g\u00e6tt \u00feess sem Drottinn bau\u00f0.<a name=\"15\"><span class=\"versanumer\">15<\/span><\/a>Og svo t\u00f3k Sam\u00fael sig upp og gekk fr\u00e1 Gilgal til G\u00edbea Benjam\u00edn. Og S\u00e1l kanna\u00f0i li\u00f0i\u00f0 sem hj\u00e1 honum var, h\u00e9r um bil 6 hundru\u00f0 manns. <br \/><a name=\"16\"><span class=\"versanumer\">16<\/span><\/a>En S\u00e1l og J\u00f3natan hans son og f\u00f3lki\u00f0 sem hj\u00e1 honum var, tjaldi\u00f0 \u00ed G\u00edbea-Benjam\u00edn, og Filistear h\u00f6f\u00f0u herb\u00fa\u00f0ir \u00ed Mikmas.<a name=\"17\"><span class=\"versanumer\">17<\/span><\/a>Og fr\u00e1 herb\u00fa\u00f0um Filistea lag\u00f0i \u00f3v\u00edgur her \u00ed \u00feremur flokkum; einn flokkurinn stefndi til Ofra \u00ed landi\u00f0 Sual,<a name=\"18\"><span class=\"versanumer\">18<\/span><\/a>annar flokkurinn stefndi til Bethoron, og hinn \u00feri\u00f0ji f\u00f3r landamerkjaveginn sem liggur fyrir ofan dalinn Jeboim \u00fat til ey\u00f0imerkurinnar.<a name=\"19\"><span class=\"versanumer\">19<\/span><\/a>En enginn smi\u00f0ur var \u00ed \u00f6llu \u00cdsraelslandi, \u00fev\u00ed Filistear hugsu\u00f0u: a\u00f0 ebreskir ei skyldu gj\u00f6ra s\u00e9r sver\u00f0 e\u00f0a spj\u00f3t <span class='VideyAth'>a)<\/span>.<a name=\"20\"><span class=\"versanumer\">20<\/span><\/a>Og allur \u00cdsrael f\u00f3r til Filistea, s\u00e9rhv\u00f6r til a\u00f0 hvessa sitt pl\u00f3gj\u00e1rn, p\u00e1l, \u00f6xi og spa\u00f0a.<a name=\"21\"><span class=\"versanumer\">21<\/span><\/a>\u00deegar nefnilega a\u00f0 slj\u00f3vga\u00f0ist eggin \u00e1 spa\u00f0anum, p\u00e1lnum, forknum og \u00f6xinni, og til a\u00f0 r\u00e9tta oddinn.<a name=\"22\"><span class=\"versanumer\">22<\/span><\/a>Og \u00fea\u00f0 bar svo undir, \u00e1 orrustudeginum, a\u00f0 \u00fe\u00e1 fannst hv\u00f6rki sver\u00f0 n\u00e9 spj\u00f3t \u00ed hendi alls f\u00f3lksins, sem var me\u00f0 S\u00e1l og J\u00f3natan, og einasta fannst \u00feetta hj\u00e1 S\u00e1l og J\u00f3natan syni hans.<a name=\"23\"><span class=\"versanumer\">23<\/span><\/a>Og einn flokkur af Filisteum f\u00f3r \u00fat veginn fr\u00e1 Mikmas.<\/p>\n<div class=\"footnoteVidey\">V. 2. d. Kap. 8,22.  V. 4. e. Heb. og \u00cdsrael luktar illa hj\u00e1 Filisteum. Devt. 34,30. Ex. 5,21. 1 Sam. 27,12.  V. 5. f. J\u00f3s. 11,4. D\u00f3m. 7,12.  V. 19. a. D\u00f3m. 5,8.<\/div>\n","protected":false},"excerpt":{"rendered":"<p>Afreksverk J\u00f3natans og S\u00e1ls. 1S\u00e1l haf\u00f0i n\u00fa veri\u00f0 1 \u00e1r konungur, og 2a\u00f0 \u00e1ri\u00f0 sem hann r\u00edkti yfir \u00cdsrael,2valdi S\u00e1l s\u00e9r \u00ferj\u00fa \u00fe\u00fasund manns af \u00cdsrael, og hj\u00e1 S\u00e1l voru tv\u00f6 \u00fe\u00fasund \u00ed Mikmas og \u00e1 Betels fj\u00f6llum, og \u00fe\u00fasund voru hj\u00e1 J\u00f3natan \u00ed G\u00edbea Benjam\u00edn; og \u00fea\u00f0 anna\u00f0 af f\u00f3lkinu l\u00e9t hann fara, hv\u00f6rn til s\u00edns tjalds d).3Og J\u00f3natan rak burt setuli\u00f0 Filisteanna \u00ed G\u00edbea; \u00fea\u00f0 heyr\u00f0u Filistearnir. Og S\u00e1l l\u00e9t bl\u00e1sa \u00ed b\u00e1s\u00fanur um allt landi\u00f0, og sag\u00f0i \u00fea\u00f0 skulu ebreskir heyra!4Og allur \u00cdsrael heyr\u00f0i hv\u00f6rsu menn s\u00f6g\u00f0u: S\u00e1l hefir reki\u00f0 burt setuli\u00f0 Filisteanna, og Filisteum er illa <a href=\"https:\/\/biblian.is\/videy\/fyrri-samuelsbok-13-kafli\/\"> [&#8230;]<\/a><\/p>\n","protected":false},"author":1,"featured_media":0,"parent":0,"menu_order":0,"comment_status":"open","ping_status":"open","template":"bibliukaflar.php","meta":{"footnotes":""},"class_list":["post-21098","page","type-page","status-publish","hentry"],"_links":{"self":[{"href":"https:\/\/biblian.is\/videy\/wp-json\/wp\/v2\/pages\/21098","targetHints":{"allow":["GET"]}}],"collection":[{"href":"https:\/\/biblian.is\/videy\/wp-json\/wp\/v2\/pages"}],"about":[{"href":"https:\/\/biblian.is\/videy\/wp-json\/wp\/v2\/types\/page"}],"author":[{"embeddable":true,"href":"https:\/\/biblian.is\/videy\/wp-json\/wp\/v2\/users\/1"}],"replies":[{"embeddable":true,"href":"https:\/\/biblian.is\/videy\/wp-json\/wp\/v2\/comments?post=21098"}],"version-history":[{"count":0,"href":"https:\/\/biblian.is\/videy\/wp-json\/wp\/v2\/pages\/21098\/revisions"}],"wp:attachment":[{"href":"https:\/\/biblian.is\/videy\/wp-json\/wp\/v2\/media?parent=21098"}],"curies":[{"name":"wp","href":"https:\/\/api.w.org\/{rel}","templated":true}]}}