{"id":21090,"date":"2018-01-02T01:00:19","date_gmt":"2018-01-02T01:00:19","guid":{"rendered":"http:\/\/biblian.is\/videy\/fyrri-samuelsbok-5-kafli\/"},"modified":"2018-01-02T01:00:19","modified_gmt":"2018-01-02T01:00:19","slug":"fyrri-samuelsbok-5-kafli","status":"publish","type":"page","link":"https:\/\/biblian.is\/videy\/fyrri-samuelsbok-5-kafli\/","title":{"rendered":"Fyrri Sam\u00faelsb\u00f3k 5. kafli"},"content":{"rendered":"<div class=\"fyrirsognVidey\">Undur hj\u00e1 Filisteum vegna arkarinnar.<\/div>\n<p><a name=\"1\"><span class=\"versanumer\">1<\/span><\/a>En Filistear h\u00f6f\u00f0u teki\u00f0 Gu\u00f0s \u00f6rk og flutt hana fr\u00e1 Ebeneser til Asdod <span class='VideyAth'>a)<\/span>.<a name=\"2\"><span class=\"versanumer\">2<\/span><\/a>Og Filistear t\u00f3ku Gu\u00f0s \u00f6rk og fluttu hana \u00ed Dagons h\u00fas og settu hana hj\u00e1 Dagon,<a name=\"3\"><span class=\"versanumer\">3<\/span><\/a>og \u00feegar \u00feeir \u00ed Asdod risu snemma n\u00e6sta morgun, sj\u00e1! \u00fe\u00e1 l\u00e1 Dagon \u00e1 s\u00ednu andliti \u00e1 j\u00f6r\u00f0u <span class='VideyAth'>(g\u00f3lfinu)<\/span> fyrir framan Drottins \u00f6rk. Og \u00feeir t\u00f3ku Dagon og settu hann aftur \u00e1 sinn sta\u00f0.<a name=\"4\"><span class=\"versanumer\">4<\/span><\/a>Og \u00fe\u00e1 \u00feeir annars dags f\u00f3ru snemma \u00e1 f\u00e6tur, sj\u00e1! \u00fe\u00e1 l\u00e1 Dagon \u00e1 s\u00ednu andliti \u00e1 j\u00f6r\u00f0u fyrir framan Drottins \u00f6rk; og h\u00f6fu\u00f0 Dagons og hendur voru b\u00e1\u00f0ar afbrotnar vi\u00f0 \u00ferepskj\u00f6ldinn; einasta var eftir hi\u00f0 anna\u00f0 af Dagon.<a name=\"5\"><span class=\"versanumer\">5<\/span><\/a><span class='VideyAth'>(\u00dev\u00ed st\u00edga Dagons prestar og allir sem innganga \u00ed Dagons h\u00fas ekki \u00e1 \u00ferepskj\u00f6ld Dagons h\u00fass \u00ed Asdod, allt til \u00feessa dags)<\/span>;<a name=\"6\"><span class=\"versanumer\">6<\/span><\/a>og h\u00f6nd Drottins l\u00e1 \u00feung \u00e1 Asdod\u00edtunum, og hann ey\u00f0ilag\u00f0i \u00feeirra land og sl\u00f3 \u00fe\u00e1 me\u00f0 k\u00fdlum <span class='VideyAth'>b)<\/span>, Asdod og hennar h\u00e9ra\u00f0.<a name=\"7\"><span class=\"versanumer\">7<\/span><\/a>Og er f\u00f3lk \u00ed Asdod s\u00e1 a\u00f0 \u00fea\u00f0 gekk svolei\u00f0is til, s\u00f6g\u00f0u \u00feeir: \u00f6rk \u00cdsraels Gu\u00f0s skal ekki hj\u00e1 oss vera, \u00fev\u00ed h\u00f6r\u00f0 er hans h\u00f6nd \u00e1 oss og \u00e1 Dagon vorum Gu\u00f0i.<br \/><a name=\"8\"><span class=\"versanumer\">8<\/span><\/a>\u00de\u00e1 gj\u00f6r\u00f0u \u00feeir \u00fat sendimenn, og samans\u00f6fnu\u00f0u \u00f6llum Filistea h\u00f6f\u00f0ingjum til s\u00edn, og s\u00f6g\u00f0u: hva\u00f0 eigum v\u00e9r a\u00f0 gj\u00f6ra vi\u00f0 \u00cdsraels Gu\u00f0s \u00f6rk? og \u00feeir s\u00f6g\u00f0u: fari\u00f0 me\u00f0 \u00f6rk \u00cdsraels Gu\u00f0s til Gat. Og \u00feeir fluttu \u00feanga\u00f0 \u00f6rk \u00cdsraels Gu\u00f0s.<a name=\"9\"><span class=\"versanumer\">9<\/span><\/a>Og \u00fea\u00f0 ske\u00f0i, eftir a\u00f0 h\u00fan var \u00feanga\u00f0 flutt, a\u00f0 \u00fe\u00e1 kom h\u00f6nd Drottins yfir sta\u00f0inn, miki\u00f0 st\u00f3r skelfing, og hann sl\u00f3 sta\u00f0arf\u00f3lki\u00f0 svo sm\u00e1a sem st\u00f3ra, svo a\u00f0 \u00e1 \u00feeim hlupu upp k\u00fdli.<a name=\"10\"><span class=\"versanumer\">10<\/span><\/a>\u00de\u00e1 sendu \u00feeir Gu\u00f0s \u00f6rk til Ekron. Og \u00feegar Gu\u00f0s \u00f6rk kom til Ekron <span class='VideyAth'>c)<\/span> \u00fe\u00e1 kveinu\u00f0u \u00feeir \u00ed Ekron og s\u00f6g\u00f0u: \u00feeir hafa flutt til m\u00edn \u00cdsraels Gu\u00f0s \u00f6rk til a\u00f0 dey\u00f0a mig og mitt f\u00f3lk.<a name=\"11\"><span class=\"versanumer\">11<\/span><\/a>\u00de\u00e1 gj\u00f6r\u00f0u \u00feeir \u00fat sendimenn og samans\u00f6fnu\u00f0u \u00f6llum Filisteah\u00f6f\u00f0ingjum og s\u00f6g\u00f0u: sendi\u00f0 burt \u00f6rk \u00cdsraels Gu\u00f0s, svo h\u00fan komist \u00e1 sinn sta\u00f0 og dey\u00f0i mig ekki og mitt f\u00f3lk, \u00fev\u00ed dau\u00f0leg hr\u00e6\u00f0sla var \u00ed \u00f6llum sta\u00f0num; \u00feung var Gu\u00f0s h\u00f6nd \u00fear.<a name=\"12\"><span class=\"versanumer\">12<\/span><\/a>Og f\u00f3lki\u00f0 sem ekki d\u00f3, var slegi\u00f0 me\u00f0 k\u00fdlum og \u00f3p sta\u00f0arins st\u00e9 upp til himins.<\/p>\n<div class=\"footnoteVidey\">V. 1. a. J\u00f3s. 15,46.47. 1 Makk. 10,83. Postgb. 8,40.  V. 6. b. Devt. 28,27. S\u00e1r bak til e\u00f0a lendas\u00e6ri (gyllini\u00e6\u00f0).  V. 10. c. J\u00f3s. 15,46.<\/div>\n","protected":false},"excerpt":{"rendered":"<p>Undur hj\u00e1 Filisteum vegna arkarinnar. 1En Filistear h\u00f6f\u00f0u teki\u00f0 Gu\u00f0s \u00f6rk og flutt hana fr\u00e1 Ebeneser til Asdod a).2Og Filistear t\u00f3ku Gu\u00f0s \u00f6rk og fluttu hana \u00ed Dagons h\u00fas og settu hana hj\u00e1 Dagon,3og \u00feegar \u00feeir \u00ed Asdod risu snemma n\u00e6sta morgun, sj\u00e1! \u00fe\u00e1 l\u00e1 Dagon \u00e1 s\u00ednu andliti \u00e1 j\u00f6r\u00f0u (g\u00f3lfinu) fyrir framan Drottins \u00f6rk. Og \u00feeir t\u00f3ku Dagon og settu hann aftur \u00e1 sinn sta\u00f0.4Og \u00fe\u00e1 \u00feeir annars dags f\u00f3ru snemma \u00e1 f\u00e6tur, sj\u00e1! \u00fe\u00e1 l\u00e1 Dagon \u00e1 s\u00ednu andliti \u00e1 j\u00f6r\u00f0u fyrir framan Drottins \u00f6rk; og h\u00f6fu\u00f0 Dagons og hendur voru b\u00e1\u00f0ar afbrotnar vi\u00f0 \u00ferepskj\u00f6ldinn; einasta var <a href=\"https:\/\/biblian.is\/videy\/fyrri-samuelsbok-5-kafli\/\"> [&#8230;]<\/a><\/p>\n","protected":false},"author":1,"featured_media":0,"parent":0,"menu_order":0,"comment_status":"open","ping_status":"open","template":"bibliukaflar.php","meta":{"footnotes":""},"class_list":["post-21090","page","type-page","status-publish","hentry"],"_links":{"self":[{"href":"https:\/\/biblian.is\/videy\/wp-json\/wp\/v2\/pages\/21090","targetHints":{"allow":["GET"]}}],"collection":[{"href":"https:\/\/biblian.is\/videy\/wp-json\/wp\/v2\/pages"}],"about":[{"href":"https:\/\/biblian.is\/videy\/wp-json\/wp\/v2\/types\/page"}],"author":[{"embeddable":true,"href":"https:\/\/biblian.is\/videy\/wp-json\/wp\/v2\/users\/1"}],"replies":[{"embeddable":true,"href":"https:\/\/biblian.is\/videy\/wp-json\/wp\/v2\/comments?post=21090"}],"version-history":[{"count":0,"href":"https:\/\/biblian.is\/videy\/wp-json\/wp\/v2\/pages\/21090\/revisions"}],"wp:attachment":[{"href":"https:\/\/biblian.is\/videy\/wp-json\/wp\/v2\/media?parent=21090"}],"curies":[{"name":"wp","href":"https:\/\/api.w.org\/{rel}","templated":true}]}}