{"id":20926,"date":"2018-01-02T00:59:30","date_gmt":"2018-01-02T00:59:30","guid":{"rendered":"http:\/\/biblian.is\/videy\/onnur-mosebok-27-kafli\/"},"modified":"2018-01-02T00:59:30","modified_gmt":"2018-01-02T00:59:30","slug":"onnur-mosebok-27-kafli","status":"publish","type":"page","link":"https:\/\/biblian.is\/videy\/onnur-mosebok-27-kafli\/","title":{"rendered":"\u00d6nnur M\u00f3seb\u00f3k 27. kafli"},"content":{"rendered":"<div class=\"fyrirsognVidey\">Brennif\u00f3rnaraltari\u00f0, forgar\u00f0urinn, vi\u00f0smj\u00f6ri\u00f0 helga.<\/div>\n<p><a name=\"1\"><span class=\"versanumer\">1<\/span><\/a>\u00de\u00fa skalt gj\u00f6ra altari af belg\u00feornsvi\u00f0i, 5 \u00e1lna langt og 5 \u00e1lna breitt, jafnt \u00e1 fj\u00f3ra vegu, og \u00feriggja \u00e1lna h\u00e1tt.<a name=\"2\"><span class=\"versanumer\">2<\/span><\/a>\u00de\u00fa skalt gj\u00f6ra horn \u00e1 altarinu upp af fj\u00f3rum hyrningum \u00feess, \u00feau horn skulu vera sj\u00e1lfgj\u00f6r af altarinu; \u00fe\u00fa skalt eirb\u00faa \u00feetta altari.<a name=\"3\"><span class=\"versanumer\">3<\/span><\/a>\u00de\u00fa skalt gj\u00f6ra \u00f6skutrogin, eldspa\u00f0ana, f\u00f3rnarsk\u00e1lirnar og so\u00f0kr\u00f3kana, sem altarinu fylgja; \u00f6ll \u00feessi \u00e1h\u00f6ld skaltu gj\u00f6ra af eiri.<a name=\"4\"><span class=\"versanumer\">4<\/span><\/a>\u00de\u00fa skalt gj\u00f6ra um altari\u00f0 eirgrind, eins og ri\u00f0i\u00f0 net, og setja fj\u00f3ra eirhringa \u00e1 fj\u00f6gur horn grindarinnar;<a name=\"5\"><span class=\"versanumer\">5<\/span><\/a>grindina skaltu setja fyrir ne\u00f0an umgj\u00f6r\u00f0 altarisins undir ni\u00f0ri, svo a\u00f0 grindin taki upp undir mitt altari\u00f0.<a name=\"6\"><span class=\"versanumer\">6<\/span><\/a>\u00de\u00fa skalt gj\u00f6ra stengur til altarisins af belg\u00feornsvi\u00f0i, og eirb\u00faa \u00fe\u00e6r;<a name=\"7\"><span class=\"versanumer\">7<\/span><\/a>skal smeygja st\u00f6ngunum \u00ed hringana, og skulu stengurnar vera b\u00e1\u00f0umegin vi\u00f0 altari\u00f0, \u00fe\u00e1 \u00fea\u00f0 er bori\u00f0.<a name=\"8\"><span class=\"versanumer\">8<\/span><\/a>\u00de\u00fa skalt gj\u00f6ra altari\u00f0 af \u00feiljum, svo \u00fea\u00f0 s\u00e9 holt innan; \u00feeir skulu gj\u00f6ra \u00fea\u00f0 eins og \u00fe\u00e9r var s\u00fdnt uppi \u00e1 fjallinu.<br \/><a name=\"9\"><span class=\"versanumer\">9<\/span><\/a>\u00de\u00fa skalt og gj\u00f6ra forgar\u00f0 um tjaldb\u00fa\u00f0ina; a\u00f0 sunnanver\u00f0u skal tjalda fyrir forgar\u00f0inn \u00feeimmegin me\u00f0 tj\u00f6ldum af hv\u00edtri vi\u00f0arull tvinna\u00f0ri, 100 \u00e1lna l\u00f6ngum;<a name=\"10\"><span class=\"versanumer\">10<\/span><\/a>\u00fear til skulu vera 20 sto\u00f0ir og 20 eirpallar, en kr\u00f3karnir \u00e1 sto\u00f0unum og syllurnar yfir \u00feeim skulu vera af silfri.<a name=\"11\"><span class=\"versanumer\">11<\/span><\/a>S\u00f6mulei\u00f0is skal a\u00f0 nor\u00f0anver\u00f0u langsettis vera t\u00edr\u00e6\u00f0 tj\u00f6ld, og \u00fear til 20 sto\u00f0ir \u00e1 20 eirp\u00f6llum, en kr\u00f3karnir \u00e1 sto\u00f0unum og syllurnar yfir \u00feeim skulu vera af silfri;<a name=\"12\"><span class=\"versanumer\">12<\/span><\/a>en vestanmegin skal vera 50 \u00e1lna langt tjald, eins og forgar\u00f0urinn er brei\u00f0ur til, og \u00fear til 10 sto\u00f0ir \u00e1 10 p\u00f6llum.<a name=\"13\"><span class=\"versanumer\">13<\/span><\/a>Austanmegin m\u00f3t s\u00f3laruppkomusta\u00f0 skal forgar\u00f0urinn vera 50 \u00e1lna brei\u00f0ur;<a name=\"14\"><span class=\"versanumer\">14<\/span><\/a>\u00fear skal annarsvegar vera 15 \u00e1lna langt tjald, og \u00fear til \u00ferj\u00e1r sto\u00f0ir \u00e1 \u00feremur p\u00f6llum,<a name=\"15\"><span class=\"versanumer\">15<\/span><\/a>og hinsvegar s\u00f6mulei\u00f0is 15 \u00e1lna tjald me\u00f0 \u00feremur sto\u00f0um og \u00feremur p\u00f6llum.<a name=\"16\"><span class=\"versanumer\">16<\/span><\/a>Fyrir inngangi forgar\u00f0sins skal vera tv\u00edtugur d\u00fakur af d\u00f6kkbl\u00e1rri ull, purpura, skarlati, og hv\u00edtri vi\u00f0arull tvinna\u00f0ri, glitofinn, og \u00fear til fj\u00f3rar sto\u00f0ir \u00e1 fj\u00f3rum p\u00f6llum.<a name=\"17\"><span class=\"versanumer\">17<\/span><\/a>Allar sto\u00f0ir umhverfis forgar\u00f0inn skulu vera me\u00f0 silfursyllum og silfurkr\u00f3kum, og standa \u00e1 eirp\u00f6llum.<a name=\"18\"><span class=\"versanumer\">18<\/span><\/a>Lengd forgar\u00f0sins skal vera 100 \u00e1lna, og breiddin til beggja enda 50 \u00e1lna, tj\u00f6ldin af hv\u00edtri vi\u00f0arull tvinna\u00f0ri, en pallarnir af eiri.<a name=\"19\"><span class=\"versanumer\">19<\/span><\/a>\u00d6ll \u00e1h\u00f6ld tjaldb\u00fa\u00f0arinnar, til hv\u00f6rrar \u00fej\u00f3nustugj\u00f6r\u00f0ar sem vera skal, svo og allir naglar, sem til b\u00fa\u00f0arinnar og forgar\u00f0sins heyra, skulu vera af eiri. <br \/><a name=\"20\"><span class=\"versanumer\">20<\/span><\/a>\u00de\u00fa skalt bj\u00f3\u00f0a \u00cdsraelsm\u00f6nnum, a\u00f0 \u00feeir f\u00e6ri \u00fe\u00e9r t\u00e6rt vi\u00f0smj\u00f6r af steyttum vi\u00f0smj\u00f6rsvi\u00f0arberjum til l\u00fdsingar, svo allt\u00ed\u00f0 s\u00e9 lj\u00f3s uppi \u00e1 l\u00f6mpunum.<a name=\"21\"><span class=\"versanumer\">21<\/span><\/a>\u00cd samkundutjaldb\u00fa\u00f0inni fyrir framan fortjaldi\u00f0, sem hangir fyrir l\u00f6gm\u00e1ls\u00f6rkinni, skal Aron og synir hans ra\u00f0a l\u00f6mpunum frammi fyrir Drottni, b\u00e6\u00f0i kv\u00f6ld og morgna. \u00dea\u00f0 skal vera \u00e6vinlegur si\u00f0ur hj\u00e1 eftirkomendum \u00feeirra me\u00f0al \u00cdsraels ni\u00f0ja.<\/p>\n<div class=\"footnoteVidey\"><\/div>\n","protected":false},"excerpt":{"rendered":"<p>Brennif\u00f3rnaraltari\u00f0, forgar\u00f0urinn, vi\u00f0smj\u00f6ri\u00f0 helga. 1\u00de\u00fa skalt gj\u00f6ra altari af belg\u00feornsvi\u00f0i, 5 \u00e1lna langt og 5 \u00e1lna breitt, jafnt \u00e1 fj\u00f3ra vegu, og \u00feriggja \u00e1lna h\u00e1tt.2\u00de\u00fa skalt gj\u00f6ra horn \u00e1 altarinu upp af fj\u00f3rum hyrningum \u00feess, \u00feau horn skulu vera sj\u00e1lfgj\u00f6r af altarinu; \u00fe\u00fa skalt eirb\u00faa \u00feetta altari.3\u00de\u00fa skalt gj\u00f6ra \u00f6skutrogin, eldspa\u00f0ana, f\u00f3rnarsk\u00e1lirnar og so\u00f0kr\u00f3kana, sem altarinu fylgja; \u00f6ll \u00feessi \u00e1h\u00f6ld skaltu gj\u00f6ra af eiri.4\u00de\u00fa skalt gj\u00f6ra um altari\u00f0 eirgrind, eins og ri\u00f0i\u00f0 net, og setja fj\u00f3ra eirhringa \u00e1 fj\u00f6gur horn grindarinnar;5grindina skaltu setja fyrir ne\u00f0an umgj\u00f6r\u00f0 altarisins undir ni\u00f0ri, svo a\u00f0 grindin taki upp undir mitt altari\u00f0.6\u00de\u00fa skalt gj\u00f6ra stengur <a href=\"https:\/\/biblian.is\/videy\/onnur-mosebok-27-kafli\/\"> [&#8230;]<\/a><\/p>\n","protected":false},"author":1,"featured_media":0,"parent":0,"menu_order":0,"comment_status":"open","ping_status":"open","template":"bibliukaflar.php","meta":{"footnotes":""},"class_list":["post-20926","page","type-page","status-publish","hentry"],"_links":{"self":[{"href":"https:\/\/biblian.is\/videy\/wp-json\/wp\/v2\/pages\/20926","targetHints":{"allow":["GET"]}}],"collection":[{"href":"https:\/\/biblian.is\/videy\/wp-json\/wp\/v2\/pages"}],"about":[{"href":"https:\/\/biblian.is\/videy\/wp-json\/wp\/v2\/types\/page"}],"author":[{"embeddable":true,"href":"https:\/\/biblian.is\/videy\/wp-json\/wp\/v2\/users\/1"}],"replies":[{"embeddable":true,"href":"https:\/\/biblian.is\/videy\/wp-json\/wp\/v2\/comments?post=20926"}],"version-history":[{"count":0,"href":"https:\/\/biblian.is\/videy\/wp-json\/wp\/v2\/pages\/20926\/revisions"}],"wp:attachment":[{"href":"https:\/\/biblian.is\/videy\/wp-json\/wp\/v2\/media?parent=20926"}],"curies":[{"name":"wp","href":"https:\/\/api.w.org\/{rel}","templated":true}]}}