{"id":20875,"date":"2018-01-02T00:59:20","date_gmt":"2018-01-02T00:59:20","guid":{"rendered":"http:\/\/biblian.is\/videy\/fyrsta-mosebok-26-kafli\/"},"modified":"2018-01-02T00:59:20","modified_gmt":"2018-01-02T00:59:20","slug":"fyrsta-mosebok-26-kafli","status":"publish","type":"page","link":"https:\/\/biblian.is\/videy\/fyrsta-mosebok-26-kafli\/","title":{"rendered":"Fyrsta M\u00f3seb\u00f3k 26. kafli"},"content":{"rendered":"<div class=\"fyrirsognVidey\">\u00cdsak fer til Gerar vegna hall\u00e6ris, f\u00e6r n\u00fdtt lofor\u00f0 um gu\u00f0lega var\u00f0veislu, flytur sig til og fr\u00e1 um landi\u00f0.<\/div>\n<p><a name=\"1\"><span class=\"versanumer\">1<\/span><\/a>Og \u00fear var\u00f0 miki\u00f0 hall\u00e6ri \u00ed landinu, anna\u00f0 hall\u00e6ri en \u00fea\u00f0 fyrra, sem var \u00e1 Abrahams d\u00f6gum. \u00de\u00e1 f\u00f3r \u00cdsak til Abimeleks Filisteak\u00f3ngs \u00ed Gerar.<a name=\"2\"><span class=\"versanumer\">2<\/span><\/a>Og Drottinn birtist honum og m\u00e6lti: far \u00fe\u00fa ekki til Egyptalands, vertu \u00ed \u00fev\u00ed landi sem eg segi \u00fe\u00e9r.<a name=\"3\"><span class=\"versanumer\">3<\/span><\/a>Haf\u00f0u \u00feig \u00ed \u00feessu landi og eg skal vera me\u00f0 \u00fe\u00e9r og blessa \u00feig; \u00fev\u00ed \u00fe\u00e9r og \u00fe\u00ednum ni\u00f0jum gef eg \u00f6ll \u00feessi l\u00f6nd, og eg held \u00feann ei\u00f0 sem eg s\u00f3r Abraham, f\u00f6\u00f0ur \u00fe\u00ednum;<a name=\"4\"><span class=\"versanumer\">4<\/span><\/a>og eg gj\u00f6ri ni\u00f0ja \u00fe\u00edna, sem stj\u00f6rnur himins, og gef ni\u00f0jum \u00fe\u00ednum \u00f6ll \u00feessi l\u00f6nd, og af \u00fe\u00ednu afsprengi skulu allar \u00fej\u00f3\u00f0ir \u00e1 j\u00f6r\u00f0unni blessan hlj\u00f3ta,<a name=\"5\"><span class=\"versanumer\">5<\/span><\/a>af \u00fev\u00ed a\u00f0 Abraham hl\u00fdddi minni raust og g\u00e6tti \u00feess sem vi\u00f0 mig skyldi g\u00e6ta, minna skipana, setninga og laga.<a name=\"6\"><span class=\"versanumer\">6<\/span><\/a>Og svo sta\u00f0n\u00e6mdist \u00cdsak \u00ed Gerar.<a name=\"7\"><span class=\"versanumer\">7<\/span><\/a>Og \u00feegar f\u00f3lk \u00fear spur\u00f0i um konu hans, sag\u00f0i hann: h\u00fan er m\u00edn systir; \u00fev\u00ed hann \u00feor\u00f0i ekki a\u00f0 segja: h\u00fan er m\u00edn kona, a\u00f0 f\u00f3lki\u00f0 \u00fear \u00e1 sta\u00f0num ekki skyldi myr\u00f0a hann sakir Rebekku; \u00fev\u00ed h\u00fan var fr\u00ed\u00f0 s\u00fdnum.<a name=\"8\"><span class=\"versanumer\">8<\/span><\/a>Og \u00fea\u00f0 ske\u00f0i, \u00fe\u00e1 hann haf\u00f0i veri\u00f0 \u00fear um hr\u00ed\u00f0, a\u00f0 Abimelek Filisteak\u00f3ngur, leit \u00fat um glugga og s\u00e1, a\u00f0 \u00cdsak l\u00e9k vi\u00f0 konu s\u00edna Rebekku.<a name=\"9\"><span class=\"versanumer\">9<\/span><\/a>\u00de\u00e1 kalla\u00f0i Abimelek: \u00cdsak! og m\u00e6lti: heyr\u00f0u! vissulega er h\u00fan konan \u00fe\u00edn; og hvernig gast \u00fe\u00fa sagt: h\u00fan er m\u00edn systir? Og \u00cdsak sag\u00f0i til hans: eg hugsa\u00f0i a\u00f0 eg fyrir hennar sakir yr\u00f0i kannske drepinn.<a name=\"10\"><span class=\"versanumer\">10<\/span><\/a>Og Abimelek m\u00e6lti: \u00fev\u00ed hefur \u00fe\u00fa gj\u00f6rt oss \u00feetta! h\u00e6glega gat \u00fea\u00f0 ske\u00f0, a\u00f0 einhver af f\u00f3lkinu hef\u00f0i lagst me\u00f0 konu \u00feinni og \u00fe\u00fa hef\u00f0ir leitt yfir oss \u00fe\u00e1 syndasekt.<a name=\"11\"><span class=\"versanumer\">11<\/span><\/a>s\u00ed\u00f0an bau\u00f0 Abimelek \u00f6llu f\u00f3lkinu, og m\u00e6lti: hver sem bekkist til vi\u00f0 \u00feennan mann og hans konu, s\u00e1 skal vissulega deyja. <br \/><a name=\"12\"><span class=\"versanumer\">12<\/span><\/a>Og \u00cdsak s\u00e1\u00f0i \u00ed \u00feessu landi og uppskar hundra\u00f0falt, og Drottinn blessa\u00f0i hann,<a name=\"13\"><span class=\"versanumer\">13<\/span><\/a>og ma\u00f0urinn efldist og au\u00f0ga\u00f0ist meir og meir, \u00feanga\u00f0 til hann var or\u00f0inn mj\u00f6g r\u00edkur.<a name=\"14\"><span class=\"versanumer\">14<\/span><\/a>Og hann \u00e1tti sau\u00f0a- og nautahjar\u00f0ir, og marga \u00fer\u00e6la, og Filestear \u00f6fundu\u00f0u hann.<a name=\"15\"><span class=\"versanumer\">15<\/span><\/a>Og alla \u00fe\u00e1 brunna sem \u00fe\u00e9narar f\u00f6\u00f0ur hans h\u00f6f\u00f0u grafi\u00f0 \u00e1 d\u00f6gum Abrahams, f\u00f6\u00f0ur hans, \u00fe\u00e1 byrg\u00f0u Filestear og fylltu me\u00f0 mold.<a name=\"16\"><span class=\"versanumer\">16<\/span><\/a>Og Abimelek sag\u00f0i til \u00cdsaks: far \u00fe\u00fa burt fr\u00e1 oss! \u00fe\u00fa ert or\u00f0inn oss of voldugur.<a name=\"17\"><span class=\"versanumer\">17<\/span><\/a>\u00de\u00e1 f\u00f3r \u00cdsak \u00fea\u00f0an, og setti tjald sitt \u00ed dalnum Gerar og bj\u00f3 \u00fear.<a name=\"18\"><span class=\"versanumer\">18<\/span><\/a>Og \u00cdsak gr\u00f3f upp aftur brunnana sem \u00feeir h\u00f6f\u00f0u grafi\u00f0 \u00e1 d\u00f6gum Abrahams, f\u00f6\u00f0ur hans, og sem Filistear h\u00f6f\u00f0u afturbyrgt, eftir dau\u00f0a Abrahams, og gaf \u00feeim \u00feau s\u00f6mu n\u00f6fn, sem fa\u00f0ir hans haf\u00f0i gefi\u00f0 \u00feeim.<a name=\"19\"><span class=\"versanumer\">19<\/span><\/a>Og \u00fej\u00f3nar \u00cdsaks gr\u00f3fu \u00ed dalnum, og fundu \u00fear brunn lifandi vatns.<a name=\"20\"><span class=\"versanumer\">20<\/span><\/a>Og hir\u00f0ararnir fr\u00e1 Gerar \u00fer\u00e6ttust \u00e1 vi\u00f0 \u00cdsaks hir\u00f0ara og s\u00f6g\u00f0u: v\u00e9r eigum vatni\u00f0. Og hann kalla\u00f0i brunninn Esek <span class='VideyAth'>(\u00fer\u00e6tu)<\/span> af \u00fev\u00ed \u00feeir h\u00f6f\u00f0u \u00fer\u00e1tta\u00f0 vi\u00f0 hann.<a name=\"21\"><span class=\"versanumer\">21<\/span><\/a>Og \u00feeir gr\u00f3fu annan brunn, og \u00fer\u00e1ttu\u00f0u l\u00edka um hann, og hann nefndi hans nafn Sitna <span class='VideyAth'>(str\u00ed\u00f0)<\/span>.<a name=\"22\"><span class=\"versanumer\">22<\/span><\/a>Eftir \u00fea\u00f0 f\u00f3r hann \u00fea\u00f0an og gr\u00f3f enn \u00fe\u00e1 brunn; um hann \u00fer\u00e1ttu\u00f0u \u00feeir ekki, og hann kalla\u00f0i \u00feann brunn Rehobot <span class='VideyAth'>(v\u00eddd)<\/span> og sag\u00f0i: n\u00fa hefur Drottinn gefi\u00f0 oss n\u00f3g r\u00fam, og v\u00e9r munum vaxa \u00ed landinu.<a name=\"23\"><span class=\"versanumer\">23<\/span><\/a>Og \u00fea\u00f0an flutti hann sig til Berseba.<a name=\"24\"><span class=\"versanumer\">24<\/span><\/a>\u00de\u00e1 birtist Drottinn honum s\u00f6mu n\u00f3ttina, og m\u00e6lti: eg em Gu\u00f0 F\u00f6\u00f0ur \u00fe\u00edns, Abrahams, vert \u00fe\u00fa \u00f3hr\u00e6ddur; \u00fev\u00ed eg er me\u00f0 \u00fe\u00e9r, og blessa \u00feig og eyk kyn \u00feitt fyrir sakir Abrahams \u00fe\u00e9nara m\u00edns.<a name=\"25\"><span class=\"versanumer\">25<\/span><\/a>Og hann bygg\u00f0i altari \u00e1 sama sta\u00f0, og \u00e1kalla\u00f0i nafn Drottins, og setti \u00fear sitt tjald, og \u00fear gr\u00f3fu \u00fej\u00f3nar \u00cdsaks l\u00edka brunn.<br \/><a name=\"26\"><span class=\"versanumer\">26<\/span><\/a>Og Abimelek kom til hans fr\u00e1 Gerar, og Akusat vinur hans, og Fikol hans hersh\u00f6f\u00f0ingi.<a name=\"27\"><span class=\"versanumer\">27<\/span><\/a>\u00de\u00e1 sag\u00f0i \u00cdsak til \u00feeirra: \u00fev\u00ed komi\u00f0 \u00fe\u00e9r til m\u00edn, \u00fe\u00e9r sem hati\u00f0 mig og r\u00e1ku\u00f0 burt fr\u00e1 y\u00f0ur?<a name=\"28\"><span class=\"versanumer\">28<\/span><\/a>En \u00feeir sv\u00f6ru\u00f0u: v\u00e9r sj\u00e1um a\u00f0 Drottinn er me\u00f0 \u00fe\u00e9r! \u00fev\u00ed m\u00e6lum v\u00e9r: ei\u00f0ur s\u00e9 milli vor, milli vor og \u00fe\u00edn, og v\u00e9r viljum gj\u00f6ra vi\u00f0 \u00feig s\u00e1ttm\u00e1la,<a name=\"29\"><span class=\"versanumer\">29<\/span><\/a>a\u00f0 \u00fe\u00fa gj\u00f6rir oss ekkert illt, eins og v\u00e9r skulum ekki \u00e1reita \u00feig, og eins og v\u00e9r gj\u00f6r\u00f0um \u00fe\u00e9r ekki nema gott, og l\u00e9tum \u00feig fara \u00ed fri\u00f0i. \u00de\u00fa ert n\u00fa blessa\u00f0ur af Drottni.<a name=\"30\"><span class=\"versanumer\">30<\/span><\/a>\u00de\u00e1 h\u00e9lt hann \u00feeim heimbo\u00f0 og \u00feeir \u00e1tu og drukku.<a name=\"31\"><span class=\"versanumer\">31<\/span><\/a>Og \u00feeir st\u00f3\u00f0u upp snemma um morguninn, og unnu ei\u00f0a hver \u00f6\u00f0rum; og \u00cdsak l\u00e9t \u00fe\u00e1 fr\u00e1 s\u00e9r og \u00feeir f\u00f3ru burt \u00ed fri\u00f0i.<a name=\"32\"><span class=\"versanumer\">32<\/span><\/a>Og \u00fea\u00f0 ske\u00f0i \u00e1 \u00feeim sama degi, a\u00f0 \u00cdsaks \u00fej\u00f3nar komu, og s\u00f6g\u00f0u honum fr\u00e1 brunninum sem \u00feeir h\u00f6f\u00f0u grafi\u00f0 og m\u00e6ltu til hans: v\u00e9r h\u00f6fum fundi\u00f0 vatn.<a name=\"33\"><span class=\"versanumer\">33<\/span><\/a>Og hann kalla\u00f0i hann Siba <span class='VideyAth'>(sj\u00f6)<\/span>, \u00fea\u00f0an hefur sta\u00f0urinn nafni\u00f0 Berseba allt til \u00feessa dags.<a name=\"34\"><span class=\"versanumer\">34<\/span><\/a>Og Esau var 40 \u00e1ra gamall, \u00fe\u00e1 hann t\u00f3k s\u00e9r konu Judit Berisd\u00f3ttur, Hetitans, og Basermat d\u00f3ttur Elons Hetita.<a name=\"35\"><span class=\"versanumer\">35<\/span><\/a>Og \u00fe\u00e6r voru \u00cdsak og Rebekku hjartans raun.<\/p>\n<div class=\"footnoteVidey\">V. 21. Sitna dregi\u00f0 af Satan, m\u00f3tstandari.  V. 22. V\u00eddd 9,27.<\/div>\n","protected":false},"excerpt":{"rendered":"<p>\u00cdsak fer til Gerar vegna hall\u00e6ris, f\u00e6r n\u00fdtt lofor\u00f0 um gu\u00f0lega var\u00f0veislu, flytur sig til og fr\u00e1 um landi\u00f0. 1Og \u00fear var\u00f0 miki\u00f0 hall\u00e6ri \u00ed landinu, anna\u00f0 hall\u00e6ri en \u00fea\u00f0 fyrra, sem var \u00e1 Abrahams d\u00f6gum. \u00de\u00e1 f\u00f3r \u00cdsak til Abimeleks Filisteak\u00f3ngs \u00ed Gerar.2Og Drottinn birtist honum og m\u00e6lti: far \u00fe\u00fa ekki til Egyptalands, vertu \u00ed \u00fev\u00ed landi sem eg segi \u00fe\u00e9r.3Haf\u00f0u \u00feig \u00ed \u00feessu landi og eg skal vera me\u00f0 \u00fe\u00e9r og blessa \u00feig; \u00fev\u00ed \u00fe\u00e9r og \u00fe\u00ednum ni\u00f0jum gef eg \u00f6ll \u00feessi l\u00f6nd, og eg held \u00feann ei\u00f0 sem eg s\u00f3r Abraham, f\u00f6\u00f0ur \u00fe\u00ednum;4og eg gj\u00f6ri ni\u00f0ja \u00fe\u00edna, <a href=\"https:\/\/biblian.is\/videy\/fyrsta-mosebok-26-kafli\/\"> [&#8230;]<\/a><\/p>\n","protected":false},"author":1,"featured_media":0,"parent":0,"menu_order":0,"comment_status":"open","ping_status":"open","template":"bibliukaflar.php","meta":{"footnotes":""},"class_list":["post-20875","page","type-page","status-publish","hentry"],"_links":{"self":[{"href":"https:\/\/biblian.is\/videy\/wp-json\/wp\/v2\/pages\/20875","targetHints":{"allow":["GET"]}}],"collection":[{"href":"https:\/\/biblian.is\/videy\/wp-json\/wp\/v2\/pages"}],"about":[{"href":"https:\/\/biblian.is\/videy\/wp-json\/wp\/v2\/types\/page"}],"author":[{"embeddable":true,"href":"https:\/\/biblian.is\/videy\/wp-json\/wp\/v2\/users\/1"}],"replies":[{"embeddable":true,"href":"https:\/\/biblian.is\/videy\/wp-json\/wp\/v2\/comments?post=20875"}],"version-history":[{"count":0,"href":"https:\/\/biblian.is\/videy\/wp-json\/wp\/v2\/pages\/20875\/revisions"}],"wp:attachment":[{"href":"https:\/\/biblian.is\/videy\/wp-json\/wp\/v2\/media?parent=20875"}],"curies":[{"name":"wp","href":"https:\/\/api.w.org\/{rel}","templated":true}]}}