{"id":20860,"date":"2018-01-02T00:59:15","date_gmt":"2018-01-02T00:59:15","guid":{"rendered":"http:\/\/biblian.is\/videy\/fyrsta-mosebok-11-kafli\/"},"modified":"2018-01-02T00:59:15","modified_gmt":"2018-01-02T00:59:15","slug":"fyrsta-mosebok-11-kafli","status":"publish","type":"page","link":"https:\/\/biblian.is\/videy\/fyrsta-mosebok-11-kafli\/","title":{"rendered":"Fyrsta M\u00f3seb\u00f3k 11. kafli"},"content":{"rendered":"<div class=\"fyrirsognVidey\">1.) Turninn mikli. 2.) Tungur blandast. 3.) Sems \u00e6ttartal.<\/div>\n<p><a name=\"1\"><span class=\"versanumer\">1<\/span><\/a><span style='font-weight:bold;padding-left:10px'>1.)<\/span> Og \u00f6ll j\u00f6r\u00f0in haf\u00f0i eitt m\u00e1l og eitt tal.<a name=\"2\"><span class=\"versanumer\">2<\/span><\/a>Og \u00fea\u00f0 ske\u00f0i, \u00fe\u00e1 \u00feeir komu a\u00f0 austan, \u00fe\u00e1 fundu \u00feeir mikla velli \u00ed landinu Sinear og t\u00f3ku s\u00e9r \u00fear b\u00fasta\u00f0.<a name=\"3\"><span class=\"versanumer\">3<\/span><\/a>\u00de\u00e1 s\u00f6g\u00f0u \u00feeir hver vi\u00f0 annan: vel og gott! v\u00e9r skulum elta t\u00edgulsteina og her\u00f0a \u00ed eldi, og t\u00edgulsteinarnir ur\u00f0u \u00feeim a\u00f0 grj\u00f3ti, og jar\u00f0arl\u00edm a\u00f0 kalki.<a name=\"4\"><span class=\"versanumer\">4<\/span><\/a>Og \u00feeir s\u00f6g\u00f0u: hanan\u00fa! v\u00e9r viljum byggja oss borg og turn sem taki upp \u00ed himininn, v\u00e9r skulum gj\u00f6ra oss minnismerki, a\u00f0 v\u00e9r ekki tv\u00edstrumst um alla j\u00f6r\u00f0ina.<a name=\"5\"><span class=\"versanumer\">5<\/span><\/a>\u00de\u00e1 kom Drottinn ni\u00f0ur a\u00f0 sj\u00e1 borgina og turninn, sem mannanna synir <span class='VideyAth'>(mennirnir)<\/span> bygg\u00f0u.<a name=\"6\"><span class=\"versanumer\">6<\/span><\/a>Og Drottinn m\u00e6lti: \u00feetta er ein \u00fej\u00f3\u00f0 sem hefir eina tungu, og \u00feetta hafa \u00feeir byrja\u00f0 a\u00f0 gj\u00f6ra; og n\u00fa ver\u00f0ur \u00feeim ekkert fyrirmuna\u00f0 a\u00f0 gj\u00f6ra sem \u00feeir hugsa s\u00e9r. <br \/><a name=\"7\"><span class=\"versanumer\">7<\/span><\/a><span style='font-weight:bold;padding-left:10px'>2.)<\/span> Vel og gott! v\u00e9r viljum ni\u00f0urst\u00edga og villa \u00fear \u00feeirra tungum\u00e1l, svo enginn skilji annan.<a name=\"8\"><span class=\"versanumer\">8<\/span><\/a>Og Drottinn tv\u00edstra\u00f0i \u00feeim \u00fea\u00f0an \u00fat um alla j\u00f6r\u00f0ina og \u00feeir h\u00e6ttu a\u00f0 byggja borgina.<a name=\"9\"><span class=\"versanumer\">9<\/span><\/a>\u00dev\u00ed heitir h\u00fan Babel, a\u00f0 \u00fear villti Drottinn tungum\u00e1l allrar jar\u00f0arinnar, og \u00fea\u00f0an sundurdreif\u00f0i hann \u00feeim um alla j\u00f6r\u00f0ina. <br \/><a name=\"10\"><span class=\"versanumer\">10<\/span><\/a><span style='font-weight:bold;padding-left:10px'>3.)<\/span> \u00deetta er \u00e6ttartal Sems. Sem var hundra\u00f0 \u00e1ra gamall \u00fe\u00e1 hann gat Arfaksad, tveim \u00e1rum eftir fl\u00f3\u00f0i\u00f0.<a name=\"11\"><span class=\"versanumer\">11<\/span><\/a>Og Sem lif\u00f0i eftir a\u00f0 hann gat Arfaksad 5 hundru\u00f0 \u00e1r, og \u00e1tti sonu og d\u00e6tur.<a name=\"12\"><span class=\"versanumer\">12<\/span><\/a>Og Arfaksad haf\u00f0i lifa\u00f0 35 \u00e1r \u00fe\u00e1 hann gat Sala.<a name=\"13\"><span class=\"versanumer\">13<\/span><\/a>Og Arfaksad lif\u00f0i, eftir a\u00f0 hann gat Sala, 4 hundru\u00f0 og \u00ferj\u00fa \u00e1r, og \u00e1tti syni og d\u00e6tur.<a name=\"14\"><span class=\"versanumer\">14<\/span><\/a>Og Sala var 30 \u00e1ra gamall \u00feegar hann gat Eber,<a name=\"15\"><span class=\"versanumer\">15<\/span><\/a>og lif\u00f0i eftir getna\u00f0 Ebers 4 hundru\u00f0 og \u00ferj\u00fa \u00e1r; og \u00e1tti syni og d\u00e6tur.<a name=\"16\"><span class=\"versanumer\">16<\/span><\/a>Og Eber var 34 \u00e1ra \u00fe\u00e1 hann gat Peleg,<a name=\"17\"><span class=\"versanumer\">17<\/span><\/a>og \u00fear eftir lif\u00f0i hann 4 hundru\u00f0 og \u00ferj\u00e1t\u00edu \u00e1r; og \u00e1tti syni og d\u00e6tur.<a name=\"18\"><span class=\"versanumer\">18<\/span><\/a>Og Peleg lif\u00f0i \u00ferj\u00e1t\u00edu \u00e1r, \u00fe\u00e1 hann gat Regu;<a name=\"19\"><span class=\"versanumer\">19<\/span><\/a>og Peleg lif\u00f0i eftir a\u00f0 hann gat Regu tv\u00f6 hundru\u00f0 og n\u00edu \u00e1r, og \u00e1tti syni og d\u00e6tur.<a name=\"20\"><span class=\"versanumer\">20<\/span><\/a>Og Regu var 32ja \u00e1ra \u00fe\u00e1 hann gat Serug.<a name=\"21\"><span class=\"versanumer\">21<\/span><\/a>Og Regu lif\u00f0i, eftir a\u00f0 hann gat Serug, tv\u00f6 hundru\u00f0 og sj\u00f6 \u00e1r, og \u00e1tti syni og d\u00e6tur.<a name=\"22\"><span class=\"versanumer\">22<\/span><\/a>Og Serug var 30 \u00e1ra \u00fe\u00e1 hann gat Nahor.<a name=\"23\"><span class=\"versanumer\">23<\/span><\/a>Og Serug lif\u00f0i, eftir Nahors getna\u00f0 tv\u00f6 hundru\u00f0 \u00e1r, og \u00e1tti syni og d\u00e6tur. <br \/><a name=\"24\"><span class=\"versanumer\">24<\/span><\/a>Og Nahor var tuttugu og n\u00edu \u00e1ra \u00fe\u00e1 hann gat Tara;<a name=\"25\"><span class=\"versanumer\">25<\/span><\/a>Og Nahor lif\u00f0i eftir a\u00f0 hann gat Tara, hundra\u00f0 og n\u00edtj\u00e1n \u00e1r, og \u00e1tti syni og d\u00e6tur,<a name=\"26\"><span class=\"versanumer\">26<\/span><\/a>og Tara lif\u00f0i 70 \u00e1r, \u00fe\u00e1 hann gat Abram, Nahor og Haran.<a name=\"27\"><span class=\"versanumer\">27<\/span><\/a>Og \u00feetta er saga Taras: Tara gat Abram, Nahor og Haran, og Haran gat Lot,<a name=\"28\"><span class=\"versanumer\">28<\/span><\/a>og Haran d\u00f3 \u00e1 undan Tara f\u00f6\u00f0ur s\u00ednum, \u00ed s\u00ednu f\u00f6\u00f0urlandi, \u00ed Ur \u00ed Kaldea.<a name=\"29\"><span class=\"versanumer\">29<\/span><\/a>Og Abram og Nahor t\u00f3ku s\u00e9r konur; Abrams kona h\u00e9t Sarai, en Nahors kona Milka, d\u00f3ttir Harans, f\u00f6\u00f0ur Milku, f\u00f6\u00f0ur Istu;<a name=\"30\"><span class=\"versanumer\">30<\/span><\/a>en Sarai var \u00f3byrja, h\u00fan \u00e1tti engin b\u00f6rn.<a name=\"31\"><span class=\"versanumer\">31<\/span><\/a>\u00de\u00e1 t\u00f3k Tara Abram sinn son, og Lot Haransson, sonarson sinn, og Sarai s\u00edna tengdad\u00f3ttur, konu Abrams, sonar s\u00edns, og lag\u00f0i \u00e1 sta\u00f0 me\u00f0 \u00feau fr\u00e1 Ur \u00ed Kaldeu, \u00e1lei\u00f0is til Kanaanslands; og \u00feau komust til Haran og settust \u00fear a\u00f0.<a name=\"32\"><span class=\"versanumer\">32<\/span><\/a>Og dagar Taras voru tv\u00f6 hundru\u00f0 og fimm \u00e1r. \u00de\u00e1 d\u00f3 Tara \u00ed Haran.<\/p>\n<div class=\"footnoteVidey\">V. 4. Minnismerki: a\u00f0rir nafn.<\/div>\n","protected":false},"excerpt":{"rendered":"<p>1.) Turninn mikli. 2.) Tungur blandast. 3.) Sems \u00e6ttartal. 11.) Og \u00f6ll j\u00f6r\u00f0in haf\u00f0i eitt m\u00e1l og eitt tal.2Og \u00fea\u00f0 ske\u00f0i, \u00fe\u00e1 \u00feeir komu a\u00f0 austan, \u00fe\u00e1 fundu \u00feeir mikla velli \u00ed landinu Sinear og t\u00f3ku s\u00e9r \u00fear b\u00fasta\u00f0.3\u00de\u00e1 s\u00f6g\u00f0u \u00feeir hver vi\u00f0 annan: vel og gott! v\u00e9r skulum elta t\u00edgulsteina og her\u00f0a \u00ed eldi, og t\u00edgulsteinarnir ur\u00f0u \u00feeim a\u00f0 grj\u00f3ti, og jar\u00f0arl\u00edm a\u00f0 kalki.4Og \u00feeir s\u00f6g\u00f0u: hanan\u00fa! v\u00e9r viljum byggja oss borg og turn sem taki upp \u00ed himininn, v\u00e9r skulum gj\u00f6ra oss minnismerki, a\u00f0 v\u00e9r ekki tv\u00edstrumst um alla j\u00f6r\u00f0ina.5\u00de\u00e1 kom Drottinn ni\u00f0ur a\u00f0 sj\u00e1 borgina og turninn, <a href=\"https:\/\/biblian.is\/videy\/fyrsta-mosebok-11-kafli\/\"> [&#8230;]<\/a><\/p>\n","protected":false},"author":1,"featured_media":0,"parent":0,"menu_order":0,"comment_status":"open","ping_status":"open","template":"bibliukaflar.php","meta":{"footnotes":""},"class_list":["post-20860","page","type-page","status-publish","hentry"],"_links":{"self":[{"href":"https:\/\/biblian.is\/videy\/wp-json\/wp\/v2\/pages\/20860","targetHints":{"allow":["GET"]}}],"collection":[{"href":"https:\/\/biblian.is\/videy\/wp-json\/wp\/v2\/pages"}],"about":[{"href":"https:\/\/biblian.is\/videy\/wp-json\/wp\/v2\/types\/page"}],"author":[{"embeddable":true,"href":"https:\/\/biblian.is\/videy\/wp-json\/wp\/v2\/users\/1"}],"replies":[{"embeddable":true,"href":"https:\/\/biblian.is\/videy\/wp-json\/wp\/v2\/comments?post=20860"}],"version-history":[{"count":0,"href":"https:\/\/biblian.is\/videy\/wp-json\/wp\/v2\/pages\/20860\/revisions"}],"wp:attachment":[{"href":"https:\/\/biblian.is\/videy\/wp-json\/wp\/v2\/media?parent=20860"}],"curies":[{"name":"wp","href":"https:\/\/api.w.org\/{rel}","templated":true}]}}