{"id":20850,"date":"2018-01-02T00:59:15","date_gmt":"2018-01-02T00:59:15","guid":{"rendered":"http:\/\/biblian.is\/videy\/fyrsta-mosebok-1-kafli\/"},"modified":"2018-01-02T00:59:15","modified_gmt":"2018-01-02T00:59:15","slug":"fyrsta-mosebok-1-kafli","status":"publish","type":"page","link":"https:\/\/biblian.is\/videy\/fyrsta-mosebok-1-kafli\/","title":{"rendered":"Fyrsta M\u00f3seb\u00f3k 1. kafli"},"content":{"rendered":"<div class=\"fyrirsognVidey\">Heimsins sk\u00f6pun.<\/div>\n<p><a name=\"1\"><span class=\"versanumer\">1<\/span><\/a>\u00cd upphafi skapa\u00f0i Gu\u00f0 himin og j\u00f6r\u00f0.<a name=\"2\"><span class=\"versanumer\">2<\/span><\/a>Og j\u00f6r\u00f0in var \u00ed ey\u00f0i og t\u00f3m, og myrkur yfir dj\u00fapinu, og Gu\u00f0s Andi lag\u00f0ist \u00e1 dj\u00fapi\u00f0.<a name=\"3\"><span class=\"versanumer\">3<\/span><\/a>Og Gu\u00f0 sag\u00f0i: ver\u00f0i lj\u00f3s, og \u00fear var\u00f0 lj\u00f3s.<a name=\"4\"><span class=\"versanumer\">4<\/span><\/a>Og Gu\u00f0 s\u00e1, a\u00f0 lj\u00f3si\u00f0 var gott. \u00de\u00e1 a\u00f0skildi Gu\u00f0 lj\u00f3si\u00f0 fr\u00e1 myrkrinu<a name=\"5\"><span class=\"versanumer\">5<\/span><\/a>og kalla\u00f0i lj\u00f3si\u00f0 dag, en myrkri\u00f0 n\u00f3tt. \u00de\u00e1 var\u00f0 kv\u00f6ld, og \u00fe\u00e1 var\u00f0 morgun, hi\u00f0 fyrsta d\u00e6gur.<a name=\"6\"><span class=\"versanumer\">6<\/span><\/a>Og Gu\u00f0 sag\u00f0i: ver\u00f0i festing milli vatnanna, svo a\u00f0 h\u00fan a\u00f0skilji v\u00f6tn fr\u00e1 v\u00f6tnum.<a name=\"7\"><span class=\"versanumer\">7<\/span><\/a>\u00de\u00e1 gj\u00f6r\u00f0i Gu\u00f0 festingu, og a\u00f0skildi v\u00f6tnin, sem voru undir festingunni, fr\u00e1 \u00feeim v\u00f6tnum sem voru yfir henni, og \u00fea\u00f0 ske\u00f0i svo.<a name=\"8\"><span class=\"versanumer\">8<\/span><\/a>Og Gu\u00f0 kalla\u00f0i festinguna himin. \u00de\u00e1 var\u00f0 kv\u00f6ld og \u00fe\u00e1 var\u00f0 morgun, hi\u00f0 anna\u00f0 d\u00e6gur.<a name=\"9\"><span class=\"versanumer\">9<\/span><\/a>Og Gu\u00f0 sag\u00f0i: safnist v\u00f6tnin undir himninum \u00ed einn sta\u00f0, svo a\u00f0 sj\u00e1st megi \u00feurrt land; og \u00fea\u00f0 ske\u00f0i svo.<a name=\"10\"><span class=\"versanumer\">10<\/span><\/a>Og Gu\u00f0 kalla\u00f0i \u00feurrlendi\u00f0 j\u00f6r\u00f0; en samsafn vatnanna kalla\u00f0i hann sj\u00f3. Og Gu\u00f0 s\u00e1 a\u00f0 \u00fea\u00f0 var gott.<a name=\"11\"><span class=\"versanumer\">11<\/span><\/a>Og Gu\u00f0 sag\u00f0i: l\u00e1ti j\u00f6r\u00f0in af s\u00e9r upp spretta gr\u00e6n gr\u00f6s og jurtir, hafandi f\u00e6\u00f0i \u00ed s\u00e9r, og \u00e1vaxtars\u00f6m tr\u00e9, svo a\u00f0 hvert beri \u00e1v\u00f6xt eftir sinni tegund, og hafi \u00ed s\u00e9r sitt eigi\u00f0 s\u00e6\u00f0i, \u00e1 j\u00f6r\u00f0unni; og \u00fea\u00f0 ske\u00f0i svo.<a name=\"12\"><span class=\"versanumer\">12<\/span><\/a>Og j\u00f6r\u00f0in l\u00e9t \u00e1 s\u00e9r spretta gr\u00e6n gr\u00f6s og jurtir, hafandi s\u00e6\u00f0i hvert eftir sinni tegund, og \u00e1vaxtars\u00f6m tr\u00e9, hafandi s\u00edn eigin s\u00e6\u00f0i \u00ed sj\u00e1lfum s\u00e9r, hvert eftir sinni tegund, og Gu\u00f0 s\u00e1 a\u00f0 \u00fea\u00f0 var gott.<a name=\"13\"><span class=\"versanumer\">13<\/span><\/a>\u00de\u00e1 var\u00f0 kv\u00f6ld og \u00fe\u00e1 var\u00f0 morgun, hi\u00f0 \u00feri\u00f0ja d\u00e6gur.<a name=\"14\"><span class=\"versanumer\">14<\/span><\/a>Og Gu\u00f0 sag\u00f0i: ver\u00f0i lj\u00f3s \u00e1 festingu himinsins, svo \u00feau a\u00f0greini dag fr\u00e1 n\u00f3tt, og s\u00e9u teikn t\u00edmum, d\u00f6gum og \u00e1rum,<a name=\"15\"><span class=\"versanumer\">15<\/span><\/a>og s\u00e9u lj\u00f3s \u00e1 festingu himinsins, til a\u00f0 l\u00fdsa yfir j\u00f6r\u00f0ina; og \u00fea\u00f0 ske\u00f0i svo.<a name=\"16\"><span class=\"versanumer\">16<\/span><\/a>Og Gu\u00f0 gj\u00f6r\u00f0i tv\u00f6 st\u00f3r lj\u00f3s; \u00fea\u00f0 st\u00e6rra lj\u00f3si\u00f0 til a\u00f0 r\u00e1\u00f0a deginum, og hi\u00f0 minna lj\u00f3si\u00f0 til a\u00f0 r\u00e1\u00f0a n\u00f3ttunni, \u00fear a\u00f0 auki stj\u00f6rnurnar.<a name=\"17\"><span class=\"versanumer\">17<\/span><\/a>Og Gu\u00f0 setti \u00feau \u00e1 festingu himinsins, a\u00f0 \u00feau skyldu l\u00fdsa j\u00f6r\u00f0unni,<a name=\"18\"><span class=\"versanumer\">18<\/span><\/a>og r\u00e1\u00f0a degi og n\u00f3tt, og a\u00f0 greina lj\u00f3s og myrkur. Og Gu\u00f0 s\u00e1 a\u00f0 \u00fea\u00f0 var gott.<a name=\"19\"><span class=\"versanumer\">19<\/span><\/a>Og \u00fe\u00e1 var\u00f0 kv\u00f6ld og \u00fe\u00e1 var\u00f0 morgun, hi\u00f0 fj\u00f3r\u00f0a d\u00e6gur.<a name=\"20\"><span class=\"versanumer\">20<\/span><\/a>Og Gu\u00f0 sag\u00f0i: v\u00f6tnin fyllist af sveimandi lifandi skepnum, og fuglar flj\u00fagi yfir j\u00f6r\u00f0ina undir himinsins festingu.<a name=\"21\"><span class=\"versanumer\">21<\/span><\/a>Og Gu\u00f0 skapa\u00f0i st\u00f3ra hvalfiska og allsh\u00e1ttar lifandi skepnur sveimandi, sem fylla v\u00f6tnin, eftir \u00feeirra tegund, og alla fleyga fugla, eftir \u00feeirra tegund.<a name=\"22\"><span class=\"versanumer\">22<\/span><\/a>Og Gu\u00f0 s\u00e1 a\u00f0 \u00fea\u00f0 var gott. og Gu\u00f0 blessa\u00f0i <span class='VideyAth'>(\u00feessar skepnur)<\/span> og sag\u00f0i: frj\u00f3vgist og fj\u00f6lgi\u00f0 og fylli\u00f0 v\u00f6tn hafsins. Og fuglinn margfaldist, \u00e1 j\u00f6r\u00f0unni.<a name=\"23\"><span class=\"versanumer\">23<\/span><\/a>\u00de\u00e1 var\u00f0 kv\u00f6ld og \u00fe\u00e1 var\u00f0 morgun, hi\u00f0 fimmta d\u00e6gur.<a name=\"24\"><span class=\"versanumer\">24<\/span><\/a>Og Gu\u00f0 sag\u00f0i: j\u00f6r\u00f0in framlei\u00f0i lifandi skepnur eftir \u00feeirra e\u00f0li: f\u00e9na\u00f0, skri\u00f0kvikindi og d\u00fdr jar\u00f0arinnar; hvert eftir sinni tegund. Og \u00fea\u00f0 ske\u00f0i svo.<a name=\"25\"><span class=\"versanumer\">25<\/span><\/a>Og Gu\u00f0 skapa\u00f0i d\u00fdr jar\u00f0arinnar, hvert eftir sinni tegund, og alls kyns skri\u00f0kvikindi jar\u00f0ar eftir sinni tegund; og Gu\u00f0 s\u00e1 a\u00f0 \u00fea\u00f0 var gott.<a name=\"26\"><span class=\"versanumer\">26<\/span><\/a>Og Gu\u00f0 sag\u00f0i: v\u00e9r viljum gj\u00f6ra manninn eftir mynd og l\u00edkingu vorri, svo a\u00f0 hann drottni yfir fiskum sj\u00e1varins, og yfir fuglum loftsins, og yfir f\u00e9na\u00f0inum \u00e1 allri j\u00f6r\u00f0unni, og yfir \u00f6llum skri\u00f0kvikindum sem hr\u00e6rast \u00e1 j\u00f6r\u00f0unni.<a name=\"27\"><span class=\"versanumer\">27<\/span><\/a>Og Gu\u00f0 skapa\u00f0i manninn eftir sinni mynd, hann skapa\u00f0i hann eftir Gu\u00f0s mynd, og hann skapa\u00f0i \u00feau karlmann og kvenmann.<a name=\"28\"><span class=\"versanumer\">28<\/span><\/a>Og Gu\u00f0 blessa\u00f0i \u00feau, og sag\u00f0i til \u00feeirra: veri\u00f0 frj\u00f3vs\u00f6m, og margfaldist og uppfylli\u00f0 j\u00f6r\u00f0ina, og gj\u00f6ri\u00f0 ykkur hana undirgefna! drottni\u00f0 yfir fiskum sj\u00e1varins og yfir fuglum loftsins og yfir \u00f6llum d\u00fdrum sem hr\u00e6rast \u00e1 j\u00f6r\u00f0unni!<a name=\"29\"><span class=\"versanumer\">29<\/span><\/a>Og Gu\u00f0 sag\u00f0i: sj\u00e1i\u00f0! alls lags jurtir, sem s\u00e1 s\u00e9r, \u00e1 allri j\u00f6r\u00f0unni, og allra handa \u00e1vaxtars\u00f6m tr\u00e9, sem s\u00e1 s\u00e9r, gef eg ykkur til f\u00e6\u00f0slu.<a name=\"30\"><span class=\"versanumer\">30<\/span><\/a>Og \u00f6llum lifandi d\u00fdrum jar\u00f0arinnar og \u00f6llum fuglum himinsins, og \u00f6llum skri\u00f0kvikindum \u00e1 j\u00f6r\u00f0unni <span class='VideyAth'>(hefi eg gefi\u00f0)<\/span> gr\u00e6nar jurtir til f\u00e6\u00f0slu. Og \u00fea\u00f0 ske\u00f0i svo.<a name=\"31\"><span class=\"versanumer\">31<\/span><\/a>Og Gu\u00f0 leit yfir allt sem hann haf\u00f0i gj\u00f6rt, og sj\u00e1! \u00fea\u00f0 var harla gott, og \u00fe\u00e1 var\u00f0 kv\u00f6ld og \u00fe\u00e1 var\u00f0 morgun, hi\u00f0 sj\u00f6tta d\u00e6gur.<\/p>\n<div class=\"footnoteVidey\">V. 1. S\u00e1lm. 33,6. Jer. 32,17.  V. 2. 5 Msb. 32,11. V. 5. h\u00e9r br\u00fakast d\u00e6gur, eins og \u00ed fornu m\u00e1li, fyrir: dag og n\u00f3tt.  V. 7. S\u00e1lm. 148,4. Jer. 51,16.  V. 27. 5,1. 9,6.<\/div>\n","protected":false},"excerpt":{"rendered":"<p>Heimsins sk\u00f6pun. 1\u00cd upphafi skapa\u00f0i Gu\u00f0 himin og j\u00f6r\u00f0.2Og j\u00f6r\u00f0in var \u00ed ey\u00f0i og t\u00f3m, og myrkur yfir dj\u00fapinu, og Gu\u00f0s Andi lag\u00f0ist \u00e1 dj\u00fapi\u00f0.3Og Gu\u00f0 sag\u00f0i: ver\u00f0i lj\u00f3s, og \u00fear var\u00f0 lj\u00f3s.4Og Gu\u00f0 s\u00e1, a\u00f0 lj\u00f3si\u00f0 var gott. \u00de\u00e1 a\u00f0skildi Gu\u00f0 lj\u00f3si\u00f0 fr\u00e1 myrkrinu5og kalla\u00f0i lj\u00f3si\u00f0 dag, en myrkri\u00f0 n\u00f3tt. \u00de\u00e1 var\u00f0 kv\u00f6ld, og \u00fe\u00e1 var\u00f0 morgun, hi\u00f0 fyrsta d\u00e6gur.6Og Gu\u00f0 sag\u00f0i: ver\u00f0i festing milli vatnanna, svo a\u00f0 h\u00fan a\u00f0skilji v\u00f6tn fr\u00e1 v\u00f6tnum.7\u00de\u00e1 gj\u00f6r\u00f0i Gu\u00f0 festingu, og a\u00f0skildi v\u00f6tnin, sem voru undir festingunni, fr\u00e1 \u00feeim v\u00f6tnum sem voru yfir henni, og \u00fea\u00f0 ske\u00f0i svo.8Og Gu\u00f0 kalla\u00f0i festinguna himin. \u00de\u00e1 <a href=\"https:\/\/biblian.is\/videy\/fyrsta-mosebok-1-kafli\/\"> [&#8230;]<\/a><\/p>\n","protected":false},"author":1,"featured_media":0,"parent":0,"menu_order":0,"comment_status":"open","ping_status":"open","template":"bibliukaflar.php","meta":{"footnotes":""},"class_list":["post-20850","page","type-page","status-publish","hentry"],"_links":{"self":[{"href":"https:\/\/biblian.is\/videy\/wp-json\/wp\/v2\/pages\/20850","targetHints":{"allow":["GET"]}}],"collection":[{"href":"https:\/\/biblian.is\/videy\/wp-json\/wp\/v2\/pages"}],"about":[{"href":"https:\/\/biblian.is\/videy\/wp-json\/wp\/v2\/types\/page"}],"author":[{"embeddable":true,"href":"https:\/\/biblian.is\/videy\/wp-json\/wp\/v2\/users\/1"}],"replies":[{"embeddable":true,"href":"https:\/\/biblian.is\/videy\/wp-json\/wp\/v2\/comments?post=20850"}],"version-history":[{"count":0,"href":"https:\/\/biblian.is\/videy\/wp-json\/wp\/v2\/pages\/20850\/revisions"}],"wp:attachment":[{"href":"https:\/\/biblian.is\/videy\/wp-json\/wp\/v2\/media?parent=20850"}],"curies":[{"name":"wp","href":"https:\/\/api.w.org\/{rel}","templated":true}]}}