{"id":4012,"date":"2017-12-18T18:35:22","date_gmt":"2017-12-18T18:35:22","guid":{"rendered":"http:\/\/biblian.is\/gudbrandsbiblia\/hebreabrefid-13-kafli\/"},"modified":"2017-12-18T18:35:22","modified_gmt":"2017-12-18T18:35:22","slug":"hebreabrefid-13-kafli","status":"publish","type":"page","link":"https:\/\/biblian.is\/gudbrandsbiblia\/hebreabrefid-13-kafli\/","title":{"rendered":"Hebreabr\u00e9fi\u00f0 13. kafli"},"content":{"rendered":"<p>XIII.<\/p>\n<p>Veri\u00f0 st\u00f6\u00f0ugir \u00ed br\u00f3\u00f0urlegum k\u00e6rleika og gestrisni forgleymi\u00f0 ekki \u00fev\u00ed a\u00f0 fyrir hana hafa nokkrir (\u00feeim \u00f3vitandi) englunum herbergi veitt. <span class=\"athugasemd\" title=\"Gen. 18. 19\">[<\/span> Huglei\u00f0i\u00f0 bandingjana l\u00edka sem a\u00f0rir sambandingjar og \u00fe\u00e1 sem m\u00f3tg\u00f6ngu l\u00ed\u00f0a svo sem a\u00f0 \u00fe\u00e9r s\u00e9u\u00f0 einnin limir \u00feess sama l\u00edkama. Hj\u00faskapurinn skal hei\u00f0arlegur haldinn vera hj\u00e1 \u00f6llum og hj\u00f3nabandss\u00e6ngin \u00f3flekku\u00f0. En frillul\u00edfismenn og h\u00f3runarmenn mun Gu\u00f0 d\u00e6ma. Framfer\u00f0i\u00f0 s\u00e9 \u00e1n \u00e1girni og l\u00e1ti\u00f0 y\u00f0ur \u00fea\u00f0 n\u00e6gja sem \u00ed n\u00e1nd er \u00fev\u00ed a\u00f0 hann hefur sagt: &#8222;Eg vil eigi yfirgefa \u00feig n\u00e9 hj\u00e1 fara l\u00e1ta.&#8220; So a\u00f0 v\u00e9r megum traustlega segja: &#8222;Drottinn er minn hj\u00e1lpari, eg mun eigi \u00f3ttast hva\u00f0 ma\u00f0urinn mun m\u00e9r gj\u00f6ra.&#8220; \u00deenki\u00f0 \u00e1 y\u00f0ra l\u00e6rife\u00f0ur \u00feeir e\u00f0 Gu\u00f0s or\u00f0 hafa sagt y\u00f0ur hverra \u00e6vilokum \u00fe\u00e1 a\u00f0 hyggi\u00f0 og eftirfylgi\u00f0 \u00feeirra tr\u00fa.<\/p>\n<p>\tJes\u00fas Christus, g\u00e6r og \u00ed dag og einnin sj\u00e1lfur hinn sami a\u00f0 eil\u00edfu. <span class=\"athugasemd\" title=\"Psal. 108. 6\">[<\/span> L\u00e1ti\u00f0 \u00fev\u00ed eigi aflei\u00f0a y\u00f0ur me\u00f0 margv\u00edslegum og framandi l\u00e6rd\u00f3mum. \u00dev\u00ed a\u00f0 \u00fea\u00f0 er \u00e1g\u00e6tlegt so a\u00f0 hjarta\u00f0 s\u00e9 sta\u00f0fast hva\u00f0 helst a\u00f0 sker fyrir n\u00e1\u00f0ina, eigi fyrir f\u00e6\u00f0sluna, hvar \u00fat af \u00f6ngva nytsemd hafa \u00feeir sem \u00fear me\u00f0 vilja Gu\u00f0i \u00fej\u00f3na. V\u00e9r h\u00f6fum \u00fea\u00f0 altari hvar af \u00feeir sem tjaldb\u00fa\u00f0ina r\u00e6kja hafa ekkert vald til af a\u00f0 eta. \u00dev\u00ed hverra d\u00fdra bl\u00f3\u00f0 sem innbor\u00f0i\u00f0 ver\u00f0ur af \u00e6\u00f0sta kennimanninum \u00ed hi\u00f0 heilaga fyrir syndirnar \u00feeirra s\u00f6mu hr\u00e6 ver\u00f0a uppbrennd utan herb\u00fa\u00f0anna. Fyrir \u00fev\u00ed hefur einnin Jes\u00fas upp \u00e1 \u00fea\u00f0 hann helga\u00f0i \u00fea\u00f0 f\u00f3lk fyrir sitt eigi\u00f0 bl\u00f3\u00f0 utan borgarhli\u00f0s li\u00f0i\u00f0. \u00dev\u00ed l\u00e1tum oss \u00fatganga til hans af herb\u00fa\u00f0um og bera hans vanvir\u00f0ing. \u00dev\u00ed a\u00f0 v\u00e9r h\u00f6fum \u00f6ngvan bl\u00edfanlegan sta\u00f0 heldur leitum v\u00e9r hins tilkomanda.<\/p>\n<p>\t\u00dev\u00ed l\u00e1tum oss n\u00fa offra fyrir hann lofsins offur Gu\u00f0i alla t\u00edma, \u00fea\u00f0 er \u00e1v\u00f6xt varanna, sem vi\u00f0urkenna hans nafn. Gott a\u00f0 gj\u00f6ra og me\u00f0 a\u00f0 skipta \u00fe\u00e1 forgleymi\u00f0 ekki \u00fev\u00ed a\u00f0 sl\u00edkt offur \u00fe\u00f3knast Gu\u00f0i vel. Hl\u00fd\u00f0i\u00f0 y\u00f0rum l\u00e6rurum og fylgi\u00f0 \u00feeim \u00fev\u00ed a\u00f0 \u00feeir vaka yfir y\u00f0rum s\u00e1lum l\u00edka sem \u00feeir e\u00f0 reikningskap \u00fear fyrir gefa skulu so a\u00f0 \u00feeir gj\u00f6ri \u00fea\u00f0 me\u00f0 gle\u00f0i og eigi me\u00f0 andvarpan \u00fea\u00f0 \u00fea\u00f0 er y\u00f0ur \u00f3gagnsamlegt. Bi\u00f0ji\u00f0 fyrir oss.<\/p>\n<p>\tVort traust er \u00fea\u00f0 a\u00f0 v\u00e9r h\u00f6fum g\u00f3\u00f0a samvisku og kostg\u00e6fum oss til g\u00f3\u00f0a umgengni a\u00f0 hafa hj\u00e1 \u00f6llum. En eg meir en bei\u00f0i y\u00f0ur \u00fear til \u00fev\u00edl\u00edkt a\u00f0 gj\u00f6ra upp \u00e1 \u00fea\u00f0 eg k\u00e6must hi\u00f0 allra fyrsta aftur til y\u00f0ar.<\/p>\n<p>\tEn Gu\u00f0 fri\u00f0arins, s\u00e1 sem \u00fat hefur leitt \u00ed fr\u00e1 dau\u00f0um hinn mikla hir\u00f0ir sau\u00f0anna, fyrir bl\u00f3\u00f0i\u00f0 hins eil\u00edfa testamentis, vorn Drottin Jes\u00fam Christum, hann gj\u00f6ri y\u00f0ur skikkanlega \u00ed \u00f6llu g\u00f3\u00f0u verki til a\u00f0 gj\u00f6ra hans vilja og efli \u00fea\u00f0 me\u00f0 y\u00f0ur hva\u00f0 fyrir honum \u00feakkn\u00e6mt er fyrir Jes\u00fam Christum, hverjum a\u00f0 s\u00e9 d\u00fdr\u00f0 um aldur og a\u00f0 eil\u00edfu. Amen.<\/p>\n<p>\tEg bei\u00f0i y\u00f0ur, k\u00e6rir br\u00e6\u00f0ur, haldi\u00f0 m\u00e9r \u00fea\u00f0 \u00e1minningaror\u00f0 til g\u00f3\u00f0a \u00fev\u00ed a\u00f0 eg hefi f\u00e1tt eitt skrifa\u00f0 y\u00f0ur. Viti\u00f0 \u00fea\u00f0 br\u00f3\u00f0ir vor T\u00edm\u00f3teus er laus aftur me\u00f0 hverjum, ef hann skj\u00f3tlega kemur, mun eg sj\u00e1 y\u00f0ur. Heilsi\u00f0 \u00f6llum y\u00f0ar l\u00e6rurum og \u00f6llum heil\u00f6gum. Y\u00f0ur heilsa br\u00e6\u00f0urnir af Vallandi. N\u00e1\u00f0in s\u00e9 me\u00f0 y\u00f0ur \u00f6llum. A M E N.<\/p>\n<p>Skrifa\u00f0ur \u00far Vallandi<\/p>\n<p>me\u00f0 Timotheo<\/p>\n","protected":false},"excerpt":{"rendered":"<p>XIII. Veri\u00f0 st\u00f6\u00f0ugir \u00ed br\u00f3\u00f0urlegum k\u00e6rleika og gestrisni forgleymi\u00f0 ekki \u00fev\u00ed a\u00f0 fyrir hana hafa nokkrir (\u00feeim \u00f3vitandi) englunum herbergi veitt. [ Huglei\u00f0i\u00f0 bandingjana l\u00edka sem a\u00f0rir sambandingjar og \u00fe\u00e1 sem m\u00f3tg\u00f6ngu l\u00ed\u00f0a svo sem a\u00f0 \u00fe\u00e9r s\u00e9u\u00f0 einnin limir \u00feess sama l\u00edkama. Hj\u00faskapurinn skal hei\u00f0arlegur haldinn vera hj\u00e1 \u00f6llum og hj\u00f3nabandss\u00e6ngin \u00f3flekku\u00f0. En frillul\u00edfismenn og h\u00f3runarmenn mun Gu\u00f0 d\u00e6ma. Framfer\u00f0i\u00f0 s\u00e9 \u00e1n \u00e1girni og l\u00e1ti\u00f0 y\u00f0ur \u00fea\u00f0 n\u00e6gja sem \u00ed n\u00e1nd er \u00fev\u00ed a\u00f0 hann hefur sagt: &#8222;Eg vil eigi yfirgefa \u00feig n\u00e9 hj\u00e1 fara l\u00e1ta.&#8220; So a\u00f0 v\u00e9r megum traustlega segja: &#8222;Drottinn er minn hj\u00e1lpari, eg mun eigi <a href=\"https:\/\/biblian.is\/gudbrandsbiblia\/hebreabrefid-13-kafli\/\"> [&#8230;]<\/a><\/p>\n","protected":false},"author":1,"featured_media":0,"parent":0,"menu_order":0,"comment_status":"open","ping_status":"open","template":"bibliukaflar.php","meta":{"footnotes":""},"class_list":["post-4012","page","type-page","status-publish","hentry"],"_links":{"self":[{"href":"https:\/\/biblian.is\/gudbrandsbiblia\/wp-json\/wp\/v2\/pages\/4012","targetHints":{"allow":["GET"]}}],"collection":[{"href":"https:\/\/biblian.is\/gudbrandsbiblia\/wp-json\/wp\/v2\/pages"}],"about":[{"href":"https:\/\/biblian.is\/gudbrandsbiblia\/wp-json\/wp\/v2\/types\/page"}],"author":[{"embeddable":true,"href":"https:\/\/biblian.is\/gudbrandsbiblia\/wp-json\/wp\/v2\/users\/1"}],"replies":[{"embeddable":true,"href":"https:\/\/biblian.is\/gudbrandsbiblia\/wp-json\/wp\/v2\/comments?post=4012"}],"version-history":[{"count":0,"href":"https:\/\/biblian.is\/gudbrandsbiblia\/wp-json\/wp\/v2\/pages\/4012\/revisions"}],"wp:attachment":[{"href":"https:\/\/biblian.is\/gudbrandsbiblia\/wp-json\/wp\/v2\/media?parent=4012"}],"curies":[{"name":"wp","href":"https:\/\/api.w.org\/{rel}","templated":true}]}}