{"id":4011,"date":"2017-12-18T18:35:22","date_gmt":"2017-12-18T18:35:22","guid":{"rendered":"http:\/\/biblian.is\/gudbrandsbiblia\/hebreabrefid-12-kafli\/"},"modified":"2017-12-18T18:35:22","modified_gmt":"2017-12-18T18:35:22","slug":"hebreabrefid-12-kafli","status":"publish","type":"page","link":"https:\/\/biblian.is\/gudbrandsbiblia\/hebreabrefid-12-kafli\/","title":{"rendered":"Hebreabr\u00e9fi\u00f0 12. kafli"},"content":{"rendered":"<p>XII.<\/p>\n<p>Fyrir \u00fev\u00ed, \u00e1 me\u00f0an v\u00e9r h\u00f6fum einnin sl\u00edka gn\u00e6g\u00f0 vottanna um kring oss \u00fe\u00e1 l\u00e1tum oss afleggja syndirnar \u00fe\u00e6r oss jafnan vi\u00f0lo\u00f0a og \u00feyngja og hlaupum fyrir \u00feolinm\u00e6\u00f0i til \u00feeirrar orustu sem oss er tilskikku\u00f0. Og \u00e1l\u00edtum Jes\u00fam \u00feess uppbyrjara og fullkomnara tr\u00faarinnar, hver e\u00f0 \u00feann t\u00ed\u00f0 hann hef\u00f0i vel m\u00e1tt hafa f\u00f6gnu\u00f0 \u00feoldi hann krossinn og virti forsm\u00e1nina einkis og setti sig til h\u00e6gri hli\u00f0ar upp \u00e1 Gu\u00f0s st\u00f3li. Minnist \u00e1 \u00feann sem \u00fev\u00edl\u00edkt m\u00f3tm\u00e6li \u00ed gegn s\u00e9r af syndurunum \u00feoldi so a\u00f0 \u00fe\u00e9r letjist ekki n\u00e9 veilist \u00ed hugskotunum. \u00dev\u00ed a\u00f0 \u00fe\u00e9r hafi\u00f0 enn ekki allt til bl\u00f3\u00f0sins vi\u00f0sta\u00f0i\u00f0 \u00ed str\u00ed\u00f0inu m\u00f3t syndinni og hafi\u00f0 \u00feegar gleymt \u00feess huggunar sem til y\u00f0ar segir so sem til barnanna: <span class=\"athugasemd\" title=\"Proverb. 3\">[<\/span> &#8222;Son minn, vir\u00f0 eigi l\u00edtils tyftan Drottins og \u00f6rvilnast ekki \u00fe\u00f3tt \u00fe\u00fa ver\u00f0ir af honum straffa\u00f0ur \u00fev\u00ed a\u00f0 hvern e\u00f0 Drottinn elskar \u00feann agar hann en hvern \u00feann son sem hann a\u00f0 s\u00e9r tekur \u00feann str\u00fdkir hann.&#8220;<\/p>\n<p>\tEf \u00fe\u00e9r tyftunina \u00feoli\u00f0 \u00fe\u00e1 mun Gu\u00f0 tj\u00e1 sig y\u00f0ur sem sonum. \u00dev\u00ed hver sonur er s\u00e1 \u00feann er fa\u00f0irinn tyftar eigi? En ef a\u00f0 \u00fe\u00e9r eru\u00f0 \u00e1n tyftanar, hverrar hinir allir eru hluttakarar vor\u00f0nir, \u00fe\u00e1 eru \u00fe\u00e9r hj\u00e1b\u00f6rn en ekki synir. N\u00fa me\u00f0 \u00fev\u00ed einnin v\u00e9r h\u00f6fum haft vora l\u00edkamlega fe\u00f0ur til tyftunarmanna og \u00fe\u00e1 hr\u00e6\u00f0st, skyldum v\u00e9r \u00fe\u00e1 ekki miklu meir undirgefnir vera hinum andlega f\u00f6\u00f0ur so a\u00f0 v\u00e9r lif\u00f0um? Og hinir hafa sennilega f\u00e1eina daga oss aga\u00f0 eftir s\u00ednum ge\u00f0\u00fe\u00f3tta en \u00feessi til nytsemdar so a\u00f0 v\u00e9r \u00f6\u00f0lunst hans helgan. En \u00f6ll tyftan n\u00e6r h\u00fan \u00e1liggur \u00fe\u00e1 \u00feykir oss h\u00fan engin gle\u00f0i heldur hrygg\u00f0 vera. En eftir \u00e1 mun h\u00fan gefa fri\u00f0samlegan \u00e1v\u00f6xt r\u00e9ttl\u00e6tisins \u00feeim sem \u00fear fyrir i\u00f0ka\u00f0ir eru.<\/p>\n<p>\tFyrir \u00fev\u00ed upphefji\u00f0 aftur tregar hendur og hin \u00fereyttu kn\u00e9 og gj\u00f6ri\u00f0 r\u00e9ttan gang me\u00f0 y\u00f0rum f\u00f3tum svo a\u00f0 enginn afvega skeiki l\u00edka sem s\u00e1 er haltrar heldur miklu framar ver\u00f0i heilbrig\u00f0ur. <span class=\"athugasemd\" title=\"Deut. 29\">[<\/span> Eftirfylgi\u00f0 fri\u00f0inum vi\u00f0 hvern mann og helguninni, \u00e1n hverrar \u00fea\u00f0 enginn mun Drottin sj\u00e1. Sj\u00e1i\u00f0 og so til \u00fea\u00f0 enginn fors\u00f3mi Gu\u00f0s n\u00e1\u00f0 so a\u00f0 \u00fea\u00f0 enginn beiskir\u00f3t \u00ed sta\u00f0inn uppspretti og hindran gj\u00f6ri og \u00fea\u00f0 margir fyrir \u00fe\u00e1 hinu s\u00f6mu saurugir ver\u00f0i. Og a\u00f0 \u00fear s\u00e9 enginn frillul\u00edfisma\u00f0ur e\u00f0ur \u00f3gu\u00f0r\u00e6kinn sem Esa\u00fa, s\u00e1 sem a\u00f0 fyrir matar sakir seldi sinn frumbur\u00f0. Fyrir \u00fev\u00ed \u00fe\u00e1 viti\u00f0 a\u00f0 hann \u00fear eftir \u00e1, \u00fe\u00e1 hann blessanina erfa vildi, er hann \u00fatsk\u00fafa\u00f0ur. \u00dev\u00ed a\u00f0 hann fann ekkert r\u00fam i\u00f0ranarinnar \u00fe\u00f3tt hann hennar me\u00f0 gr\u00e1tandi t\u00e1rum leita\u00f0i.<\/p>\n<p>\t\u00dev\u00ed a\u00f0 \u00fe\u00e9r eru\u00f0 eigi gengnir til \u00feess fjalls sem \u00e1\u00fereifanlegt er og me\u00f0 eldi brennur n\u00e9 til \u00feoku e\u00f0a myrkurs, til hreggvi\u00f0ris, til l\u00fa\u00f0ra\u00feyts og til raddar or\u00f0anna og \u00feeir hverjir hana heyr\u00f0u undant\u00f6ldust \u00fea\u00f0 eigi yr\u00f0i til \u00feeirra or\u00f0i\u00f0 tala\u00f0 \u00fev\u00ed a\u00f0 \u00feeir kunnu eigi a\u00f0 tandast hva\u00f0 \u00fear var sagt. <span class=\"athugasemd\" title=\"Exo. 19\">[<\/span> Og ef sk\u00f3gd\u00fdr snart fjalli\u00f0 \u00fe\u00e1 skyldi \u00fea\u00f0 steinum gr\u00fdtast e\u00f0a me\u00f0 skeyti \u00ed hel skoti\u00f0 ver\u00f0a. Og so \u00f3gurleg var s\u00fa s\u00fdn \u00fea\u00f0 Moyses sag\u00f0i: &#8222;Eg em \u00f3ttasleginn og felmsfullur.&#8220;<\/p>\n<p>\tHeldur eru \u00fe\u00e9r gengnir til fjallsins S\u00edon og til borgar Gu\u00f0s lifanda, til himneskrar Jer\u00fasalem og til margra \u00fe\u00fasundir englaflokka og til samkundu hins frumgetna, hver \u00e1 himnum uppskrifa\u00f0ur er, og til Gu\u00f0s allra d\u00f3mara og til andanna algj\u00f6rfilegra r\u00e9ttl\u00e1tra og til me\u00f0algangara hins n\u00fdja testamentis Jes\u00fa og til bl\u00f3\u00f0sins yfirdreifingar \u00fea\u00f0 betra hefur a\u00f0 segja en Abels. <span class=\"athugasemd\" title=\"Gen. 44\">[<\/span><\/p>\n<p>\tSj\u00e1i\u00f0 til a\u00f0 \u00fe\u00e9r undanteljist ekki \u00feeim sem vi\u00f0 y\u00f0ur talar. \u00dev\u00ed ef hinir eru ei umfl\u00fd\u00f0ir sem honum undant\u00f6ldust \u00fe\u00e1 hann \u00e1 j\u00f6r\u00f0u tala\u00f0i, miklu mi\u00f0ur \u00fe\u00e1 v\u00e9r ef v\u00e9r undanteljunst \u00feeim sem af himnum talar, hvers r\u00f6dd, \u00feann t\u00edma j\u00f6r\u00f0ina bifa\u00f0i. En n\u00fa heitir hann fyrir og segir: <span class=\"athugasemd\" title=\"Haggei 2\">[<\/span> &#8222;Enn eitt sinn mun eg hr\u00e6ra ei alleinasta j\u00f6r\u00f0ina heldur einnin himnana.&#8220; En \u00fea\u00f0 hann segir &#8222;eitt sinn&#8220; merk a\u00f0 \u00fea\u00f0 hi\u00f0 hr\u00e6ranlega skal umskiptilegt ver\u00f0a l\u00edka sem anna\u00f0 sm\u00ed\u00f0i so a\u00f0 \u00fea\u00f0 hva\u00f0 \u00f3hr\u00e6ranlegt er st\u00f6\u00f0ugt bl\u00edfi. Hvar fyrir \u00e1 me\u00f0an v\u00e9r me\u00f0t\u00f6kum \u00f3hr\u00e6ranlegt r\u00edki \u00fe\u00e1 h\u00f6fum v\u00e9r n\u00e1\u00f0ina fyrir hverja v\u00e9r skulum Gu\u00f0i \u00fej\u00f3na honum til \u00fe\u00f3knunar me\u00f0 hr\u00e6\u00f0slu og si\u00f0semi. \u00dev\u00ed a\u00f0 vor Gu\u00f0 er ey\u00f0andi eldur.<\/p>\n","protected":false},"excerpt":{"rendered":"<p>XII. Fyrir \u00fev\u00ed, \u00e1 me\u00f0an v\u00e9r h\u00f6fum einnin sl\u00edka gn\u00e6g\u00f0 vottanna um kring oss \u00fe\u00e1 l\u00e1tum oss afleggja syndirnar \u00fe\u00e6r oss jafnan vi\u00f0lo\u00f0a og \u00feyngja og hlaupum fyrir \u00feolinm\u00e6\u00f0i til \u00feeirrar orustu sem oss er tilskikku\u00f0. Og \u00e1l\u00edtum Jes\u00fam \u00feess uppbyrjara og fullkomnara tr\u00faarinnar, hver e\u00f0 \u00feann t\u00ed\u00f0 hann hef\u00f0i vel m\u00e1tt hafa f\u00f6gnu\u00f0 \u00feoldi hann krossinn og virti forsm\u00e1nina einkis og setti sig til h\u00e6gri hli\u00f0ar upp \u00e1 Gu\u00f0s st\u00f3li. Minnist \u00e1 \u00feann sem \u00fev\u00edl\u00edkt m\u00f3tm\u00e6li \u00ed gegn s\u00e9r af syndurunum \u00feoldi so a\u00f0 \u00fe\u00e9r letjist ekki n\u00e9 veilist \u00ed hugskotunum. \u00dev\u00ed a\u00f0 \u00fe\u00e9r hafi\u00f0 enn ekki allt til <a href=\"https:\/\/biblian.is\/gudbrandsbiblia\/hebreabrefid-12-kafli\/\"> [&#8230;]<\/a><\/p>\n","protected":false},"author":1,"featured_media":0,"parent":0,"menu_order":0,"comment_status":"open","ping_status":"open","template":"bibliukaflar.php","meta":{"footnotes":""},"class_list":["post-4011","page","type-page","status-publish","hentry"],"_links":{"self":[{"href":"https:\/\/biblian.is\/gudbrandsbiblia\/wp-json\/wp\/v2\/pages\/4011","targetHints":{"allow":["GET"]}}],"collection":[{"href":"https:\/\/biblian.is\/gudbrandsbiblia\/wp-json\/wp\/v2\/pages"}],"about":[{"href":"https:\/\/biblian.is\/gudbrandsbiblia\/wp-json\/wp\/v2\/types\/page"}],"author":[{"embeddable":true,"href":"https:\/\/biblian.is\/gudbrandsbiblia\/wp-json\/wp\/v2\/users\/1"}],"replies":[{"embeddable":true,"href":"https:\/\/biblian.is\/gudbrandsbiblia\/wp-json\/wp\/v2\/comments?post=4011"}],"version-history":[{"count":0,"href":"https:\/\/biblian.is\/gudbrandsbiblia\/wp-json\/wp\/v2\/pages\/4011\/revisions"}],"wp:attachment":[{"href":"https:\/\/biblian.is\/gudbrandsbiblia\/wp-json\/wp\/v2\/media?parent=4011"}],"curies":[{"name":"wp","href":"https:\/\/api.w.org\/{rel}","templated":true}]}}