{"id":3980,"date":"2017-12-18T18:35:19","date_gmt":"2017-12-18T18:35:19","guid":{"rendered":"http:\/\/biblian.is\/gudbrandsbiblia\/sidara-timoteusarbref-4-kafli\/"},"modified":"2017-12-18T18:35:19","modified_gmt":"2017-12-18T18:35:19","slug":"sidara-timoteusarbref-4-kafli","status":"publish","type":"page","link":"https:\/\/biblian.is\/gudbrandsbiblia\/sidara-timoteusarbref-4-kafli\/","title":{"rendered":"S\u00ed\u00f0ara T\u00edm\u00f3teusarbr\u00e9f 4. kafli"},"content":{"rendered":"<p>IIII.<\/p>\n<p>So vitna eg n\u00fa fyrir Gu\u00f0i og Drottni Jes\u00fa Christo, s\u00e1 sem a\u00f0 koma skal til a\u00f0 d\u00e6ma lifendur og dau\u00f0a me\u00f0 sinni augl\u00fdsing og me\u00f0 s\u00ednu r\u00edki: Pr\u00e9dika \u00fe\u00fa or\u00f0i\u00f0, halt a\u00f0, hvert \u00fea\u00f0 ske\u00f0ur \u00ed haglegan t\u00edma e\u00f0a \u00f3haglegan, straffa, \u00f3gna, \u00e1minn me\u00f0 allri \u00feolinm\u00e6\u00f0i og kenningu. \u00dev\u00ed a\u00f0 s\u00e1 t\u00edmi mun koma \u00fea\u00f0 \u00feeir munu ekki l\u00ed\u00f0a heilsusamlegan l\u00e6rd\u00f3m heldur munu \u00feeir eftir s\u00ednum eiginlegum f\u00fdsnum samanhr\u00faga s\u00e9r sj\u00e1lfum l\u00e6rendur eftir \u00fev\u00ed \u00feeim eyrun kl\u00e6ja og munu eyrunum \u00ed fr\u00e1 sannleikanum venda og s\u00e9r sn\u00faa til lygi. En \u00fe\u00fa, vert vakandi og herkinn \u00ed \u00f6llum hlutum, gj\u00f6r verk gu\u00f0sspjallegs pr\u00e9dikara og \u00fatlykta \u00feitt emb\u00e6tti ver\u00f0uglega.<\/p>\n<p>\t\u00dev\u00ed a\u00f0 eg ver\u00f0 snart f\u00f3rnf\u00e6r\u00f0ur og t\u00edmi minnar burtfarar tilstendur. Eg hefi g\u00f3\u00f0a bar\u00e1ttu barist, eg hefi hlaupi\u00f0 fullkomna\u00f0, eg hefi tr\u00fana geymt. N\u00fa h\u00e9\u00f0an \u00ed fr\u00e1 er m\u00e9r til l\u00f6g\u00f0 k\u00f3r\u00f3na r\u00e9ttl\u00e6tisins sem a\u00f0 Drottinn, hinn r\u00e9ttl\u00e1ti d\u00f3mari, mun m\u00e9r \u00e1 \u00feeim degi gefa. En eigi alleinasta m\u00e9r heldur jafnvel \u00f6llum \u00feeim sem hans tilkomu elska. Legg kapp \u00e1 a\u00f0 koma til m\u00edn snarlega.<\/p>\n<p>\t\u00dev\u00ed a\u00f0 Demas hefur mig yfirgefi\u00f0, elskandi \u00feennan heim, og er burt farinn til Tessaloniam, Crescens \u00ed Galatiam, T\u00edtus \u00ed Dalmatiam. L\u00fakas er einnsaman hj\u00e1 m\u00e9r. Marcum tak til \u00fe\u00edn og haf me\u00f0 \u00fe\u00e9r \u00fev\u00ed a\u00f0 hann er m\u00e9r nytsamlegur til \u00fej\u00f3nustu. Tychicum hefi eg til Epheso sent. \u00deann m\u00f6ttul sem eg l\u00e9t eftir til Troada hj\u00e1 Carpo haf me\u00f0 \u00fe\u00e9r n\u00e6r \u00fe\u00fa kemur, og so b\u00e6kurnar en einkum \u00fea\u00f0 b\u00f3kfelli. Alexander smi\u00f0ur hefur au\u00f0s\u00fdnt m\u00e9r margt vont. Drottinn umbuni honum eftir s\u00ednum verkum. Fyrir hverjum vakta \u00fe\u00fa \u00feig einnin \u00fev\u00ed a\u00f0 hann hefur mj\u00f6g \u00ed m\u00f3tista\u00f0i\u00f0 vorum or\u00f0um. <\/p>\n<p>\t\u00cd m\u00ednu fyrsta forsvari st\u00f3\u00f0 enginn hj\u00e1 m\u00e9r heldur yfirg\u00e1fu \u00feeir mig allir en eigi s\u00e9 \u00feeim \u00fea\u00f0 til \u00e1t\u00f6lu. Drottinn st\u00f3\u00f0 hj\u00e1 m\u00e9r og styrkti mig upp \u00e1 \u00fea\u00f0 s\u00fa pr\u00e9dikan fyrir mig sta\u00f0fest yr\u00f0i svo a\u00f0 \u00fea\u00f0 allir hei\u00f0ingjar heyr\u00f0u og eg em frelsa\u00f0ur af gini le\u00f3nsins. En Drottinn mun frelsa mig fr\u00e1 \u00f6llu illu og hj\u00e1lpa til s\u00edns himneska r\u00edkis, hverjum a\u00f0 s\u00e9 d\u00fdr\u00f0 um aldur og \u00e6vi. Amen.<\/p>\n<p>\tHeilsa \u00fe\u00fa Priscam og Aquilam og heimkynni Onesiphori. Erastus bleif til Korint\u00edu en Trophimum l\u00e9t eg eftir til Mileto sj\u00fakan. Haf kapp \u00e1 \u00fea\u00f0 \u00fe\u00fa komir til m\u00edn fyrir veturinn. \u00de\u00e9r heilsa Eubulus og Pudens og Linus og Claudia og allir br\u00e6\u00f0ur. Drottinn Jes\u00fas Christus s\u00e9 me\u00f0 \u00fe\u00ednum anda. N\u00e1\u00f0in s\u00e9 me\u00f0 y\u00f0ur. A M E N.<\/p>\n<p>Hinn annar pistill til Timotheum, skrifa\u00f0ur \u00ed fr\u00e1 R\u00f3m<\/p>\n<p>\u00de\u00e1 er S. P\u00e1ll var \u00ed anna\u00f0 sinn haf\u00f0ur fyrir keisarann Ner\u00f3<\/p>\n","protected":false},"excerpt":{"rendered":"<p>IIII. So vitna eg n\u00fa fyrir Gu\u00f0i og Drottni Jes\u00fa Christo, s\u00e1 sem a\u00f0 koma skal til a\u00f0 d\u00e6ma lifendur og dau\u00f0a me\u00f0 sinni augl\u00fdsing og me\u00f0 s\u00ednu r\u00edki: Pr\u00e9dika \u00fe\u00fa or\u00f0i\u00f0, halt a\u00f0, hvert \u00fea\u00f0 ske\u00f0ur \u00ed haglegan t\u00edma e\u00f0a \u00f3haglegan, straffa, \u00f3gna, \u00e1minn me\u00f0 allri \u00feolinm\u00e6\u00f0i og kenningu. \u00dev\u00ed a\u00f0 s\u00e1 t\u00edmi mun koma \u00fea\u00f0 \u00feeir munu ekki l\u00ed\u00f0a heilsusamlegan l\u00e6rd\u00f3m heldur munu \u00feeir eftir s\u00ednum eiginlegum f\u00fdsnum samanhr\u00faga s\u00e9r sj\u00e1lfum l\u00e6rendur eftir \u00fev\u00ed \u00feeim eyrun kl\u00e6ja og munu eyrunum \u00ed fr\u00e1 sannleikanum venda og s\u00e9r sn\u00faa til lygi. En \u00fe\u00fa, vert vakandi og herkinn \u00ed \u00f6llum hlutum, <a href=\"https:\/\/biblian.is\/gudbrandsbiblia\/sidara-timoteusarbref-4-kafli\/\"> [&#8230;]<\/a><\/p>\n","protected":false},"author":1,"featured_media":0,"parent":0,"menu_order":0,"comment_status":"open","ping_status":"open","template":"bibliukaflar.php","meta":{"footnotes":""},"class_list":["post-3980","page","type-page","status-publish","hentry"],"_links":{"self":[{"href":"https:\/\/biblian.is\/gudbrandsbiblia\/wp-json\/wp\/v2\/pages\/3980","targetHints":{"allow":["GET"]}}],"collection":[{"href":"https:\/\/biblian.is\/gudbrandsbiblia\/wp-json\/wp\/v2\/pages"}],"about":[{"href":"https:\/\/biblian.is\/gudbrandsbiblia\/wp-json\/wp\/v2\/types\/page"}],"author":[{"embeddable":true,"href":"https:\/\/biblian.is\/gudbrandsbiblia\/wp-json\/wp\/v2\/users\/1"}],"replies":[{"embeddable":true,"href":"https:\/\/biblian.is\/gudbrandsbiblia\/wp-json\/wp\/v2\/comments?post=3980"}],"version-history":[{"count":0,"href":"https:\/\/biblian.is\/gudbrandsbiblia\/wp-json\/wp\/v2\/pages\/3980\/revisions"}],"wp:attachment":[{"href":"https:\/\/biblian.is\/gudbrandsbiblia\/wp-json\/wp\/v2\/media?parent=3980"}],"curies":[{"name":"wp","href":"https:\/\/api.w.org\/{rel}","templated":true}]}}