{"id":3971,"date":"2017-12-18T18:35:15","date_gmt":"2017-12-18T18:35:15","guid":{"rendered":"http:\/\/biblian.is\/gudbrandsbiblia\/fyrra-timoteusarbref-1-kafli\/"},"modified":"2017-12-18T18:35:15","modified_gmt":"2017-12-18T18:35:15","slug":"fyrra-timoteusarbref-1-kafli","status":"publish","type":"page","link":"https:\/\/biblian.is\/gudbrandsbiblia\/fyrra-timoteusarbref-1-kafli\/","title":{"rendered":"Fyrra T\u00edm\u00f3teusarbr\u00e9f 1. kafli"},"content":{"rendered":"<p>Fyrri S. P\u00e1ls pistill til Timotheum<\/p>\n<p>I.<\/p>\n<p>P\u00e1ll postuli Jes\u00fa Christi eftir bo\u00f0an Gu\u00f0s vors frelsara og Drottins Jes\u00fa Christi s\u00e1 vor von er<\/p>\n<p>\tTimotheo, m\u00ednum r\u00e9ttilegum syni \u00ed tr\u00fanni:<\/p>\n<p>\tN\u00e1\u00f0, miskunn og fri\u00f0ur af Gu\u00f0i vorum f\u00f6\u00f0ur og vorum Drottni Jes\u00fa Christo.<\/p>\n<p>\tSo sem a\u00f0 eg beidda \u00feig \u00fea\u00f0 \u00fe\u00fa bl\u00edfir til Epheso me\u00f0an eg f\u00e6ra \u00ed Macedoniam og bo\u00f0a\u00f0ir \u00fea\u00f0 sumum \u00fea\u00f0 \u00feeir ekkert anna\u00f0 kenndu og g\u00e6fir \u00f6ngvan gaum a\u00f0 \u00feeim \u00e6vint\u00fdrum og \u00e6ttart\u00f6lus\u00f6gum sem \u00f6ngvan enda taka, \u00fe\u00e6r meir afla spurninga en betrunar til Gu\u00f0s \u00ed tr\u00fanni. \u00dev\u00ed a\u00f0 uppfylling bo\u00f0or\u00f0sins er k\u00e6rleikinn af hreinu hjarta og af g\u00f3\u00f0ri samvisku og af \u00f3menga\u00f0ri tr\u00fa. \u00cd fr\u00e1 hverri sumir hafa villst og eru umsn\u00fanir til \u00f3n\u00fdtrar \u00fev\u00e6ttunar, vilja vera Ritningsmeistarar, skilja \u00fe\u00f3 ekki hva\u00f0 \u00feeir segja e\u00f0a hva\u00f0 \u00feeir setja.<\/p>\n<p>\tEn v\u00e9r vitum\u00fea\u00f0 l\u00f6gm\u00e1li\u00f0 er gott, fyrst nokkur t\u00ed\u00f0kar \u00fea\u00f0 r\u00e9ttilega, vitandi \u00fea\u00f0 a\u00f0 hinum r\u00e9ttl\u00e1ta er ekkert l\u00f6gm\u00e1l sett heldur rangl\u00e1tum og \u00f3hl\u00fd\u00f0ugum, \u00f3gu\u00f0legum og synd\u00f6rum, gl\u00e6pafullum og illskufullum, f\u00f6\u00f0urdr\u00e1purum og m\u00f3\u00f0urb\u00f6num, mannsl\u00f6gurum, frillul\u00edfism\u00f6nnum, \u00feeim sem sk\u00f6mm dr\u00fdgir me\u00f0 kallmanni og \u00feeim m\u00f6nnum \u00ed burt selur og lj\u00fagurum og meins\u00e6rism\u00f6nnum og so \u00fea\u00f0 fleira hva\u00f0 heilsusamlegum l\u00e6rd\u00f3mi m\u00f3tsta\u00f0legt er eftir d\u00fdr\u00f0legu evangelio hins s\u00e6la Gu\u00f0s \u00fea\u00f0 m\u00e9r tiltr\u00faa\u00f0 er. <span class=\"athugasemd\" title=\"Hverjum l\u00f6gm\u00e1li\u00f0 er gefi\u00f0\">[<\/span><\/p>\n<p>\tOg eg \u00feakka vorum Drottni Jes\u00fa Christo sem mig styrkvan gj\u00f6rir og mig tr\u00falyndan akta\u00f0 hefur, setjandi \u00ed \u00feetta emb\u00e6tti sem eg var \u00fe\u00f3 fyrr meir forsm\u00e1nari, ofs\u00f3knari og h\u00e1\u00f0ungarma\u00f0ur. <span class=\"athugasemd\" title=\"Eftird\u00e6mi P\u00e1ls \/ Math. 9 \/ Mar. 2\">[<\/span> En m\u00e9r er miskunnsemi yfirkomin \u00fev\u00ed a\u00f0 \u00fea\u00f0 gj\u00f6r\u00f0a eg af viskuleysi \u00ed vantr\u00fa. En n\u00e1\u00f0 vors Drottins var \u00feess yfirgn\u00e6fanlegri me\u00f0 tr\u00fanni og k\u00e6rleikanum sem a\u00f0 er \u00ed Christo Jes\u00fa.<\/p>\n<p>\t\u00dev\u00ed a\u00f0 \u00fea\u00f0 eru vissileg sannindi og d\u00fdrm\u00e6tt ver\u00f0ugt or\u00f0 \u00fea\u00f0 Christus Jes\u00fas er kominn \u00ed \u00feennan heim synduga s\u00e1luh\u00f3lpna a\u00f0 gj\u00f6ra, me\u00f0al hverra eg em hinn fremsti. En m\u00e9r er \u00fev\u00ed miskunnsemi yfirkomin upp \u00e1 \u00fea\u00f0 Christus Jes\u00fas au\u00f0s\u00fdndi \u00e1 m\u00e9r fyrstum allra \u00feolinm\u00e6\u00f0i, \u00feeim til eftird\u00e6mis sem \u00e1 hann skyldu tr\u00faa til eil\u00edfs l\u00edfs. En Gu\u00f0i, eil\u00edfum konungi \u00f3dau\u00f0legum og alleina v\u00edsum, s\u00e9 lof og d\u00fdr\u00f0 a\u00f0 eil\u00edfu. Amen.<\/p>\n<p>\t\u00deetta bo\u00f0or\u00f0 b\u00edfala eg \u00fe\u00e9r, son minn Timothee, eftir hinum fyrrum sp\u00e1d\u00f3mum yfir \u00fe\u00e9r a\u00f0 \u00fe\u00fa fremjir \u00ed \u00feeim g\u00f3\u00f0an riddaraskap, hafandi tr\u00fana og g\u00f3\u00f0a samvisku, hverri sumir hafa fr\u00e1 s\u00e9r sk\u00fafa\u00f0 og \u00e1 tr\u00fanni skipbrot li\u00f0i\u00f0, me\u00f0al hverra er H\u00fdmeneus og Alexander, hverja eg hefi andskotanum ofurselt so a\u00f0 \u00feeim yr\u00f0i kennt a\u00f0 gu\u00f0lasta eigi meir.<\/p>\n","protected":false},"excerpt":{"rendered":"<p>Fyrri S. P\u00e1ls pistill til Timotheum I. P\u00e1ll postuli Jes\u00fa Christi eftir bo\u00f0an Gu\u00f0s vors frelsara og Drottins Jes\u00fa Christi s\u00e1 vor von er Timotheo, m\u00ednum r\u00e9ttilegum syni \u00ed tr\u00fanni: N\u00e1\u00f0, miskunn og fri\u00f0ur af Gu\u00f0i vorum f\u00f6\u00f0ur og vorum Drottni Jes\u00fa Christo. So sem a\u00f0 eg beidda \u00feig \u00fea\u00f0 \u00fe\u00fa bl\u00edfir til Epheso me\u00f0an eg f\u00e6ra \u00ed Macedoniam og bo\u00f0a\u00f0ir \u00fea\u00f0 sumum \u00fea\u00f0 \u00feeir ekkert anna\u00f0 kenndu og g\u00e6fir \u00f6ngvan gaum a\u00f0 \u00feeim \u00e6vint\u00fdrum og \u00e6ttart\u00f6lus\u00f6gum sem \u00f6ngvan enda taka, \u00fe\u00e6r meir afla spurninga en betrunar til Gu\u00f0s \u00ed tr\u00fanni. \u00dev\u00ed a\u00f0 uppfylling bo\u00f0or\u00f0sins er k\u00e6rleikinn af hreinu hjarta <a href=\"https:\/\/biblian.is\/gudbrandsbiblia\/fyrra-timoteusarbref-1-kafli\/\"> [&#8230;]<\/a><\/p>\n","protected":false},"author":1,"featured_media":0,"parent":0,"menu_order":0,"comment_status":"open","ping_status":"open","template":"bibliukaflar.php","meta":{"footnotes":""},"class_list":["post-3971","page","type-page","status-publish","hentry"],"_links":{"self":[{"href":"https:\/\/biblian.is\/gudbrandsbiblia\/wp-json\/wp\/v2\/pages\/3971","targetHints":{"allow":["GET"]}}],"collection":[{"href":"https:\/\/biblian.is\/gudbrandsbiblia\/wp-json\/wp\/v2\/pages"}],"about":[{"href":"https:\/\/biblian.is\/gudbrandsbiblia\/wp-json\/wp\/v2\/types\/page"}],"author":[{"embeddable":true,"href":"https:\/\/biblian.is\/gudbrandsbiblia\/wp-json\/wp\/v2\/users\/1"}],"replies":[{"embeddable":true,"href":"https:\/\/biblian.is\/gudbrandsbiblia\/wp-json\/wp\/v2\/comments?post=3971"}],"version-history":[{"count":0,"href":"https:\/\/biblian.is\/gudbrandsbiblia\/wp-json\/wp\/v2\/pages\/3971\/revisions"}],"wp:attachment":[{"href":"https:\/\/biblian.is\/gudbrandsbiblia\/wp-json\/wp\/v2\/media?parent=3971"}],"curies":[{"name":"wp","href":"https:\/\/api.w.org\/{rel}","templated":true}]}}