{"id":3968,"date":"2017-12-18T18:35:15","date_gmt":"2017-12-18T18:35:15","guid":{"rendered":"http:\/\/biblian.is\/gudbrandsbiblia\/sidara-thessalonikubref-1-kafli\/"},"modified":"2017-12-18T18:35:15","modified_gmt":"2017-12-18T18:35:15","slug":"sidara-thessalonikubref-1-kafli","status":"publish","type":"page","link":"https:\/\/biblian.is\/gudbrandsbiblia\/sidara-thessalonikubref-1-kafli\/","title":{"rendered":"S\u00ed\u00f0ara \u00deessalon\u00edkubr\u00e9f 1. kafli"},"content":{"rendered":"<p>S. P\u00e1ls pistill <\/p>\n<p>til Tessalonicenses<\/p>\n<p>I.<\/p>\n<p>P\u00e1ll og Silvanus og T\u00edm\u00f3teus<\/p>\n<p>\t\u00feeim s\u00f6fnu\u00f0i til Tessalonia \u00ed Gu\u00f0i vorum f\u00f6\u00f0ur og Drottni Jes\u00fa Christo: <span class=\"athugasemd\" title=\"Silvanus \/ T\u00edm\u00f3teus\">[<\/span><\/p>\n<p>\tN\u00e1\u00f0 s\u00e9 me\u00f0 y\u00f0ur og fri\u00f0ur af Gu\u00f0i vorum f\u00f6\u00f0ur og Drottni Jes\u00fa Christo.<\/p>\n<p>\tV\u00e9r skulum alltjafn gj\u00f6ra Gu\u00f0i \u00feakkir fyrir y\u00f0ur, k\u00e6rir br\u00e6\u00f0ur, sem a\u00f0 ver\u00f0ugt er. <span class=\"athugasemd\" title=\"Lofst\u00edr \u00feeirra \u00ed Tessalonia\">[<\/span> \u00dev\u00ed a\u00f0 y\u00f0ar tr\u00faa vex a\u00f0 n\u00e6rsta og k\u00e6rleikurinn s\u00e9rhvers me\u00f0al y\u00f0ar allra vega innbyr\u00f0is hver vi\u00f0 annan so a\u00f0 v\u00e9r hr\u00f3sum oss af y\u00f0ur \u00ed Gu\u00f0s s\u00f6fnu\u00f0i y\u00f0rar \u00feolinm\u00e6\u00f0i og tr\u00faar vegna \u00ed \u00f6llum y\u00f0ar ofs\u00f3knum og h\u00f6rmungum hverjar \u00fe\u00e9r \u00feoli\u00f0. Til \u00fatv\u00edsingar \u00fea\u00f0 Gu\u00f0 mun r\u00e9ttfer\u00f0uglega d\u00e6ma og \u00fe\u00e9r ver\u00f0ugir ver\u00f0i\u00f0 til Gu\u00f0s r\u00edkis, fyrir hvert \u00fe\u00e9r og l\u00ed\u00f0i\u00f0. A\u00f0 \u00fev\u00ed er \u00fea\u00f0 r\u00e9tt hj\u00e1 Gu\u00f0i a\u00f0 endurgjalda \u00feeim h\u00f6rmung sem y\u00f0ur h\u00f6rmung veita en y\u00f0ur, \u00fe\u00e9r sem h\u00f6rmung l\u00ed\u00f0i\u00f0, hv\u00edld me\u00f0ur oss \u00fe\u00e1 er Drottinn Jes\u00fas mun opinberast af himni me\u00f0ur englum s\u00edns kraftar og me\u00f0 eldsins loga hefnd a\u00f0 gefa yfir \u00fe\u00e1 sem ekki \u00feekkja Gu\u00f0 og yfir \u00fe\u00e1 sem ekki eru hl\u00fd\u00f0ugir evangelio vors Drottins Jes\u00fa Christi, hverjir p\u00edslir munu l\u00ed\u00f0a, \u00e6vinlega fordj\u00f6rfun fr\u00e1 augliti Drottins og fr\u00e1 hans d\u00fdr\u00f0arlegri magt \u00fe\u00e1 hann mun koma og vegsamlegur birtast me\u00f0 s\u00ednum heil\u00f6gum og d\u00e1samlegur me\u00f0 \u00f6llum tr\u00fau\u00f0um. <span class=\"athugasemd\" title=\"Af \u00feeim s\u00ed\u00f0asta d\u00f3mi\">[<\/span> \u00dev\u00ed a\u00f0 vorum vitnisbur\u00f0i til y\u00f0ar af \u00feeim sama degi hafi \u00fe\u00e9r tr\u00faa\u00f0.<\/p>\n<p>\tOg sakir \u00feess bi\u00f0jum v\u00e9r einnin alla t\u00edma fyrir y\u00f0ur \u00fea\u00f0 vor Gu\u00f0 gj\u00f6ri y\u00f0ur ver\u00f0uga sinni kallan og uppfylli alla g\u00f3\u00f0vild n\u00e1\u00f0arinnar og tr\u00faarinnar verk \u00ed kraftinum so a\u00f0 \u00e1 y\u00f0ur ver\u00f0i pr\u00edsa\u00f0 nafn Drottins vors Jes\u00fa Christi og \u00fe\u00e9r \u00e1 honum eftir \u00feeirri n\u00e1\u00f0 vors Gu\u00f0s og Drottins Jes\u00fa Christi.<\/p>\n","protected":false},"excerpt":{"rendered":"<p>S. P\u00e1ls pistill til Tessalonicenses I. P\u00e1ll og Silvanus og T\u00edm\u00f3teus \u00feeim s\u00f6fnu\u00f0i til Tessalonia \u00ed Gu\u00f0i vorum f\u00f6\u00f0ur og Drottni Jes\u00fa Christo: [ N\u00e1\u00f0 s\u00e9 me\u00f0 y\u00f0ur og fri\u00f0ur af Gu\u00f0i vorum f\u00f6\u00f0ur og Drottni Jes\u00fa Christo. V\u00e9r skulum alltjafn gj\u00f6ra Gu\u00f0i \u00feakkir fyrir y\u00f0ur, k\u00e6rir br\u00e6\u00f0ur, sem a\u00f0 ver\u00f0ugt er. [ \u00dev\u00ed a\u00f0 y\u00f0ar tr\u00faa vex a\u00f0 n\u00e6rsta og k\u00e6rleikurinn s\u00e9rhvers me\u00f0al y\u00f0ar allra vega innbyr\u00f0is hver vi\u00f0 annan so a\u00f0 v\u00e9r hr\u00f3sum oss af y\u00f0ur \u00ed Gu\u00f0s s\u00f6fnu\u00f0i y\u00f0rar \u00feolinm\u00e6\u00f0i og tr\u00faar vegna \u00ed \u00f6llum y\u00f0ar ofs\u00f3knum og h\u00f6rmungum hverjar \u00fe\u00e9r \u00feoli\u00f0. Til \u00fatv\u00edsingar \u00fea\u00f0 Gu\u00f0 mun <a href=\"https:\/\/biblian.is\/gudbrandsbiblia\/sidara-thessalonikubref-1-kafli\/\"> [&#8230;]<\/a><\/p>\n","protected":false},"author":1,"featured_media":0,"parent":0,"menu_order":0,"comment_status":"open","ping_status":"open","template":"bibliukaflar.php","meta":{"footnotes":""},"class_list":["post-3968","page","type-page","status-publish","hentry"],"_links":{"self":[{"href":"https:\/\/biblian.is\/gudbrandsbiblia\/wp-json\/wp\/v2\/pages\/3968","targetHints":{"allow":["GET"]}}],"collection":[{"href":"https:\/\/biblian.is\/gudbrandsbiblia\/wp-json\/wp\/v2\/pages"}],"about":[{"href":"https:\/\/biblian.is\/gudbrandsbiblia\/wp-json\/wp\/v2\/types\/page"}],"author":[{"embeddable":true,"href":"https:\/\/biblian.is\/gudbrandsbiblia\/wp-json\/wp\/v2\/users\/1"}],"replies":[{"embeddable":true,"href":"https:\/\/biblian.is\/gudbrandsbiblia\/wp-json\/wp\/v2\/comments?post=3968"}],"version-history":[{"count":0,"href":"https:\/\/biblian.is\/gudbrandsbiblia\/wp-json\/wp\/v2\/pages\/3968\/revisions"}],"wp:attachment":[{"href":"https:\/\/biblian.is\/gudbrandsbiblia\/wp-json\/wp\/v2\/media?parent=3968"}],"curies":[{"name":"wp","href":"https:\/\/api.w.org\/{rel}","templated":true}]}}