{"id":3892,"date":"2017-12-18T18:35:00","date_gmt":"2017-12-18T18:35:00","guid":{"rendered":"http:\/\/biblian.is\/gudbrandsbiblia\/postulasagan-24-kafli\/"},"modified":"2017-12-18T18:35:00","modified_gmt":"2017-12-18T18:35:00","slug":"postulasagan-24-kafli","status":"publish","type":"page","link":"https:\/\/biblian.is\/gudbrandsbiblia\/postulasagan-24-kafli\/","title":{"rendered":"Postulasagan 24. kafli"},"content":{"rendered":"<p>XXIIII.<\/p>\n<p>En eftir fimm daga f\u00f3r Anan\u00edas kennimannah\u00f6f\u00f0ingi og \u00f6ldungarnir ofan og me\u00f0ur \u00feeim Tert\u00fallus m\u00e6lskuma\u00f0ur, hverjir sig tj\u00e1\u00f0u fyrir landsd\u00f3maranum \u00ed gegn P\u00e1li. <span class=\"athugasemd\" title=\"1 \/ P\u00e1ll \u00e1k\u00e6r\u00f0ur fyrir gu\u00f0lastan, upphlaup og saurgan musteris\">[<\/span> En a\u00f0 P\u00e1li fyrirk\u00f6llu\u00f0um t\u00f3k Tert\u00fallus til a\u00f0 \u00e1klaga hann og sag\u00f0i: &#8222;Af \u00fev\u00ed v\u00e9r lifum \u00ed miklum fri\u00f0i undir \u00fe\u00e9r og margar s\u00e6mdir veitast \u00feessu f\u00f3lki fyrir \u00fe\u00edna frams\u00fdni, \u00e1gjatasti Felix, hva\u00f0 v\u00e9r jafnan og \u00ed hvern sta\u00f0 til vor kj\u00f3sum me\u00f0 allri \u00feakkargj\u00f6r\u00f0. En a\u00f0 eg dragi \u00fea\u00f0 eigi langsamlega fyrir \u00fe\u00e9r bi\u00f0 eg \u00feig fyrir \u00fe\u00edna manndygg\u00f0 a\u00f0 \u00fe\u00fa heyrir oss f\u00e1ein or\u00f0.<\/p>\n<p>\t\u00deennan mann h\u00f6fum v\u00e9r fundi\u00f0 ska\u00f0legan \u00feann sundur\u00feykki upp\u00e6sir me\u00f0al allra Gy\u00f0inga um allan heim og foringja hins na\u00f0verska villud\u00f3ms. Hann hefur og einnin vi\u00f0urleitast a\u00f0 saurga musteri\u00f0, hvern v\u00e9r gripum og vildum hafa d\u00e6mt hann eftir l\u00f6gum vorum en Lysias yfirh\u00f6f\u00f0ingi kom \u00fear fram og greip hann me\u00f0 miklu ofurefli \u00far vorum h\u00f6ndum, bj\u00f3\u00f0andi hans \u00e1kl\u00f6gurum til \u00fe\u00edn a\u00f0 koma. Af hverjum \u00fe\u00fa m\u00e1tt kenna ef sj\u00e1lfur vilt eftirgrennslast alla \u00fe\u00e1 hluti um hverja v\u00e9r \u00e1kl\u00f6gum hann.&#8220; \u00de\u00e1 l\u00f6g\u00f0u Gy\u00f0ingar til og s\u00f6g\u00f0u \u00fea\u00f0 so vera.<\/p>\n<p>\tEn P\u00e1ll (\u00fe\u00e1 er landstj\u00f3rnarinn bau\u00f0 honum a\u00f0 tala) svara\u00f0i: <span class=\"athugasemd\" title=\"2 \/ Forsvar P\u00e1ls fyrir Felice \u00ed \u00feri\u00f0ja sinn\">[<\/span> &#8222;Me\u00f0 \u00fev\u00ed a\u00f0 eg veit \u00feig n\u00fa um m\u00f6rg \u00e1r d\u00f3mara veri\u00f0 hafa \u00feessarar \u00fej\u00f3\u00f0ar vil eg sj\u00e1lfur me\u00f0 \u00f3skelfdu hugarfari m\u00edna s\u00f6k forsvara. \u00dev\u00ed a\u00f0 \u00fe\u00fa m\u00e1tt vita a\u00f0 \u00fea\u00f0 eru eigi meir en t\u00f3lf dagar \u00fea\u00f0 eg kom aftur upp til Jer\u00fasalem a\u00f0 bi\u00f0jast fyrir. Og eigi hafa \u00feeir fundi\u00f0 mig tala vi\u00f0 nokkurn \u00ed musterinu e\u00f0ur gj\u00f6randi nokkurt upphlaup me\u00f0 f\u00f3lkinu, hvorki \u00ed borgum n\u00e9 samkunduh\u00fasum, og eigi geta \u00feeir \u00feetta sanna\u00f0 um hva\u00f0 \u00feeir k\u00e6ra mig.<\/p>\n<p>\tEn \u00fea\u00f0 j\u00e1ta eg \u00fe\u00e9r a\u00f0 eg \u00fej\u00f3na (eftir \u00feeim vegi hvern \u00feeir kalla villud\u00f3m) so Gu\u00f0i minna fe\u00f0ra a\u00f0 eg tr\u00fai \u00f6llu \u00fev\u00ed hva\u00f0 \u00ed l\u00f6gm\u00e1linu skrifa\u00f0 er og sp\u00e1m\u00f6nn\u00f6num, hafandi \u00fe\u00e1 von til Gu\u00f0s hverrar \u00feeir sj\u00e1lfir v\u00e6nta, einkum upprisu framli\u00f0inna, b\u00e6\u00f0i r\u00e9ttl\u00e1tra og rangl\u00e1tra. En \u00ed \u00feessu sama i\u00f0ka eg sj\u00e1lfan mig jafnan a\u00f0 hafa hindranarlausa samvisku b\u00e6\u00f0i vi\u00f0 Gu\u00f0 og menn.<\/p>\n<p>\tEn m\u00f6rgum \u00e1rum eftir kom eg og f\u00e6r\u00f0a m\u00ednu f\u00f3lki \u00f6lmusugjafir og offur. \u00dear me\u00f0 fundu \u00feeir mig a\u00f0 eg l\u00e9t mig hreinsa \u00ed musterinu, eigi me\u00f0 h\u00e1va\u00f0a n\u00e9 nokkru upphlaupi. En \u00fear voru nokkrir Gy\u00f0ingar \u00far Asia hverjir h\u00e9r \u00e6ttu a\u00f0 vera fyrir \u00fe\u00e9r og \u00e1klaga mig ef \u00feeir hef\u00f0i eitthva\u00f0 m\u00e9r \u00ed m\u00f3ti. Elligar l\u00e1t \u00feessa sj\u00e1lfa segja hvort \u00feeir hafa nokkurt rangfer\u00f0ugt \u00e1 m\u00e9r fundi\u00f0 \u00e1 me\u00f0an eg stend h\u00e9r fyrir r\u00e1\u00f0inu, nema alleinasta fyrir \u00feessa eins or\u00f0s sakir \u00fe\u00e1 er eg st\u00f3\u00f0 \u00feeirra \u00ed milli og kalla\u00f0i: Um upprisu framli\u00f0inna ver\u00f0 eg \u00ed dag af y\u00f0ur \u00e1klaga\u00f0ur.&#8220;<\/p>\n<p>\tOg er Felix heyr\u00f0i \u00feetta teyg\u00f0i hann fyrir \u00feeim \u00fev\u00ed a\u00f0 hann vissi grannt af \u00feessum vegi og sag\u00f0i: <span class=\"athugasemd\" title=\"3 \/ Felix sk\u00fdtur \u00e1 frest \u00e1k\u00e6ru Gy\u00f0inga \u00ed gegn P\u00e1li\">[<\/span> &#8222;N\u00e6r Lysias yfirh\u00f6f\u00f0ingi kemur ofan \u00fe\u00e1 vil eg forheyra y\u00f0ar m\u00e1lefni.&#8220; En hann skipa\u00f0i undirh\u00f6f\u00f0ingjanum a\u00f0 forvara P\u00e1l og l\u00e1ta hann hafa hv\u00edld og fyrirbj\u00f3\u00f0a ei neinum af hans a\u00f0 \u00fej\u00f3na honum e\u00f0ur til hans a\u00f0 koma.<\/p>\n<p>\tNokkrum d\u00f6gum \u00fear eftir kom Felix me\u00f0 h\u00fasfreyju sinni Drusilla hver e\u00f0 var Gy\u00f0ingakyns. \u00deau k\u00f6llu\u00f0u \u00e1 P\u00e1l og heyr\u00f0u af honum um tr\u00fana sem er \u00e1 Christum. En \u00fe\u00e1 P\u00e1ll tala\u00f0i um r\u00e9ttv\u00edsi og hreinl\u00edfi og af eftirkomanda d\u00f3mi skelfdist Felix og ansa\u00f0i: &#8222;Gakk h\u00e9\u00f0an a\u00f0 sinni. N\u00e6r eg hefi t\u00f3mstund til mun eg \u00feig kalla l\u00e1ta.&#8220; En hann v\u00e6nti jafnframmi \u00fea\u00f0 honum mundi peningar gefast af P\u00e1li so a\u00f0 hann l\u00e9ti hann lausan. Fyrir \u00fev\u00ed l\u00e9t hann oftsinnis kalla \u00e1 hann og \u00e1tti tal vi\u00f0 hann. En a\u00f0 li\u00f0num tveimur \u00e1rum kom Port\u00edus Festus \u00ed Felix sta\u00f0. Felix vildi \u00fe\u00e1 s\u00fdna Gy\u00f0ingum velsemd og l\u00e9t \u00fe\u00e1 P\u00e1l bundinn eftir sig. <span class=\"athugasemd\" title=\"4 \/ Paulus tv\u00f6 \u00e1r \u00ed fangelsi til Cesarea\">[<\/span><\/p>\n","protected":false},"excerpt":{"rendered":"<p>XXIIII. En eftir fimm daga f\u00f3r Anan\u00edas kennimannah\u00f6f\u00f0ingi og \u00f6ldungarnir ofan og me\u00f0ur \u00feeim Tert\u00fallus m\u00e6lskuma\u00f0ur, hverjir sig tj\u00e1\u00f0u fyrir landsd\u00f3maranum \u00ed gegn P\u00e1li. [ En a\u00f0 P\u00e1li fyrirk\u00f6llu\u00f0um t\u00f3k Tert\u00fallus til a\u00f0 \u00e1klaga hann og sag\u00f0i: &#8222;Af \u00fev\u00ed v\u00e9r lifum \u00ed miklum fri\u00f0i undir \u00fe\u00e9r og margar s\u00e6mdir veitast \u00feessu f\u00f3lki fyrir \u00fe\u00edna frams\u00fdni, \u00e1gjatasti Felix, hva\u00f0 v\u00e9r jafnan og \u00ed hvern sta\u00f0 til vor kj\u00f3sum me\u00f0 allri \u00feakkargj\u00f6r\u00f0. En a\u00f0 eg dragi \u00fea\u00f0 eigi langsamlega fyrir \u00fe\u00e9r bi\u00f0 eg \u00feig fyrir \u00fe\u00edna manndygg\u00f0 a\u00f0 \u00fe\u00fa heyrir oss f\u00e1ein or\u00f0. \u00deennan mann h\u00f6fum v\u00e9r fundi\u00f0 ska\u00f0legan \u00feann sundur\u00feykki upp\u00e6sir <a href=\"https:\/\/biblian.is\/gudbrandsbiblia\/postulasagan-24-kafli\/\"> [&#8230;]<\/a><\/p>\n","protected":false},"author":1,"featured_media":0,"parent":0,"menu_order":0,"comment_status":"open","ping_status":"open","template":"bibliukaflar.php","meta":{"footnotes":""},"class_list":["post-3892","page","type-page","status-publish","hentry"],"_links":{"self":[{"href":"https:\/\/biblian.is\/gudbrandsbiblia\/wp-json\/wp\/v2\/pages\/3892","targetHints":{"allow":["GET"]}}],"collection":[{"href":"https:\/\/biblian.is\/gudbrandsbiblia\/wp-json\/wp\/v2\/pages"}],"about":[{"href":"https:\/\/biblian.is\/gudbrandsbiblia\/wp-json\/wp\/v2\/types\/page"}],"author":[{"embeddable":true,"href":"https:\/\/biblian.is\/gudbrandsbiblia\/wp-json\/wp\/v2\/users\/1"}],"replies":[{"embeddable":true,"href":"https:\/\/biblian.is\/gudbrandsbiblia\/wp-json\/wp\/v2\/comments?post=3892"}],"version-history":[{"count":0,"href":"https:\/\/biblian.is\/gudbrandsbiblia\/wp-json\/wp\/v2\/pages\/3892\/revisions"}],"wp:attachment":[{"href":"https:\/\/biblian.is\/gudbrandsbiblia\/wp-json\/wp\/v2\/media?parent=3892"}],"curies":[{"name":"wp","href":"https:\/\/api.w.org\/{rel}","templated":true}]}}