{"id":3890,"date":"2017-12-18T18:35:00","date_gmt":"2017-12-18T18:35:00","guid":{"rendered":"http:\/\/biblian.is\/gudbrandsbiblia\/postulasagan-22-kafli\/"},"modified":"2017-12-18T18:35:00","modified_gmt":"2017-12-18T18:35:00","slug":"postulasagan-22-kafli","status":"publish","type":"page","link":"https:\/\/biblian.is\/gudbrandsbiblia\/postulasagan-22-kafli\/","title":{"rendered":"Postulasagan 22. kafli"},"content":{"rendered":"<p>XXII.<\/p>\n<p>&#8222;\u00de\u00e9r menn, g\u00f3\u00f0ir br\u00e6\u00f0ur og fe\u00f0ur, heyri\u00f0 n\u00fa mitt forsvar til y\u00f0ar.&#8220; <span class=\"athugasemd\" title=\"1 \/ Fyrsta forsvaran P\u00e1ls \u00ed m\u00f3ti hans sakargiftum\">[<\/span> En sem \u00feeir heyr\u00f0u hann tala ebreska tungu til \u00feeirra gj\u00f6r\u00f0ust \u00feeir enn hlj\u00f3\u00f0ari. Og hann sag\u00f0i: &#8222;Eg em ma\u00f0ur Gy\u00f0ingakyns, f\u00e6ddur \u00fat \u00ed Tarsen \u00ed Cilicia en uppalinn \u00ed \u00feessari borg til f\u00f3ta Gamalielis og af \u00f6llu kostg\u00e6fi l\u00e6r\u00f0ur \u00ed f\u00f6\u00f0urlegu l\u00f6gm\u00e1li og var laganna vandl\u00e6tari l\u00edka sem \u00fe\u00e9r eru\u00f0 allir enn \u00ed dag. Eg hefi og \u00feennan veg ofs\u00f3tt allt til dau\u00f0a. <span class=\"athugasemd\" title=\"2 \/ Paulus ofs\u00f3knari \u00feeirra kristnu\">[<\/span> Eg batt og \u00ed var\u00f0h\u00f6ld seldi b\u00e6\u00f0i menn og konur so sem kennimannah\u00f6f\u00f0inginn og allir \u00f6ldungar bera m\u00e9r vitni um, af hverjum eg me\u00f0t\u00f3k br\u00e9f til br\u00e6\u00f0ranna og f\u00f3r til Damasco \u00fea\u00f0 eg dr\u00e6gi \u00fe\u00e1 bundna til Jer\u00fasalem sem \u00fear voru so a\u00f0 \u00feeir m\u00e6tti p\u00edndir ver\u00f0a.<\/p>\n<p>\tEn \u00fea\u00f0 ske\u00f0i \u00fe\u00e1 eg \u00feanga\u00f0 f\u00f3r og t\u00f3k n\u00e1lgast Damascum n\u00e6r mi\u00f0jum degi a\u00f0 leiftra\u00f0i um mig skyndilega lj\u00f3s miki\u00f0 af himni og eg f\u00e9ll til jar\u00f0ar og heyr\u00f0i r\u00f6dd \u00fe\u00e1 er til m\u00edn sag\u00f0i: <span class=\"athugasemd\" title=\"3 \/ Umvendan P\u00e1ls, hvernin h\u00fan ske\u00f0i\">[<\/span> Saul, Saul, hvar til ofs\u00e6kir \u00fe\u00fa mig? En eg svara\u00f0i: Hver ertu, l\u00e1var\u00f0ur? Og han sag\u00f0i til m\u00edn: Eg em Jes\u00fas af Na\u00f0saret, hvern \u00fe\u00fa ofs\u00e6kir. Og \u00feeir sem me\u00f0 m\u00e9r voru s\u00e1u a\u00f0 s\u00f6nnu lj\u00f3si\u00f0 og ur\u00f0u felmsfullir en r\u00f6ddina \u00fe\u00e1 er vi\u00f0 mig tala\u00f0i heyr\u00f0u \u00feeir ei. En eg sag\u00f0a: Herra, hva\u00f0 skal eg gj\u00f6ra? Drottinn sag\u00f0i til m\u00edn: Statt upp og gakk \u00ed Damascum. \u00dear mun \u00fe\u00e9r sagt ver\u00f0a af \u00f6llu hva\u00f0 \u00fe\u00e9r tilskikka\u00f0 er a\u00f0 gj\u00f6ra. En sem eg gat ei s\u00e9\u00f0 fyrir lj\u00f3sins bjartleik var\u00f0 eg handleiddur af m\u00ednum f\u00f6runautum og kom til Damascum.<\/p>\n<p>\tEn \u00fear var gu\u00f0hr\u00e6ddur mann eftir l\u00f6gm\u00e1linu, Anan\u00edas, s\u00e1 g\u00f3\u00f0an or\u00f0st\u00edr haf\u00f0i af \u00f6llum Gy\u00f0ingum er \u00fear bjuggu. <span class=\"athugasemd\" title=\"Anan\u00edas\">[<\/span> Hann kom til m\u00edn, gekk a\u00f0 m\u00e9r og sag\u00f0i: Saul, br\u00f3\u00f0ir, l\u00edttu upp. Og eg leit til hans \u00e1 samri stund. Hann sag\u00f0i \u00fe\u00e1: <span class=\"athugasemd\" title=\"4 \/ Kallan Pauli\">[<\/span> Gu\u00f0 fe\u00f0ra vorra hefur skikka\u00f0 \u00feig til a\u00f0 \u00fe\u00fa skyldir vi\u00f0urkenna hans vilja og \u00e1ttir a\u00f0 sj\u00e1 \u00deann <span class=\"athugasemd\" title=\"1 \/ (R\u00e9ttl\u00e1ta) \/ Christum\">[<\/span> r\u00e9ttl\u00e1ta og heyra r\u00f6dd af hans munni. \u00dev\u00ed a\u00f0 \u00fe\u00fa munt hans vottur ver\u00f0a til allra manna \u00feeirra hluta sem \u00fe\u00fa hefur s\u00e9\u00f0 og heyrt. Og hva\u00f0 tefur \u00feig n\u00fa? R\u00eds upp og l\u00e1t sk\u00edra \u00feig og af\u00fevo so \u00fe\u00ednar syndir og \u00e1kalla \u00fe\u00fa nafn Drottins.<\/p>\n<p>\t\u00dea\u00f0 ske\u00f0i og \u00fe\u00e1 eg kom aftur til Jer\u00fasalem er eg var \u00e1 b\u00e6n \u00ed musterinu a\u00f0 eg var\u00f0 numinn fr\u00e1 m\u00e9r og eg s\u00e1 hann. <span class=\"athugasemd\" title=\"5 \/ Christur birtist P\u00e1li \u00ed musterinu\">[<\/span> \u00de\u00e1 sag\u00f0i hann til m\u00edn: Skunda \u00feig og far burt af Jer\u00fasalem \u00fev\u00ed a\u00f0 \u00feeir me\u00f0taka eigi \u00feinn vitnisbur\u00f0 um mig. En eg sag\u00f0a: Drottinn, \u00feeir vita sj\u00e1lfir \u00fea\u00f0 eg dr\u00f3 \u00ed myrkvastofu og l\u00e9t lemja \u00ed \u00fdmsum samkunduh\u00fasum \u00fe\u00e1 sem \u00e1 \u00feig tr\u00fa\u00f0u. Og \u00fe\u00e1 er bl\u00f3\u00f0 Stef\u00e1ns \u00fe\u00edns vottar \u00fathelltist st\u00f3\u00f0 eg \u00fear hj\u00e1 og var samsinnandi hans dau\u00f0a og eg geymda \u00feeirra f\u00f6t sem hann \u00ed hel sl\u00f3gu. Og hann sag\u00f0i til m\u00edn: Far h\u00e9\u00f0an \u00fev\u00ed a\u00f0 eg vil senda \u00feig langt \u00ed burt me\u00f0al hei\u00f0inna \u00fej\u00f3\u00f0a.&#8220; <span class=\"athugasemd\" title=\"Act. 8\">[<\/span> <\/p>\n<p>\tEn \u00feeir heyr\u00f0u honum allt a\u00f0 \u00fev\u00ed or\u00f0i, h\u00f3fu upp raddirnar og s\u00f6g\u00f0u: <span class=\"athugasemd\" title=\"6 \/ Grimmd G\u00f0yinga \u00ed gegn P\u00e1li\">[<\/span> &#8222;Afm\u00e1 \u00feess h\u00e1ttar mann af j\u00f6r\u00f0u \u00fev\u00ed a\u00f0 honum er eigi leyfilegt a\u00f0 lifa!&#8220; En sem \u00feeir k\u00f6llu\u00f0u v\u00f6rpu\u00f0u \u00feeir af s\u00e9r kl\u00e6\u00f0unum og fleyg\u00f0u moldu \u00ed loft upp. Yfirh\u00f6f\u00f0inginn bau\u00f0 \u00fe\u00e1 a\u00f0 hann skyldi lei\u00f0ast inn \u00ed kastalann og skipa\u00f0i \u00feeim a\u00f0 forheyra hann og h\u00fa\u00f0str\u00fdkja so hann fengi a\u00f0 vita fyrir hverja s\u00f6k a\u00f0 \u00feeir k\u00f6llu\u00f0u so yfir honum. Og er hann reyr\u00f0i hann a\u00f0 me\u00f0 taugum sag\u00f0i P\u00e1ll til undirh\u00f6f\u00f0ingjans er st\u00f3\u00f0 n\u00e6r honum hvort \u00feeim v\u00e6ri \u00fea\u00f0 leyfilegt a\u00f0 h\u00fa\u00f0str\u00fdkja r\u00f3mverskn mann \u00f3d\u00e6mdan. <span class=\"athugasemd\" title=\"7 \/ P\u00e1ll r\u00f3mverskur borgari\">[<\/span> Og er undirh\u00f6f\u00f0inginn heyr\u00f0i \u00fea\u00f0 gekk hann til yfirh\u00f6f\u00f0ingjans og undirv\u00edsa\u00f0i honum \u00fea\u00f0 og sag\u00f0i: &#8222;Hva\u00f0 viltu til gj\u00f6ra? \u00deessi ma\u00f0ur er r\u00f3mverskur.&#8220;<\/p>\n<p>\t\u00de\u00e1 kom yfirh\u00f6f\u00f0inginn \u00feanga\u00f0 og sag\u00f0i til hans: &#8222;Seg m\u00e9r ef \u00fe\u00fa ert r\u00f3mverskur?&#8220; En hann sag\u00f0i: &#8222;J\u00e1.&#8220; Undirh\u00f6f\u00f0inginn svara\u00f0i: &#8222;\u00deennan borgarr\u00e9tt hlaut eg \u00e6rnu f\u00e9 a\u00f0 kaupa.&#8220; P\u00e1ll sag\u00f0i: &#8222;Eg em r\u00f3mverskur f\u00e6ddur.&#8220; Jafnskj\u00f3tt gengu \u00feeir fr\u00e1 honum sem hann skyldu hafa forheyrt og yfirh\u00f6f\u00f0inginn \u00f3tta\u00f0ist e\u00f0 hann fornam \u00fea\u00f0 hann var r\u00f3mverskur a\u00f0 hann haf\u00f0i l\u00e1ti\u00f0 binda hann.<\/p>\n<p>\tAnnan dag eftir vildi hann greinilegar vita fyrir hverja s\u00f6k hann klaga\u00f0ist af Gy\u00f0ingum og leysti hann \u00far b\u00f6ndum og bau\u00f0 kennimannah\u00f6f\u00f0ingjum og \u00f6llu \u00feeirra r\u00e1\u00f0i samankoma og leiddi s\u00ed\u00f0an P\u00e1l fram og setti hann hj\u00e1 \u00feeim.<\/p>\n","protected":false},"excerpt":{"rendered":"<p>XXII. &#8222;\u00de\u00e9r menn, g\u00f3\u00f0ir br\u00e6\u00f0ur og fe\u00f0ur, heyri\u00f0 n\u00fa mitt forsvar til y\u00f0ar.&#8220; [ En sem \u00feeir heyr\u00f0u hann tala ebreska tungu til \u00feeirra gj\u00f6r\u00f0ust \u00feeir enn hlj\u00f3\u00f0ari. Og hann sag\u00f0i: &#8222;Eg em ma\u00f0ur Gy\u00f0ingakyns, f\u00e6ddur \u00fat \u00ed Tarsen \u00ed Cilicia en uppalinn \u00ed \u00feessari borg til f\u00f3ta Gamalielis og af \u00f6llu kostg\u00e6fi l\u00e6r\u00f0ur \u00ed f\u00f6\u00f0urlegu l\u00f6gm\u00e1li og var laganna vandl\u00e6tari l\u00edka sem \u00fe\u00e9r eru\u00f0 allir enn \u00ed dag. Eg hefi og \u00feennan veg ofs\u00f3tt allt til dau\u00f0a. [ Eg batt og \u00ed var\u00f0h\u00f6ld seldi b\u00e6\u00f0i menn og konur so sem kennimannah\u00f6f\u00f0inginn og allir \u00f6ldungar bera m\u00e9r vitni um, af <a href=\"https:\/\/biblian.is\/gudbrandsbiblia\/postulasagan-22-kafli\/\"> [&#8230;]<\/a><\/p>\n","protected":false},"author":1,"featured_media":0,"parent":0,"menu_order":0,"comment_status":"open","ping_status":"open","template":"bibliukaflar.php","meta":{"footnotes":""},"class_list":["post-3890","page","type-page","status-publish","hentry"],"_links":{"self":[{"href":"https:\/\/biblian.is\/gudbrandsbiblia\/wp-json\/wp\/v2\/pages\/3890","targetHints":{"allow":["GET"]}}],"collection":[{"href":"https:\/\/biblian.is\/gudbrandsbiblia\/wp-json\/wp\/v2\/pages"}],"about":[{"href":"https:\/\/biblian.is\/gudbrandsbiblia\/wp-json\/wp\/v2\/types\/page"}],"author":[{"embeddable":true,"href":"https:\/\/biblian.is\/gudbrandsbiblia\/wp-json\/wp\/v2\/users\/1"}],"replies":[{"embeddable":true,"href":"https:\/\/biblian.is\/gudbrandsbiblia\/wp-json\/wp\/v2\/comments?post=3890"}],"version-history":[{"count":0,"href":"https:\/\/biblian.is\/gudbrandsbiblia\/wp-json\/wp\/v2\/pages\/3890\/revisions"}],"wp:attachment":[{"href":"https:\/\/biblian.is\/gudbrandsbiblia\/wp-json\/wp\/v2\/media?parent=3890"}],"curies":[{"name":"wp","href":"https:\/\/api.w.org\/{rel}","templated":true}]}}