{"id":3870,"date":"2017-12-18T18:34:57","date_gmt":"2017-12-18T18:34:57","guid":{"rendered":"http:\/\/biblian.is\/gudbrandsbiblia\/postulasagan-2-kafli\/"},"modified":"2017-12-18T18:34:57","modified_gmt":"2017-12-18T18:34:57","slug":"postulasagan-2-kafli","status":"publish","type":"page","link":"https:\/\/biblian.is\/gudbrandsbiblia\/postulasagan-2-kafli\/","title":{"rendered":"Postulasagan 2. kafli"},"content":{"rendered":"<p>II.<\/p>\n<p>Og \u00fe\u00e1 er fullkomnu\u00f0ust hv\u00edtasunnudagar voru \u00feeir allir me\u00f0 einum huga \u00ed \u00feeim sama sta\u00f0. <span class=\"athugasemd\" title=\"1 \/ Postularnir sk\u00edrast me\u00f0 helgum anda eftir fyrirheitinu til a\u00f0 \u00fatbera evangelium \u00fat af \u00feeim krossfesta Jes\u00fa\">[<\/span> Og \u00fear var\u00f0 skyndilega \u00feytur af himni l\u00edka sem mikils tilkomandi vindar og fylldi upp allt h\u00fasi\u00f0 \u00fear \u00feeir s\u00e1tu \u00ed. Og \u00e1 \u00feeim s\u00e1ust sundurgreinilegar tungur so sem a\u00f0 v\u00e6ri \u00fe\u00e6r gl\u00f3andi. Hann setti sig yfir s\u00e9rhvern \u00feeirra. Og \u00feeir ur\u00f0u allir fullir af heil\u00f6gum anda og t\u00f3ku a\u00f0 m\u00e6la \u00fdmislegar tungur eftir \u00fev\u00ed sem heilagur andi gaf \u00feeim til \u00fat a\u00f0 tala.<\/p>\n<p>\tEn \u00fear voru Gy\u00f0ingar byggjandi til Jer\u00fasalem, gu\u00f0legir menn \u00fat af allra handa \u00fej\u00f3\u00f0 \u00feeirri sem undir himninum er. Og er \u00feessi r\u00f6dd ske\u00f0i kom mannfj\u00f6ldinn til samans og var\u00f0 \u00f3ttasleginn \u00fev\u00ed a\u00f0 hver og einn heyr\u00f0i \u00fe\u00e1 tala s\u00edna tungu so \u00fea\u00f0 a\u00f0 allir t\u00f3ku a\u00f0 \u00f3ttast og undrast og s\u00f6g\u00f0u: <span class=\"athugasemd\" title=\"2 \/ Felmtur og undran margra \u00fej\u00f3\u00f0a vegna \u00feess margfalda tungum\u00e1ls sem postulunum var gefi\u00f0\">[<\/span> &#8222;Sj\u00e1, eru \u00feessir eigi allir sem \u00fear tala \u00fat af Galilea? Hvernin heyrum v\u00e9r \u00fe\u00e1 hver einn sitt tungum\u00e1l \u00fear e\u00f0 v\u00e9r erum innif\u00e6ddir? Parthi og Medi og Elamite og \u00feeir sem byggja \u00ed Mesopotamia, Judea, Capadocia, Ponto og Asia, Phrygia og Pamphilia, \u00e1 Egyptalandi og \u00ed \u00e1lfum Lybie, hverjar eru n\u00e6rri Cirenia, og \u00fatlenskir af Roma, Gy\u00f0ingar og \u00feeir sem J\u00fa\u00f0ar h\u00f6f\u00f0u gj\u00f6rst, Kretar og Arab\u00edar \u0096 og v\u00e9r heyrum \u00fe\u00e1 tala vorum tungum Gu\u00f0s st\u00f3rmerki!&#8220; En allir ur\u00f0u \u00f3ttaslegnir og undru\u00f0ust \u00fea\u00f0, segandi s\u00edn \u00e1 millum: &#8222;Hva\u00f0 mun \u00feetta vilja ver\u00f0a?&#8220; En a\u00f0rir d\u00e1ru\u00f0u \u00fe\u00e1 og s\u00f6g\u00f0u a\u00f0 \u00feeir f\u00e6ri fullir af n\u00fdju v\u00edni.<\/p>\n<p>\t\u00de\u00e1 st\u00f3\u00f0 upp P\u00e9tur me\u00f0ur \u00feeim ellefu, h\u00f3f upp s\u00edna raust og tala\u00f0i til \u00feeirra: <span class=\"athugasemd\" title=\"3 \/ Pr\u00e9dikan Petri biv\u00edsandi af sp\u00e1m\u00f6nnum um heilags anda sending\">[<\/span> &#8222;\u00de\u00e9r Gy\u00f0ignar, g\u00f3\u00f0ir menn, og \u00fe\u00e9r allir sem b\u00fai\u00f0 til Jer\u00fasalem: \u00dea\u00f0 s\u00e9 y\u00f0ur kunnigt og l\u00e1ti\u00f0 y\u00f0ur m\u00edn or\u00f0 \u00ed eyrum lo\u00f0a \u00fev\u00ed a\u00f0 \u00feessir eru eigi drukknir sem \u00fe\u00e9r meintu\u00f0 \u00e1 me\u00f0an \u00fea\u00f0 er ei meir en \u00feri\u00f0ja stund dags heldur er \u00feetta \u00fea\u00f0 hva\u00f0 sagt var \u00e1\u00f0ur fyrir sp\u00e1manninn J\u00f3hel: \u00dea\u00f0 skal ske \u00e1 s\u00ed\u00f0\u00f6stu d\u00f6gum, segir Drottinn, a\u00f0 eg skal \u00fathella af m\u00ednum anda yfir allt hold. Og synir y\u00f0rir og d\u00e6tur y\u00f0rar skulu fyrirsp\u00e1 og ungmenni y\u00f0ar skulu sj\u00f3nir sj\u00e1 og y\u00f0rir \u00f6ldungar skulu drauma dreyma. og eg skal a\u00f0 v\u00edsu \u00fathella af m\u00ednum anda \u00e1 \u00feeim d\u00f6gum yfir m\u00edna \u00fer\u00e6la og m\u00ednar amb\u00e1ttir og \u00feeir skulu fyrirsp\u00e1. Og eg skal gefa st\u00f3rmerki \u00e1 himnum uppi og teikn \u00e1 j\u00f6r\u00f0u ni\u00f0ri, bl\u00f3\u00f0 og eld og reyksv\u00e6lu. S\u00f3lin skal sn\u00faast \u00ed myrkur en tungli\u00f0 \u00ed bl\u00f3\u00f0 \u00e1\u00f0ur en s\u00e1 hinn mikli og alkunni dagur Drottins kemur. Og \u00fea\u00f0 skal og ske a\u00f0 hver hann \u00e1kallar nafn Drottins s\u00e1 skal h\u00f3lpinn ver\u00f0a.<\/p>\n<p>\t\u00de\u00e9r \u00cdsraelsmenn, heyri\u00f0 \u00feessi or\u00f0: <span class=\"athugasemd\" title=\"4 \/ Petrus sannar me\u00f0 Ritningunni a\u00f0 Jes\u00fas af Na\u00f0saret, hvern Gy\u00f0ingar krossfestu, s\u00e9 upprisinn og r\u00edki til f\u00f6\u00f0ursins h\u00e6gri handar, a\u00f0 hann s\u00e9 Drottinn og Christus s\u00e1 fyrirheitni, hver n\u00fa hefur \u00fathellt \u00feeim helga anda\">[<\/span> Jes\u00fam af Na\u00f0saret, einn mann af Gu\u00f0i vi\u00f0 y\u00f0ur augl\u00fdstan me\u00f0 kraftaverkum, st\u00f3rmerkjum og t\u00e1knum \u00feau er Gu\u00f0 gj\u00f6r\u00f0i fyrir hann \u00e1 me\u00f0al y\u00f0ar, so sem \u00fe\u00e9r sj\u00e1lfir vel viti\u00f0, \u00feann sama (eftir \u00fea\u00f0 hann var af tilsettu r\u00e1\u00f0i og Gu\u00f0s fyrirhugsan ofurseldur) hafi \u00fe\u00e9r teki\u00f0 hann fyrir hendur rangl\u00e1tra og krossfest hann og l\u00edfl\u00e1ti\u00f0. \u00deennan hefur Gu\u00f0 uppreistan a\u00f0 uppleystum dau\u00f0ans h\u00f6rmum fyrir \u00fev\u00ed a\u00f0 \u00fea\u00f0 var \u00f3m\u00f6gulegt a\u00f0 hann skyldi af honum haldinn ver\u00f0a. \u00dev\u00ed a\u00f0 Dav\u00ed\u00f0 segir so af honum: Eg hefi alla t\u00edma Drottin fyrir minni augs\u00fdn settan \u00fev\u00ed hann er m\u00e9r til h\u00e6gri handar so a\u00f0 eg skelfunst eigi. Fyrir \u00fea\u00f0 er mitt hjarta gla\u00f0v\u00e6rt og tunga m\u00edn gle\u00f0st af \u00fev\u00ed mitt hold mun hv\u00edlast \u00ed voninni. \u00dev\u00ed a\u00f0 \u00fe\u00fa munt eigi forl\u00e1ta m\u00edna \u00f6nd \u00ed helv\u00edti og eigi leyfir \u00fe\u00fa \u00fea\u00f0 a\u00f0 \u00feinn heilagi skuli rotnan sj\u00e1. Kunna gj\u00f6r\u00f0ir \u00fe\u00fa m\u00e9r l\u00edfsins vegu, \u00fe\u00fa munt mig me\u00f0ur gle\u00f0i fylla fyrir \u00fe\u00ednu augliti.<\/p>\n<p>\t\u00de\u00e9r menn, g\u00f3\u00f0ir br\u00e6\u00f0ur, leyfi\u00f0 m\u00e9r me\u00f0 frelsi til y\u00f0ar a\u00f0 tala af forf\u00f6\u00f0urnum Dav\u00ed\u00f0. Hann er framli\u00f0inn og greftra\u00f0ur og hans gr\u00f6f er h\u00e9r hj\u00e1 oss allt til \u00feessa dags. Af \u00fev\u00ed a\u00f0 hann var n\u00fa sp\u00e1ma\u00f0ur og vissi \u00fea\u00f0 a\u00f0 Gu\u00f0 haf\u00f0i honum me\u00f0 ei\u00f0i fyrirheiti\u00f0 \u00fea\u00f0 frj\u00f3vgun hans lenda skyldi \u00e1 hans st\u00f3li sitja hefur hann \u00fea\u00f0 \u00e1\u00f0ur fyrirs\u00e9\u00f0 og tala\u00f0 af Krists upprisu, a\u00f0 hans s\u00e1la s\u00e9 eigi \u00ed helv\u00edti forl\u00e1tin og eigi hafi hann rotnan s\u00e9\u00f0.<\/p>\n<p>\t\u00deennan Jes\u00fam uppvakti Gu\u00f0 hvers vottar v\u00e9r erum allir. N\u00fa hann er fyrir Gu\u00f0s h\u00e6gri h\u00f6nd upphafinn. Og a\u00f0 me\u00f0teknu heilags anda fyrirheiti af f\u00f6\u00f0urnum \u00fathellti hann \u00feessu \u00fea\u00f0 \u00fe\u00e9r sj\u00e1i\u00f0 og heyri\u00f0. \u00dev\u00ed a\u00f0 Dav\u00ed\u00f0 er eigi uppstiginn til himna en hann segir: <span class=\"athugasemd\" title=\"Psal. 109\">[<\/span> Drottinn sag\u00f0i Drottni m\u00ednum: Sit \u00fe\u00fa til minnar h\u00e6gri handar \u00fear til eg set \u00f3vini \u00fe\u00edna til skarar \u00feinna f\u00f3ta. \u00dev\u00ed viti\u00f0 \u00fea\u00f0 n\u00fa fyrir sann, allt \u00cdsraels h\u00fas, a\u00f0 Gu\u00f0 gj\u00f6r\u00f0i \u00feennan Jes\u00fam hvern \u00fe\u00e9r krossfestu\u00f0 a\u00f0 einum Drottni og Kristi.&#8220;<\/p>\n<p>\tEn er \u00feeir h\u00f6f\u00f0u \u00feetta heyrt samstungust \u00feeir \u00ed hjartanu og s\u00f6g\u00f0u til P\u00e9turs og til annarra postulanna: <span class=\"athugasemd\" title=\"5 \/ Fyrsta pr\u00e9dikun Petri um i\u00f0ranina og syndanna fyrirgefning\">[<\/span> &#8222;\u00de\u00e9r menn og g\u00f3\u00f0ir br\u00e6\u00f0ur, hva\u00f0 skulu v\u00e9r gj\u00f6ra?&#8220; P\u00e9tur sag\u00f0i til \u00feeirra: &#8222;Gj\u00f6ri\u00f0 yfirb\u00f3t og hver y\u00f0ar einn l\u00e1ti sk\u00edra sig \u00ed nafni Jes\u00fa Christi til fyrirgefningar y\u00f0ar synda. \u00de\u00e1 munu \u00fe\u00e9r me\u00f0taka heilags anda gj\u00f6f. \u00dev\u00ed a\u00f0 y\u00f0vart og y\u00f0ara barna er fyrirheiti\u00f0 og allra \u00feeirra sem \u00ed fjarska eru hverja helst e\u00f0 Gu\u00f0 Drottinn vor h\u00e9r til kallar.&#8220; Og me\u00f0 m\u00f6rgum \u00f6\u00f0rum or\u00f0um vitna\u00f0i hann fyrir \u00feeim, \u00e1minnti \u00fe\u00e1 og sag\u00f0i: &#8222;L\u00e1ti\u00f0 frelsa y\u00f0ur \u00ed fr\u00e1 \u00feessari vondri kynsl\u00f3\u00f0.&#8220; Og \u00feeir sem f\u00fasir me\u00f0t\u00f3ku hans or\u00f0 voru sk\u00edr\u00f0ir. Og \u00fear ur\u00f0u \u00e1 \u00feeim degi vi\u00f0auknir n\u00e6r \u00ferim \u00fe\u00fasundum s\u00e1lna.<\/p>\n<p>\t\u00deeir blifu og allir st\u00f6\u00f0ugir \u00ed postulanna kenningu og \u00ed samnneyti og brau\u00f0sins brotningu og \u00ed b\u00e6nahaldi. <span class=\"athugasemd\" title=\"6 \/ Sameign allra hluta frj\u00e1ls, viljanleg, eigi af Gu\u00f0i bo\u00f0in n\u00e9 skipu\u00f0\">[<\/span> Og allra s\u00e1lir ur\u00f0u \u00f3ttaslegnar. Og \u00fear gj\u00f6r\u00f0ust m\u00f6rg teikn og st\u00f3rmerki fyrir postulana. En allir \u00feeir sem tr\u00faa\u00f0ir voru or\u00f0nir voru til samans og h\u00f6f\u00f0u alla hluti sameiginlega. Eignir s\u00ednar og fastag\u00f3ss seldu \u00feeir og sundurskiptu \u00fev\u00ed me\u00f0al allra eftir \u00fev\u00ed sem hverjum var \u00fe\u00f6rf \u00e1. Og jafnan voru \u00feeir daglega me\u00f0 einum huga hver hj\u00e1 \u00f6\u00f0rum \u00ed musterinu og brutu brau\u00f0i\u00f0 \u00ed \u00fdmsum h\u00fasum, t\u00f3ku f\u00e6\u00f0slu og lofu\u00f0u Gu\u00f0 me\u00f0 gle\u00f0i og einf\u00f6ldu hjarta og h\u00f6f\u00f0u n\u00e1\u00f0 hj\u00e1 \u00f6llu f\u00f3lki. En Drottinn lag\u00f0i daglega til s\u00f6fnu\u00f0sins \u00fe\u00e1 sem hj\u00e1lpast \u00e1ttu.<\/p>\n","protected":false},"excerpt":{"rendered":"<p>II. Og \u00fe\u00e1 er fullkomnu\u00f0ust hv\u00edtasunnudagar voru \u00feeir allir me\u00f0 einum huga \u00ed \u00feeim sama sta\u00f0. [ Og \u00fear var\u00f0 skyndilega \u00feytur af himni l\u00edka sem mikils tilkomandi vindar og fylldi upp allt h\u00fasi\u00f0 \u00fear \u00feeir s\u00e1tu \u00ed. Og \u00e1 \u00feeim s\u00e1ust sundurgreinilegar tungur so sem a\u00f0 v\u00e6ri \u00fe\u00e6r gl\u00f3andi. Hann setti sig yfir s\u00e9rhvern \u00feeirra. Og \u00feeir ur\u00f0u allir fullir af heil\u00f6gum anda og t\u00f3ku a\u00f0 m\u00e6la \u00fdmislegar tungur eftir \u00fev\u00ed sem heilagur andi gaf \u00feeim til \u00fat a\u00f0 tala. En \u00fear voru Gy\u00f0ingar byggjandi til Jer\u00fasalem, gu\u00f0legir menn \u00fat af allra handa \u00fej\u00f3\u00f0 \u00feeirri sem undir himninum er. <a href=\"https:\/\/biblian.is\/gudbrandsbiblia\/postulasagan-2-kafli\/\"> [&#8230;]<\/a><\/p>\n","protected":false},"author":1,"featured_media":0,"parent":0,"menu_order":0,"comment_status":"open","ping_status":"open","template":"bibliukaflar.php","meta":{"footnotes":""},"class_list":["post-3870","page","type-page","status-publish","hentry"],"_links":{"self":[{"href":"https:\/\/biblian.is\/gudbrandsbiblia\/wp-json\/wp\/v2\/pages\/3870","targetHints":{"allow":["GET"]}}],"collection":[{"href":"https:\/\/biblian.is\/gudbrandsbiblia\/wp-json\/wp\/v2\/pages"}],"about":[{"href":"https:\/\/biblian.is\/gudbrandsbiblia\/wp-json\/wp\/v2\/types\/page"}],"author":[{"embeddable":true,"href":"https:\/\/biblian.is\/gudbrandsbiblia\/wp-json\/wp\/v2\/users\/1"}],"replies":[{"embeddable":true,"href":"https:\/\/biblian.is\/gudbrandsbiblia\/wp-json\/wp\/v2\/comments?post=3870"}],"version-history":[{"count":0,"href":"https:\/\/biblian.is\/gudbrandsbiblia\/wp-json\/wp\/v2\/pages\/3870\/revisions"}],"wp:attachment":[{"href":"https:\/\/biblian.is\/gudbrandsbiblia\/wp-json\/wp\/v2\/media?parent=3870"}],"curies":[{"name":"wp","href":"https:\/\/api.w.org\/{rel}","templated":true}]}}