{"id":3869,"date":"2017-12-18T18:34:57","date_gmt":"2017-12-18T18:34:57","guid":{"rendered":"http:\/\/biblian.is\/gudbrandsbiblia\/postulasagan-1-kafli\/"},"modified":"2017-12-18T18:34:57","modified_gmt":"2017-12-18T18:34:57","slug":"postulasagan-1-kafli","status":"publish","type":"page","link":"https:\/\/biblian.is\/gudbrandsbiblia\/postulasagan-1-kafli\/","title":{"rendered":"Postulasagan 1. kafli"},"content":{"rendered":"<p>Annar partur S. Lucas gu\u00f0sspjalla <\/p>\n<p>sem er \u00fat af postulanna gj\u00f6rningum<\/p>\n<p>I. <\/p>\n<p>Hinn fyrra b\u00f3km\u00e1la gj\u00f6r\u00f0i eg a\u00f0 s\u00f6nnu um allt \u00fea\u00f0, \u00fe\u00fa Theophile, sem Jes\u00fas h\u00f3f upp a\u00f0 gj\u00f6ra og l\u00e6ra allt til \u00feess dags er han var\u00f0 uppnuminn eftir \u00fev\u00ed hann haf\u00f0i fyrir heilagan anda kunngj\u00f6rt postulunum, hverja hann haf\u00f0i \u00fatvali\u00f0, \u00feeim er hann tj\u00e1\u00f0i og sj\u00e1lfan sig lifanda eftir p\u00edsl s\u00edna \u00ed margh\u00e1ttu\u00f0um au\u00f0s\u00fdningum og l\u00e9t \u00fe\u00e1 sj\u00e1 sig um fj\u00f6rutigu daga, talandi fyrir \u00feeim af Gu\u00f0s r\u00edki. Og sem hann haf\u00f0i \u00fe\u00e1 samansafna\u00f0 bau\u00f0 hann \u00feeim a\u00f0 \u00feeir f\u00e6ri eigi \u00fat af Jer\u00fasalem heldur a\u00f0 \u00feeir skyldu eftirb\u00ed\u00f0a fyrirheiti f\u00f6\u00f0ursins &#8222;sem \u00fe\u00e9r&#8220;, sag\u00f0i hann, &#8222;hafi\u00f0 af m\u00e9r heyrt. <span class=\"athugasemd\" title=\"1 \/ Fyrirheit um \u00feann heilaga anda\">[<\/span> \u00dev\u00ed a\u00f0 sannlega sk\u00edr\u00f0i J\u00f3hannes me\u00f0 vatni en \u00fe\u00e9r skulu\u00f0 me\u00f0 heil\u00f6gum anda sk\u00edr\u00f0ir ver\u00f0a eigi langt eftir \u00feessa daga.&#8220;<\/p>\n<p>\tEn \u00feeir sem \u00fear voru til samans komnir spur\u00f0u hann a\u00f0 og s\u00f6g\u00f0u: <span class=\"athugasemd\" title=\"2 \/ F\u00e1fr\u00e6\u00f0i postulanna um \u00fea\u00f0 andlega og eil\u00edfa r\u00edki Christi\">[<\/span> &#8222;Herra, viltu n\u00fa \u00e1 \u00feessum t\u00edma uppr\u00e9tta \u00cdsraelsr\u00edki?&#8220; En hann sag\u00f0i til \u00feeirra: &#8222;\u00dea\u00f0 er eigi y\u00f0art a\u00f0 vita stundir e\u00f0ur punkta t\u00edmanna hverja fa\u00f0irinn setti \u00ed sj\u00e1lfs s\u00edns valdi heldur munu \u00fe\u00e9r \u00f6\u00f0last kraft heilags anda \u00feess er yfir y\u00f0ur mun koma. Og \u00fe\u00e9r skulu\u00f0 m\u00ednir vottar vera til Jer\u00fasalem og \u00ed \u00f6llu Judea og Samaria og allt til ins y\u00f0sta jar\u00f0arenda.&#8220;<\/p>\n<p>\tOg er hann haf\u00f0i \u00feetta sagt var hann \u00feeim \u00e1sj\u00e1\u00f6ndum uppnuminn og sk\u00fdi\u00f0 t\u00f3k hann upp \u00ed burt fr\u00e1 \u00feeirra augum. <span class=\"athugasemd\" title=\"3 \/ Uppstigning Christi til himins. Sp\u00e1d\u00f3mur englanna um tilkomu Christi til d\u00f3msins\">[<\/span> Og er \u00feeir horf\u00f0u upp eftir honum til himins uppfaranda, sj\u00e1, a\u00f0 tveir menn st\u00f3\u00f0u hj\u00e1 \u00feeim \u00ed hv\u00edtum kl\u00e6\u00f0um hverjir og s\u00f6g\u00f0u: &#8222;\u00de\u00e9r menn \u00fat af Galilea, til hvers standi \u00fe\u00e9r og horfi\u00f0 upp \u00ed himininn? \u00deessi Jes\u00fas sem uppnuminn er til himins mun koma l\u00edka so sem \u00fe\u00e9r s\u00e1u\u00f0 hann til himins upp fara.&#8220;<\/p>\n<p>\t\u00de\u00e1 sneru \u00feeir aftur til Jer\u00fasalem af fjallinu \u00fev\u00ed sem kalla\u00f0ist <span class=\"athugasemd\" title=\"o \/ Oliveti\">[<\/span> Vi\u00f0smj\u00f6rvi\u00f0arfjall, hvert e\u00f0 \u00ed burt fr\u00e1 Jer\u00fasalem er n\u00e6r <span class=\"athugasemd\" title=\"a \/ \u00devottdagsganga \/ var \u00fe\u00fasund skref. Beda.\">[<\/span> \u00fevottdagsg\u00f6ngu. Og er \u00feeir komu inn gengu \u00feeir upp \u00ed \u00feann sal hvar e\u00f0 vanir voru a\u00f0 vera Petrus og Jacobus, J\u00f3hannes, Andreas, Philippus, T\u00f3mas, Barthalameus og Matteus, Jacobus Alphei, S\u00edmon Zelotes og J\u00fadas Jacobus br\u00f3\u00f0ir. \u00deessir voru allir me\u00f0 einum huga st\u00f6\u00f0ugir \u00ed b\u00e6n og \u00e1kalli me\u00f0 kvinnunum og me\u00f0 Mar\u00edu m\u00f3\u00f0ir Jes\u00fa og hans br\u00e6\u00f0rum.<\/p>\n<p>\tOg \u00e1 \u00feeim d\u00f6gum st\u00f3\u00f0 upp P\u00e9tur \u00e1 milli l\u00e6risveinanna og sag\u00f0i (en flokkur \u00feeirra manna er \u00fear voru til samans komnir var n\u00e6rri tuttugu og hundra\u00f0): <span class=\"athugasemd\" title=\"4 \/ Pr\u00e9dikan Petri um \u00fatvalning postula \u00ed sta\u00f0inn Judas\">[<\/span> &#8222;\u00de\u00e9r menn og br\u00e6\u00f0ur, \u00feeirri Ritningu byrja\u00f0i upp a\u00f0 fyllast hverja e\u00f0 heilagur andi \u00e1\u00f0ur fyrri sag\u00f0i fyrir munn Dav\u00ed\u00f0s \u00fat af Juda, hver e\u00f0 var \u00feeirra lei\u00f0togari er Jes\u00fam h\u00f6ndlu\u00f0u: S\u00e1 er og talinn var me\u00f0ur oss og honum hlotna\u00f0ist hlutdeild \u00feessa vors emb\u00e6ttis. Hann hefir a\u00f0 s\u00f6nnu \u00fatvega\u00f0 akurinn fyrir rangl\u00e6tisins ver\u00f0aura og hengdi sig sj\u00e1lfan uppi og er \u00ed mi\u00f0ju sundur \u00ed tvo hluti brostinn og hans innyfli eru og \u00f6ll \u00fathlaupin og \u00fea\u00f0 er \u00f6llum kunnigt vor\u00f0i\u00f0 \u00feeim er \u00ed Jer\u00fasalem byggja so a\u00f0 sami akur er kalla\u00f0ur \u00e1 \u00feeirra tungu Hakeldama, \u00fea\u00f0 er Bl\u00f3\u00f0akur.<\/p>\n<p>\t\u00dev\u00ed a\u00f0 so er skrifa\u00f0 \u00ed S\u00e1lmab\u00f3kinni: <span class=\"athugasemd\" title=\"Psal. 47\">[<\/span> Hans setur skal \u00ed ey\u00f0i ver\u00f0a og eigi s\u00e9 s\u00e1 nokkur og \u00fear inni byggir og hans biskupsd\u00f3m me\u00f0taki annar. Fyrir \u00fev\u00ed h\u00e6fir \u00fea\u00f0 a\u00f0 af \u00feeim m\u00f6nnum sem alla t\u00edma hafa \u00ed bland oss veri\u00f0 fr\u00e1 \u00fev\u00ed er Drottinn Jes\u00fas t\u00f3k a\u00f0 ganga \u00fat og inn vor \u00e1 milli, uppbyrjandi \u00ed fr\u00e1 sk\u00edrn Johannis allt til \u00feess dags er hann var uppnuminn \u00ed fr\u00e1 oss, a\u00f0 einn af \u00feeim ver\u00f0i vottur hans upprisu me\u00f0ur oss.&#8220;<\/p>\n<p>\tOg \u00feeir settu til tvo, J\u00f3sef \u00feann er h\u00e9t Barsabas, a\u00f0 vi\u00f0urnefni Just, og Matthiam, b\u00e1\u00f0u og s\u00f6g\u00f0u: &#8222;\u00de\u00fa Drottinn sem veist allra manna hj\u00f6rtu, s\u00fdn hvern \u00fe\u00fa \u00fatvelur af \u00feessum tveimur so a\u00f0 einn me\u00f0taki \u00fea\u00f0 \u00fej\u00f3nustur\u00fam og postulegt emb\u00e6tti \u00ed fr\u00e1 hverju J\u00fadas er affallinn \u00fea\u00f0 hann burt f\u00e6ri \u00ed sinn sta\u00f0.&#8220; Og \u00feeir l\u00f6g\u00f0u hluti yfir \u00fe\u00e1. Hluturinn f\u00e9ll yfir Matthiam og hann var reikna\u00f0ur \u00ed t\u00f6lu \u00feeirra ellefu postula. <span class=\"athugasemd\" title=\"Matthias \u00fatvalinn til postula \u00ed sta\u00f0inn Judas\">[<\/span><\/p>\n","protected":false},"excerpt":{"rendered":"<p>Annar partur S. Lucas gu\u00f0sspjalla sem er \u00fat af postulanna gj\u00f6rningum I. Hinn fyrra b\u00f3km\u00e1la gj\u00f6r\u00f0i eg a\u00f0 s\u00f6nnu um allt \u00fea\u00f0, \u00fe\u00fa Theophile, sem Jes\u00fas h\u00f3f upp a\u00f0 gj\u00f6ra og l\u00e6ra allt til \u00feess dags er han var\u00f0 uppnuminn eftir \u00fev\u00ed hann haf\u00f0i fyrir heilagan anda kunngj\u00f6rt postulunum, hverja hann haf\u00f0i \u00fatvali\u00f0, \u00feeim er hann tj\u00e1\u00f0i og sj\u00e1lfan sig lifanda eftir p\u00edsl s\u00edna \u00ed margh\u00e1ttu\u00f0um au\u00f0s\u00fdningum og l\u00e9t \u00fe\u00e1 sj\u00e1 sig um fj\u00f6rutigu daga, talandi fyrir \u00feeim af Gu\u00f0s r\u00edki. Og sem hann haf\u00f0i \u00fe\u00e1 samansafna\u00f0 bau\u00f0 hann \u00feeim a\u00f0 \u00feeir f\u00e6ri eigi \u00fat af Jer\u00fasalem heldur a\u00f0 \u00feeir <a href=\"https:\/\/biblian.is\/gudbrandsbiblia\/postulasagan-1-kafli\/\"> [&#8230;]<\/a><\/p>\n","protected":false},"author":1,"featured_media":0,"parent":0,"menu_order":0,"comment_status":"open","ping_status":"open","template":"bibliukaflar.php","meta":{"footnotes":""},"class_list":["post-3869","page","type-page","status-publish","hentry"],"_links":{"self":[{"href":"https:\/\/biblian.is\/gudbrandsbiblia\/wp-json\/wp\/v2\/pages\/3869","targetHints":{"allow":["GET"]}}],"collection":[{"href":"https:\/\/biblian.is\/gudbrandsbiblia\/wp-json\/wp\/v2\/pages"}],"about":[{"href":"https:\/\/biblian.is\/gudbrandsbiblia\/wp-json\/wp\/v2\/types\/page"}],"author":[{"embeddable":true,"href":"https:\/\/biblian.is\/gudbrandsbiblia\/wp-json\/wp\/v2\/users\/1"}],"replies":[{"embeddable":true,"href":"https:\/\/biblian.is\/gudbrandsbiblia\/wp-json\/wp\/v2\/comments?post=3869"}],"version-history":[{"count":0,"href":"https:\/\/biblian.is\/gudbrandsbiblia\/wp-json\/wp\/v2\/pages\/3869\/revisions"}],"wp:attachment":[{"href":"https:\/\/biblian.is\/gudbrandsbiblia\/wp-json\/wp\/v2\/media?parent=3869"}],"curies":[{"name":"wp","href":"https:\/\/api.w.org\/{rel}","templated":true}]}}