{"id":3862,"date":"2017-12-18T18:34:57","date_gmt":"2017-12-18T18:34:57","guid":{"rendered":"http:\/\/biblian.is\/gudbrandsbiblia\/johannesargudspjall-15-kafli\/"},"modified":"2017-12-18T18:34:57","modified_gmt":"2017-12-18T18:34:57","slug":"johannesargudspjall-15-kafli","status":"publish","type":"page","link":"https:\/\/biblian.is\/gudbrandsbiblia\/johannesargudspjall-15-kafli\/","title":{"rendered":"J\u00f3hannesargu\u00f0spjall 15. kafli"},"content":{"rendered":"<p>XV.<\/p>\n<p>Eg em sannur v\u00ednvi\u00f0ur og minn fa\u00f0ir er v\u00edngar\u00f0sma\u00f0urinn. <span class=\"athugasemd\" title=\"1 \/ Kristileg kirkja \u00fatm\u00e1last fyrir v\u00ednvi\u00f0 og v\u00edngar\u00f0smann\">[<\/span> Hvern \u00feann kvist \u00e1 m\u00e9r er eigi f\u00e6rir \u00e1v\u00f6xt mun hann afkvista og hvern \u00feann sem \u00e1v\u00f6xt f\u00e6rir mun hann hreinsa so a\u00f0 hann f\u00e6ri meira \u00e1v\u00f6xt. \u00de\u00e9r eru\u00f0 n\u00fa hreinir fyrir sakir \u00feess or\u00f0s a\u00f0 eg tala\u00f0i vi\u00f0 y\u00f0ur. Bl\u00edfi\u00f0 \u00ed m\u00e9r og eg me\u00f0 y\u00f0ur. L\u00edka sem v\u00ednkvisturinn f\u00e6r eigi f\u00e6rt \u00e1v\u00f6xt af sj\u00e1lfum s\u00e9r nema hann s\u00e9 \u00e1 v\u00ednvi\u00f0artr\u00e9nu so og eigi heldur \u00fe\u00e9r nema \u00fe\u00e9r bl\u00edfi\u00f0 \u00e1 m\u00e9r. <\/p>\n<p>\tEg em v\u00ednvi\u00f0artr\u00e9\u00f0 en \u00fe\u00e9r eru\u00f0 v\u00ednvi\u00f0arkvistirnir. Hver hann bl\u00edfur \u00ed m\u00e9r og eg me\u00f0 honum s\u00e1 f\u00e6rir mikinn \u00e1v\u00f6xt \u00fev\u00ed a\u00f0 \u00e1n m\u00edn f\u00e1i \u00fe\u00e9r einskis orka\u00f0. Hver s\u00e1 er eigi bl\u00edfur \u00ed m\u00e9r hann er \u00fatkasta\u00f0ur sem annar v\u00ednvi\u00f0arkvistur og upp\u00feornar og \u00feeir samanlesa \u00fe\u00e1 og kasta \u00e1 eld og brenna. N\u00fa ef \u00fe\u00e9r bl\u00edfi\u00f0 \u00ed m\u00e9r og m\u00edn or\u00f0 bl\u00edfa \u00ed y\u00f0ur bi\u00f0ji\u00f0 \u00fe\u00e1 hvers \u00fe\u00e9r vilji\u00f0 og \u00fea\u00f0 skal y\u00f0ur veitast. \u00dear me\u00f0 ver\u00f0ur minn fa\u00f0ir d\u00fdrka\u00f0ur a\u00f0 \u00fe\u00e9r f\u00e6ri\u00f0 mikinn \u00e1v\u00f6xt og ver\u00f0i\u00f0 m\u00ednir l\u00e6risveinar.<\/p>\n<p>\tSo sem elska\u00f0i mig minn fa\u00f0ir l\u00edka so elska eg y\u00f0ur. Bl\u00edfi\u00f0 \u00ed minni \u00e1stsemd. <span class=\"athugasemd\" title=\"2 \/ Bo\u00f0or\u00f0 um innbyr\u00f0is elsku og sam\u00feykki\">[<\/span> Ef \u00fe\u00e9r var\u00f0veiti\u00f0 m\u00edn bo\u00f0or\u00f0 \u00fe\u00e1 bl\u00edfi \u00fe\u00e9r \u00ed minni \u00e1stsemd l\u00edka sem eg var\u00f0veitti m\u00edns f\u00f6\u00f0urs bo\u00f0or\u00f0 og eg bl\u00edf \u00ed hans \u00e1stsemd. \u00deetta tala\u00f0i eg \u00fev\u00ed til y\u00f0ar a\u00f0 minn f\u00f6gnu\u00f0ur bl\u00edfi hj\u00e1 y\u00f0ur og y\u00f0ar f\u00f6gnu\u00f0ur uppfyllist. \u00dea\u00f0 er mitt bo\u00f0or\u00f0 a\u00f0 \u00fe\u00e9r elski\u00f0 y\u00f0ar \u00e1 milli svo sem eg elska\u00f0i y\u00f0ur. Enginn hefur meiri \u00e1stsemd en s\u00e1 a\u00f0 hann setur sitt l\u00edf \u00fat fyrir s\u00edna vini. \u00de\u00e9r eru\u00f0 m\u00ednir vinir ef \u00fe\u00e9r gj\u00f6ri\u00f0 \u00fea\u00f0 eg b\u00fd\u00f0 y\u00f0ur. <span class=\"athugasemd\" title=\"3 \/ Hverjir a\u00f0 eru Christi vinir\">[<\/span> Og h\u00e9\u00f0an af kalla eg y\u00f0ur eigi \u00fe\u00e9nara \u00fev\u00ed a\u00f0 \u00fej\u00f3ninn veit eigi af hva\u00f0 hans herra gj\u00f6rir. En y\u00f0ur segi eg vini \u00fev\u00ed allt hva\u00f0 eg heyr\u00f0i af m\u00ednum f\u00f6\u00f0ur \u00fea\u00f0 kunngj\u00f6r\u00f0a eg y\u00f0ur.<\/p>\n<p>\tEigi \u00fatv\u00f6ldu \u00fe\u00e9r mig heldur hefi eg \u00fatvali\u00f0 y\u00f0ur og eg skikka\u00f0i y\u00f0ur til a\u00f0 \u00fe\u00e9r gengu\u00f0 og f\u00e6r\u00f0u\u00f0 \u00e1v\u00f6xt so a\u00f0 y\u00f0ar \u00e1v\u00f6xtur bl\u00edfi til \u00feess a\u00f0 hvers \u00fe\u00e9r bi\u00f0ji\u00f0 f\u00f6\u00f0urinn \u00ed m\u00ednu nafni \u00fea\u00f0 gefi hann y\u00f0ur. \u00dea\u00f0 b\u00fd\u00f0 eg y\u00f0ur a\u00f0 \u00fe\u00e9r elski\u00f0 hver annan. Ef heimurinn hatar y\u00f0ur \u00fe\u00e1 viti\u00f0 a\u00f0 hann hefur hata\u00f0 mig fyrri en y\u00f0ur. Ef \u00fe\u00e9r v\u00e6ru\u00f0 af \u00feessum heimi \u00fe\u00e1 elska\u00f0i heimurinn \u00fea\u00f0 hans v\u00e6ri. En me\u00f0 \u00fev\u00ed \u00fe\u00e9r eru\u00f0 ekki af \u00feessum heimi heldur \u00fatvalda eg y\u00f0ur af heiminum, fyrir \u00fea\u00f0 hatar y\u00f0ur heimurinn. Minnist \u00e1 m\u00edn or\u00f0 er eg sag\u00f0a: \u00dej\u00f3ninn er eigi meiri s\u00ednum herra. <span class=\"athugasemd\" title=\"Sup. 13 \/ Math. 10 \/ Luc. 6\">[<\/span> Ef \u00feeir hafa ofs\u00f3tt mig \u00fe\u00e1 munu \u00feeir og ofs\u00e6kja y\u00f0ur. Hafa \u00feeir geymt m\u00edn or\u00f0 \u00fe\u00e1 munu \u00feeir og geyma y\u00f0ar or\u00f0.<\/p>\n<p>\tEn allt \u00feetta munu \u00feeir gj\u00f6ra y\u00f0ur fyrir m\u00edns nafns sakir \u00fev\u00ed a\u00f0 \u00feeir \u00feekkja eigi hann \u00feann er mig sendi. Ef eg v\u00e6ri eigi kominn og hef\u00f0i eigi sagt \u00feeim \u00fea\u00f0 \u00fe\u00e1 hef\u00f0i \u00feeir \u00f6ngva synd. N\u00fa hafa \u00feeir ekkert \u00fea\u00f0 \u00feeir verndi s\u00edna synd me\u00f0. Hver sem mig hatar s\u00e1 hatar og minn f\u00f6\u00f0ur. Ef eg hef\u00f0a eigi gj\u00f6rt \u00feau verk \u00e1 me\u00f0al \u00feeirra sem enginn hefur annar gj\u00f6rt \u00fe\u00e1 hef\u00f0u \u00feeir \u00f6ngva synd. En n\u00fa hafa \u00feeir s\u00e9\u00f0 \u00feau og hata \u00fe\u00f3 b\u00e6\u00f0i mig og minn f\u00f6\u00f0ur. Heldur \u00fea\u00f0 a\u00f0 s\u00fa m\u00e1lsgrein sem skrifu\u00f0 er \u00ed \u00feeirra l\u00f6gm\u00e1li uppfylldist: Fyrir ekkert h\u00f6f\u00f0u \u00feeir mig a\u00f0 hatri. En \u00fear s\u00e1 huggari kemur er eg mun senda y\u00f0ur af m\u00ednum f\u00f6\u00f0ur, sem er sannleiksandi, hver af f\u00f6\u00f0urnum framgengur, hann mun bera vitni af m\u00e9r. <span class=\"athugasemd\" title=\"4 \/ Enn fyrirheit hins helga anda\">[<\/span> \u00de\u00e9r munu\u00f0 og bera vitni \u00fev\u00ed a\u00f0 \u00fe\u00e9r hafi\u00f0 \u00ed upphafi hj\u00e1 m\u00e9r veri\u00f0.<\/p>\n","protected":false},"excerpt":{"rendered":"<p>XV. Eg em sannur v\u00ednvi\u00f0ur og minn fa\u00f0ir er v\u00edngar\u00f0sma\u00f0urinn. [ Hvern \u00feann kvist \u00e1 m\u00e9r er eigi f\u00e6rir \u00e1v\u00f6xt mun hann afkvista og hvern \u00feann sem \u00e1v\u00f6xt f\u00e6rir mun hann hreinsa so a\u00f0 hann f\u00e6ri meira \u00e1v\u00f6xt. \u00de\u00e9r eru\u00f0 n\u00fa hreinir fyrir sakir \u00feess or\u00f0s a\u00f0 eg tala\u00f0i vi\u00f0 y\u00f0ur. Bl\u00edfi\u00f0 \u00ed m\u00e9r og eg me\u00f0 y\u00f0ur. L\u00edka sem v\u00ednkvisturinn f\u00e6r eigi f\u00e6rt \u00e1v\u00f6xt af sj\u00e1lfum s\u00e9r nema hann s\u00e9 \u00e1 v\u00ednvi\u00f0artr\u00e9nu so og eigi heldur \u00fe\u00e9r nema \u00fe\u00e9r bl\u00edfi\u00f0 \u00e1 m\u00e9r. Eg em v\u00ednvi\u00f0artr\u00e9\u00f0 en \u00fe\u00e9r eru\u00f0 v\u00ednvi\u00f0arkvistirnir. Hver hann bl\u00edfur \u00ed m\u00e9r og eg me\u00f0 honum s\u00e1 <a href=\"https:\/\/biblian.is\/gudbrandsbiblia\/johannesargudspjall-15-kafli\/\"> [&#8230;]<\/a><\/p>\n","protected":false},"author":1,"featured_media":0,"parent":0,"menu_order":0,"comment_status":"open","ping_status":"open","template":"bibliukaflar.php","meta":{"footnotes":""},"class_list":["post-3862","page","type-page","status-publish","hentry"],"_links":{"self":[{"href":"https:\/\/biblian.is\/gudbrandsbiblia\/wp-json\/wp\/v2\/pages\/3862","targetHints":{"allow":["GET"]}}],"collection":[{"href":"https:\/\/biblian.is\/gudbrandsbiblia\/wp-json\/wp\/v2\/pages"}],"about":[{"href":"https:\/\/biblian.is\/gudbrandsbiblia\/wp-json\/wp\/v2\/types\/page"}],"author":[{"embeddable":true,"href":"https:\/\/biblian.is\/gudbrandsbiblia\/wp-json\/wp\/v2\/users\/1"}],"replies":[{"embeddable":true,"href":"https:\/\/biblian.is\/gudbrandsbiblia\/wp-json\/wp\/v2\/comments?post=3862"}],"version-history":[{"count":0,"href":"https:\/\/biblian.is\/gudbrandsbiblia\/wp-json\/wp\/v2\/pages\/3862\/revisions"}],"wp:attachment":[{"href":"https:\/\/biblian.is\/gudbrandsbiblia\/wp-json\/wp\/v2\/media?parent=3862"}],"curies":[{"name":"wp","href":"https:\/\/api.w.org\/{rel}","templated":true}]}}