{"id":3811,"date":"2017-12-18T18:34:46","date_gmt":"2017-12-18T18:34:46","guid":{"rendered":"http:\/\/biblian.is\/gudbrandsbiblia\/markusargudspjall-5-kafli\/"},"modified":"2017-12-18T18:34:46","modified_gmt":"2017-12-18T18:34:46","slug":"markusargudspjall-5-kafli","status":"publish","type":"page","link":"https:\/\/biblian.is\/gudbrandsbiblia\/markusargudspjall-5-kafli\/","title":{"rendered":"Mark\u00fasargu\u00f0spjall 5. kafli"},"content":{"rendered":"<p>V.<\/p>\n<p>Og \u00feeir komu yfir um \u00feann sj\u00f3 \u00ed bygg\u00f0ir Gadarenorum. <span class=\"athugasemd\" title=\"Math. 8 \/ Luc. 8\">[<\/span> Og er hann st\u00e9 af skipinu \u00fe\u00e1 hlj\u00f3p strax \u00ed m\u00f3ti \u00feeim \u00far lei\u00f0um framli\u00f0inna einn dj\u00f6ful\u00f3\u00f0ur ma\u00f0ur, s\u00e1 er haf\u00f0i sitt h\u00edb\u00fdli \u00ed gr\u00f6fum dau\u00f0ra manna. <span class=\"athugasemd\" title=\"1 \/ \u00d3hreinn andi ver\u00f0ur \u00fatrekinn\">[<\/span> \u00dev\u00ed enginn f\u00e9kk hann bundi\u00f0 og eigi me\u00f0 j\u00e1rnvi\u00f0jum. \u00dev\u00ed a\u00f0 hann haf\u00f0i oft bundinn veri\u00f0 me\u00f0 fj\u00f6trum og j\u00e1rnvi\u00f0jum og hann haf\u00f0i vi\u00f0jurnar af s\u00e9r sliti\u00f0 og fj\u00f6trin \u00ed sundur n\u00fai\u00f0 og enginn f\u00e9kk hann tami\u00f0. Og allt jafnt n\u00e6tur og daga \u00fe\u00e1 var hann \u00e1 fj\u00f6llum e\u00f0ur \u00ed dau\u00f0ra manna gr\u00f6fum, kallandi og lemjandi sig me\u00f0 grj\u00f3ti. En \u00fe\u00e1 er hann s\u00e1 langt til Jes\u00fa hlj\u00f3p hann og f\u00e9ll fram fyrir honum, kalla\u00f0i h\u00e1rri r\u00f6ddu og sag\u00f0i: &#8222;Hva\u00f0 hefi eg me\u00f0 \u00feig a\u00f0 gj\u00f6ra, Jes\u00fas, sonur Gu\u00f0s hins h\u00e6sta? Eg s\u00e6ri \u00feig fyrir Gu\u00f0 a\u00f0 \u00fe\u00fa kveljir mig ekki.&#8220; En Jes\u00fas sag\u00f0i til hans: &#8222;Far \u00fat, \u00fe\u00fa \u00f3hreini andi, af \u00feessum manni.&#8220; Og hann spur\u00f0i hann a\u00f0: &#8222;Hvert er \u00feitt heiti?&#8220; Hann svara\u00f0i og sag\u00f0i: &#8222;Legio er mitt heiti \u00fev\u00ed a\u00f0 v\u00e6r erum margir.&#8220; <span class=\"athugasemd\" title=\"(Legio) \/ Er a\u00f0 t\u00f6lu n\u00e6r vi \u00fe\u00fasundir\">[<\/span> Og s\u00e1 ba\u00f0 hann mikillega a\u00f0 hann r\u00e6ki \u00fe\u00e1 eigi burt \u00far \u00feeirri bygg\u00f0.<\/p>\n<p>\tEn \u00fear var \u00ed \u00feeim sta\u00f0 vi\u00f0 fjalli\u00f0 mikil sv\u00ednahj\u00f6r\u00f0 \u00e1 biti um hagana. <span class=\"athugasemd\" title=\"Sv\u00ednahj\u00f6r\u00f0in\">[<\/span> Og andarnir b\u00e1\u00f0u hann, segjandi: &#8222;Lofa oss \u00fea\u00f0 a\u00f0 v\u00e6r f\u00f6rum \u00ed sv\u00ednin.&#8220; Og Jes\u00fas leyf\u00f0i \u00feeim \u00fea\u00f0 strax. \u00de\u00e1 f\u00f3ru inu \u00f3hreinu andar \u00fat og hlupu \u00ed sv\u00ednin. Og sv\u00ednahj\u00f6r\u00f0in fleyg\u00f0i s\u00e9r me\u00f0 miklum \u00feys \u00ed sj\u00f3inn, n\u00e6r tveimur \u00fe\u00fasundum, og drukknu\u00f0u \u00fear \u00ed sj\u00f3num. En \u00feeir sem \u00feeirra g\u00e6ttu fl\u00fd\u00f0u og kunngj\u00f6r\u00f0u \u00fea\u00f0 um sta\u00f0inn og um allar grundir. Og \u00feeir gengu \u00fe\u00e1 \u00fat a\u00f0 sj\u00e1 hva\u00f0 \u00fear haf\u00f0i gj\u00f6rst og komu til Jes\u00fa og s\u00e1u \u00feann sem af dj\u00f6flunum haf\u00f0i kvalist sitjanda kl\u00e6ddan og heilvita og \u00feeir hr\u00e6ddust \u00fea\u00f0. En \u00feeir sem \u00fea\u00f0 h\u00f6f\u00f0u s\u00e9\u00f0 s\u00f6g\u00f0u \u00feeim hvernin gj\u00f6rt haf\u00f0i veri\u00f0 vi\u00f0 hann sem dj\u00f6flana haf\u00f0i haft og so fr\u00e1 sv\u00ednunum. Og \u00feeir h\u00f3fu upp og b\u00e1\u00f0u hann a\u00f0 hann f\u00e6ri burt \u00far \u00feeirra lands\u00e1lfum.<\/p>\n<p>\tOg er hann st\u00e9 \u00e1 skip t\u00f3k s\u00e1 til a\u00f0 bi\u00f0ja hann sem af dj\u00f6flunum haf\u00f0i kvalist a\u00f0 hann m\u00e6tti vera hj\u00e1 honum. En Jes\u00fas lofa\u00f0i honum \u00fea\u00f0 eigi heldur sag\u00f0i til hans: &#8222;Far \u00fe\u00fa \u00ed \u00feitt h\u00fas til \u00feinna og kunngj\u00f6r \u00feeim hva\u00f0 miki\u00f0 er Drottinn gj\u00f6r\u00f0i \u00fe\u00e9r og hv\u00f6rsu l\u00edknsamur e\u00f0 hann var \u00fe\u00e9r.&#8220; Hann f\u00f3r \u00fea\u00f0an og t\u00f3k \u00fat a\u00f0 hr\u00f3pa um \u00fe\u00e6r t\u00edu borgir hva\u00f0 mikinn velgj\u00f6rning e\u00f0 Jes\u00fas haf\u00f0i honum gj\u00f6rt. Og allir undru\u00f0ust \u00fea\u00f0.<\/p>\n<p>\tOg \u00fe\u00e1 e\u00f0 Jes\u00fas f\u00f3r yfir um sj\u00f3inn aftur \u00e1 skipi kom samans margt f\u00f3lk til hans og var vi\u00f0 sj\u00f3inn. Og sj\u00e1, \u00fear kom og einn af foringjum samkunduh\u00fassins, Ja\u00edrus a\u00f0 nafni. <span class=\"athugasemd\" title=\"2 \/ D\u00f3ttir Jairi\">[<\/span> Og \u00fe\u00e1 er hann s\u00e1 Jes\u00fam f\u00e9ll hann a\u00f0 f\u00f3tum hans og ba\u00f0 hann mikillega og sag\u00f0i: &#8222;M\u00edn d\u00f3ttir er komin a\u00f0 dau\u00f0a, kom og legg \u00fe\u00edna h\u00f6nd yfir hana so h\u00fan ver\u00f0i heil og lifi.&#8220; Og hann f\u00f3r me\u00f0 honum. Margt f\u00f3lk fylgdi honum eftir og \u00fea\u00f0 \u00ferengdi a\u00f0 honum. Og s\u00fa kona var \u00fear er haft haf\u00f0i bl\u00f3\u00f0fall \u00ed t\u00f3lf \u00e1r. <span class=\"athugasemd\" title=\"3 \/ Bl\u00f3\u00f0fallssj\u00fak kona f\u00e6r heilsu\">[<\/span> H\u00fan haf\u00f0i og miki\u00f0 \u00feola\u00f0 af m\u00f6rgum l\u00e6knir, haf\u00f0i og kosta\u00f0 \u00fear til \u00f6llu s\u00ednu. \u00dea\u00f0 sto\u00f0a\u00f0i henni \u00fe\u00f3 ekkert heldur haf\u00f0i h\u00fan \u00feess meiri kv\u00f6l. \u00de\u00e1 h\u00fan heyr\u00f0i n\u00fa af Jes\u00fa kom h\u00fan me\u00f0 f\u00f3lkinu \u00e1 bak til og snart hans kl\u00e6\u00f0i. \u00dev\u00ed a\u00f0 h\u00fan sag\u00f0i: &#8222;Ef eg f\u00e6 a\u00f0 snerta hans kl\u00e6\u00f0i \u00fe\u00e1 mun eg heil ver\u00f0a.&#8220; <span class=\"athugasemd\" title=\"Kl\u00e6\u00f0in Christi\">[<\/span> Og jafnsnart \u00fe\u00e1 upp\u00feurrka\u00f0ist hennar bl\u00f3\u00f0fallsbrunnur og h\u00fan fann \u00fe\u00e1 \u00e1 s\u00ednum l\u00edkama a\u00f0 h\u00fan var heil or\u00f0in af \u00feeirri pl\u00e1gu.<\/p>\n<p>\tOg Jes\u00fas fann strax me\u00f0 sj\u00e1lfum s\u00e9r \u00feann kraft er \u00fat af honum gekk og sneri s\u00e9r vi\u00f0 til f\u00f3lksins og sag\u00f0i: &#8222;Hver snart m\u00edn kl\u00e6\u00f0i?&#8220; Hans l\u00e6risveinar s\u00f6g\u00f0u til hans: &#8222;\u00de\u00fa s\u00e9r a\u00f0 f\u00f3lki\u00f0 \u00ferengist a\u00f0 \u00fe\u00e9r. \u00de\u00f3 segir \u00fe\u00fa: Hver snart mig?&#8220; Og hann skyggndist \u00ed kringum sig a\u00f0 sj\u00e1 \u00feann er \u00fea\u00f0 haf\u00f0i gj\u00f6rt. En konan var hr\u00e6dd og \u00f3ttaslegin (\u00fev\u00ed a\u00f0 h\u00fan vissi hva\u00f0 hana haf\u00f0i ske\u00f0) og kom, f\u00e9ll fyrir honum ni\u00f0ur og sag\u00f0i honum allan sannleik. En hann sag\u00f0i til hennar: &#8222;M\u00edn d\u00f3ttir, \u00fe\u00edn tr\u00faa gj\u00f6r\u00f0i \u00feig heila. Far \u00ed fri\u00f0i og vert heil af \u00feinni pl\u00e1gu.&#8220; <span class=\"athugasemd\" title=\"Tr\u00faarinnar kraftur \/ Matth. 8 \/ Luc. 7 \/ Act. 3\">[<\/span> <\/p>\n<p>\t\u00de\u00e1 hann tala\u00f0i \u00feetta komu sendibo\u00f0ar til samkunduforingjans og s\u00f6g\u00f0u: &#8222;\u00de\u00edn d\u00f3ttir er \u00f6ndu\u00f0. Hv\u00ed \u00f3makar \u00fe\u00fa meistarann lengra?&#8220; En er Jes\u00fas heyr\u00f0i hva\u00f0 \u00fear sag\u00f0ist sag\u00f0i hann til samkunduforingjans: &#8222;\u00d3ttast \u00fe\u00fa eigi, tr\u00fa \u00fe\u00fa heldur.&#8220; Og hann lofa\u00f0i \u00f6ngvum a\u00f0 fylgja s\u00e9r nema P\u00e9tri og Jakob og Johanne br\u00f3\u00f0ur Jakobs. Og hann kom \u00ed samkunduh\u00f6f\u00f0ingjans h\u00fas og leit \u00fear buldran og \u00fe\u00e1 er \u00fear gr\u00e9tu mj\u00f6g og \u00e6ptu. Og hann gekk \u00feanga\u00f0 innar og sag\u00f0i til \u00feeirra: &#8222;Hva\u00f0 buldri \u00fe\u00e9r og s\u00fdti\u00f0? St\u00falkan er eigi l\u00e1tin heldur sefur h\u00fan.&#8220; Og \u00feeir d\u00e1ru\u00f0u hann. En hann rak \u00fe\u00e1 alla \u00fat og t\u00f3k me\u00f0 s\u00e9r f\u00f6\u00f0ur og m\u00f3\u00f0ur st\u00falkunnar og \u00fe\u00e1 er me\u00f0 honum voru og gekk \u00feanga\u00f0 inn er st\u00falkan l\u00e1. Og hann h\u00e9lt um h\u00f6nd st\u00falkunnar og sag\u00f0i til hennar: &#8222;Tal\u00ed\u00fea k\u00fam\u00ed.&#8220; \u00dea\u00f0 \u00fatleggst: &#8222;St\u00falka, eg segi \u00fe\u00e9r: R\u00eds upp.&#8220; Og \u00fe\u00e1 strax reis st\u00falkan upp og gekk. <span class=\"athugasemd\" title=\"D\u00f3ttir Jairi uppreist af dau\u00f0a\">[<\/span> En h\u00fan var t\u00f3lf \u00e1ra g\u00f6mul. Og \u00feeir ur\u00f0u af miklum \u00f3tta felmsfullir. Og hann bau\u00f0 \u00feeim st\u00f3rlega a\u00f0 \u00fea\u00f0 skyldi enginn vita og bau\u00f0 a\u00f0 gefa henni a\u00f0 eta.<\/p>\n","protected":false},"excerpt":{"rendered":"<p>V. Og \u00feeir komu yfir um \u00feann sj\u00f3 \u00ed bygg\u00f0ir Gadarenorum. [ Og er hann st\u00e9 af skipinu \u00fe\u00e1 hlj\u00f3p strax \u00ed m\u00f3ti \u00feeim \u00far lei\u00f0um framli\u00f0inna einn dj\u00f6ful\u00f3\u00f0ur ma\u00f0ur, s\u00e1 er haf\u00f0i sitt h\u00edb\u00fdli \u00ed gr\u00f6fum dau\u00f0ra manna. [ \u00dev\u00ed enginn f\u00e9kk hann bundi\u00f0 og eigi me\u00f0 j\u00e1rnvi\u00f0jum. \u00dev\u00ed a\u00f0 hann haf\u00f0i oft bundinn veri\u00f0 me\u00f0 fj\u00f6trum og j\u00e1rnvi\u00f0jum og hann haf\u00f0i vi\u00f0jurnar af s\u00e9r sliti\u00f0 og fj\u00f6trin \u00ed sundur n\u00fai\u00f0 og enginn f\u00e9kk hann tami\u00f0. Og allt jafnt n\u00e6tur og daga \u00fe\u00e1 var hann \u00e1 fj\u00f6llum e\u00f0ur \u00ed dau\u00f0ra manna gr\u00f6fum, kallandi og lemjandi sig me\u00f0 grj\u00f3ti. En <a href=\"https:\/\/biblian.is\/gudbrandsbiblia\/markusargudspjall-5-kafli\/\"> [&#8230;]<\/a><\/p>\n","protected":false},"author":1,"featured_media":0,"parent":0,"menu_order":0,"comment_status":"open","ping_status":"open","template":"bibliukaflar.php","meta":{"footnotes":""},"class_list":["post-3811","page","type-page","status-publish","hentry"],"_links":{"self":[{"href":"https:\/\/biblian.is\/gudbrandsbiblia\/wp-json\/wp\/v2\/pages\/3811","targetHints":{"allow":["GET"]}}],"collection":[{"href":"https:\/\/biblian.is\/gudbrandsbiblia\/wp-json\/wp\/v2\/pages"}],"about":[{"href":"https:\/\/biblian.is\/gudbrandsbiblia\/wp-json\/wp\/v2\/types\/page"}],"author":[{"embeddable":true,"href":"https:\/\/biblian.is\/gudbrandsbiblia\/wp-json\/wp\/v2\/users\/1"}],"replies":[{"embeddable":true,"href":"https:\/\/biblian.is\/gudbrandsbiblia\/wp-json\/wp\/v2\/comments?post=3811"}],"version-history":[{"count":0,"href":"https:\/\/biblian.is\/gudbrandsbiblia\/wp-json\/wp\/v2\/pages\/3811\/revisions"}],"wp:attachment":[{"href":"https:\/\/biblian.is\/gudbrandsbiblia\/wp-json\/wp\/v2\/media?parent=3811"}],"curies":[{"name":"wp","href":"https:\/\/api.w.org\/{rel}","templated":true}]}}