{"id":3808,"date":"2017-12-18T18:34:46","date_gmt":"2017-12-18T18:34:46","guid":{"rendered":"http:\/\/biblian.is\/gudbrandsbiblia\/markusargudspjall-2-kafli\/"},"modified":"2017-12-18T18:34:46","modified_gmt":"2017-12-18T18:34:46","slug":"markusargudspjall-2-kafli","status":"publish","type":"page","link":"https:\/\/biblian.is\/gudbrandsbiblia\/markusargudspjall-2-kafli\/","title":{"rendered":"Mark\u00fasargu\u00f0spjall 2. kafli"},"content":{"rendered":"<p>II.<\/p>\n<p>Og enn eftir f\u00e1 daga \u00fe\u00e1 gekk hann aftur til Kapernaum. <span class=\"athugasemd\" title=\"Matth. 9 \/ Luc. 5\">[<\/span> Og er \u00fea\u00f0 heyr\u00f0ist a\u00f0 hann var \u00ed h\u00fasinu s\u00f6fnu\u00f0ust margir saman so a\u00f0 \u00feeir h\u00f6f\u00f0u ekki r\u00fam og einnin fyrir utan dyrnar. Og hann tala\u00f0i or\u00f0i\u00f0 fyrir \u00feeim.<\/p>\n<p>\t\u00dear komu nokkrir til hans, f\u00e6randi einn iktsj\u00fakan hver e\u00f0 borinn var af fj\u00f3rum. <span class=\"athugasemd\" title=\"1 \/ Iktsj\u00fakur ver\u00f0ur heill\">[<\/span> Og \u00fe\u00e1 er \u00feeir fengu ei fyrir f\u00f3lkinu f\u00e6rt honum hann opnu\u00f0u \u00feeir \u00feekjuna upp yfir honum og gr\u00f3fu \u00fear \u00ed gegnum, l\u00e9tu so s\u00e6ngina ni\u00f0ur s\u00edga sem hinn sj\u00faki l\u00e1 \u00ed. En er Jes\u00fas s\u00e1 \u00feeirra tr\u00fa sag\u00f0i hann til hins iktsj\u00faka: &#8222;Son minn, \u00fe\u00ednar syndir eru \u00fe\u00e9r fyrirgefnar.&#8220;<\/p>\n<p>\tEn \u00fear voru nokkrir skriftl\u00e6r\u00f0ir, s\u00e1tu \u00fear og hugsu\u00f0u \u00ed s\u00ednum hj\u00f6rtum: &#8222;Hvernin talar \u00feessi sl\u00edka gu\u00f0lastan? Hver m\u00e1 syndirnar fyrirgefa nema Gu\u00f0 einn?&#8220; Jes\u00fas fann strax \u00ed s\u00ednum anda a\u00f0 \u00feeir \u00feenktu so me\u00f0 s\u00e9r og sag\u00f0i til \u00feeirra: &#8222;\u00dev\u00ed \u00feenki \u00fe\u00e9r \u00feetta \u00ed y\u00f0rum hj\u00f6rtum? Hvert er au\u00f0veldara a\u00f0 segja til hins iktsj\u00faka: \u00de\u00e9r eru \u00fe\u00ednar syndir fyrirl\u00e1tnar, e\u00f0a a\u00f0 segja: Statt upp og tak s\u00e6ng \u00fe\u00edna og gakk h\u00e9\u00f0an? En a\u00f0 \u00fe\u00e9r viti\u00f0 \u00fea\u00f0 Mannsins sonur hefur vald til \u00e1 j\u00f6r\u00f0u a\u00f0 fyrirgefa syndirnar&#8220; \u00fe\u00e1 sag\u00f0i hann til hins iktsj\u00faka: &#8222;Eg segi \u00fe\u00e9r: Statt upp, tak s\u00e6ng \u00fe\u00edna og gakk \u00ed \u00feitt h\u00fas.&#8220; Og strax \u00fe\u00e1 st\u00f3\u00f0 hann upp, t\u00f3k s\u00e6ng s\u00edna og gekk burt \u00fea\u00f0an \u00ed allra augs\u00fdn so a\u00f0 allir undru\u00f0ust og hei\u00f0ru\u00f0u Gu\u00f0, svo segjandi: &#8222;Aldrei h\u00f6fu v\u00e6r fyrr sl\u00edkt s\u00e9\u00f0.&#8220;<\/p>\n<p>\tHann gekk enn \u00fat aftur a\u00f0 sj\u00f3num og allt f\u00f3lk kom til hans og hann l\u00e6r\u00f0i \u00fea\u00f0. <span class=\"athugasemd\" title=\"Matth. 9 \/ Luc. 5\">[<\/span> En \u00fe\u00e1 er Jes\u00fas gekk fram hj\u00e1 leit hann Lev\u00ed son Alphei sitjanda \u00ed tollb\u00fa\u00f0inni og sag\u00f0i til hans: <span class=\"athugasemd\" title=\"2 \/ Kallan Matthei\">[<\/span> &#8222;Fylg \u00fe\u00fa m\u00e9r eftir.&#8220; Hann st\u00f3\u00f0 upp og fylgdi honum eftir. \u00dea\u00f0 gj\u00f6r\u00f0ist \u00fe\u00e1 hann sat til bor\u00f0s \u00ed hans h\u00fasi a\u00f0 margir tollheimtumenn og bersyndugir settu sig til bor\u00f0s me\u00f0 Jes\u00fa og hans l\u00e6risveinum \u00fev\u00ed a\u00f0 \u00feeir voru margir sem honum fylgdu eftir. Og er hinir skriftl\u00e6r\u00f0u og Pharisei s\u00e1u \u00fea\u00f0 a\u00f0 hann \u00e1t me\u00f0 toll\u00f6rum og bersyndugum s\u00f6g\u00f0u \u00feeir til hans l\u00e6risveina: <span class=\"athugasemd\" title=\"Matth. 9 \/ Luc. 5\">[<\/span> &#8222;\u00dev\u00ed etur og drekkur y\u00f0ar meistari me\u00f0 bersyndugum og tollheimturum?&#8220; \u00de\u00e1 er Jes\u00fas heyr\u00f0i \u00fea\u00f0 sag\u00f0i hann til \u00feeirra: &#8222;\u00deeir sem heilbrig\u00f0ir eru \u00feurfa eigi l\u00e6knarans heldur \u00feeir sem sj\u00fakir eru. \u00dev\u00ed ei kom eg til a\u00f0 kalla r\u00e9ttl\u00e1ta heldur synduga til i\u00f0ranar.&#8220;<\/p>\n<p>\t\u00dear voru Johannis og Phariseis l\u00e6risveinar hverjir e\u00f0 f\u00f6stu\u00f0u mj\u00f6g. \u00deeir komu og s\u00f6g\u00f0u til hans: <span class=\"athugasemd\" title=\"3 \/ Johannis l\u00e6risveinar hefja spurning af f\u00f6stunni\">[<\/span> &#8222;\u00dev\u00ed fasta Johannis og Phariseis l\u00e6risveinar en \u00fe\u00ednir l\u00e6risveinar fasta ekki?&#8220; Jes\u00fas sag\u00f0i til \u00feeirra: &#8222;Hvernin mega br\u00fa\u00f0laupsb\u00f6rnin fasta \u00e1 me\u00f0an br\u00fa\u00f0guminn er hj\u00e1 \u00feeim? \u00dea\u00f0 so lengi mega \u00feeir eigi fasta sem \u00feeir hafa br\u00fa\u00f0gumann hj\u00e1 s\u00e9r. En \u00feeir dagar munu koma a\u00f0 br\u00fa\u00f0guminn ver\u00f0ur fr\u00e1 \u00feeim tekinn og \u00e1 \u00feeim d\u00f6gum \u00fe\u00e1 munu \u00feeir fasta.<\/p>\n<p>\tEngin saumar n\u00fdja kl\u00e6\u00f0isb\u00f3t \u00e1 gamalt fat \u00fev\u00ed a\u00f0 hin n\u00fdja b\u00f3tin gli\u00f0nar fr\u00e1 hinu forna og ver\u00f0a slitin \u00fe\u00e1 verri. Og enginn l\u00e6tur n\u00fdtt v\u00edn \u00ed forna belgi, annars sprengir v\u00edni\u00f0 belgina so a\u00f0 v\u00edni\u00f0 spillist en belgirnir skemmast, heldur skal n\u00fdtt v\u00edn l\u00e1tast \u00ed n\u00fdja belgi.&#8220; <span class=\"athugasemd\" title=\"4 \/ Hverjir or\u00f0i\u00f0 hremma kunna\">[<\/span> <\/p>\n<p>\t\u00dea\u00f0 ske\u00f0i enn aftur a\u00f0 Jes\u00fas gekk um \u00fevottdag yfir kornekrur. <span class=\"athugasemd\" title=\"5 \/ Um \u00fevottdaginn \/ Mat. 12 \/ Luc. 6\">[<\/span> Og hans l\u00e6risveinar t\u00f3ku til \u00fe\u00e1 \u00feeir gengu og t\u00edndu axin af korninu. En Pharisei s\u00f6g\u00f0u til hans: &#8222;Sj\u00e1, hva\u00f0 \u00fe\u00ednir l\u00e6risveinar gj\u00f6ra \u00e1 \u00fevottdegi \u00fea\u00f0 er eigi h\u00e6fir.&#8220; Hann sag\u00f0i \u00fe\u00e1 til \u00feeirra: &#8222;Hafi \u00fe\u00e9r eigi lesi\u00f0 hva\u00f0 Dav\u00ed\u00f0 gj\u00f6r\u00f0i \u00fe\u00e1 hann \u00feurfti vi\u00f0 n\u00e6r hann hungra\u00f0i sj\u00e1lfan og \u00fe\u00e1 er me\u00f0 honum voru, hvernin a\u00f0 hann gekk inn \u00ed Gu\u00f0s h\u00fasi\u00f0 \u00e1 d\u00f6gum Abjatars prestah\u00f6f\u00f0ingja og \u00e1t \u00feau sj\u00f3narbrau\u00f0in sem eigi leyf\u00f0ust a\u00f0 eta nema kennim\u00f6nnum einum og hann gaf \u00feau \u00feeim sem me\u00f0 honum voru?&#8220; Hann sag\u00f0i og \u00fe\u00e1 til \u00feeirra: &#8222;\u00devottdagurinn er fyrir mannsins sakir gj\u00f6r\u00f0ur en eigi ma\u00f0urinn fyrir \u00fevottdagsins sakir. \u00dev\u00ed er Mannsins sonur einn herra og einnin \u00fevottdagsins.&#8220;<\/p>\n","protected":false},"excerpt":{"rendered":"<p>II. Og enn eftir f\u00e1 daga \u00fe\u00e1 gekk hann aftur til Kapernaum. [ Og er \u00fea\u00f0 heyr\u00f0ist a\u00f0 hann var \u00ed h\u00fasinu s\u00f6fnu\u00f0ust margir saman so a\u00f0 \u00feeir h\u00f6f\u00f0u ekki r\u00fam og einnin fyrir utan dyrnar. Og hann tala\u00f0i or\u00f0i\u00f0 fyrir \u00feeim. \u00dear komu nokkrir til hans, f\u00e6randi einn iktsj\u00fakan hver e\u00f0 borinn var af fj\u00f3rum. [ Og \u00fe\u00e1 er \u00feeir fengu ei fyrir f\u00f3lkinu f\u00e6rt honum hann opnu\u00f0u \u00feeir \u00feekjuna upp yfir honum og gr\u00f3fu \u00fear \u00ed gegnum, l\u00e9tu so s\u00e6ngina ni\u00f0ur s\u00edga sem hinn sj\u00faki l\u00e1 \u00ed. En er Jes\u00fas s\u00e1 \u00feeirra tr\u00fa sag\u00f0i hann til hins iktsj\u00faka: <a href=\"https:\/\/biblian.is\/gudbrandsbiblia\/markusargudspjall-2-kafli\/\"> [&#8230;]<\/a><\/p>\n","protected":false},"author":1,"featured_media":0,"parent":0,"menu_order":0,"comment_status":"open","ping_status":"open","template":"bibliukaflar.php","meta":{"footnotes":""},"class_list":["post-3808","page","type-page","status-publish","hentry"],"_links":{"self":[{"href":"https:\/\/biblian.is\/gudbrandsbiblia\/wp-json\/wp\/v2\/pages\/3808","targetHints":{"allow":["GET"]}}],"collection":[{"href":"https:\/\/biblian.is\/gudbrandsbiblia\/wp-json\/wp\/v2\/pages"}],"about":[{"href":"https:\/\/biblian.is\/gudbrandsbiblia\/wp-json\/wp\/v2\/types\/page"}],"author":[{"embeddable":true,"href":"https:\/\/biblian.is\/gudbrandsbiblia\/wp-json\/wp\/v2\/users\/1"}],"replies":[{"embeddable":true,"href":"https:\/\/biblian.is\/gudbrandsbiblia\/wp-json\/wp\/v2\/comments?post=3808"}],"version-history":[{"count":0,"href":"https:\/\/biblian.is\/gudbrandsbiblia\/wp-json\/wp\/v2\/pages\/3808\/revisions"}],"wp:attachment":[{"href":"https:\/\/biblian.is\/gudbrandsbiblia\/wp-json\/wp\/v2\/media?parent=3808"}],"curies":[{"name":"wp","href":"https:\/\/api.w.org\/{rel}","templated":true}]}}