{"id":3794,"date":"2017-12-18T18:34:42","date_gmt":"2017-12-18T18:34:42","guid":{"rendered":"http:\/\/biblian.is\/gudbrandsbiblia\/matteusargudspjall-16-kafli\/"},"modified":"2017-12-18T18:34:42","modified_gmt":"2017-12-18T18:34:42","slug":"matteusargudspjall-16-kafli","status":"publish","type":"page","link":"https:\/\/biblian.is\/gudbrandsbiblia\/matteusargudspjall-16-kafli\/","title":{"rendered":"Matteusargu\u00f0spjall 16. kafli"},"content":{"rendered":"<p>XVI.<\/p>\n<p>\u00de\u00e1 gengu \u00feeir Pharisei og Saducei til hans, freistandi hans og b\u00e1\u00f0u hann a\u00f0 s\u00fdna s\u00e9r teikn af himni. <span class=\"athugasemd\" title=\"I \/ Jes\u00fas straffar Phariseos og Saduseos sem b\u00e1\u00f0ust eftir teikni \/ Marc. 8\">[<\/span> En hann svara\u00f0i \u00feeim og sag\u00f0i: &#8222;\u00c1 kveldin segi \u00fe\u00e9r: \u00dea\u00f0 ver\u00f0ur f\u00ednt ve\u00f0ur \u00fea\u00f0 himinro\u00f0i er. Og \u00e1 morgna segi \u00fe\u00e9r: \u00cd dag ver\u00f0ur hreggvi\u00f0ri \u00fev\u00ed\u00f0 a\u00f0 himinninn er rau\u00f0ur og dimmur. \u00de\u00e9r hr\u00e6snarar, himinsins \u00e1sj\u00e1n kunni \u00fe\u00e9r a\u00f0 d\u00e6ma en a\u00f0 vita teikn \u00feessara t\u00edma kunni \u00fe\u00e9r eigi. \u00deessi vonda og h\u00f3rd\u00f3mskynsl\u00f3\u00f0 \u00e6skir teikns og henni skal ekkert teikn gefi\u00f0 ver\u00f0a nema teikn Jona sp\u00e1manns.&#8220; Og hann forl\u00e9t \u00fe\u00e1 og gekk \u00ed burt.<\/p>\n<p>\tOg er hans l\u00e6risveinar voru yfir um farnir h\u00f6f\u00f0u \u00feeir gleymt brau\u00f0 me\u00f0 s\u00e9r a\u00f0 taka. <span class=\"athugasemd\" title=\"Luc. 12\">[<\/span> En Jes\u00fas sag\u00f0i til \u00feeirra: &#8222;Sj\u00e1i\u00f0 til og vakti\u00f0 y\u00f0ur vi\u00f0 s\u00fardeigi \u00feeirra Phariseis og Saduceis.&#8220; \u00de\u00e1 \u00feenktu \u00feeir me\u00f0 s\u00e9r og s\u00f6g\u00f0u: &#8222;\u00dea\u00f0 mun vera \u00fea\u00f0 v\u00e6r h\u00f6fum ei brau\u00f0 me\u00f0 oss teki\u00f0.&#8220; En er Jes\u00fas fornam \u00fea\u00f0 sag\u00f0i hann til \u00feeirra: &#8222;\u00de\u00e9r l\u00edtiltr\u00faa\u00f0ir, hvar fyrir hugsi \u00fe\u00e9r um \u00fea\u00f0 \u00fe\u00f3 \u00fe\u00e9r hafi\u00f0 eigi brau\u00f0in me\u00f0 y\u00f0ur haft? Skilji \u00fe\u00e9r enn ekki? Minnist \u00fe\u00e9r ekki \u00e1 \u00feau fimm brau\u00f0 \u00e1 me\u00f0al fimm \u00fe\u00fasunda e\u00f0a hversu margar karfir a\u00f0 \u00fe\u00e9r t\u00f3ku\u00f0 \u00fe\u00e1 upp? Og eigi enn \u00e1 \u00feau sj\u00f6 brau\u00f0 \u00e1 me\u00f0al fj\u00f6gra \u00fe\u00fasunda og hversu margar karfir e\u00f0 \u00fe\u00e9r t\u00f3ku\u00f0 \u00fe\u00e1 upp? Hvar fyrir skilji \u00fe\u00e9r eigi a\u00f0 eg sag\u00f0a y\u00f0ur ekki af brau\u00f0inu \u00fe\u00e1 eg sag\u00f0a: Vakti\u00f0 y\u00f0ur fyrir s\u00fardeigi \u00feeirra Phariseis og Saduceis?&#8220; \u00de\u00e1 undirst\u00f3\u00f0u \u00feeir a\u00f0 hann haf\u00f0i eigi sagt \u00feeim \u00fea\u00f0 \u00feeir skyldu vara sig vi\u00f0 s\u00fardeigi brau\u00f0sins heldur vi\u00f0 l\u00e6rd\u00f3mi \u00feeirra Phariseis og Saduceis. <span class=\"athugasemd\" title=\"2 \/ Far\u00edseanna s\u00fardeig\">[<\/span> <\/p>\n<p>\t\u00de\u00e1 kom Jes\u00fas \u00ed lands\u00e1lfur borgarinnar Cesaree Philippi og spur\u00f0i s\u00edna l\u00e6risveina a\u00f0 og sag\u00f0i: <span class=\"athugasemd\" title=\"3 \/ Spurning hver Christus s\u00e9\">[<\/span> &#8222;Hva\u00f0 segja menn til hver Mannsins son s\u00e9?&#8220; \u00deeir s\u00f6g\u00f0u: &#8222;Sumir segja \u00fe\u00fa s\u00e9rt J\u00f3hannes baptista en a\u00f0rir \u00fe\u00fa s\u00e9rt El\u00edas, sumir a\u00f0 \u00fe\u00fa s\u00e9rt Jeremias e\u00f0ur einn af sp\u00e1m\u00f6nnunum.&#8220; Hann sag\u00f0i til \u00feeirra: &#8222;Hvern segi \u00fe\u00e9r mig vera?&#8220; \u00de\u00e1 svara\u00f0i S\u00edmon Petrus og sag\u00f0i: <span class=\"athugasemd\" title=\"4 \/ Andsvar Petri\">[<\/span> &#8222;\u00de\u00fa ert Kristur, sonur Gu\u00f0s lifanda.&#8220; En Jes\u00fas svara\u00f0i og sag\u00f0i til hans: &#8222;S\u00e6ll ertu, S\u00edmon J\u00f3hannsson, \u00fev\u00ed a\u00f0 hold og bl\u00f3\u00f0 birti \u00fe\u00e9r \u00fea\u00f0 eigi heldur minn himneski fa\u00f0ir. Eg segi \u00fe\u00e9r og: \u00de\u00fa ert Petrus. Og yfir \u00feennan hellustein mun eg upp \u00e1 byggja m\u00edna kristni og hli\u00f0in helv\u00edtis skulu eigi magn hafa \u00ed gegn henni. <span class=\"athugasemd\" title=\"5 \/ Hver a\u00f0 s\u00e9 s\u00f6nn kristni\">[<\/span> Og \u00fe\u00e9r mun eg gefa lykla himnar\u00edkis og allt hva\u00f0 \u00fe\u00fa bindur \u00e1 j\u00f6r\u00f0u skal \u00e1 himnum bundi\u00f0 vera og allt hva\u00f0 \u00fe\u00fa leysir \u00e1 j\u00f6r\u00f0u skal \u00e1 himnum leyst vera.&#8220; <span class=\"athugasemd\" title=\"6 \/ Vald kristilegrar kirkju\">[<\/span> <\/p>\n<p>\t\u00de\u00e1 fyrirbau\u00f0 hann s\u00ednum l\u00e6risveinum a\u00f0 \u00feeir seg\u00f0i \u00fea\u00f0 nokkrum a\u00f0 hann v\u00e6ri Jes\u00fas, s\u00e1 Christus. <span class=\"athugasemd\" title=\"7 \/ Christus segir fyrir sinn dau\u00f0a og p\u00ednu\">[<\/span> \u00dea\u00f0an \u00ed fr\u00e1 t\u00f3k Jes\u00fas til a\u00f0 augl\u00fdsa fyrir s\u00ednum l\u00e6risveinum \u00fea\u00f0 honum byrja\u00f0i a\u00f0 ganga til Jer\u00fasalem og margt a\u00f0 l\u00ed\u00f0a af \u00f6ldungunum, skriftl\u00e6r\u00f0um og kennimannah\u00f6f\u00f0ingjum og l\u00edfl\u00e1tinn ver\u00f0a og \u00e1 \u00feri\u00f0ja degi upp a\u00f0 r\u00edsa. En P\u00e9tur t\u00f3k hann \u00fat af, \u00e1taldi hann og sag\u00f0i: &#8222;Herra, \u00feyrm sj\u00e1lfum \u00fe\u00e9r a\u00f0 eigi hendi \u00feig \u00feetta.&#8220; En hann snerist vi\u00f0 og sag\u00f0i til P\u00e9turs: <span class=\"athugasemd\" title=\"8 \/ Petrus straffast\">[<\/span> &#8222;Far fr\u00e1 m\u00e9r, andskoti, \u00fe\u00fa ert m\u00e9r hneykslanlegur. \u00dev\u00ed a\u00f0 \u00fe\u00fa skilur eigi hva\u00f0 Gu\u00f0s er heldur hva\u00f0 mannanna er.&#8220;<\/p>\n<p>\tJes\u00fas sag\u00f0i \u00fe\u00e1 til sinna l\u00e6risveina: <span class=\"athugasemd\" title=\"9 \/ \u00dat af krossinum og ofs\u00f3kninni\">[<\/span> &#8222;Ef nokkur vill m\u00e9r eftirfylgja \u00fe\u00e1 afneiti hann sj\u00e1lfum s\u00e9r og taki sinn kross \u00e1 sig og fylgi m\u00e9r eftir. \u00dev\u00ed a\u00f0 hver hann vill sitt l\u00edf forsvara s\u00e1 mun \u00fev\u00ed t\u00fdna en hver sem s\u00ednu l\u00edfi t\u00fdnir fyrir m\u00ednar sakir s\u00e1 mun \u00fea\u00f0 finna. \u00dev\u00ed hva\u00f0 sto\u00f0ar \u00fea\u00f0 manninum \u00fe\u00f3 hann hreppti allan heiminn en gj\u00f6r\u00f0i tj\u00f3n sinnar s\u00e1lu? E\u00f0ur hva\u00f0 mun ma\u00f0urinn f\u00e1 gefi\u00f0 \u00fea\u00f0 hann s\u00e1lu s\u00edna me\u00f0 endurleysi? \u00dev\u00ed a\u00f0 \u00fea\u00f0 mun ske a\u00f0 Mannsins son mun koma \u00ed d\u00fdr\u00f0 s\u00edns f\u00f6\u00f0urs me\u00f0 s\u00ednum englum og \u00fe\u00e1 mun hann gjalda hverjum sem einum eftir s\u00ednum verkum. Sannlega segi eg y\u00f0ur a\u00f0 nokkrir standa \u00feeir h\u00e9r sem dau\u00f0ann munu eigi smakka \u00fear til a\u00f0 \u00feeir sj\u00e1 Mannsins son komanda \u00ed s\u00ednu r\u00edki.&#8220; <span class=\"athugasemd\" title=\"10 \/ Huggun \u00feeirra sem krossinn bera\">[<\/span><\/p>\n","protected":false},"excerpt":{"rendered":"<p>XVI. \u00de\u00e1 gengu \u00feeir Pharisei og Saducei til hans, freistandi hans og b\u00e1\u00f0u hann a\u00f0 s\u00fdna s\u00e9r teikn af himni. [ En hann svara\u00f0i \u00feeim og sag\u00f0i: &#8222;\u00c1 kveldin segi \u00fe\u00e9r: \u00dea\u00f0 ver\u00f0ur f\u00ednt ve\u00f0ur \u00fea\u00f0 himinro\u00f0i er. Og \u00e1 morgna segi \u00fe\u00e9r: \u00cd dag ver\u00f0ur hreggvi\u00f0ri \u00fev\u00ed\u00f0 a\u00f0 himinninn er rau\u00f0ur og dimmur. \u00de\u00e9r hr\u00e6snarar, himinsins \u00e1sj\u00e1n kunni \u00fe\u00e9r a\u00f0 d\u00e6ma en a\u00f0 vita teikn \u00feessara t\u00edma kunni \u00fe\u00e9r eigi. \u00deessi vonda og h\u00f3rd\u00f3mskynsl\u00f3\u00f0 \u00e6skir teikns og henni skal ekkert teikn gefi\u00f0 ver\u00f0a nema teikn Jona sp\u00e1manns.&#8220; Og hann forl\u00e9t \u00fe\u00e1 og gekk \u00ed burt. Og er hans l\u00e6risveinar <a href=\"https:\/\/biblian.is\/gudbrandsbiblia\/matteusargudspjall-16-kafli\/\"> [&#8230;]<\/a><\/p>\n","protected":false},"author":1,"featured_media":0,"parent":0,"menu_order":0,"comment_status":"open","ping_status":"open","template":"bibliukaflar.php","meta":{"footnotes":""},"class_list":["post-3794","page","type-page","status-publish","hentry"],"_links":{"self":[{"href":"https:\/\/biblian.is\/gudbrandsbiblia\/wp-json\/wp\/v2\/pages\/3794","targetHints":{"allow":["GET"]}}],"collection":[{"href":"https:\/\/biblian.is\/gudbrandsbiblia\/wp-json\/wp\/v2\/pages"}],"about":[{"href":"https:\/\/biblian.is\/gudbrandsbiblia\/wp-json\/wp\/v2\/types\/page"}],"author":[{"embeddable":true,"href":"https:\/\/biblian.is\/gudbrandsbiblia\/wp-json\/wp\/v2\/users\/1"}],"replies":[{"embeddable":true,"href":"https:\/\/biblian.is\/gudbrandsbiblia\/wp-json\/wp\/v2\/comments?post=3794"}],"version-history":[{"count":0,"href":"https:\/\/biblian.is\/gudbrandsbiblia\/wp-json\/wp\/v2\/pages\/3794\/revisions"}],"wp:attachment":[{"href":"https:\/\/biblian.is\/gudbrandsbiblia\/wp-json\/wp\/v2\/media?parent=3794"}],"curies":[{"name":"wp","href":"https:\/\/api.w.org\/{rel}","templated":true}]}}