{"id":3785,"date":"2017-12-18T18:34:42","date_gmt":"2017-12-18T18:34:42","guid":{"rendered":"http:\/\/biblian.is\/gudbrandsbiblia\/matteusargudspjall-7-kafli\/"},"modified":"2017-12-18T18:34:42","modified_gmt":"2017-12-18T18:34:42","slug":"matteusargudspjall-7-kafli","status":"publish","type":"page","link":"https:\/\/biblian.is\/gudbrandsbiblia\/matteusargudspjall-7-kafli\/","title":{"rendered":"Matteusargu\u00f0spjall 7. kafli"},"content":{"rendered":"<p>VII.<\/p>\n<p>Eigi skulu \u00fe\u00e9r d\u00e6ma so a\u00f0 \u00fe\u00e9r ver\u00f0i\u00f0 ei d\u00e6mdir. <span class=\"athugasemd\" title=\"1 \/ Eigi skulu menn d\u00e6ma \/ Luc. 6\">[<\/span> \u00dev\u00ed a\u00f0 me\u00f0 hverjum d\u00f3mi \u00fe\u00e9r d\u00e6mi\u00f0 munu \u00fe\u00e9r d\u00e6mdir ver\u00f0a og me\u00f0 hverri m\u00e6lingu \u00fe\u00e9r m\u00e6li\u00f0 mun y\u00f0ur endurm\u00e6lt ver\u00f0a. En hva\u00f0 s\u00e9r \u00fe\u00fa \u00f6gn \u00ed auga br\u00f3\u00f0ur \u00fe\u00edns og a\u00f0 \u00feeim vagli sem er \u00ed sj\u00e1lfs \u00fe\u00edns auga s\u00e9r \u00fe\u00fa ekki. E\u00f0a hvernin dirfist \u00fe\u00fa a\u00f0 segja br\u00f3\u00f0ur \u00fe\u00ednum: Br\u00f3\u00f0ir, leyf a\u00f0 eg dragi \u00f6gnina af auga \u00fe\u00ednu, og sj\u00e1, a\u00f0 vagl er \u00fe\u00f3 \u00ed sj\u00e1lfs \u00fe\u00edns auga. \u00de\u00fa hr\u00e6snari! Drag fyrst \u00fat vaglinn af \u00fe\u00ednu auga og gef \u00fe\u00e1 g\u00e6tur a\u00f0 a\u00f0 \u00fe\u00fa f\u00e1ir \u00fatdregi\u00f0 \u00f6gnina af \u00fe\u00edns br\u00f3\u00f0urs auga.<\/p>\n<p>\tEigi skulu \u00fe\u00e9r gefa hundum hva\u00f0 heilagt er og varpi\u00f0 eigi heldur perlum y\u00f0ar fyrir sv\u00edn so a\u00f0 eigi tro\u00f0i \u00feau \u00fe\u00e6r me\u00f0 f\u00f3tum s\u00e9r og a\u00f0 sn\u00faist \u00feau og y\u00f0ur \u00ed sundur sl\u00edti. <span class=\"athugasemd\" title=\"2 \/ Gu\u00f0s or\u00f0 skal ekki vanhelga\">[<\/span> <\/p>\n<p>\tBi\u00f0ji\u00f0 og y\u00f0ur mun gefast, leiti\u00f0 og munu \u00fe\u00e9r finna, kn\u00fdi\u00f0 \u00e1 og mun fyrir y\u00f0ur upp loki\u00f0. <span class=\"athugasemd\" title=\"3 \/ \u00dat af b\u00e6ninni \/ Luc. 11 \/ Jak. 1 \/ Deut. 4\">[<\/span> \u00dev\u00ed a\u00f0 hver e\u00f0 bi\u00f0ur hann \u00f6\u00f0last, hver e\u00f0 leitar hann finnur og fyrir \u00feeim e\u00f0 \u00e1kn\u00fdr mun upp loki\u00f0. E\u00f0a hver er \u00feann mann af y\u00f0ur s\u00e1 ef sonurinn bi\u00f0ur hann um brau\u00f0 a\u00f0 hann bj\u00f3\u00f0i honum stein, elligar ef hann bi\u00f0ur um fisk a\u00f0 hann bj\u00f3\u00f0i honum \u00fe\u00e1 h\u00f6ggorm? \u00dev\u00ed ef \u00fe\u00e9r sem \u00fe\u00f3 eru\u00f0 vondir kunni\u00f0 a\u00f0 gefa g\u00f3\u00f0ar gjafir sonum y\u00f0ar, miklu meir mun y\u00f0ar fa\u00f0ir s\u00e1 \u00e1 himnum er gefa \u00feeim gott er hann bi\u00f0ja. \u00dev\u00ed allt hva\u00f0 \u00fe\u00e9r vilji\u00f0 mennirnir gj\u00f6ri y\u00f0ur \u00fea\u00f0 skulu \u00fe\u00e9r og \u00feeim gj\u00f6ra \u00fev\u00ed a\u00f0 \u00feetta er l\u00f6gm\u00e1li\u00f0 og sp\u00e1mennirnir. <span class=\"athugasemd\" title=\"4 \/ Innihaldi\u00f0 allra bo\u00f0or\u00f0a\">[<\/span> <\/p>\n<p>\tGangi\u00f0 inn um hi\u00f0 \u00fer\u00f6ngva hli\u00f0 \u00fev\u00ed a\u00f0 \u00fea\u00f0 hli\u00f0 er v\u00edtt og s\u00e1 vegur er brei\u00f0ur sem lei\u00f0ir til fort\u00f6punar og \u00feeir eru margir sem \u00e1 honum reika og \u00fea\u00f0 port er \u00fer\u00f6ngt og s\u00e1 vegur er mj\u00f3r sem til l\u00edfsins lei\u00f0ir og \u00feeir eru f\u00e1ir er hann rata. <span class=\"athugasemd\" title=\"5 \/ Af krossi, \u00feolinm\u00e6\u00f0i\">[<\/span> <\/p>\n<p>\tVakti\u00f0 y\u00f0ur fyrir falssp\u00e1m\u00f6nnum sem til y\u00f0ar koma \u00ed kl\u00e6\u00f0um sau\u00f0anna en innan til eru \u00feeir glefsandi vargar. <span class=\"athugasemd\" title=\"6 \/ A\u00f0 for\u00f0ast falssp\u00e1menn \/ Marc. 8 \/ Luc. 12 \/ Luc. 6\">[<\/span> Af \u00e1v\u00f6xtum \u00feeirra megi \u00fe\u00e9r \u00fe\u00e1 kenna. Ver\u00f0a nokku\u00f0 v\u00ednber samanlesin af \u00feyrnum elligar f\u00edkjur af \u00feystlum? So mun hvert gott tr\u00e9 gj\u00f6ra g\u00f3\u00f0an \u00e1v\u00f6xt en hvert vont tr\u00e9 vondan \u00e1v\u00f6xt. Gott tr\u00e9 getur eigi f\u00e6rt vondan \u00e1v\u00f6xt og eigi heldur getur vont tr\u00e9 f\u00e6rt g\u00f3\u00f0an \u00e1v\u00f6xt. Hvert \u00fea\u00f0 tr\u00e9 sem eigi f\u00e6rir g\u00f3\u00f0an \u00e1v\u00f6xt mun afh\u00f6ggvi\u00f0 ver\u00f0a og \u00ed eld kasta\u00f0. Fyrir \u00fev\u00ed megi \u00fe\u00e9r af \u00feeirra \u00e1v\u00f6xtum \u00fe\u00e1 kenna.<\/p>\n<p>\t\u00deeir munu ei allir sem til m\u00edn segja: Herra, herra, innganga \u00ed Gu\u00f0s r\u00edki heldur \u00feeir sem gj\u00f6ra vilja m\u00edns himneska f\u00f6\u00f0urs. Margir munu til m\u00edn segja \u00e1 \u00feeim degi: Herra, herra, h\u00f6fum v\u00e9r eigi sp\u00e1\u00f0 \u00ed \u00fe\u00ednu nafni, h\u00f6fum v\u00e6r og eigi \u00ed \u00fe\u00ednu nafni dj\u00f6fla \u00fatreki\u00f0 og \u00ed \u00fe\u00ednu nafni gj\u00f6r\u00f0u v\u00e6r m\u00f6rg kraftaverk? Og eg mun \u00fe\u00e1 j\u00e1ta \u00feeim a\u00f0 aldrei \u00feekkta eg y\u00f0ur, fari\u00f0 fr\u00e1 m\u00e9r allir illgj\u00f6r\u00f0amenn. <span class=\"athugasemd\" title=\"Psal. 6\">[<\/span> <\/p>\n<p>\tFyrir \u00fev\u00ed hver hann heyrir \u00feessi m\u00edn or\u00f0 og gj\u00f6rir \u00feau, \u00feann mun eg l\u00edkja \u00feeim vitrum manni sem bygg\u00f0i upp sitt h\u00fas yfir hellustein. Og er hr\u00ed\u00f0vi\u00f0ri gj\u00f6r\u00f0i og vatsfl\u00f3\u00f0i\u00f0 kom og vindar bl\u00e9su og dundu a\u00f0 h\u00fasinu og h\u00fasi\u00f0 f\u00e9ll eigi a\u00f0 heldur \u00fev\u00ed a\u00f0 \u00fea\u00f0 var grundvalla\u00f0 yfir helluna. <span class=\"athugasemd\" title=\"Luc. 6 \/ R\u00f3m. 2 \/ Jakob. 1\">[<\/span> Og hver hann heyrir \u00feessi m\u00edn or\u00f0 og gj\u00f6rir \u00feau eigi hann er l\u00edkur \u00feeim f\u00e1v\u00edsum manni sem uppbygg\u00f0i sitt h\u00fas \u00e1 sandi. Og er \u00feeysid\u00f6gg gj\u00f6r\u00f0i og vatsfl\u00f3\u00f0 kom og vindar bl\u00e9su og dundu a\u00f0 \u00fev\u00ed \u00fe\u00e1 hrapa\u00f0i \u00fea\u00f0 og \u00feess hrapan var\u00f0 mikil.&#8220;<\/p>\n<p>\tOg \u00fea\u00f0 ske\u00f0i \u00fe\u00e1 Jes\u00fas haf\u00f0i lykta\u00f0 \u00feessa s\u00edna r\u00e6\u00f0u a\u00f0 f\u00f3lkinu \u00e6g\u00f0i hans kenning. \u00dev\u00ed a\u00f0 hans pr\u00e9dikan var voldug og eigi l\u00edka sem hinna skriftl\u00e6r\u00f0u.<\/p>\n","protected":false},"excerpt":{"rendered":"<p>VII. Eigi skulu \u00fe\u00e9r d\u00e6ma so a\u00f0 \u00fe\u00e9r ver\u00f0i\u00f0 ei d\u00e6mdir. [ \u00dev\u00ed a\u00f0 me\u00f0 hverjum d\u00f3mi \u00fe\u00e9r d\u00e6mi\u00f0 munu \u00fe\u00e9r d\u00e6mdir ver\u00f0a og me\u00f0 hverri m\u00e6lingu \u00fe\u00e9r m\u00e6li\u00f0 mun y\u00f0ur endurm\u00e6lt ver\u00f0a. En hva\u00f0 s\u00e9r \u00fe\u00fa \u00f6gn \u00ed auga br\u00f3\u00f0ur \u00fe\u00edns og a\u00f0 \u00feeim vagli sem er \u00ed sj\u00e1lfs \u00fe\u00edns auga s\u00e9r \u00fe\u00fa ekki. E\u00f0a hvernin dirfist \u00fe\u00fa a\u00f0 segja br\u00f3\u00f0ur \u00fe\u00ednum: Br\u00f3\u00f0ir, leyf a\u00f0 eg dragi \u00f6gnina af auga \u00fe\u00ednu, og sj\u00e1, a\u00f0 vagl er \u00fe\u00f3 \u00ed sj\u00e1lfs \u00fe\u00edns auga. \u00de\u00fa hr\u00e6snari! Drag fyrst \u00fat vaglinn af \u00fe\u00ednu auga og gef \u00fe\u00e1 g\u00e6tur a\u00f0 a\u00f0 \u00fe\u00fa f\u00e1ir \u00fatdregi\u00f0 <a href=\"https:\/\/biblian.is\/gudbrandsbiblia\/matteusargudspjall-7-kafli\/\"> [&#8230;]<\/a><\/p>\n","protected":false},"author":1,"featured_media":0,"parent":0,"menu_order":0,"comment_status":"open","ping_status":"open","template":"bibliukaflar.php","meta":{"footnotes":""},"class_list":["post-3785","page","type-page","status-publish","hentry"],"_links":{"self":[{"href":"https:\/\/biblian.is\/gudbrandsbiblia\/wp-json\/wp\/v2\/pages\/3785","targetHints":{"allow":["GET"]}}],"collection":[{"href":"https:\/\/biblian.is\/gudbrandsbiblia\/wp-json\/wp\/v2\/pages"}],"about":[{"href":"https:\/\/biblian.is\/gudbrandsbiblia\/wp-json\/wp\/v2\/types\/page"}],"author":[{"embeddable":true,"href":"https:\/\/biblian.is\/gudbrandsbiblia\/wp-json\/wp\/v2\/users\/1"}],"replies":[{"embeddable":true,"href":"https:\/\/biblian.is\/gudbrandsbiblia\/wp-json\/wp\/v2\/comments?post=3785"}],"version-history":[{"count":0,"href":"https:\/\/biblian.is\/gudbrandsbiblia\/wp-json\/wp\/v2\/pages\/3785\/revisions"}],"wp:attachment":[{"href":"https:\/\/biblian.is\/gudbrandsbiblia\/wp-json\/wp\/v2\/media?parent=3785"}],"curies":[{"name":"wp","href":"https:\/\/api.w.org\/{rel}","templated":true}]}}