{"id":3781,"date":"2017-12-18T18:34:42","date_gmt":"2017-12-18T18:34:42","guid":{"rendered":"http:\/\/biblian.is\/gudbrandsbiblia\/matteusargudspjall-3-kafli\/"},"modified":"2017-12-18T18:34:42","modified_gmt":"2017-12-18T18:34:42","slug":"matteusargudspjall-3-kafli","status":"publish","type":"page","link":"https:\/\/biblian.is\/gudbrandsbiblia\/matteusargudspjall-3-kafli\/","title":{"rendered":"Matteusargu\u00f0spjall 3. kafli"},"content":{"rendered":"<p>III.<\/p>\n<p>En \u00e1 \u00feeim d\u00f6gum kom J\u00f3hannes baptista og pr\u00e9dika\u00f0i \u00ed ey\u00f0im\u00f6rku Judealands og sag\u00f0i: <span class=\"athugasemd\" title=\"Luc. 3 \/ J\u00f3hann. 1 \/ Esa. 40 \/ Marci 1\">[<\/span> &#8222;Gj\u00f6ri\u00f0 i\u00f0ran \u00fev\u00ed a\u00f0 Gu\u00f0sr\u00edki er n\u00e1l\u00e6gt.&#8220; Hann er og einnin s\u00e1 af \u00feeim a\u00f0 sagt er fyrir Esaiam sp\u00e1mann sem segir: &#8222;\u00dear er ein hr\u00f3pandi r\u00f6dd \u00ed ey\u00f0im\u00f6rku: Rei\u00f0i\u00f0 til g\u00f6tu Drottins og gj\u00f6ri\u00f0 hans stigu r\u00e9tta.&#8220;<\/p>\n<p>\tEn J\u00f3hannes haf\u00f0i kl\u00e6\u00f0na\u00f0 af \u00falfaldsh\u00e1rum og \u00f3larbelti um s\u00ednar lendar. Hans matur voru engisprettur og sk\u00f3garhunang. \u00de\u00e1 gekk og \u00fat til hans l\u00fd\u00f0ur Jer\u00fasalemborgar og allt Gy\u00f0ingaland og \u00f6ll umliggjandi h\u00e9r\u00f6\u00f0 J\u00f3rdanar og sk\u00edr\u00f0ust af honum \u00ed J\u00f3rdan, j\u00e1tandi s\u00ednar syndir.<\/p>\n<p>\tEn \u00fe\u00e1 hann s\u00e1 marga Phariseos og Saduceos koma til sinnar sk\u00edrnar sag\u00f0i hann til \u00feeirra: <span class=\"athugasemd\" title=\"I \/ J\u00f3hannes straffar Phariseos\">[<\/span> &#8222;\u00de\u00e9r n\u00f6\u00f0rukyn, hver kenndi y\u00f0ur a\u00f0 fl\u00fdja fyrir tilkomandi rei\u00f0i? Af \u00fev\u00ed gj\u00f6ri\u00f0 ver\u00f0ugan \u00e1v\u00f6xt i\u00f0ranarinnar og veri\u00f0 ei \u00feess hugar \u00fea\u00f0 \u00fe\u00e9r segi\u00f0 me\u00f0 sj\u00e1lfum y\u00f0ur a\u00f0 Abraham h\u00f6fum v\u00e6r fyrir f\u00f6\u00f0ur. \u00dev\u00ed a\u00f0 eg segi y\u00f0ur a\u00f0 megtugur er Gu\u00f0 upp a\u00f0 vekja Abraham sonu af steinum \u00feessum. Af \u00fev\u00ed a\u00f0 n\u00fa er \u00f6xin sett til r\u00f3tar vi\u00f0anna. \u00dev\u00ed mun hvert \u00fea\u00f0 tr\u00e9 sem eigi gj\u00f6rir g\u00f3\u00f0an \u00e1v\u00f6xt upph\u00f6ggvast og \u00ed eld kastast.<\/p>\n<p>\tEg sk\u00edri y\u00f0ur \u00ed vatni til i\u00f0ranar en s\u00e1 eftir mig kemur er m\u00e9r sterkari hvers sk\u00f3kl\u00e6\u00f0i a\u00f0 eg er ei ver\u00f0ugur a\u00f0 bera. Hann mun sk\u00edra y\u00f0ur me\u00f0 heil\u00f6gum anda og eldi, hvers vindskupla er \u00ed hans hendi og hann mun hreinsa sinn l\u00e1fa og hveitinu safna \u00ed s\u00edna kornhl\u00f6\u00f0u en agnirnar brenna \u00ed \u00f3sl\u00f6kkvanlegum eldi.&#8220;<\/p>\n<p>\t\u00cd \u00feann t\u00edma kom Jes\u00fas af Galilea a\u00f0 J\u00f3rdan til J\u00f3hannes a\u00f0 hann sk\u00edr\u00f0ist af honum. <span class=\"athugasemd\" title=\"2 \/ Christus sk\u00edrist\">[<\/span> En J\u00f3hannes varna\u00f0i honum \u00feess og sag\u00f0i: &#8222;M\u00e9r er \u00fe\u00f6rf a\u00f0 eg sk\u00edrist af \u00fe\u00e9r og \u00fe\u00fa kemur til m\u00edn?&#8220; En Jes\u00fas svara\u00f0i og sag\u00f0i til hans: &#8222;L\u00e1t n\u00fa so vera \u00fev\u00ed a\u00f0 so h\u00e6fir oss allt r\u00e9ttl\u00e6ti upp a\u00f0 fylla.&#8220; Og \u00fe\u00e1 l\u00e9t hann \u00fea\u00f0 eftir honum. En er Jes\u00fas var sk\u00edr\u00f0ur st\u00e9 hann jafnskj\u00f3tt upp \u00far vatninu. Og sj\u00e1, a\u00f0 himnarnir lukust upp yfir honum og J\u00f3hannes s\u00e1 Gu\u00f0s anda ofan st\u00edga sem d\u00fafu og yfir hann koma. <span class=\"athugasemd\" title=\"Marci 9 \/ Luc. 3 \/ J\u00f3hann. 1\">[<\/span> Og sj\u00e1, a\u00f0 r\u00f6ddin af himni sag\u00f0i: &#8222;\u00deessi er son minn elskulegur, \u00e1 hverjum m\u00e9r vel \u00fe\u00f3knast.&#8220;<\/p>\n","protected":false},"excerpt":{"rendered":"<p>III. En \u00e1 \u00feeim d\u00f6gum kom J\u00f3hannes baptista og pr\u00e9dika\u00f0i \u00ed ey\u00f0im\u00f6rku Judealands og sag\u00f0i: [ &#8222;Gj\u00f6ri\u00f0 i\u00f0ran \u00fev\u00ed a\u00f0 Gu\u00f0sr\u00edki er n\u00e1l\u00e6gt.&#8220; Hann er og einnin s\u00e1 af \u00feeim a\u00f0 sagt er fyrir Esaiam sp\u00e1mann sem segir: &#8222;\u00dear er ein hr\u00f3pandi r\u00f6dd \u00ed ey\u00f0im\u00f6rku: Rei\u00f0i\u00f0 til g\u00f6tu Drottins og gj\u00f6ri\u00f0 hans stigu r\u00e9tta.&#8220; En J\u00f3hannes haf\u00f0i kl\u00e6\u00f0na\u00f0 af \u00falfaldsh\u00e1rum og \u00f3larbelti um s\u00ednar lendar. Hans matur voru engisprettur og sk\u00f3garhunang. \u00de\u00e1 gekk og \u00fat til hans l\u00fd\u00f0ur Jer\u00fasalemborgar og allt Gy\u00f0ingaland og \u00f6ll umliggjandi h\u00e9r\u00f6\u00f0 J\u00f3rdanar og sk\u00edr\u00f0ust af honum \u00ed J\u00f3rdan, j\u00e1tandi s\u00ednar syndir. En \u00fe\u00e1 hann s\u00e1 <a href=\"https:\/\/biblian.is\/gudbrandsbiblia\/matteusargudspjall-3-kafli\/\"> [&#8230;]<\/a><\/p>\n","protected":false},"author":1,"featured_media":0,"parent":0,"menu_order":0,"comment_status":"open","ping_status":"open","template":"bibliukaflar.php","meta":{"footnotes":""},"class_list":["post-3781","page","type-page","status-publish","hentry"],"_links":{"self":[{"href":"https:\/\/biblian.is\/gudbrandsbiblia\/wp-json\/wp\/v2\/pages\/3781","targetHints":{"allow":["GET"]}}],"collection":[{"href":"https:\/\/biblian.is\/gudbrandsbiblia\/wp-json\/wp\/v2\/pages"}],"about":[{"href":"https:\/\/biblian.is\/gudbrandsbiblia\/wp-json\/wp\/v2\/types\/page"}],"author":[{"embeddable":true,"href":"https:\/\/biblian.is\/gudbrandsbiblia\/wp-json\/wp\/v2\/users\/1"}],"replies":[{"embeddable":true,"href":"https:\/\/biblian.is\/gudbrandsbiblia\/wp-json\/wp\/v2\/comments?post=3781"}],"version-history":[{"count":0,"href":"https:\/\/biblian.is\/gudbrandsbiblia\/wp-json\/wp\/v2\/pages\/3781\/revisions"}],"wp:attachment":[{"href":"https:\/\/biblian.is\/gudbrandsbiblia\/wp-json\/wp\/v2\/media?parent=3781"}],"curies":[{"name":"wp","href":"https:\/\/api.w.org\/{rel}","templated":true}]}}