{"id":3752,"date":"2017-12-18T18:34:35","date_gmt":"2017-12-18T18:34:35","guid":{"rendered":"http:\/\/biblian.is\/gudbrandsbiblia\/fyrsta-makkabeabok-6-kafli\/"},"modified":"2017-12-18T18:34:35","modified_gmt":"2017-12-18T18:34:35","slug":"fyrsta-makkabeabok-6-kafli","status":"publish","type":"page","link":"https:\/\/biblian.is\/gudbrandsbiblia\/fyrsta-makkabeabok-6-kafli\/","title":{"rendered":"Fyrsta Makkabeab\u00f3k 6. kafli"},"content":{"rendered":"<p>VI.<\/p>\n<p>En \u00fe\u00e1 Antiochus k\u00f3ngur f\u00f3r aftur og fram um uppl\u00f6nd \u00ed r\u00edkinu \u00fe\u00e1 spur\u00f0i hann til einnrar nafnfr\u00e6grar borgar sem h\u00e9t El\u00fdma\u00eds \u00ed Persialandi a\u00f0 \u00fear skyldi vera miki\u00f0 gull og silfur og st\u00f3r r\u00edkd\u00f3mur og a\u00f0 \u00ed musterinu v\u00e6ri miki\u00f0 f\u00e9 og gullleg kl\u00e6\u00f0i, brynjur og skildir hverja Alexander Philippisonur k\u00f3ngur af Macedonia haf\u00f0i \u00feanga\u00f0 gefi\u00f0. <span class=\"athugasemd\" title=\"Antiochus \/ El\u00fdma\u00eds\">[<\/span> \u00dear fyrir kom Antiochus til borgarinnar a\u00f0 r\u00e6na hana og rupla en borgarmennirnir fengu nj\u00f3sn \u00fear af. \u00dear fyrir voru \u00feeir vi\u00f0b\u00fanir a\u00f0 verja sig. Og Antiochus vann \u00fear ekkert \u00e1 heldur hlaut hann a\u00f0 reisa \u00ed burtu \u00fea\u00f0an og hann sneri sinni fer\u00f0 aftur til Bab\u00fdlon og l\u00edka\u00f0i \u00feetta st\u00f3rilla.<\/p>\n<p>\t\u00de\u00e1 komu honum \u00feau t\u00ed\u00f0indi a\u00f0 hans herli\u00f0 v\u00e6ri falli\u00f0 sem hann haf\u00f0i sent \u00ed landi\u00f0 J\u00fada og a\u00f0 L\u00fds\u00edas hef\u00f0i or\u00f0i\u00f0 a\u00f0 fl\u00fdja og a\u00f0 Gy\u00f0ingar hef\u00f0i fengi\u00f0 st\u00f3rmiki\u00f0 f\u00e9 og fj\u00f6lda vopna \u00ed hans herb\u00fa\u00f0um, hvar me\u00f0 \u00feeir h\u00f6f\u00f0u s\u00ed\u00f0an brynja\u00f0 sig betur og voru or\u00f0nir megtugir og a\u00f0 \u00feeir hef\u00f0i \u00ed burt kasta\u00f0 sv\u00edvir\u00f0ingunni \u00far musterinu til Jer\u00fasalem og hef\u00f0u gj\u00f6rt sterka m\u00fara til varnar vi\u00f0 helgid\u00f3minn so sem \u00e1\u00f0ur var og \u00fear a\u00f0 auk byggt Bet S\u00fara me\u00f0 sterkum m\u00farum.<\/p>\n<p>\t\u00de\u00e1 Antiochus heyr\u00f0i \u00feetta var\u00f0 hann mj\u00f6g hr\u00e6ddur og hryggur, lag\u00f0ist fyrir og var\u00f0 sj\u00fakur af hugars\u00f3tt a\u00f0 hans \u00e1form lukka\u00f0ist ekki og var lengi \u00ed \u00feeim sama sta\u00f0 \u00fev\u00ed a\u00f0 hans hrygg\u00f0 \u00f3x dag fr\u00e1 degi og gj\u00f6r\u00f0i hann so veikan a\u00f0 hann s\u00e1 sinn dau\u00f0a fyrir. <span class=\"athugasemd\" title=\"Antiochus fellur \u00ed sj\u00fakd\u00f3m af sorg og hugarangri\">[<\/span> <\/p>\n<p>\t\u00dear fyrir kalla\u00f0i hann til s\u00edn s\u00edna vini og sag\u00f0i til \u00feeirra: &#8222;Eg n\u00fdt einskis svefns fyrir sakir \u00feeirrar st\u00f3ru hrygg\u00f0ar og hjartans angurs sem eg hefi. Av\u00ed, hvernin eru n\u00fa allir hlutir m\u00e9r or\u00f0nir umskiptilegir? \u00c1 me\u00f0an hefi eg r\u00edkgt hefi eg haft gle\u00f0i og sigur og eg hefi einnin haft elsku og st\u00f3rar vir\u00f0ingar af m\u00ednum. En n\u00fa er eg so hryggur af hjartans angri og eg minnnist n\u00fa \u00e1 \u00fea\u00f0 vonda sem eg gj\u00f6r\u00f0i Jer\u00fasalem \u00fe\u00e1 eg burt t\u00f3k \u00far musterinu \u00f6ll gullker og silfurker og l\u00e9t \u00ed hel sl\u00e1 saklaust f\u00f3lk \u00ed J\u00fada. \u00dear fyrir kemur n\u00fa \u00f6ll \u00feessi \u00f3lukka yfir mig so a\u00f0 eg hl\u00fdt a\u00f0 deyja af \u00feessari sorg \u00ed einu framandi landi.&#8220; Og hann kalla\u00f0i til s\u00edn Philippum, einn af s\u00ednum vinum. \u00deennan gj\u00f6r\u00f0i hann a\u00f0 h\u00f6fu\u00f0smanni yfir allt k\u00f3ngsr\u00edki\u00f0 og gaf honum k\u00f3r\u00f3nuna, skikkjuna og hringinn og bau\u00f0 honum a\u00f0 uppf\u00f3stra sinn son, \u00feann unga Antiochum, og a\u00f0 innsetja hann \u00ed k\u00f3ngsr\u00edki\u00f0. <span class=\"athugasemd\" title=\"Philippus\">[<\/span> \u00dev\u00ed n\u00e6rst anda\u00f0ist Antiochus \u00ed \u00feeim sama sta\u00f0 \u00e1 \u00fev\u00ed hundra\u00f0asta fertugasta og n\u00edunda \u00e1ri. <span class=\"athugasemd\" title=\"Antiochus deyr anno cxlix\">[<\/span> <\/p>\n<p>\t\u00deegar L\u00fds\u00edas heyr\u00f0i \u00fea\u00f0 a\u00f0 k\u00f3ngurinn var dau\u00f0ur \u00fe\u00e1 gj\u00f6r\u00f0i hann \u00feann unga Antiochum son Antiochi hins g\u00f6fga a\u00f0 k\u00f3ngi, hvers tyftunarmeistari hann haf\u00f0i veri\u00f0 og kalla\u00f0i hann Eupator. <span class=\"athugasemd\" title=\"Antiochus k\u00f3ngur \u00ed s\u00edns f\u00f6\u00f0urs sta\u00f0\">[<\/span> <\/p>\n<p>\tN\u00fa gj\u00f6r\u00f0u \u00feeir hei\u00f0ingjar \u00cdsraelsf\u00f3lki \u00ed helgid\u00f3minum mikinn ska\u00f0a, \u00feeir sem kastalann \u00e1 S\u00edon h\u00f6f\u00f0u inni a\u00f0 halda, \u00fev\u00ed a\u00f0 \u00feeir h\u00f6f\u00f0u eitt sterkt v\u00edgi. \u00dear fyrir \u00e1setti J\u00fadas s\u00e9r a\u00f0 setjast um \u00fe\u00e1 so a\u00f0 hann fengi \u00fe\u00e1 afm\u00e1\u00f0. Og f\u00f3lki\u00f0 safna\u00f0ist saman \u00e1 \u00fev\u00ed hundra\u00f0asta og fimmtugasta \u00e1ri og fluttu \u00feanga\u00f0 alls kyns vopn og v\u00edgv\u00e9lar. <span class=\"athugasemd\" title=\"cl \u00e1r\">[<\/span> Og nokkrir hei\u00f0ingjar komu \u00far kastalanum og vildu fara til k\u00f3ngsins hj\u00e1lpar a\u00f0 leita. Til \u00feessara g\u00e1fu sig margir <span class=\"athugasemd\" title=\"a \/ N\u00ed\u00f0ingar) \/ \u00fea\u00f0 eru \u00feeir sem yfirg\u00e1fu l\u00f6gm\u00e1li\u00f0 og t\u00f3ku upp hei\u00f0na si\u00f0u \/ Supra i.\">[<\/span> n\u00ed\u00f0ingar af \u00cdsrael og f\u00f3ru me\u00f0 \u00feeim til k\u00f3ngsins og s\u00f6g\u00f0u: &#8222;Hvar fyrir viltu ekki straffa og hefna vorra br\u00e6\u00f0ra? \u00dev\u00ed a\u00f0 v\u00e9r vildum hafa veri\u00f0 undirgefnir \u00fe\u00ednum f\u00f6\u00f0ur og hl\u00fdtt hans bo\u00f0i. \u00de\u00e1 f\u00e9ll margt f\u00f3lk fr\u00e1 oss og hvar \u00feeir n\u00e1 einum af oss \u00fe\u00e1 sl\u00e1 \u00feeir hann \u00ed hel og skipta me\u00f0 s\u00e9r vorum arfi og \u00feeir pl\u00e1gu\u00f0u ei a\u00f0eins oss heldur fr\u00f6mdu \u00feeir sl\u00edkt \u00ed \u00f6llu landinu. Og n\u00fa hafa \u00feeir umkringt kastalann til Jer\u00fasalem og vilja vinna hann og \u00feeir hafa styrkvan gj\u00f6rt helgid\u00f3minn og \u00fe\u00e1 borg Bet S\u00fara. Og ef \u00fe\u00fa hamlar \u00feeim ekki snarlega \u00fe\u00e1 ver\u00f0a \u00feeir enn styrkvari og gj\u00f6ra enn meira ska\u00f0a og muntu ekki \u00fea\u00f0an \u00ed fr\u00e1 \u00fe\u00e1 yfirunni\u00f0 geta.&#8220;<\/p>\n<p>\t\u00de\u00e1 k\u00f3ngurinn heyr\u00f0i \u00feetta var\u00f0 hann \u00e6varei\u00f0ur og l\u00e9t samankalla s\u00edna h\u00f6f\u00f0ingja og h\u00f6fu\u00f0smenn yfir f\u00f3tg\u00f6nguli\u00f0inu og riddarali\u00f0inu og hann t\u00f3k til s\u00edn \u00fatlenskt f\u00f3lk af eyjunum og safna\u00f0i til samans hundra\u00f0 sinnum \u00fe\u00fashund f\u00f3tg\u00f6nguli\u00f0s og tuttugu \u00fe\u00fasund riddara og t\u00f3lf og tuttugu f\u00edla vanda vi\u00f0 orrostu. <span class=\"athugasemd\" title=\"Antiochus safnar li\u00f0i \u00ed m\u00f3ti Gy\u00f0ingum\">[<\/span> \u00deessi her reisti \u00ed gegnum Idumeam og er \u00feeir komu vi\u00f0 landi\u00f0 settust \u00feeir um Bet S\u00fara og str\u00edddu og stormu\u00f0u \u00fear til me\u00f0 alls kyns v\u00edgv\u00e9lum. En Gy\u00f0ingar f\u00e9llu \u00fat og brenndu \u00feeirra sm\u00ed\u00f0ar og b\u00f6r\u00f0ust allhreystilega.<\/p>\n<p>\tOg J\u00fadas reisti fr\u00e1 S\u00edonskastala og kom me\u00f0 sinn her til Bet S\u00fara m\u00f3ts vi\u00f0 k\u00f3ngsins herb\u00fa\u00f0ir. <span class=\"athugasemd\" title=\"Bet S\u00fara umkringd\">[<\/span> \u00de\u00e1 var k\u00f3ngurinn snemma uppi um morguninn \u00e1\u00f0ur en daga\u00f0i og flutti sinn her \u00e1 veginn til Bet Sakara og l\u00e9t skipa fylkingar og bl\u00e1sa \u00ed herl\u00fa\u00f0ra og hann l\u00e9t st\u00f6kkva \u00e1 f\u00edlana rau\u00f0u v\u00edni og m\u00f3rberjal\u00f6g svo a\u00f0 \u00feeir skyldu s\u00e6kja fram og vera grimmir. <span class=\"athugasemd\" title=\"Bet Sakara\">[<\/span> Og hann skipti f\u00edlunum \u00e1 me\u00f0al flokkanna so a\u00f0 hj\u00e1 hverjum f\u00edl skyldu vera \u00fe\u00fasund menn f\u00f3tgangandi, hafandi j\u00e1rnhj\u00e1lma og brynjur og fimm hundru\u00f0 hestar. \u00deessir t\u00f3ku so vara \u00e1 f\u00edlunum a\u00f0 \u00feeir viku ekki fr\u00e1 \u00feeim og hvert sem menn sneru f\u00edlunum \u00feanga\u00f0 skyldu \u00feeir og einnin og hver sem einn f\u00edll bar einn kastala af tr\u00e9 \u00fear \u00e1 voru t\u00f3lf og tuttugu str\u00ed\u00f0smenn og s\u00e1 Bl\u00e1ma\u00f0ur sem f\u00edlnum st\u00fdr\u00f0i. En \u00fe\u00e1 riddara sem afgengu setti hann \u00e1 b\u00e1\u00f0ar s\u00ed\u00f0ur til hl\u00edf\u00f0ar vi\u00f0 f\u00f3tg\u00f6nguli\u00f0i\u00f0 so a\u00f0 \u00fea\u00f0 skildist eigi \u00ed sundur.<\/p>\n<p>\tOg \u00fe\u00e1 s\u00f3lin rann upp og skein \u00e1 \u00fe\u00e1 forgylltu skj\u00f6ldu \u00fe\u00e1 leiftra\u00f0i allt fjalli\u00f0 \u00fear af l\u00edka sem \u00fea\u00f0 hef\u00f0i veri\u00f0 kl\u00e1r logi. Og k\u00f3ngsins her f\u00f3r sumur \u00e1 fjallinu ofanvert en sumur ni\u00f0ri \u00e1 sl\u00e9ttlendinu me\u00f0 fylktu li\u00f0i og forsj\u00e1lega. Og hver sem til \u00feeirra heyr\u00f0i \u00feeir skelfdust af \u00feeirra hr\u00e6\u00f0ilegum hlj\u00f3\u00f0um og af \u00feeirra mikla mannfj\u00f6lda og \u00f3hlj\u00f3\u00f0um sem \u00feeir gj\u00f6r\u00f0u me\u00f0 s\u00ednum verjum og vopnum \u00fev\u00ed a\u00f0 \u00feetta var einn \u00f3fl\u00fdjandi og velbrynja\u00f0ur her. Og J\u00fadas fylkti s\u00ednu li\u00f0i \u00ed m\u00f3ti \u00feeim og sl\u00f3 \u00ed hel sex hundru\u00f0 af k\u00f3ngsins herli\u00f0i.<\/p>\n<p>\tOg \u00fear var einn ma\u00f0ur a\u00f0 nafni El\u00edasar Saurason. <span class=\"athugasemd\" title=\"Eleasar\">[<\/span> Hann hugleiddi a\u00f0 einum f\u00edl sem var st\u00e6rri og betur brynja\u00f0ur en a\u00f0rir og hann hug\u00f0i a\u00f0 k\u00f3ngurinn mundi vera \u00fear \u00e1. Hann gaf sig \u00ed h\u00e6ttu so a\u00f0 hann fengi frelsa\u00f0 \u00cdsraelsf\u00f3lk og \u00f6\u00f0last eitt eil\u00edft nafn. Hann hlj\u00f3p a\u00f0 me\u00f0 st\u00f3rri dirf\u00f0 og \u00ferengdi s\u00e9r \u00ed gegnum \u00f3vinafylkingina og felldi margt manna \u00e1 b\u00e1\u00f0ar hendur og hann gaf sig undir f\u00edlinn og lag\u00f0i hann so a\u00f0 f\u00edllinn f\u00e9ll dau\u00f0ur yfir hann og sl\u00f3 hann og so \u00ed hel. En af \u00fev\u00ed a\u00f0 Gy\u00f0ingarnir s\u00e1u a\u00f0 k\u00f3ngsins her var so \u00f3vinnandi \u00fe\u00e1 viku \u00feeir afs\u00ed\u00f0is og yfirg\u00e1fu \u00f3vinina \u00ed \u00fea\u00f0 sinn fr\u00e1 s\u00e9r. \u00dear fyrir dr\u00f3 k\u00f3ngsins her til Jer\u00fasalem og kom \u00ed J\u00fadaland. <\/p>\n<p>\tEn \u00feeir sem voru \u00ed Bet S\u00fara kunnu \u00fear ekki vi\u00f0 a\u00f0 haldast fyrir hungurs sakir \u00fev\u00ed a\u00f0 \u00feetta var \u00fea\u00f0 sj\u00f6unda \u00e1r \u00e1 hverju akrarnir skyldu hv\u00edlast og \u00feeir fengu burtfararleyfi af k\u00f3nginum so a\u00f0 \u00feeir m\u00e6tti fara \u00f3hr\u00e6ddir \u00ed burtu \u00fea\u00f0an. \u00de\u00e1 innt\u00f3k k\u00f3ngurinn Bet S\u00fara og setti \u00fear str\u00ed\u00f0sf\u00f3lk til a\u00f0 var\u00f0veita kastalann og reisti so \u00e1 veginn til S\u00edon og settist um helgid\u00f3minn langan t\u00edma og uppreisti \u00ed m\u00f3ti honum allsh\u00e1tta\u00f0ar v\u00edgv\u00e9lar. En \u00cdsraelsf\u00f3lk var\u00f0ist marga daga \u00far helgid\u00f3minum og gj\u00f6r\u00f0i einnin skotvopn og verjur \u00ed m\u00f3t \u00f3vinunum. En \u00feeir h\u00f6f\u00f0u ekki heldur f\u00e6\u00f0slur af \u00fev\u00ed a\u00f0 \u00feetta var hi\u00f0 sj\u00f6unda \u00e1r. Og \u00feeir framandi Gy\u00f0ingar sem af hei\u00f0ingjanna l\u00f6ndum voru fluttir inn \u00ed Judeam fyrir vareyg\u00f0ar sakir \u00feeir h\u00f6f\u00f0u eytt \u00f6llum \u00feeirra vistum. Og \u00feeir inu heil\u00f6gu ur\u00f0u mj\u00f6g f\u00e1ir \u00fea\u00f0 \u00feeir dey\u00f0u af hungri. \u00dear fyrir ur\u00f0u \u00feeir a\u00f0 skilja og skipta s\u00e9r um a\u00f0rar borgir.<\/p>\n<p>\t\u00c1 me\u00f0an \u00feetta ske\u00f0i formerkti L\u00fds\u00edas a\u00f0 Philippus (hverjum k\u00f3ngsins fa\u00f0ir Antiochus haf\u00f0i a\u00f0 s\u00e9r lifandi hendi fali\u00f0 \u00feann unga k\u00f3ng og r\u00edki\u00f0) var kominn aftur af Persia og Media me\u00f0 \u00fea\u00f0 str\u00ed\u00f0sf\u00f3lk sem k\u00f3ngurinn haf\u00f0i \u00feanga\u00f0 haft og a\u00f0 Philippus t\u00f3k r\u00edkisstj\u00f3rnina til s\u00edn. \u00dear fyrir hasta\u00f0i hann sinni fer\u00f0 \u00far Gy\u00f0ingalandi aftur \u00ed r\u00edki\u00f0 og hann sag\u00f0i til konungsins og til h\u00f6fu\u00f0smannanna: &#8222;V\u00e9r l\u00ed\u00f0um h\u00e9r me\u00f0 ney\u00f0 og h\u00f6fum ekkert til matar og missum margt f\u00f3lk og \u00feessi sta\u00f0ur er mj\u00f6g sterkur. En v\u00e9r h\u00f6fum \u00fe\u00f3 heima nytsamlegar sakir a\u00f0 handt\u00e9ra so a\u00f0 v\u00e9r m\u00e6ttum hafa fri\u00f0 \u00ed r\u00edkinu. V\u00e9r viljum gj\u00f6ra f\u00e1tt vi\u00f0 \u00feetta f\u00f3lk og leyfa \u00feeim a\u00f0 halda s\u00ednu l\u00f6gm\u00e1li so sem \u00e1\u00f0ur fyrri \u00fev\u00ed a\u00f0 \u00feeir eru \u00fear fyrir rei\u00f0ir og berjast alleina fyrir \u00feann skuld a\u00f0 v\u00e9r viljum svipta \u00fe\u00e1 \u00feeirra l\u00f6gm\u00e1li.&#8220; \u00deessi meining \u00fe\u00f3kna\u00f0ist k\u00f3nginum og h\u00f6f\u00f0ingjunum vel.<\/p>\n<p>\tOg k\u00f3ngurinn gj\u00f6r\u00f0i \u00feeim bo\u00f0 a\u00f0 hann vildi gj\u00f6ra fri\u00f0ars\u00e1ttm\u00e1la vi\u00f0 \u00fe\u00e1. En sem \u00feeir komu \u00fat af s\u00ednum kastala \u00fe\u00e1 f\u00f3r k\u00f3ngurinn \u00fear inn. Og er hann s\u00e1 a\u00f0 hann var svo sterkur \u00fe\u00e1 h\u00e9lt hann eigi sinn ei\u00f0 heldur bau\u00f0 hann a\u00f0 r\u00edfa m\u00farinn ni\u00f0ur allt um kring. Eftir \u00fea\u00f0 reisti hann \u00ed burt me\u00f0 fl\u00fdti \u00ed Antiochiam. \u00de\u00e1 formerkti hann a\u00f0 Philippus haf\u00f0i gj\u00f6rt sig a\u00f0 k\u00f3ngi og hann bar\u00f0ist vi\u00f0 hann og vann sta\u00f0inn aftur. <span class=\"athugasemd\" title=\"Philippus gj\u00f6rir sig a\u00f0 k\u00f3ngi\">[<\/span><\/p>\n","protected":false},"excerpt":{"rendered":"<p>VI. En \u00fe\u00e1 Antiochus k\u00f3ngur f\u00f3r aftur og fram um uppl\u00f6nd \u00ed r\u00edkinu \u00fe\u00e1 spur\u00f0i hann til einnrar nafnfr\u00e6grar borgar sem h\u00e9t El\u00fdma\u00eds \u00ed Persialandi a\u00f0 \u00fear skyldi vera miki\u00f0 gull og silfur og st\u00f3r r\u00edkd\u00f3mur og a\u00f0 \u00ed musterinu v\u00e6ri miki\u00f0 f\u00e9 og gullleg kl\u00e6\u00f0i, brynjur og skildir hverja Alexander Philippisonur k\u00f3ngur af Macedonia haf\u00f0i \u00feanga\u00f0 gefi\u00f0. [ \u00dear fyrir kom Antiochus til borgarinnar a\u00f0 r\u00e6na hana og rupla en borgarmennirnir fengu nj\u00f3sn \u00fear af. \u00dear fyrir voru \u00feeir vi\u00f0b\u00fanir a\u00f0 verja sig. Og Antiochus vann \u00fear ekkert \u00e1 heldur hlaut hann a\u00f0 reisa \u00ed burtu \u00fea\u00f0an og hann <a href=\"https:\/\/biblian.is\/gudbrandsbiblia\/fyrsta-makkabeabok-6-kafli\/\"> [&#8230;]<\/a><\/p>\n","protected":false},"author":1,"featured_media":0,"parent":0,"menu_order":0,"comment_status":"open","ping_status":"open","template":"bibliukaflar.php","meta":{"footnotes":""},"class_list":["post-3752","page","type-page","status-publish","hentry"],"_links":{"self":[{"href":"https:\/\/biblian.is\/gudbrandsbiblia\/wp-json\/wp\/v2\/pages\/3752","targetHints":{"allow":["GET"]}}],"collection":[{"href":"https:\/\/biblian.is\/gudbrandsbiblia\/wp-json\/wp\/v2\/pages"}],"about":[{"href":"https:\/\/biblian.is\/gudbrandsbiblia\/wp-json\/wp\/v2\/types\/page"}],"author":[{"embeddable":true,"href":"https:\/\/biblian.is\/gudbrandsbiblia\/wp-json\/wp\/v2\/users\/1"}],"replies":[{"embeddable":true,"href":"https:\/\/biblian.is\/gudbrandsbiblia\/wp-json\/wp\/v2\/comments?post=3752"}],"version-history":[{"count":0,"href":"https:\/\/biblian.is\/gudbrandsbiblia\/wp-json\/wp\/v2\/pages\/3752\/revisions"}],"wp:attachment":[{"href":"https:\/\/biblian.is\/gudbrandsbiblia\/wp-json\/wp\/v2\/media?parent=3752"}],"curies":[{"name":"wp","href":"https:\/\/api.w.org\/{rel}","templated":true}]}}