{"id":3673,"date":"2017-12-18T18:34:20","date_gmt":"2017-12-18T18:34:20","guid":{"rendered":"http:\/\/biblian.is\/gudbrandsbiblia\/speki-salomons-5-kafli\/"},"modified":"2017-12-18T18:34:20","modified_gmt":"2017-12-18T18:34:20","slug":"speki-salomons-5-kafli","status":"publish","type":"page","link":"https:\/\/biblian.is\/gudbrandsbiblia\/speki-salomons-5-kafli\/","title":{"rendered":"Speki Sal\u00f3mons 5. kafli"},"content":{"rendered":"<p>V.<\/p>\n<p>\u00de\u00e1 mun s\u00e1 r\u00e9ttl\u00e1ti standa me\u00f0 mikilli hugarhreysti \u00ed gegn \u00feeim sem a\u00f0 honum \u00ferengdu og \u00ed burt k\u00f6stu\u00f0u hans <span class=\"athugasemd\" title=\"a \/ Erfi\u00f0i) \/ Hans l\u00e6rd\u00f3mur og lifna\u00f0ur\">[<\/span> erfi\u00f0i. \u00de\u00e1 er \u00feeir sj\u00e1 sl\u00edkt munu \u00feeir hr\u00e6\u00f0ilega skelfast vegna sl\u00edkrar s\u00e6lu sem \u00feeir ekki hug\u00f0u \u00feeim og munu m\u00e6la hver vi\u00f0 annan me\u00f0 angri og af hugarangist andvarpa: &#8222;\u00deessi er s\u00e1 sem v\u00e9r fyrri d\u00e1ru\u00f0um og h\u00f6f\u00f0um a\u00f0 a\u00f0hl\u00e1tri. V\u00e9r gikkar h\u00e9ldum hans lifna\u00f0 fyrir vitleysu og hans afgang sm\u00e1narlegan. Hvernin er hann n\u00fa reikna\u00f0ur \u00e1 me\u00f0al Gu\u00f0s barna og hans arfskipti er \u00e1 me\u00f0al heilagra!<\/p>\n<p>\t\u00dear fyrir \u00fe\u00e1 h\u00f6fum v\u00e9r ekki fundi\u00f0 \u00feann r\u00e9tta veg og lj\u00f3s r\u00e9ttl\u00e6tisins hefur ekki skini\u00f0 yfir oss og s\u00f3lin er oss ekki upprunnin. V\u00e9r h\u00f6fum \u00e6 gengi\u00f0 ranga og ska\u00f0samlega vegu og h\u00f6fum r\u00e1fa\u00f0 villustiguna en af vegi Drottins h\u00f6fum v\u00e9r ekkert vita\u00f0. Hva\u00f0 hj\u00e1lpar oss n\u00fa vor hoffrakt? Hva\u00f0 h\u00f6fum v\u00e9r n\u00fa af vorum r\u00edkd\u00f3mi og metna\u00f0i? \u00dea\u00f0 er allt umli\u00f0i\u00f0 sem einn skuggi og svo sem einn hlj\u00f3mur sem hj\u00e1 l\u00ed\u00f0ur, so sem skip skr\u00ed\u00f0ur \u00e1 vatni, hvers f\u00f3tspor enginn kann a\u00f0 finna og eigi heldur \u00feess farveg \u00ed vatninu \u00fe\u00e1 \u00fea\u00f0 er fram um komi\u00f0. Elligar sem einn fugl \u00fear fl\u00fdgur \u00ed loftinu hvers veg enginn finna kann \u00fev\u00ed a\u00f0 hann hr\u00e6rist og fl\u00fdgur \u00ed loftinu, dr\u00edfur og sundurkl\u00fdfur ve\u00f0ri\u00f0 me\u00f0 s\u00ednum \u00fej\u00f3tandi v\u00e6ngjum og \u00fear eftir \u00e1 getur enginn \u00fear inni fundi\u00f0 nokkurt teikni sl\u00edks flugs. E\u00f0ur so sem n\u00e6r p\u00edlu er skoti\u00f0 til m\u00e1ls \u00fear er sundurklofinn vindur fellur strax saman aftur so a\u00f0 enginn kann a\u00f0 finna hennar veg \u00fear \u00ed gegnum.<\/p>\n<p>\tSo eru og v\u00e9r. Eftir \u00fea\u00f0 v\u00e9r f\u00e6ddunst fengjum v\u00e9r einn enda og h\u00f6fum ekki s\u00fdnt \u00e1 oss mannkostarmerki heldur erum v\u00e9r foreyddir \u00ed vorri illsku.&#8220; \u00dev\u00ed a\u00f0 von hins \u00f3gu\u00f0lega er svo sem duft \u00fea\u00f0 vindur burt feykir og so sem hr\u00edm fyrir stormi og sem reykur fyrir vindi burt fl\u00fdr og so sem \u00feeim ver\u00f0ur gleymt sem eigi er utan eins dags gestur. <\/p>\n<p>\tEn \u00feeir r\u00e9ttl\u00e1tu skulu lifa eil\u00edflega og Drottinn er \u00feeirra ver\u00f0laun og s\u00e1 Hinn h\u00e6\u00f0sti hefur umhyggju fyrir \u00feeim. \u00dear fyrir munu \u00feeir \u00f6\u00f0last eitt d\u00fdr\u00f0legt r\u00edki og fegur\u00f0ark\u00f3r\u00f3nu af hendi Drottins. \u00dev\u00ed a\u00f0 hann mun hl\u00edfa \u00feeim me\u00f0 sinni h\u00e6gri hendi og forsvara \u00fe\u00e1 me\u00f0 s\u00ednum armlegg. Hann mun taka sitt vandl\u00e6ti til harneskju og \u00fatbrynja skepnurnar til hefndar yfir \u00f3vinum. Hann mun \u00edkl\u00e6\u00f0ast r\u00e9ttl\u00e6tinu fyrir brynju og setja \u00feann alvarlega d\u00f3m \u00e1 h\u00f6fu\u00f0i\u00f0 fyrir hj\u00e1lm. Hann skal taka heilagleikann fyrir \u00f3yfirvinnanlegan skj\u00f6ld og s\u00edna str\u00f6ngu rei\u00f0i mun hann brynja til sver\u00f0s. Og heimurinn mun draga \u00fat me\u00f0 honum til str\u00ed\u00f0s \u00e1 m\u00f3ti \u00feeim heimsku. Rei\u00f0arsl\u00f6g munu h\u00e6fa undir eins og falla af sk\u00fdjunum til m\u00e1ls so sem a\u00f0 \u00f6\u00f0rum har\u00f0spenntum boga. Og st\u00f3rt hagl mun falla \u00fat af rei\u00f0i rei\u00f0ar\u00ferumunnar. So mun og vatni\u00f0 sj\u00e1varhafsins upp\u00fej\u00f3ta \u00ed m\u00f3ti \u00feeim og vatsstraumarnir skulu af \u00f6llum krafti gefa sig upp til samans og so skal einn sterkur stormur reisa sig upp \u00ed m\u00f3ti \u00feeim og tv\u00edstra \u00feeim \u00ed sundur sem hvirfilvindur.<\/p>\n","protected":false},"excerpt":{"rendered":"<p>V. \u00de\u00e1 mun s\u00e1 r\u00e9ttl\u00e1ti standa me\u00f0 mikilli hugarhreysti \u00ed gegn \u00feeim sem a\u00f0 honum \u00ferengdu og \u00ed burt k\u00f6stu\u00f0u hans [ erfi\u00f0i. \u00de\u00e1 er \u00feeir sj\u00e1 sl\u00edkt munu \u00feeir hr\u00e6\u00f0ilega skelfast vegna sl\u00edkrar s\u00e6lu sem \u00feeir ekki hug\u00f0u \u00feeim og munu m\u00e6la hver vi\u00f0 annan me\u00f0 angri og af hugarangist andvarpa: &#8222;\u00deessi er s\u00e1 sem v\u00e9r fyrri d\u00e1ru\u00f0um og h\u00f6f\u00f0um a\u00f0 a\u00f0hl\u00e1tri. V\u00e9r gikkar h\u00e9ldum hans lifna\u00f0 fyrir vitleysu og hans afgang sm\u00e1narlegan. Hvernin er hann n\u00fa reikna\u00f0ur \u00e1 me\u00f0al Gu\u00f0s barna og hans arfskipti er \u00e1 me\u00f0al heilagra! \u00dear fyrir \u00fe\u00e1 h\u00f6fum v\u00e9r ekki fundi\u00f0 \u00feann r\u00e9tta veg <a href=\"https:\/\/biblian.is\/gudbrandsbiblia\/speki-salomons-5-kafli\/\"> [&#8230;]<\/a><\/p>\n","protected":false},"author":1,"featured_media":0,"parent":0,"menu_order":0,"comment_status":"open","ping_status":"open","template":"bibliukaflar.php","meta":{"footnotes":""},"class_list":["post-3673","page","type-page","status-publish","hentry"],"_links":{"self":[{"href":"https:\/\/biblian.is\/gudbrandsbiblia\/wp-json\/wp\/v2\/pages\/3673","targetHints":{"allow":["GET"]}}],"collection":[{"href":"https:\/\/biblian.is\/gudbrandsbiblia\/wp-json\/wp\/v2\/pages"}],"about":[{"href":"https:\/\/biblian.is\/gudbrandsbiblia\/wp-json\/wp\/v2\/types\/page"}],"author":[{"embeddable":true,"href":"https:\/\/biblian.is\/gudbrandsbiblia\/wp-json\/wp\/v2\/users\/1"}],"replies":[{"embeddable":true,"href":"https:\/\/biblian.is\/gudbrandsbiblia\/wp-json\/wp\/v2\/comments?post=3673"}],"version-history":[{"count":0,"href":"https:\/\/biblian.is\/gudbrandsbiblia\/wp-json\/wp\/v2\/pages\/3673\/revisions"}],"wp:attachment":[{"href":"https:\/\/biblian.is\/gudbrandsbiblia\/wp-json\/wp\/v2\/media?parent=3673"}],"curies":[{"name":"wp","href":"https:\/\/api.w.org\/{rel}","templated":true}]}}