{"id":3669,"date":"2017-12-18T18:34:20","date_gmt":"2017-12-18T18:34:20","guid":{"rendered":"http:\/\/biblian.is\/gudbrandsbiblia\/speki-salomons-1-kafli\/"},"modified":"2017-12-18T18:34:20","modified_gmt":"2017-12-18T18:34:20","slug":"speki-salomons-1-kafli","status":"publish","type":"page","link":"https:\/\/biblian.is\/gudbrandsbiblia\/speki-salomons-1-kafli\/","title":{"rendered":"Speki Sal\u00f3mons 1. kafli"},"content":{"rendered":"<p>Salomonis speki <\/p>\n<p>til \u00feeirra t\u00fdranna<\/p>\n<p>I.<\/p>\n<p>\u00de\u00e9r stj\u00f3rnendur \u00e1 j\u00f6r\u00f0unni, elski\u00f0 r\u00e9ttv\u00edsina. Hugsi\u00f0 \u00fea\u00f0 a\u00f0 Drottinn kann a\u00f0 hj\u00e1lpa og hr\u00e6\u00f0ist hann alvarlega \u00fev\u00ed a\u00f0 hann l\u00e6tur \u00fe\u00e1 finna sig sem ekki freista hans og hann birtist \u00feeim sem honum ekki mistreysta. En f\u00e1viskunnar myrkur eru langt fr\u00e1 Drottni og \u00fe\u00e1 str\u00f6ffunin kemur \u00fe\u00e1 au\u00f0s\u00fdnir hann hv\u00edl\u00edkir \u00feussar hinir a\u00f0rir hafa veri\u00f0. \u00dev\u00ed a\u00f0 spekin kemur ekki \u00ed eina hrekkv\u00edsa s\u00e1l og b\u00fdr \u00ed \u00feeim l\u00edkama sem syndinni er undirgefinn.<\/p>\n<p>\t\u00dev\u00ed a\u00f0 heilagur andi s\u00e1 sem r\u00e9tt kennir hann fl\u00fdr fr\u00e1 sk\u00fargo\u00f0a\u00fe\u00e9nurum og v\u00edkur fr\u00e1 \u00feeim heimsku, hverjir straffa\u00f0ir ver\u00f0a me\u00f0 syndunum sem \u00feeir gj\u00f6ra. \u00dev\u00ed a\u00f0 spekin er g\u00f3\u00f0 so a\u00f0 h\u00fan ekki l\u00e6tur lastarann \u00f3hegndan. \u00devi a\u00f0 Gu\u00f0 er vitni allra hugrenninga og kennir a\u00f0 v\u00edsu \u00f6llu hj\u00f6rtu og heyrir \u00f6ll or\u00f0. \u00dev\u00ed a\u00f0 veraldarkringlan er full me\u00f0 anda Drottins og s\u00e1 sem r\u00e6\u00f0urnar \u00feekkir hann er alls sta\u00f0ar. \u00dear fyrir kann s\u00e1 ekki a\u00f0 dyljast sem \u00f3r\u00e9tt talar og s\u00e1 d\u00f3mur sem hann skal straffa skal honum ei breg\u00f0ast. \u00dev\u00ed a\u00f0 r\u00e1\u00f0agj\u00f6r\u00f0 hins \u00f3gu\u00f0lega skal koma fyrir d\u00f3minn og hans or\u00f0 skulu koma fyrir Drottin svo a\u00f0 hans rangl\u00e6ti ver\u00f0i straffa\u00f0. \u00dev\u00ed a\u00f0 eyru <span class=\"athugasemd\" title=\"a \/ Vandl\u00e6tarans) \/ \u00dea\u00f0 er, Gu\u00f0s\">[<\/span> vandl\u00e6tarans heyra allt og sp\u00e9skapur h\u00e6\u00f0arans skal ekki vera hulinn.<\/p>\n<p>\t\u00dev\u00ed for\u00f0ist n\u00fa \u00feann ska\u00f0samlega l\u00f6st og hefti\u00f0 y\u00f0ar tungu fr\u00e1 bl\u00f3tinu. \u00dev\u00ed a\u00f0 \u00fea\u00f0 sem \u00fe\u00e9r heimuglega tali\u00f0 hver \u00ed annars eyru \u00fea\u00f0 ver\u00f0ur eigi svo a\u00f0 \u00f6ngvu \u00fev\u00ed a\u00f0 s\u00e1 munnur sem l\u00fdgur hann dey\u00f0ir s\u00e1lina. Stundi\u00f0 ekki eftir dau\u00f0anum me\u00f0 y\u00f0vari villu og s\u00e6ki\u00f0 ekki so \u00e1kaflega eftir fordj\u00f6rfuninni me\u00f0 y\u00f0ar handaverkum. \u00dev\u00ed a\u00f0 Gu\u00f0 hefur ekki gj\u00f6rt dau\u00f0ann og hefur ei \u00fe\u00f3knan \u00e1 fordj\u00f6rfun \u00feeirra lif\u00f6ndu heldur skapa\u00f0i hann alla hluti a\u00f0 \u00feeir skyldi so vera. Og hva\u00f0 \u00ed ver\u00f6ldinni er skapa\u00f0 \u00fea\u00f0 er gott og \u00fear \u00ed er ekkert ska\u00f0legt. \u00dear til er helv\u00edtisr\u00edki ekki \u00e1 j\u00f6r\u00f0u (\u00fea\u00f0 r\u00e9ttv\u00edsin er \u00f3dau\u00f0leg) heldur s\u00e6kja \u00feeir \u00f3gu\u00f0legu \u00fear eftir b\u00e6\u00f0i me\u00f0 or\u00f0um og verkum \u00fev\u00ed a\u00f0 \u00feeir halda <span class=\"athugasemd\" title=\"b \/ Hann) \u00dea\u00f0 er, dau\u00f0ann\">[<\/span> ann fyrir vin og fara burt \u00feanga\u00f0 og hafa samt\u00f6k vi\u00f0 hann \u00fev\u00ed a\u00f0 \u00feeir eru \u00feess maklegir a\u00f0 \u00feeir ver\u00f0i hans hlutskipti.<\/p>\n","protected":false},"excerpt":{"rendered":"<p>Salomonis speki til \u00feeirra t\u00fdranna I. \u00de\u00e9r stj\u00f3rnendur \u00e1 j\u00f6r\u00f0unni, elski\u00f0 r\u00e9ttv\u00edsina. Hugsi\u00f0 \u00fea\u00f0 a\u00f0 Drottinn kann a\u00f0 hj\u00e1lpa og hr\u00e6\u00f0ist hann alvarlega \u00fev\u00ed a\u00f0 hann l\u00e6tur \u00fe\u00e1 finna sig sem ekki freista hans og hann birtist \u00feeim sem honum ekki mistreysta. En f\u00e1viskunnar myrkur eru langt fr\u00e1 Drottni og \u00fe\u00e1 str\u00f6ffunin kemur \u00fe\u00e1 au\u00f0s\u00fdnir hann hv\u00edl\u00edkir \u00feussar hinir a\u00f0rir hafa veri\u00f0. \u00dev\u00ed a\u00f0 spekin kemur ekki \u00ed eina hrekkv\u00edsa s\u00e1l og b\u00fdr \u00ed \u00feeim l\u00edkama sem syndinni er undirgefinn. \u00dev\u00ed a\u00f0 heilagur andi s\u00e1 sem r\u00e9tt kennir hann fl\u00fdr fr\u00e1 sk\u00fargo\u00f0a\u00fe\u00e9nurum og v\u00edkur fr\u00e1 \u00feeim heimsku, hverjir straffa\u00f0ir ver\u00f0a <a href=\"https:\/\/biblian.is\/gudbrandsbiblia\/speki-salomons-1-kafli\/\"> [&#8230;]<\/a><\/p>\n","protected":false},"author":1,"featured_media":0,"parent":0,"menu_order":0,"comment_status":"open","ping_status":"open","template":"bibliukaflar.php","meta":{"footnotes":""},"class_list":["post-3669","page","type-page","status-publish","hentry"],"_links":{"self":[{"href":"https:\/\/biblian.is\/gudbrandsbiblia\/wp-json\/wp\/v2\/pages\/3669","targetHints":{"allow":["GET"]}}],"collection":[{"href":"https:\/\/biblian.is\/gudbrandsbiblia\/wp-json\/wp\/v2\/pages"}],"about":[{"href":"https:\/\/biblian.is\/gudbrandsbiblia\/wp-json\/wp\/v2\/types\/page"}],"author":[{"embeddable":true,"href":"https:\/\/biblian.is\/gudbrandsbiblia\/wp-json\/wp\/v2\/users\/1"}],"replies":[{"embeddable":true,"href":"https:\/\/biblian.is\/gudbrandsbiblia\/wp-json\/wp\/v2\/comments?post=3669"}],"version-history":[{"count":0,"href":"https:\/\/biblian.is\/gudbrandsbiblia\/wp-json\/wp\/v2\/pages\/3669\/revisions"}],"wp:attachment":[{"href":"https:\/\/biblian.is\/gudbrandsbiblia\/wp-json\/wp\/v2\/media?parent=3669"}],"curies":[{"name":"wp","href":"https:\/\/api.w.org\/{rel}","templated":true}]}}