{"id":3625,"date":"2017-12-18T18:34:13","date_gmt":"2017-12-18T18:34:13","guid":{"rendered":"http:\/\/biblian.is\/gudbrandsbiblia\/malaki-1-kafli\/"},"modified":"2017-12-18T18:34:13","modified_gmt":"2017-12-18T18:34:13","slug":"malaki-1-kafli","status":"publish","type":"page","link":"https:\/\/biblian.is\/gudbrandsbiblia\/malaki-1-kafli\/","title":{"rendered":"Malak\u00ed 1. kafli"},"content":{"rendered":"<p>Prophetinn Malachias<\/p>\n<p>I. <\/p>\n<p>\u00deetta er s\u00fa byr\u00f0i sem Drottinn tala\u00f0i \u00ed m\u00f3t \u00cdsrael fyrir Malachiam.<\/p>\n<p>\tEg elska y\u00f0ur, segir Drottinn. En \u00fe\u00e9r segi\u00f0 so: &#8222;Hvar me\u00f0 elskar \u00fe\u00fa oss?&#8220; Er Esa\u00fa ekki Jakobs br\u00f3\u00f0ir? segir Drottinn. <span class=\"athugasemd\" title=\"Gen. xxv. \/ Roma. ix.\">[<\/span> \u00de\u00f3 l\u00edka vel elska\u00f0i Jakob en hata\u00f0i Esa\u00fa og gj\u00f6r\u00f0i hans fjallbygg\u00f0ir \u00ed ey\u00f0i og hans arf a\u00f0 drekaey\u00f0u. Og ef Ed\u00f3m yr\u00f0i segjandi: &#8222;V\u00e9r erum fordjarfa\u00f0ir en v\u00e9r viljum aftur upp byggja \u00fea\u00f0 sem \u00ed ey\u00f0i er.&#8220; <span class=\"athugasemd\" title=\"Abdie i.\">[<\/span> So segir Drottinn Seba\u00f3t: Ef \u00feeir uppbyggja \u00fe\u00e1 skal eg ni\u00f0urbrj\u00f3ta  og \u00fea\u00f0 skulu kallast \u00feau ford\u00e6mdu landamerki og eitt f\u00f3lk hverju Drottinn er rei\u00f0ur \u00e6vinlega. \u00dea\u00f0 skulu y\u00f0ar augu sj\u00e1 og \u00fe\u00e9r skulu\u00f0 segja: &#8222;Drottinn er veglegur \u00ed \u00cdsraels landamerkjum.&#8220;<\/p>\n<p>\tSonurinn skal hei\u00f0ra f\u00f6\u00f0urinn og \u00fe\u00e9narinn sinn herra. Em eg n\u00fa fa\u00f0ir, hvar er \u00fe\u00e1 minn hei\u00f0ur? Er eg herrann, hvar \u00f3ttast menn mig? segir Drottinn Seba\u00f3t til y\u00f0ar presta sem forakta mitt nafn. <span class=\"athugasemd\" title=\"Exo. xx.\">[<\/span> So segi \u00fe\u00e9r: &#8222;Hvar me\u00f0 for\u00f6ktum v\u00e9r \u00feitt nafn?&#8220; \u00dear me\u00f0 a\u00f0 \u00fe\u00e9r offri\u00f0 \u00f3hreint brau\u00f0 \u00e1 mitt altari. En \u00fe\u00e9r segi\u00f0: &#8222;Hvar me\u00f0 offrum v\u00e9r \u00f3hreint?&#8220; <\/p>\n<p>\t\u00dear me\u00f0 a\u00f0 \u00fe\u00e9r segi\u00f0: &#8222;Bor\u00f0 Drottins er fyrirliti\u00f0&#8220; og n\u00e6r \u00fe\u00e9r offri\u00f0 nokkru blindu so m\u00e1 \u00fea\u00f0 ekki vont heita og n\u00e6r \u00fe\u00e9r offri\u00f0 nokkru l\u00f6stu\u00f0u e\u00f0ur sj\u00faku \u00fe\u00e1 m\u00e1 \u00fea\u00f0 ekki heldur heita vont. Ber \u00fe\u00fa \u00feetta \u00fe\u00ednum h\u00f6f\u00f0ingja, hva\u00f0 gildir \u00fe\u00fa ver\u00f0ur honum ekki \u00feakkn\u00e6mur e\u00f0a hann ver\u00f0ur \u00fe\u00edna pers\u00f3nu ekki sj\u00e1andi, segir s\u00e1 Drottinn Seba\u00f3t.<\/p>\n<p>\tSo bi\u00f0ji\u00f0 n\u00fa Gu\u00f0 a\u00f0 hann s\u00e9 oss n\u00e1\u00f0ugur \u00fev\u00ed a\u00f0 svoddan er ske\u00f0 af y\u00f0ur. \u00deenki \u00fe\u00e9r a\u00f0 hann muni l\u00edta y\u00f0ar pers\u00f3nur, segir s\u00e1 Drottinn Seba\u00f3t? Hver er og \u00e1 me\u00f0al y\u00f0ar sem lokar einum dyrum? \u00de\u00e9r uppkveiki\u00f0 ekki eld \u00e1 m\u00ednu altari forgefins. Eg hefi \u00f6ngva \u00fe\u00f3knan til y\u00f0ar, segir Drottinn Seba\u00f3t, og matoffri\u00f0 af y\u00f0ar h\u00f6ndum er m\u00e9r ekki \u00feakkn\u00e6mt.<\/p>\n<p>\tEn mitt nafn skal ver\u00f0a d\u00fdr\u00f0arlegt \u00e1 me\u00f0al hei\u00f0ingjanna, fr\u00e1 uppgangi s\u00f3larinnar og til hennar ni\u00f0urgangs, og \u00fear skal offrast reykelsi alls sta\u00f0ar \u00ed m\u00ednu nafni og eitt hreint matoffur. <span class=\"athugasemd\" title=\"Offranir hei\u00f0inna \u00fej\u00f3\u00f0a undir evangelio\">[<\/span> \u00dev\u00ed a\u00f0 mitt nafn skal vera d\u00fdr\u00f0arlegt \u00e1 me\u00f0al hei\u00f0ingjanna, segir s\u00e1 Drottinn Seba\u00f3t.  <\/p>\n<p>\tEn \u00fe\u00e9r vanhei\u00f0ri\u00f0 \u00fea\u00f0 \u00ed \u00fev\u00ed a\u00f0 \u00fe\u00e9r segi\u00f0: &#8222;Bor\u00f0 Drottins er \u00f3heilagt og hans offur er forsm\u00e1\u00f0 me\u00f0 hans mat.&#8220; Og \u00fe\u00e9r segi\u00f0: &#8222;Sj\u00e1, \u00fea\u00f0 er ekki utan arfi\u00f0i&#8220; og \u00fe\u00e9r varipi\u00f0 \u00fev\u00ed so \u00ed vind, segir s\u00e1 Drottinn Seba\u00f3t. Og \u00fe\u00e9r offri\u00f0 \u00fev\u00ed sem r\u00e6nt er, halt og sj\u00fakt og af \u00fev\u00ed offri \u00fe\u00e9r matoffri. Skyldi svoddan vera m\u00e9r \u00feakkn\u00e6mt af y\u00f0rum h\u00f6ndum? segir Drottinn. B\u00f6lva\u00f0ur s\u00e9 s\u00e1 svikari sem kallkyns hefur \u00ed sinni hj\u00f6r\u00f0 og \u00fe\u00e1 hann heitir nokkru \u00fe\u00e1 offrar hann Drottni \u00fea\u00f0 sem ekki dugir. \u00dev\u00ed eg er einn mikill k\u00f3ngur, segir s\u00e1 Drottinn allsherjar, og mitt nafn er hr\u00e6\u00f0ilegt \u00e1 me\u00f0al hei\u00f0ingjanna.<\/p>\n","protected":false},"excerpt":{"rendered":"<p>Prophetinn Malachias I. \u00deetta er s\u00fa byr\u00f0i sem Drottinn tala\u00f0i \u00ed m\u00f3t \u00cdsrael fyrir Malachiam. Eg elska y\u00f0ur, segir Drottinn. En \u00fe\u00e9r segi\u00f0 so: &#8222;Hvar me\u00f0 elskar \u00fe\u00fa oss?&#8220; Er Esa\u00fa ekki Jakobs br\u00f3\u00f0ir? segir Drottinn. [ \u00de\u00f3 l\u00edka vel elska\u00f0i Jakob en hata\u00f0i Esa\u00fa og gj\u00f6r\u00f0i hans fjallbygg\u00f0ir \u00ed ey\u00f0i og hans arf a\u00f0 drekaey\u00f0u. Og ef Ed\u00f3m yr\u00f0i segjandi: &#8222;V\u00e9r erum fordjarfa\u00f0ir en v\u00e9r viljum aftur upp byggja \u00fea\u00f0 sem \u00ed ey\u00f0i er.&#8220; [ So segir Drottinn Seba\u00f3t: Ef \u00feeir uppbyggja \u00fe\u00e1 skal eg ni\u00f0urbrj\u00f3ta og \u00fea\u00f0 skulu kallast \u00feau ford\u00e6mdu landamerki og eitt f\u00f3lk hverju Drottinn er <a href=\"https:\/\/biblian.is\/gudbrandsbiblia\/malaki-1-kafli\/\"> [&#8230;]<\/a><\/p>\n","protected":false},"author":1,"featured_media":0,"parent":0,"menu_order":0,"comment_status":"open","ping_status":"open","template":"bibliukaflar.php","meta":{"footnotes":""},"class_list":["post-3625","page","type-page","status-publish","hentry"],"_links":{"self":[{"href":"https:\/\/biblian.is\/gudbrandsbiblia\/wp-json\/wp\/v2\/pages\/3625","targetHints":{"allow":["GET"]}}],"collection":[{"href":"https:\/\/biblian.is\/gudbrandsbiblia\/wp-json\/wp\/v2\/pages"}],"about":[{"href":"https:\/\/biblian.is\/gudbrandsbiblia\/wp-json\/wp\/v2\/types\/page"}],"author":[{"embeddable":true,"href":"https:\/\/biblian.is\/gudbrandsbiblia\/wp-json\/wp\/v2\/users\/1"}],"replies":[{"embeddable":true,"href":"https:\/\/biblian.is\/gudbrandsbiblia\/wp-json\/wp\/v2\/comments?post=3625"}],"version-history":[{"count":0,"href":"https:\/\/biblian.is\/gudbrandsbiblia\/wp-json\/wp\/v2\/pages\/3625\/revisions"}],"wp:attachment":[{"href":"https:\/\/biblian.is\/gudbrandsbiblia\/wp-json\/wp\/v2\/media?parent=3625"}],"curies":[{"name":"wp","href":"https:\/\/api.w.org\/{rel}","templated":true}]}}