{"id":3607,"date":"2017-12-18T18:34:09","date_gmt":"2017-12-18T18:34:09","guid":{"rendered":"http:\/\/biblian.is\/gudbrandsbiblia\/sefania-2-kafli\/"},"modified":"2017-12-18T18:34:09","modified_gmt":"2017-12-18T18:34:09","slug":"sefania-2-kafli","status":"publish","type":"page","link":"https:\/\/biblian.is\/gudbrandsbiblia\/sefania-2-kafli\/","title":{"rendered":"Sefan\u00eda 2. kafli"},"content":{"rendered":"<p>II.<\/p>\n<p>\u00de\u00fa haturlega \u00fej\u00f3\u00f0, safnast saman og kom hinga\u00f0 \u00e1\u00f0ur en d\u00f3murinn \u00fat gengur a\u00f0 \u00fe\u00e9r fari\u00f0 \u00ed burt \u00e1 degi so sem agnir, \u00e1\u00f0ur en s\u00fa grimmdarrei\u00f0i Drottins kemur yfir y\u00f0ur og \u00e1\u00f0ur en s\u00e1 rei\u00f0innar dagur Drottins kemur yfir y\u00f0ur. \u00de\u00e9r allir ves\u00f6lu \u00ed landinu, leiti\u00f0 Drottins, \u00fe\u00e9r sem haldi\u00f0 hans r\u00e9tt, leiti\u00f0 r\u00e9ttl\u00e6tisins, leiti\u00f0 au\u00f0m\u00fdktarinnar so a\u00f0 \u00fe\u00e9r m\u00e6ttu\u00f0 ver\u00f0a geymdir \u00e1 \u00feeim rei\u00f0innar degi Drottins. <\/p>\n<p>\t\u00dev\u00ed a\u00f0 Gasa skal forl\u00e1tast og Askalon skal ey\u00f0ileggjast, Asd\u00f3d skal fordr\u00edfast \u00e1 mi\u00f0jum degi og Akkaron skal upprykkjast. <span class=\"athugasemd\" title=\"Philistei\">[<\/span> Vei \u00feeim sem \u00fear b\u00faa ni\u00f0ur vi\u00f0 sj\u00f3inn, \u00fev\u00ed str\u00ed\u00f0sf\u00f3lki! Drottins or\u00f0 skal koma yfir y\u00f0ur, \u00fe\u00fa Kanaanlandi\u00f0 Philisteis! Eg vil fordjarfa \u00feig so enginn skal \u00fear lengur b\u00faa.<\/p>\n<p>\t\u00dear skal ekki vera nema hir\u00f0arahreysi og sau\u00f0ah\u00fas ni\u00f0ur vi\u00f0 sj\u00e1vars\u00ed\u00f0una og \u00feau s\u00f6mu skulu \u00feeim eftirbl\u00edfnu af J\u00fada h\u00fasi ver\u00f0a a\u00f0 hlutskipti so \u00feeir skulu \u00fear f\u00e6\u00f0a \u00feeirra hj\u00f6r\u00f0. \u00deeir skulu leggja sig a\u00f0 kveldi \u00ed Askalons h\u00fas n\u00e6r a\u00f0 Drottinn \u00feeirra Gu\u00f0 vitjar \u00feeirra aftur og sn\u00fdr \u00feeirra fangelsi. <\/p>\n<p>\tEg heyr\u00f0i M\u00f3abs br\u00edgslyr\u00f0i og spottanir Am\u00f3nsbarna me\u00f0 hverju \u00feeir sv\u00edvirtu mitt f\u00f3lk og hr\u00f3su\u00f0u s\u00e9r miki\u00f0 \u00e1 \u00feeim s\u00f6mum landamerkjum. <span class=\"athugasemd\" title=\"M\u00f3ab \/ Am\u00f3n\">[<\/span> N\u0092u vel, so sannarlega sem eg lifi, segir Drottinn Seba\u00f3t, \u00cdsraels Gu\u00f0, M\u00f3ab skal ver\u00f0a sem S\u00f3d\u00f3ma og Am\u00f3nb\u00f6rn sem G\u00f3morra, j\u00e1 sem eitt \u00feyrnarj\u00f3\u00f0ur e\u00f0a saltgr\u00f6f og ein eil\u00edf au\u00f0na.<\/p>\n<p>\t\u00deeir eftirbl\u00edfnu af m\u00ednu f\u00f3lki skulu r\u00e6na \u00fe\u00e1 og \u00feeir eftirbl\u00edfnu af m\u00ednu f\u00f3lki skulu erfa \u00fe\u00e1. \u00dea\u00f0 skal \u00fe\u00e1 ske fyrir \u00feeirra drambsemi sakir, fyrir \u00fea\u00f0 a\u00f0 \u00feeir vanvirtu \u00feess Drottins Seba\u00f3t f\u00f3lk en hr\u00f3su\u00f0u s\u00e9r. Drottinn skal ver\u00f0a \u00f3gnarlegur yfir \u00feeim \u00fev\u00ed hann skal afm\u00e1 \u00f6ll sk\u00fargo\u00f0 af j\u00f6r\u00f0unni og allar eyjar \u00e1 me\u00f0al hei\u00f0ingjanna skulu tilbi\u00f0ja hann, hver \u00ed sinn sta\u00f0.<\/p>\n<p>\tOg \u00fe\u00e9r Bl\u00e1menn skulu\u00f0 \u00ed hel sl\u00e1st fyrir m\u00ednu sver\u00f0i og hann skal \u00fatr\u00e9tta s\u00edna h\u00f6nd yfir nor\u00f0ri\u00f0 og fordjarfa Ass\u00far. <span class=\"athugasemd\" title=\"Bl\u00e1menn \/ Assyria \/ Esa. xiii.\">[<\/span> Hann skal gj\u00f6ra N\u00edn\u00edve ey\u00f0i og \u00feurra sem ey\u00f0im\u00f6rk so allra handa d\u00fdr skulu b\u00e6la sig \u00fear inni \u00e1 me\u00f0al hei\u00f0ingjanna og \u00fear skulu hrossagaukar og <span class=\"athugasemd\" title=\"a \/ Pintsv\u00edn) \/ er ein l\u00edtil kind me\u00f0 \u00f6ngum sk\u00f6pt sem sv\u00edn\">[<\/span> pyntsv\u00edn b\u00faa ofan \u00e1 \u00feeirra turnum og syngja \u00ed \u00feeirra vindaugum og hrafnar \u00e1 bitunum \u00fev\u00ed a\u00f0 sedrusfjalirnar skulu af brj\u00f3tast.<\/p>\n<p>\t\u00dea\u00f0 er s\u00e1 gla\u00f0v\u00e6ri sta\u00f0urinn sem bj\u00f3 so athugalaus og sag\u00f0i \u00ed s\u00ednu hjarta: &#8222;Eg er og enginn annar.&#8220; Hvernin er hann or\u00f0inn so \u00ed ey\u00f0i a\u00f0 d\u00fdr b\u00faa \u00fear inni! Og hver sem gengur \u00fear fram hann bl\u00edstrar og klappar me\u00f0 h\u00f6ndunum yfir honum.<\/p>\n","protected":false},"excerpt":{"rendered":"<p>II. \u00de\u00fa haturlega \u00fej\u00f3\u00f0, safnast saman og kom hinga\u00f0 \u00e1\u00f0ur en d\u00f3murinn \u00fat gengur a\u00f0 \u00fe\u00e9r fari\u00f0 \u00ed burt \u00e1 degi so sem agnir, \u00e1\u00f0ur en s\u00fa grimmdarrei\u00f0i Drottins kemur yfir y\u00f0ur og \u00e1\u00f0ur en s\u00e1 rei\u00f0innar dagur Drottins kemur yfir y\u00f0ur. \u00de\u00e9r allir ves\u00f6lu \u00ed landinu, leiti\u00f0 Drottins, \u00fe\u00e9r sem haldi\u00f0 hans r\u00e9tt, leiti\u00f0 r\u00e9ttl\u00e6tisins, leiti\u00f0 au\u00f0m\u00fdktarinnar so a\u00f0 \u00fe\u00e9r m\u00e6ttu\u00f0 ver\u00f0a geymdir \u00e1 \u00feeim rei\u00f0innar degi Drottins. \u00dev\u00ed a\u00f0 Gasa skal forl\u00e1tast og Askalon skal ey\u00f0ileggjast, Asd\u00f3d skal fordr\u00edfast \u00e1 mi\u00f0jum degi og Akkaron skal upprykkjast. [ Vei \u00feeim sem \u00fear b\u00faa ni\u00f0ur vi\u00f0 sj\u00f3inn, \u00fev\u00ed str\u00ed\u00f0sf\u00f3lki! Drottins <a href=\"https:\/\/biblian.is\/gudbrandsbiblia\/sefania-2-kafli\/\"> [&#8230;]<\/a><\/p>\n","protected":false},"author":1,"featured_media":0,"parent":0,"menu_order":0,"comment_status":"open","ping_status":"open","template":"bibliukaflar.php","meta":{"footnotes":""},"class_list":["post-3607","page","type-page","status-publish","hentry"],"_links":{"self":[{"href":"https:\/\/biblian.is\/gudbrandsbiblia\/wp-json\/wp\/v2\/pages\/3607","targetHints":{"allow":["GET"]}}],"collection":[{"href":"https:\/\/biblian.is\/gudbrandsbiblia\/wp-json\/wp\/v2\/pages"}],"about":[{"href":"https:\/\/biblian.is\/gudbrandsbiblia\/wp-json\/wp\/v2\/types\/page"}],"author":[{"embeddable":true,"href":"https:\/\/biblian.is\/gudbrandsbiblia\/wp-json\/wp\/v2\/users\/1"}],"replies":[{"embeddable":true,"href":"https:\/\/biblian.is\/gudbrandsbiblia\/wp-json\/wp\/v2\/comments?post=3607"}],"version-history":[{"count":0,"href":"https:\/\/biblian.is\/gudbrandsbiblia\/wp-json\/wp\/v2\/pages\/3607\/revisions"}],"wp:attachment":[{"href":"https:\/\/biblian.is\/gudbrandsbiblia\/wp-json\/wp\/v2\/media?parent=3607"}],"curies":[{"name":"wp","href":"https:\/\/api.w.org\/{rel}","templated":true}]}}