{"id":3587,"date":"2017-12-18T18:34:06","date_gmt":"2017-12-18T18:34:06","guid":{"rendered":"http:\/\/biblian.is\/gudbrandsbiblia\/jonas-1-kafli\/"},"modified":"2017-12-18T18:34:06","modified_gmt":"2017-12-18T18:34:06","slug":"jonas-1-kafli","status":"publish","type":"page","link":"https:\/\/biblian.is\/gudbrandsbiblia\/jonas-1-kafli\/","title":{"rendered":"J\u00f3nas 1. kafli"},"content":{"rendered":"<p>Prophetinn J\u00f3nas <\/p>\n<p>I. <\/p>\n<p>Og or\u00f0 Drottins ske\u00f0i til J\u00f3nas Amita\u00edsonar og sag\u00f0i: &#8222;Stattu upp og gakk \u00ed \u00feann st\u00f3ra sta\u00f0 Ninivem og pr\u00e9dika \u00fe\u00fa \u00ed honum \u00fea\u00f0 \u00feeirra illska er uppkomin fyrir mig.&#8220; En J\u00f3nas st\u00f3\u00f0 upp og fl\u00fd\u00f0i fr\u00e1 augliti Drottins og vildi yfir um sj\u00f3inn og hann f\u00f3r ofan til Jaf\u00f3. Og hann fann \u00fear eitt skip hvert e\u00f0 yfir sj\u00f3inn fara vildi og hann gaf skipherranum flutningspeninga og st\u00e9 \u00e1 skip a\u00f0 hann f\u00e6ri me\u00f0 \u00feeim yfir um sj\u00f3inn fr\u00e1 Drottni.<\/p>\n<p>\t\u00de\u00e1 l\u00e9t Drottinn koma einn mikinn storm yfir sj\u00f3inn og \u00fear var\u00f0 ofurve\u00f0ur miki\u00f0 \u00e1 sj\u00f3num so skipverjarnir \u00e6tlu\u00f0u a\u00f0 skipi\u00f0 mundi \u00ed sundurbrotna. Og skipmennirnir voru hr\u00e6ddir og hver og einn kalla\u00f0i \u00e1 sinn gu\u00f0 og k\u00f6stu\u00f0u farminum af skipinu \u00ed sj\u00f3inn svo a\u00f0 skipi\u00f0 skyldi l\u00e9ttast. En J\u00f3nas var genginn ofan \u00ed skipi\u00f0, l\u00e1 og svaf. \u00de\u00e1 gekk skipherrann til hans og sag\u00f0i: &#8222;\u00dev\u00ed sefur \u00fe\u00fa? Stattu upp og kalla \u00e1 \u00feinn Gu\u00f0 ef ver\u00f0a m\u00e6tti a\u00f0 Gu\u00f0 vilji hugsa til vor so v\u00e9r ekki forg\u00f6ngum.&#8220;<\/p>\n<p>\tOg hver sag\u00f0i til annars: &#8222;Komi\u00f0 og g\u00f6ngum \u00ed hlutfall svo v\u00e9r m\u00e6ttum vita hvers skuld a\u00f0 \u00fea\u00f0 er a\u00f0 oss gengur so illa.&#8220; Og sem \u00feeir hlutu\u00f0ust um \u00fe\u00e1 f\u00e9ll hlutfalli\u00f0 yfir Jonam. \u00de\u00e1 s\u00f6g\u00f0u \u00feeir til hans: &#8222;Seg \u00fe\u00fa oss, hva\u00f0 kemur til \u00feess a\u00f0 oss gengur so illa? Hvert er \u00feitt erindi og hva\u00f0an komstu? Af hverju landi ertu? Fr\u00e1 hverju f\u00f3lki ertu?&#8220; Hann sag\u00f0i til \u00feeirra: &#8222;Eg er einn ebreskur ma\u00f0ur og eg \u00f3ttast Drottin Gu\u00f0 af himnum, hver e\u00f0 skapa\u00f0i b\u00e6\u00f0i sj\u00f3 og land.&#8220; \u00de\u00e1 \u00f3ttu\u00f0ust mennirnir mj\u00f6g og s\u00f6g\u00f0u til hans: &#8222;\u00dev\u00ed hefur \u00fe\u00fa svoddan gj\u00f6rt?&#8220; \u00dev\u00ed \u00feeir vissu a\u00f0 hann fl\u00fa\u00f0i fr\u00e1 Drottni af \u00fev\u00ed hann haf\u00f0i sagt \u00feeim \u00fea\u00f0.<\/p>\n<p>\t\u00de\u00e1 s\u00f6g\u00f0u \u00feeir til hans: &#8222;Hva\u00f0 skulum v\u00e9r \u00fe\u00e1 gj\u00f6ra \u00fe\u00e9r so a\u00f0 sj\u00f3rinn megi stillast fyrir oss?&#8220; \u00dev\u00ed a\u00f0 st\u00f3rsj\u00f3rinn var \u00f3gurlegur. Hann sag\u00f0i til \u00feeirra: &#8222;Taki\u00f0 mig og kasti\u00f0 m\u00e9r \u00fat \u00ed sj\u00f3inn. Svo mun hafi\u00f0 sefast. \u00dev\u00ed eg veit a\u00f0 sl\u00edkur stormur kekmur fyrir m\u00ednar sakir yfir y\u00f0ur.&#8220; Og mennirnir neyttu orku svo a\u00f0 \u00feeir k\u00e6mist aftur til lands. En \u00feeir g\u00e1tu \u00fea\u00f0 ekki \u00fev\u00ed a\u00f0 sj\u00f3rinn og vindurinn voru \u00ed m\u00f3ti \u00feeim. \u00de\u00e1 k\u00f6llu\u00f0u \u00feeir til Drottins og s\u00f6g\u00f0u: &#8222;\u00d3 Drottinn, l\u00e1t oss ei fordjarfast fyrir \u00feessa manns s\u00e1l og reikna \u00fe\u00fa oss ekki til saklaust bl\u00f3\u00f0 \u00fev\u00ed a\u00f0 \u00fe\u00fa, Drottinn, gj\u00f6rir so sem \u00fe\u00e9r l\u00edst.&#8220;<\/p>\n<p>\tOg \u00feeir t\u00f3ku Jonam og k\u00f6stu\u00f0u honum \u00ed sj\u00f3inn og jafnsnart var\u00f0 sj\u00f3rinn kyrr. Og mennirnir \u00f3ttu\u00f0ust Drottin harla mj\u00f6g og f\u00e6r\u00f0u Drottni f\u00f3rnir og \u00e1heit. En Drottinn setti til einn st\u00f3ran hvalfisk a\u00f0 svelgja Jonam. Og J\u00f3nas var \u00ed fisksins kvi\u00f0i \u00ferj\u00e1 daga og \u00ferj\u00e1r n\u00e6tur. <span class=\"athugasemd\" title=\"Math. xii.\">[<\/span><\/p>\n","protected":false},"excerpt":{"rendered":"<p>Prophetinn J\u00f3nas I. Og or\u00f0 Drottins ske\u00f0i til J\u00f3nas Amita\u00edsonar og sag\u00f0i: &#8222;Stattu upp og gakk \u00ed \u00feann st\u00f3ra sta\u00f0 Ninivem og pr\u00e9dika \u00fe\u00fa \u00ed honum \u00fea\u00f0 \u00feeirra illska er uppkomin fyrir mig.&#8220; En J\u00f3nas st\u00f3\u00f0 upp og fl\u00fd\u00f0i fr\u00e1 augliti Drottins og vildi yfir um sj\u00f3inn og hann f\u00f3r ofan til Jaf\u00f3. Og hann fann \u00fear eitt skip hvert e\u00f0 yfir sj\u00f3inn fara vildi og hann gaf skipherranum flutningspeninga og st\u00e9 \u00e1 skip a\u00f0 hann f\u00e6ri me\u00f0 \u00feeim yfir um sj\u00f3inn fr\u00e1 Drottni. \u00de\u00e1 l\u00e9t Drottinn koma einn mikinn storm yfir sj\u00f3inn og \u00fear var\u00f0 ofurve\u00f0ur miki\u00f0 \u00e1 sj\u00f3num <a href=\"https:\/\/biblian.is\/gudbrandsbiblia\/jonas-1-kafli\/\"> [&#8230;]<\/a><\/p>\n","protected":false},"author":1,"featured_media":0,"parent":0,"menu_order":0,"comment_status":"open","ping_status":"open","template":"bibliukaflar.php","meta":{"footnotes":""},"class_list":["post-3587","page","type-page","status-publish","hentry"],"_links":{"self":[{"href":"https:\/\/biblian.is\/gudbrandsbiblia\/wp-json\/wp\/v2\/pages\/3587","targetHints":{"allow":["GET"]}}],"collection":[{"href":"https:\/\/biblian.is\/gudbrandsbiblia\/wp-json\/wp\/v2\/pages"}],"about":[{"href":"https:\/\/biblian.is\/gudbrandsbiblia\/wp-json\/wp\/v2\/types\/page"}],"author":[{"embeddable":true,"href":"https:\/\/biblian.is\/gudbrandsbiblia\/wp-json\/wp\/v2\/users\/1"}],"replies":[{"embeddable":true,"href":"https:\/\/biblian.is\/gudbrandsbiblia\/wp-json\/wp\/v2\/comments?post=3587"}],"version-history":[{"count":0,"href":"https:\/\/biblian.is\/gudbrandsbiblia\/wp-json\/wp\/v2\/pages\/3587\/revisions"}],"wp:attachment":[{"href":"https:\/\/biblian.is\/gudbrandsbiblia\/wp-json\/wp\/v2\/media?parent=3587"}],"curies":[{"name":"wp","href":"https:\/\/api.w.org\/{rel}","templated":true}]}}