{"id":3584,"date":"2017-12-18T18:34:06","date_gmt":"2017-12-18T18:34:06","guid":{"rendered":"http:\/\/biblian.is\/gudbrandsbiblia\/amos-8-kafli\/"},"modified":"2017-12-18T18:34:06","modified_gmt":"2017-12-18T18:34:06","slug":"amos-8-kafli","status":"publish","type":"page","link":"https:\/\/biblian.is\/gudbrandsbiblia\/amos-8-kafli\/","title":{"rendered":"Amos 8. kafli"},"content":{"rendered":"<p>VIII.<\/p>\n<p>Og Drottinn Drottinn v\u00edsa\u00f0i m\u00e9r eina s\u00fdn og sj\u00e1\u00f0u, \u00fear st\u00f3\u00f0 ein k\u00f6rf full me\u00f0 sumar\u00e1v\u00f6xt. Og hann sag\u00f0i: &#8222;Hva\u00f0 s\u00e9r \u00fe\u00fa, Amos?&#8220; En eg svara\u00f0i: &#8222;Eina k\u00f6rf fulla me\u00f0 sumar\u00e1v\u00f6xt.&#8220; \u00de\u00e1 sag\u00f0i Drottinn til m\u00edn: &#8222;Endirinn er kominn yfir mitt f\u00f3lk \u00cdsrael. Eg vil n\u00fa ei lengur hl\u00edfa \u00feeim. Og s\u00f6ngurinn \u00ed \u00feeirra kirkjum skal sn\u00faast \u00ed gr\u00e1t \u00e1 \u00feeim sama t\u00edma,&#8220; segir Drottinn Drottinn, &#8222;skal \u00fear liggja alls sta\u00f0ar margur dau\u00f0ur l\u00edkami hverja menn skulu leynilega \u00ed burt bera.&#8220;<\/p>\n<p>\tHeyri\u00f0 \u00feetta, \u00fe\u00e9r sem undir\u00ferykki\u00f0 \u00fe\u00e1 f\u00e1t\u00e6ku og fordjarfi\u00f0 \u00fe\u00e1 aumu \u00ed landinu og segi\u00f0: &#8222;N\u00e6r vill n\u00fdi m\u00e1nu\u00f0urinn f\u00e1 enda svo v\u00e9r megum selja korni\u00f0 og \u00fevottdagurinn a\u00f0 v\u00e9r m\u00e6ttum l\u00e1ta korni\u00f0 falt og gj\u00f6ra m\u00e6lirinn minni og vexa gjaldi\u00f0 en falsa vigtina so v\u00e9r m\u00e6ttum koma \u00feeim f\u00e1t\u00e6kum undir oss fyrir peninga og \u00feeim nau\u00f0\u00feurftuga fyrir eina sk\u00f3 og selja agnir fyrir korn?&#8220; <span class=\"athugasemd\" title=\"Efa\">[<\/span> Drottinn hefur svara\u00f0 \u00ed m\u00f3ti Jakobs drambsemi: Hva\u00f0 gildir eg skal ekki gleyma svoddan \u00feeirra gj\u00f6rningum \u00e6vinlega. Skyldi n\u00fa ekki landi\u00f0 bifast fyrir svoddan efni og allir innbyggjarar sorga? J\u00e1 \u00fea\u00f0 skal allt saman hyljast so sem me\u00f0 vatni og \u00ed burt f\u00e6rast og yfirhyljast so sem me\u00f0 vatninu \u00ed Egyptalandi.<\/p>\n<p>\t\u00c1 \u00feeirri s\u00f6mu t\u00ed\u00f0, segir Drottinn Drottinn, vil eg l\u00e1ta s\u00f3lina ni\u00f0urganga um mi\u00f0daginn og l\u00e1ta landi\u00f0 vera myrkt \u00e1 lj\u00f3sum degi. Eg vil sn\u00faa y\u00f0rum helgid\u00f6gum \u00ed hrygg\u00f0 og \u00f6llum y\u00f0ar v\u00edsuim \u00ed sorgargr\u00e1t. Eg vil f\u00e6ra sekki yfir allra \u00feeirra lendur og gj\u00f6ra \u00f6ll h\u00f6fu\u00f0 sk\u00f6ll\u00f3tt og eg vil senda einn gr\u00e1t yfir \u00fe\u00e1 l\u00edka sem menn gr\u00e1ta yfir s\u00ednum einkasynim og \u00feeir skulu f\u00e1 einn hryggilegan enda.<\/p>\n<p>\tSj\u00e1 \u00fe\u00fa, t\u00edminn kemur, segir Drottinn Drottinn, a\u00f0 eg vil senda hungur \u00ed landi\u00f0, ekki hungur brau\u00f0s og vatns heldur hungur or\u00f0s Drottins, a\u00f0 \u00feeir skulu hlaupa hinga\u00f0 og \u00feanga\u00f0, fr\u00e1 einu hafi og til annars, fr\u00e1 nor\u00f0ri og til austurs og leita eftir or\u00f0i Drottins og finna \u00fea\u00f0 \u00fe\u00f3 ei. Og \u00e1 \u00feeim t\u00edma skulu fagrar jungfr\u00far og ungir sveinar vanmegnast af \u00feorsta, \u00feeir e\u00f0 n\u00fa sverja vi\u00f0 <span class=\"athugasemd\" title=\"a \/ B\u00f6lvan) \/ So kallar hann \u00feann afgu\u00f0 \u00e1 hverjum \u00feeir syndgu\u00f0ust og for\u00fe\u00e9ntu b\u00f6lvanina\">[<\/span> b\u00f6lvan og segja: &#8222;So sannarlega sem \u00feinn gu\u00f0 \u00ed Dan lifir, svo sannarlega sem s\u00fa skikkan lifir \u00ed Berseba&#8220;. \u00dev\u00ed \u00feeir skulu so falla a\u00f0 \u00feeir skulu ekki kunna upp aftur a\u00f0 standa.<\/p>\n","protected":false},"excerpt":{"rendered":"<p>VIII. Og Drottinn Drottinn v\u00edsa\u00f0i m\u00e9r eina s\u00fdn og sj\u00e1\u00f0u, \u00fear st\u00f3\u00f0 ein k\u00f6rf full me\u00f0 sumar\u00e1v\u00f6xt. Og hann sag\u00f0i: &#8222;Hva\u00f0 s\u00e9r \u00fe\u00fa, Amos?&#8220; En eg svara\u00f0i: &#8222;Eina k\u00f6rf fulla me\u00f0 sumar\u00e1v\u00f6xt.&#8220; \u00de\u00e1 sag\u00f0i Drottinn til m\u00edn: &#8222;Endirinn er kominn yfir mitt f\u00f3lk \u00cdsrael. Eg vil n\u00fa ei lengur hl\u00edfa \u00feeim. Og s\u00f6ngurinn \u00ed \u00feeirra kirkjum skal sn\u00faast \u00ed gr\u00e1t \u00e1 \u00feeim sama t\u00edma,&#8220; segir Drottinn Drottinn, &#8222;skal \u00fear liggja alls sta\u00f0ar margur dau\u00f0ur l\u00edkami hverja menn skulu leynilega \u00ed burt bera.&#8220; Heyri\u00f0 \u00feetta, \u00fe\u00e9r sem undir\u00ferykki\u00f0 \u00fe\u00e1 f\u00e1t\u00e6ku og fordjarfi\u00f0 \u00fe\u00e1 aumu \u00ed landinu og segi\u00f0: &#8222;N\u00e6r vill n\u00fdi <a href=\"https:\/\/biblian.is\/gudbrandsbiblia\/amos-8-kafli\/\"> [&#8230;]<\/a><\/p>\n","protected":false},"author":1,"featured_media":0,"parent":0,"menu_order":0,"comment_status":"open","ping_status":"open","template":"bibliukaflar.php","meta":{"footnotes":""},"class_list":["post-3584","page","type-page","status-publish","hentry"],"_links":{"self":[{"href":"https:\/\/biblian.is\/gudbrandsbiblia\/wp-json\/wp\/v2\/pages\/3584","targetHints":{"allow":["GET"]}}],"collection":[{"href":"https:\/\/biblian.is\/gudbrandsbiblia\/wp-json\/wp\/v2\/pages"}],"about":[{"href":"https:\/\/biblian.is\/gudbrandsbiblia\/wp-json\/wp\/v2\/types\/page"}],"author":[{"embeddable":true,"href":"https:\/\/biblian.is\/gudbrandsbiblia\/wp-json\/wp\/v2\/users\/1"}],"replies":[{"embeddable":true,"href":"https:\/\/biblian.is\/gudbrandsbiblia\/wp-json\/wp\/v2\/comments?post=3584"}],"version-history":[{"count":0,"href":"https:\/\/biblian.is\/gudbrandsbiblia\/wp-json\/wp\/v2\/pages\/3584\/revisions"}],"wp:attachment":[{"href":"https:\/\/biblian.is\/gudbrandsbiblia\/wp-json\/wp\/v2\/media?parent=3584"}],"curies":[{"name":"wp","href":"https:\/\/api.w.org\/{rel}","templated":true}]}}