{"id":3581,"date":"2017-12-18T18:34:06","date_gmt":"2017-12-18T18:34:06","guid":{"rendered":"http:\/\/biblian.is\/gudbrandsbiblia\/amos-5-kafli\/"},"modified":"2017-12-18T18:34:06","modified_gmt":"2017-12-18T18:34:06","slug":"amos-5-kafli","status":"publish","type":"page","link":"https:\/\/biblian.is\/gudbrandsbiblia\/amos-5-kafli\/","title":{"rendered":"Amos 5. kafli"},"content":{"rendered":"<p>V.<\/p>\n<p>Heyri\u00f0 \u00feetta or\u00f0, \u00fe\u00e9r af h\u00fasi \u00cdsraels, \u00fev\u00ed eg ver\u00f0 a\u00f0 kve\u00f0a \u00feessa harmav\u00edsu um y\u00f0ur. <span class=\"athugasemd\" title=\"Harmav\u00edsa\">[<\/span><\/p>\n<p>\t\u00cdsraels jungfr\u00fa er fallin svo h\u00fan mun ekki upp aftur standa. H\u00fan er um koll slegin til jar\u00f0ar og \u00fear er enginn sem upp reisir hana. \u00dev\u00ed svo segir Drottinn Gu\u00f0: S\u00e1 sta\u00f0ur af hverjum a\u00f0 \u00fatganga \u00fe\u00fasund \u00fear skulu hundra\u00f0 eftir vera. \u00dear sem hundra\u00f0 ganga \u00fat \u00fear skulu ekki nema t\u00edu eftir bl\u00edfa \u00ed h\u00fasi \u00cdsraels. \u00dear fyrir segir Drottinn til \u00cdsraels h\u00fass: Leiti\u00f0 m\u00edn, \u00fe\u00e1 munu \u00fe\u00e9r lifa. Leiti\u00f0 ekki til <span class=\"athugasemd\" title=\"a \/ Betel) \/ \u00de\u00fd\u00f0ist Gu\u00f0s h\u00fas, Bet Aven Gl\u00e6pah\u00fas\">[<\/span> Betel og fer\u00f0ist ekki til Gilgal og gangi\u00f0 ekki til Berseba. \u00dev\u00ed Gilgal skal hertekin \u00ed burt f\u00e6rast og Betel skal ver\u00f0a Bet Aven.<\/p>\n<p>\tLeiti\u00f0 Drottins, \u00fe\u00e1 skulu \u00fe\u00e9r lifa, so a\u00f0 eldurinn f\u00e1i ekki magt \u00ed J\u00f3sefs h\u00fasi a\u00f0 uppbrenna \u00fea\u00f0 og \u00fear skal enginn vera \u00ed Betel sem hann kann a\u00f0 \u00fatsl\u00f6kkva. \u00de\u00e9r sem sn\u00fai\u00f0 r\u00e9ttinum \u00ed beiskleika og sl\u00e1i\u00f0 r\u00e9ttl\u00e6ti\u00f0 til grunna! Hann gj\u00f6rir Sj\u00f6stj\u00f6rnurnar og Fiskikallinn, s\u00e1 sem gj\u00f6rir morgun a\u00f0 myrkri og n\u00f3ttina a\u00f0 deginum, s\u00e1 sem kallar vatni\u00f0 af sj\u00f3num og \u00fathellir \u00fev\u00ed \u00e1 j\u00f6r\u00f0ina, hann heitir Drottinn. <span class=\"athugasemd\" title=\"Pleiades \/ \u00d3r\u00edon \/ Job ix.\">[<\/span> Hver e\u00f0 hrasan l\u00e6tur koma yfir \u00fe\u00e1 hinu sterku og kollvarp f\u00e6rir yfir \u00fe\u00e1 sterku sta\u00f0i. En \u00feeir eru rei\u00f0ir \u00e1 hann sem straffar \u00fe\u00e1 \u00ed sta\u00f0ardyrunum og halda fyrir sv\u00edvir\u00f0ing \u00feann sem heiln\u00e6mt kennir. <span class=\"athugasemd\" title=\"Hatur f\u00f3lksins til kennimannanna\">[<\/span> <\/p>\n<p>\tOg s\u00f6kum \u00feess a\u00f0 \u00fe\u00e9r undirtro\u00f0i\u00f0 \u00fe\u00e1 f\u00e1t\u00e6ku og taki\u00f0 korni\u00f0 fr\u00e1 \u00feeim \u00ed st\u00f3rum byr\u00f0um \u00fe\u00e1 skulu \u00fe\u00e9r ekki b\u00faa \u00ed h\u00fasunum \u00feeim sem \u00fe\u00e9r hafi\u00f0 byggt af h\u00f6ggnum steinum og eigi heldur drekka \u00fea\u00f0 v\u00edn sem \u00fe\u00e9r hafi\u00f0 planta\u00f0 \u00ed y\u00f0rum f\u00f6grum v\u00edng\u00f6r\u00f0um. <span class=\"athugasemd\" title=\"Sopho. i.\">[<\/span> \u00dev\u00ed a\u00f0 eg veit y\u00f0ar margfaldar misgj\u00f6r\u00f0ir, og so y\u00f0ar st\u00f3rar syndir, hversu \u00fe\u00e9r \u00ferengi\u00f0 a\u00f0 \u00feeim r\u00e9ttl\u00e1tu og taki\u00f0 bl\u00f3\u00f0gjald og undir\u00ferykki\u00f0 \u00fe\u00e1 inu f\u00e1t\u00e6ku \u00ed borgarhli\u00f0um. \u00dear fyrir mega \u00feeir kl\u00f3ku \u00feegja \u00e1 \u00feeim t\u00edma \u00fev\u00ed \u00fea\u00f0 er vondur t\u00edmi.<\/p>\n<p>\tLeiti\u00f0 \u00feess g\u00f3\u00f0a en ekki hins vonda so \u00fe\u00e9r megi\u00f0 lifa \u00fev\u00ed \u00fe\u00e1 mun Drottinn Gu\u00f0 Seba\u00f3t vera hj\u00e1 y\u00f0ur svo sem \u00fe\u00e9r hr\u00f3si\u00f0. <span class=\"athugasemd\" title=\"I\u00f0ranar\u00e1minning\">[<\/span> Hati\u00f0 \u00fea\u00f0 vonda en elski\u00f0 \u00fea\u00f0 g\u00f3\u00f0a. Gj\u00f6ri\u00f0 r\u00e9tt \u00ed sta\u00f0arportunum, \u00fe\u00e1 skal Drottinn Gu\u00f0 Seba\u00f3t vera miskunnsamur yfir \u00fe\u00e1 sem eftir bl\u00edfa af h\u00fasi J\u00f3sefs.<\/p>\n<p>\t\u00dear fyrir segir Drottinn Gu\u00f0 Seba\u00f3t, s\u00e1 Drottinn, so: \u00dear skal vera s\u00e1rgr\u00e6tilegur harmur \u00e1 \u00f6llum str\u00e6tum so menn skulu segja \u00ed \u00f6llum st\u00f6\u00f0um: &#8222;Vei, vei!&#8220; Og menn skulu akurmenn til sorgar kalla og til s\u00e1rgr\u00e6tilegs kl\u00f6gum\u00e1ls alla \u00fe\u00e1 sem gr\u00e1ta kunna. Og \u00fear skal vera sorgargr\u00e1tur \u00ed \u00f6llum v\u00edng\u00f6r\u00f0um \u00fev\u00ed eg vil <span class=\"athugasemd\" title=\"b \/ Fara) \/ Eg skal kenna y\u00f0ur bat \/ Esa. i. \/ Jere. vii.\">[<\/span> fara me\u00f0al y\u00f0ar, segir Drottinn.<\/p>\n<p>\tVei \u00feeim sem girnast dag Drottins! Hva\u00f0 skal hann y\u00f0ur? \u00dev\u00ed Drottins dagur er eitt myrkur en ekki lj\u00f3s. L\u00edka sem \u00fe\u00e1 ma\u00f0ur fl\u00fdr undan le\u00f3ni og \u00fe\u00e1 nokkur m\u00e6tir bjarnd\u00fdri og svo sem \u00fe\u00e1 nokkur kemur \u00ed eitt h\u00fas og sty\u00f0ur sig me\u00f0 hendinni til veggjarins og einn h\u00f6ggormur stingur hann. \u00dev\u00ed a\u00f0 dagur Drottins skal vera myrkur en ekki lj\u00f3s dagur, dimmur og ekki bjartur.<\/p>\n<p>\tEg er rei\u00f0ur y\u00f0rum helgid\u00f3mum og eg forsm\u00e1i \u00fe\u00e1 og eg kann ekki a\u00f0 lykta \u00ed y\u00f0vari samkundu. <span class=\"athugasemd\" title=\"Lukta \/ \u00dea\u00f0 er, y\u00f0ar reykelsisoffur \u00fe\u00f3knast m\u00e9r ekki\">[<\/span> Og \u00fe\u00f3 a\u00f0 \u00fe\u00e9r offri\u00f0 m\u00e9r brennioffrum og matarf\u00f3rnum \u00fe\u00e1 hefi eg \u00fe\u00f3 \u00f6ngva \u00fe\u00f3knan \u00fear \u00e1 so eg get eigi s\u00e9\u00f0 til y\u00f0ars feita \u00feakkl\u00e6tisoffurs. Tak fr\u00e1 m\u00e9r \u00fea\u00f0 s\u00e1lmabuldur \u00fev\u00ed eg get ekki heyrt \u00feinn s\u00e1lmas\u00f6ng. \u00dev\u00ed r\u00e9tturinn skal opinber ver\u00f0a sem vatn og r\u00e9ttl\u00e6ti\u00f0 sem str\u00ed\u00f0ur straumur.<\/p>\n<p>\tHafi \u00fe\u00e9r af h\u00fasi \u00cdsraels offra\u00f0 m\u00e9r sl\u00e1trunaroffri og mataroffri um \u00feau fj\u00f6rut\u00edgu \u00e1rin \u00ed ey\u00f0im\u00f6rkunni? J\u00e1 vel, \u00fe\u00e9r hei\u00f0ru\u00f0u\u00f0 Sikk\u00fat y\u00f0ar k\u00f3ng og K\u00edon y\u00f0art b\u00edl\u00e6ti, \u00fe\u00e1 stj\u00f6rnu y\u00f0ara afgu\u00f0a sem \u00fe\u00e9r sj\u00e1lfir gj\u00f6r\u00f0u\u00f0 y\u00f0ur. <span class=\"athugasemd\" title=\"Sikk\u00fat \/ Act. vii.\">[<\/span> So vil eg l\u00e1ta f\u00e6ra y\u00f0ur h\u00e9r burt fr\u00e1 til Damascum, segir Drottinn sem heitir Gu\u00f0 Seba\u00f3t.<\/p>\n","protected":false},"excerpt":{"rendered":"<p>V. Heyri\u00f0 \u00feetta or\u00f0, \u00fe\u00e9r af h\u00fasi \u00cdsraels, \u00fev\u00ed eg ver\u00f0 a\u00f0 kve\u00f0a \u00feessa harmav\u00edsu um y\u00f0ur. [ \u00cdsraels jungfr\u00fa er fallin svo h\u00fan mun ekki upp aftur standa. H\u00fan er um koll slegin til jar\u00f0ar og \u00fear er enginn sem upp reisir hana. \u00dev\u00ed svo segir Drottinn Gu\u00f0: S\u00e1 sta\u00f0ur af hverjum a\u00f0 \u00fatganga \u00fe\u00fasund \u00fear skulu hundra\u00f0 eftir vera. \u00dear sem hundra\u00f0 ganga \u00fat \u00fear skulu ekki nema t\u00edu eftir bl\u00edfa \u00ed h\u00fasi \u00cdsraels. \u00dear fyrir segir Drottinn til \u00cdsraels h\u00fass: Leiti\u00f0 m\u00edn, \u00fe\u00e1 munu \u00fe\u00e9r lifa. Leiti\u00f0 ekki til [ Betel og fer\u00f0ist ekki til Gilgal og <a href=\"https:\/\/biblian.is\/gudbrandsbiblia\/amos-5-kafli\/\"> [&#8230;]<\/a><\/p>\n","protected":false},"author":1,"featured_media":0,"parent":0,"menu_order":0,"comment_status":"open","ping_status":"open","template":"bibliukaflar.php","meta":{"footnotes":""},"class_list":["post-3581","page","type-page","status-publish","hentry"],"_links":{"self":[{"href":"https:\/\/biblian.is\/gudbrandsbiblia\/wp-json\/wp\/v2\/pages\/3581","targetHints":{"allow":["GET"]}}],"collection":[{"href":"https:\/\/biblian.is\/gudbrandsbiblia\/wp-json\/wp\/v2\/pages"}],"about":[{"href":"https:\/\/biblian.is\/gudbrandsbiblia\/wp-json\/wp\/v2\/types\/page"}],"author":[{"embeddable":true,"href":"https:\/\/biblian.is\/gudbrandsbiblia\/wp-json\/wp\/v2\/users\/1"}],"replies":[{"embeddable":true,"href":"https:\/\/biblian.is\/gudbrandsbiblia\/wp-json\/wp\/v2\/comments?post=3581"}],"version-history":[{"count":0,"href":"https:\/\/biblian.is\/gudbrandsbiblia\/wp-json\/wp\/v2\/pages\/3581\/revisions"}],"wp:attachment":[{"href":"https:\/\/biblian.is\/gudbrandsbiblia\/wp-json\/wp\/v2\/media?parent=3581"}],"curies":[{"name":"wp","href":"https:\/\/api.w.org\/{rel}","templated":true}]}}