{"id":3577,"date":"2017-12-18T18:34:06","date_gmt":"2017-12-18T18:34:06","guid":{"rendered":"http:\/\/biblian.is\/gudbrandsbiblia\/amos-1-kafli\/"},"modified":"2017-12-18T18:34:06","modified_gmt":"2017-12-18T18:34:06","slug":"amos-1-kafli","status":"publish","type":"page","link":"https:\/\/biblian.is\/gudbrandsbiblia\/amos-1-kafli\/","title":{"rendered":"Amos 1. kafli"},"content":{"rendered":"<p>Prophetinn Amos <\/p>\n<p>I.<\/p>\n<p>\u00deetta er \u00fea\u00f0 sem Amos (hver e\u00f0 var \u00e1 me\u00f0al fj\u00e1rhir\u00f0aranna \u00ed Tek\u00f3a) hefur s\u00e9\u00f0 yfir \u00cdsrael \u00ed t\u00ed\u00f0 \u00das\u00eda Gy\u00f0ingak\u00f3ngs og Jer\u00f3b\u00f3am J\u00f3assonar \u00cdsraelsk\u00f3ngs, tveimur \u00e1rum \u00e1\u00f0ur en s\u00e1 jar\u00f0skj\u00e1lfti ske\u00f0i. <span class=\"athugasemd\" title=\"Fyrir Christi hinga\u00f0bur\u00f0 dcclxxxiii \u00e1r \/ Zacha. xiii.\">[<\/span> Og hann sag\u00f0i: Drottinn skal \u00f6skra af S\u00edon og l\u00e1ta heyra s\u00edna raust af Jer\u00fasalem svo a\u00f0 haglendi hir\u00f0aranna skal aumlega standa og Karmel skal a\u00f0 ofanver\u00f0u uppvisna.<\/p>\n<p>\tSo segir Drottinn: <span class=\"athugasemd\" title=\"Damascus\">[<\/span> Fyrir s\u00f6kum \u00feriggja og fj\u00f6gra synda Damascus vil eg ei hl\u00edfa henni. \u00dev\u00ed \u00feeir hafa \u00fereskt G\u00edlea\u00f0 me\u00f0 j\u00e1rnst\u00f6ngum. En eg vil senda eld \u00ed Hasaels h\u00fas og hann skal uppey\u00f0a Benhadads herbergjum. Og eg vil \u00ed sundurbrj\u00f3ta j\u00e1rnstengurnar \u00ed Damasco og uppkippa innbyggjurum \u00far dalnum Aven og \u00feeim sem \u00e1 r\u00edkissprota halda af gle\u00f0ih\u00fasinu so a\u00f0 f\u00f3lki\u00f0 af Syria skal burt f\u00e6rast \u00ed K\u00edr, segir Drottinn.<\/p>\n<p>\tSo segir Drottinn: <span class=\"athugasemd\" title=\"Gasa \/ Zach. ix.\">[<\/span> S\u00f6kum \u00feriggja og fj\u00f6gra synda Gasa vil eg ekki hl\u00edfa henni \u00fev\u00ed a\u00f0 \u00fe\u00e1 fangara sem \u00feeir a\u00f0 n\u00fdju f\u00f6ngu\u00f0u \u00fe\u00e1 hafa \u00feeir reki\u00f0 \u00ed burt \u00ed land Ed\u00f3ms, heldur vil eg senda eld \u00ed m\u00farana til Gasa hver e\u00f0 ey\u00f0a skal hennar herbergjum. Og eg vil uppkippa innbyggjurum af Asd\u00f3d me\u00f0 \u00feeim sem halda \u00e1 r\u00edkissprotanum \u00ed Askalon og eg vil sn\u00faa minni hendi m\u00f3ti Akkaron svo a\u00f0 \u00fea\u00f0 skal drepast sem eftir er or\u00f0i\u00f0 af \u00feeim Philisteis, segir Drottinn.<\/p>\n<p>\tSo segir Drottinn: <span class=\"athugasemd\" title=\"Tyrus\">[<\/span> S\u00f6kum \u00feriggja og fj\u00f6gra synda borgarinnar S\u00f3r \u00fe\u00e1 vil eg henni ekki hl\u00edfa, af \u00fev\u00ed a\u00f0 \u00feeir r\u00e1ku og drifu fangarana lengra en \u00ed Ed\u00f3msland og \u00feenktu ekki upp \u00e1 samband br\u00e6\u00f0ranna, heldur vil eg senda einn eld \u00ed S\u00f3rm\u00fara hver e\u00f0 ey\u00f0a skal hennar herbergjum.<\/p>\n<p>\tSo segir Drottinn: <span class=\"athugasemd\" title=\"Ed\u00f3m \/ Jere. Xlix.\">[<\/span> S\u00f6kum \u00feriggja og fj\u00f6gra Ed\u00f3ms synda \u00fe\u00e1 vil eg ekki spara hann, af \u00fev\u00ed a\u00f0 hann ofs\u00f3tti sinn br\u00f3\u00f0ur me\u00f0 sve\u00f0ri og \u00ed hel sl\u00f3 \u00fe\u00e6r \u00f3l\u00e9ttu og \u00ed sundurreif \u00fe\u00e1 \u00e6t\u00ed\u00f0 me\u00f0 sinni rei\u00f0i og heldur \u00ed s\u00edfellu \u00e1 sinni grimmd, heldur vil eg senda einn eld \u00ed Teman, hann skal ey\u00f0a herbergjunum \u00ed Basra.<\/p>\n<p>\tSo segir Drottinn: <span class=\"athugasemd\" title=\"Amm\u00f3n \/ Jere. xlix.\">[<\/span> Fyrir s\u00f6kum \u00feriggja og fj\u00f6gra synda \u00feeirra Amm\u00f3nsbarna vil eg ekki hl\u00edfa \u00feeim, \u00fev\u00ed \u00feeir sundurhjuggu \u00fe\u00e6r \u00f3l\u00e9ttu \u00ed Gelea\u00f0 hvar me\u00f0 \u00feeir gj\u00f6ra s\u00edn landamerki v\u00ed\u00f0ari, heldur vil eg uppkveikja einn eld \u00e1 Rabbam\u00farum og hann skal uppey\u00f0a \u00feeirra herbergjum n\u00e6r menn kalla \u00e1 \u00feeim str\u00ed\u00f0st\u00edma og n\u00e6r s\u00e1 vindur kemur \u00ed \u00feeirri storm\u00f6ld. \u00de\u00e1 skal \u00feeirra k\u00f3ngur me\u00f0 s\u00ednum h\u00f6f\u00f0ingjum f\u00e6rast fanginn \u00ed burt, segir Drottinn.<\/p>\n<p>\tSo segir Drottinn: <span class=\"athugasemd\" title=\"M\u00f3ab \/ Esa. xv. xvi. \/ Esek. xxv. \/ Jere. xl.\">[<\/span> Fyrir s\u00f6kum \u00feriggja og fj\u00f6gra M\u00f3abs synda vil eg ekki hl\u00edfa honum \u00fev\u00ed \u00feeir brenndu upp k\u00f3ngsins bein af Ed\u00f3m til \u00f6sku, heldur vil eg senda einn eld \u00ed M\u00f3ab. Hann skal uppey\u00f0a Kirj\u00f3tssal og M\u00f3ab skal deyja \u00ed upphlaupi og her\u00f3pi og \u00ed l\u00fa\u00f0ra\u00feyt. Og eg vil upprykkja d\u00f3mendunum \u00e1 me\u00f0al \u00feeirra og alla hans h\u00f6f\u00f0ingja me\u00f0 honum drepa, segir Drottinn.<\/p>\n","protected":false},"excerpt":{"rendered":"<p>Prophetinn Amos I. \u00deetta er \u00fea\u00f0 sem Amos (hver e\u00f0 var \u00e1 me\u00f0al fj\u00e1rhir\u00f0aranna \u00ed Tek\u00f3a) hefur s\u00e9\u00f0 yfir \u00cdsrael \u00ed t\u00ed\u00f0 \u00das\u00eda Gy\u00f0ingak\u00f3ngs og Jer\u00f3b\u00f3am J\u00f3assonar \u00cdsraelsk\u00f3ngs, tveimur \u00e1rum \u00e1\u00f0ur en s\u00e1 jar\u00f0skj\u00e1lfti ske\u00f0i. [ Og hann sag\u00f0i: Drottinn skal \u00f6skra af S\u00edon og l\u00e1ta heyra s\u00edna raust af Jer\u00fasalem svo a\u00f0 haglendi hir\u00f0aranna skal aumlega standa og Karmel skal a\u00f0 ofanver\u00f0u uppvisna. So segir Drottinn: [ Fyrir s\u00f6kum \u00feriggja og fj\u00f6gra synda Damascus vil eg ei hl\u00edfa henni. \u00dev\u00ed \u00feeir hafa \u00fereskt G\u00edlea\u00f0 me\u00f0 j\u00e1rnst\u00f6ngum. En eg vil senda eld \u00ed Hasaels h\u00fas og hann skal uppey\u00f0a Benhadads <a href=\"https:\/\/biblian.is\/gudbrandsbiblia\/amos-1-kafli\/\"> [&#8230;]<\/a><\/p>\n","protected":false},"author":1,"featured_media":0,"parent":0,"menu_order":0,"comment_status":"open","ping_status":"open","template":"bibliukaflar.php","meta":{"footnotes":""},"class_list":["post-3577","page","type-page","status-publish","hentry"],"_links":{"self":[{"href":"https:\/\/biblian.is\/gudbrandsbiblia\/wp-json\/wp\/v2\/pages\/3577","targetHints":{"allow":["GET"]}}],"collection":[{"href":"https:\/\/biblian.is\/gudbrandsbiblia\/wp-json\/wp\/v2\/pages"}],"about":[{"href":"https:\/\/biblian.is\/gudbrandsbiblia\/wp-json\/wp\/v2\/types\/page"}],"author":[{"embeddable":true,"href":"https:\/\/biblian.is\/gudbrandsbiblia\/wp-json\/wp\/v2\/users\/1"}],"replies":[{"embeddable":true,"href":"https:\/\/biblian.is\/gudbrandsbiblia\/wp-json\/wp\/v2\/comments?post=3577"}],"version-history":[{"count":0,"href":"https:\/\/biblian.is\/gudbrandsbiblia\/wp-json\/wp\/v2\/pages\/3577\/revisions"}],"wp:attachment":[{"href":"https:\/\/biblian.is\/gudbrandsbiblia\/wp-json\/wp\/v2\/media?parent=3577"}],"curies":[{"name":"wp","href":"https:\/\/api.w.org\/{rel}","templated":true}]}}