{"id":3567,"date":"2017-12-18T18:34:02","date_gmt":"2017-12-18T18:34:02","guid":{"rendered":"http:\/\/biblian.is\/gudbrandsbiblia\/hosea-9-kafli\/"},"modified":"2017-12-18T18:34:02","modified_gmt":"2017-12-18T18:34:02","slug":"hosea-9-kafli","status":"publish","type":"page","link":"https:\/\/biblian.is\/gudbrandsbiblia\/hosea-9-kafli\/","title":{"rendered":"H\u00f3sea 9. kafli"},"content":{"rendered":"<p>IX.<\/p>\n<p>\u00cdsrael, \u00fe\u00fa \u00fearft ekki a\u00f0 gle\u00f0jast, eigi heldur a\u00f0 hr\u00f3sa \u00fe\u00e9r sem \u00fej\u00f3\u00f0irnar, \u00fev\u00ed \u00fe\u00fa fremur h\u00f3r \u00ed m\u00f3ti \u00fe\u00ednum Gu\u00f0i hvar me\u00f0 \u00fe\u00fa leitar h\u00f3rulauna svo a\u00f0 allar kornhl\u00f6\u00f0ur yr\u00f0i fullar me\u00f0 korn. \u00dear fyrir \u00fe\u00e1 skulu hverki kornhl\u00f6\u00f0ur n\u00e9 v\u00edn\u00fer\u00fagur f\u00e6\u00f0a \u00feig og v\u00edni\u00f0 skal ekki vilja \u00fe\u00e9r til. Og \u00fe\u00e9r skulu\u00f0 ekki vera \u00ed herrans landi heldur skal Efra\u00edm aftur \u00ed Egyptaland og hl\u00fdtur \u00ed Assyria a\u00f0 eta \u00fea\u00f0 sem er \u00f3hreint \u00fear sem \u00feeir skulu ekki kunna a\u00f0 offra Drottni drykkoffur af v\u00edni e\u00f0a nokku\u00f0 anna\u00f0 honum til \u00fe\u00f3knunar a\u00f0 gj\u00f6ra. \u00deeirra offur skal vera sem brau\u00f0 sorgfullra af hverju a\u00f0 allir ver\u00f0a \u00f3hreinir \u00fear sem \u00fear af eta.<span class=\"athugasemd\" title=\"Deut. xxvi.\">[<\/span> \u00dev\u00ed \u00feeir skulu eta sitt brau\u00f0 hj\u00e1 s\u00e9r sj\u00e1lfum og \u00fea\u00f0 skal ekki berast \u00ed herrans h\u00fas. Hva\u00f0 vilji \u00fe\u00e9r \u00fe\u00e1 gj\u00f6ra \u00e1 \u00e1rt\u00ed\u00f0um og \u00e1 Drottins h\u00e1t\u00ed\u00f0isd\u00f6gum? Sj\u00e1 \u00fe\u00fa, \u00feeir skulu burt fyrir ey\u00f0ileggjaranum, Egyptaland skal safna \u00feeim og M\u00f3ab skal grafa \u00fe\u00e1. Illgresi skulu \u00fear vaxa \u00fear sem \u00feeirra elskulegir silfurafgu\u00f0ir standa n\u00fa og \u00feyrnar \u00ed \u00feeirra tjaldb\u00fa\u00f0um.<\/p>\n<p>\tVitjunart\u00edminn er kominn, endurgjaldst\u00edminn er kominn, \u00fea\u00f0 skal \u00cdsrael vel formerkja. Prophetarnir eru \u00feussar og \u00feeir villuandar eru galnir fyrir \u00feann st\u00f3ra misgj\u00f6rning og s\u00f6kum \u00feeirra h\u00e1\u00f0uglegu afgu\u00f0ad\u00fdrkunar. Var\u00f0haldsmennirnir \u00ed Efra\u00edm h\u00e9ldu sig \u00ed for\u00f0um t\u00ed\u00f0 til m\u00edns Gu\u00f0s en sp\u00e1mennirnir eru n\u00fa \u00feeir sem sn\u00f6rur leggja \u00e1 alla \u00feeirra vegu me\u00f0 h\u00e1\u00f0uglegri afgu\u00f0ad\u00fdrkan \u00ed \u00feeirra gu\u00f0sh\u00fasum. \u00deeir fordjarfa \u00fea\u00f0 of mj\u00f6g, svo sem \u00ed <span class=\"athugasemd\" title=\"a \/ G\u00edbea) \/ Jud. xix. \u00de\u00e1 Benjam\u00ednssynir forsv\u00f6ru\u00f0u \u00fea\u00f0 skammarverk sem ei var\u00f0 gr\u00e6tt og f\u00e9llu \u00e1 \u00fev\u00ed \u00ed grunn ni\u00f0ur\">[<\/span> G\u00edbea t\u00ed\u00f0, \u00fear fyrir skal hann minnast \u00e1 \u00feeirra misgj\u00f6rninga og vitja \u00feeirra synda.<\/p>\n<p>\tEg fann \u00cdsrael \u00ed ey\u00f0im\u00f6rku so sem v\u00edn\u00fer\u00fagu og eg s\u00e1 y\u00f0ar fe\u00f0ur so sem hinar fyrstu f\u00edkjur \u00e1 f\u00edkjutr\u00e9nu. En \u00fear eftir gengu \u00feeir til Baal Pe\u00f3r og g\u00e1fu s\u00edna tr\u00fa \u00feeim skamarlegu afgu\u00f0um og \u00feeir ur\u00f0u so sv\u00edvir\u00f0ilegir sem \u00feeirra h\u00f3rkallar. <span class=\"athugasemd\" title=\"Baal Pe\u00f3r\">[<\/span> \u00dear fyrir skal Efra\u00edms pr\u00fd\u00f0i burt flj\u00faga sem einn fugl svo \u00feeir skulu hverki f\u00e6\u00f0a n\u00e9 geta n\u00e9 \u00feunga\u00f0ir ver\u00f0a. Og \u00fe\u00f3 \u00feeir alla rei\u00f0u upp ali s\u00edn b\u00f6rn \u00fe\u00e1 vil eg \u00fe\u00f3 gj\u00f6ra \u00fe\u00e1 barnlausa svo \u00feeir skulu ekkert f\u00f3lk vera. Og vei \u00feeim n\u00e6r eg em \u00ed burt fr\u00e1 \u00feeim vikinn!<\/p>\n<p>\tEfra\u00edm (sem m\u00e9r s\u00fdnist) er pl\u00f6ntu\u00f0 og f\u00f6gur sem Tyrus en hl\u00fdtur n\u00fa a\u00f0 gefa s\u00edn b\u00f6rn \u00fat \u00ed hendur manndr\u00e1parans. Drottinn, gef \u00feeim. En hva\u00f0 viltu gefa \u00feeim? Gef \u00feeim \u00e1vaxtarlaust l\u00edf og \u00feurrt brj\u00f3st.<\/p>\n<p>\t\u00d6ll \u00feeirra vonska sker \u00ed Gilgal. \u00dear hata eg \u00fe\u00e1 og eg vil hrinda \u00feeim \u00fat af m\u00ednu h\u00fasi s\u00f6kum \u00feeirra vonds ath\u00e6fis og \u00f6ngvan k\u00e6rleika vil eg \u00feeim meir au\u00f0s\u00fdna \u00fev\u00ed allir \u00feeirra h\u00f6f\u00f0ingjar eru fr\u00e1 m\u00e9r fallnir.<\/p>\n<p>\tEfra\u00edm er sleginn, \u00feeirra r\u00f3t er <span class=\"athugasemd\" title=\"b \/ skr\u00e6ld) \/ \u00deeirra k\u00f3ngar\u00edki er burt og \u00fat tv\u00edstra\u00f0 \u00e1 me\u00f0al hei\u00f0ingjanna\">[<\/span> skr\u00e6ld so a\u00f0 \u00feeir geta \u00f6ngvan \u00e1v\u00f6xt meir bori\u00f0 og \u00fe\u00f3 \u00feeir enn f\u00e6ddu \u00fe\u00e1 vil eg l\u00edka vel \u00ed hel sl\u00e1 \u00feeirra elskulega l\u00edfs \u00e1v\u00f6xt. Minn Gu\u00f0 skal burt kasta \u00feeim \u00fea\u00f0 \u00feeir vildu ekki heyra hann og \u00feeir skulu villast \u00e1 me\u00f0al hei\u00f0ingjanna.<\/p>\n","protected":false},"excerpt":{"rendered":"<p>IX. \u00cdsrael, \u00fe\u00fa \u00fearft ekki a\u00f0 gle\u00f0jast, eigi heldur a\u00f0 hr\u00f3sa \u00fe\u00e9r sem \u00fej\u00f3\u00f0irnar, \u00fev\u00ed \u00fe\u00fa fremur h\u00f3r \u00ed m\u00f3ti \u00fe\u00ednum Gu\u00f0i hvar me\u00f0 \u00fe\u00fa leitar h\u00f3rulauna svo a\u00f0 allar kornhl\u00f6\u00f0ur yr\u00f0i fullar me\u00f0 korn. \u00dear fyrir \u00fe\u00e1 skulu hverki kornhl\u00f6\u00f0ur n\u00e9 v\u00edn\u00fer\u00fagur f\u00e6\u00f0a \u00feig og v\u00edni\u00f0 skal ekki vilja \u00fe\u00e9r til. Og \u00fe\u00e9r skulu\u00f0 ekki vera \u00ed herrans landi heldur skal Efra\u00edm aftur \u00ed Egyptaland og hl\u00fdtur \u00ed Assyria a\u00f0 eta \u00fea\u00f0 sem er \u00f3hreint \u00fear sem \u00feeir skulu ekki kunna a\u00f0 offra Drottni drykkoffur af v\u00edni e\u00f0a nokku\u00f0 anna\u00f0 honum til \u00fe\u00f3knunar a\u00f0 gj\u00f6ra. \u00deeirra offur skal vera <a href=\"https:\/\/biblian.is\/gudbrandsbiblia\/hosea-9-kafli\/\"> [&#8230;]<\/a><\/p>\n","protected":false},"author":1,"featured_media":0,"parent":0,"menu_order":0,"comment_status":"open","ping_status":"open","template":"bibliukaflar.php","meta":{"footnotes":""},"class_list":["post-3567","page","type-page","status-publish","hentry"],"_links":{"self":[{"href":"https:\/\/biblian.is\/gudbrandsbiblia\/wp-json\/wp\/v2\/pages\/3567","targetHints":{"allow":["GET"]}}],"collection":[{"href":"https:\/\/biblian.is\/gudbrandsbiblia\/wp-json\/wp\/v2\/pages"}],"about":[{"href":"https:\/\/biblian.is\/gudbrandsbiblia\/wp-json\/wp\/v2\/types\/page"}],"author":[{"embeddable":true,"href":"https:\/\/biblian.is\/gudbrandsbiblia\/wp-json\/wp\/v2\/users\/1"}],"replies":[{"embeddable":true,"href":"https:\/\/biblian.is\/gudbrandsbiblia\/wp-json\/wp\/v2\/comments?post=3567"}],"version-history":[{"count":0,"href":"https:\/\/biblian.is\/gudbrandsbiblia\/wp-json\/wp\/v2\/pages\/3567\/revisions"}],"wp:attachment":[{"href":"https:\/\/biblian.is\/gudbrandsbiblia\/wp-json\/wp\/v2\/media?parent=3567"}],"curies":[{"name":"wp","href":"https:\/\/api.w.org\/{rel}","templated":true}]}}