{"id":3514,"date":"2017-12-18T18:33:51","date_gmt":"2017-12-18T18:33:51","guid":{"rendered":"http:\/\/biblian.is\/gudbrandsbiblia\/esekiel-17-kafli\/"},"modified":"2017-12-18T18:33:51","modified_gmt":"2017-12-18T18:33:51","slug":"esekiel-17-kafli","status":"publish","type":"page","link":"https:\/\/biblian.is\/gudbrandsbiblia\/esekiel-17-kafli\/","title":{"rendered":"Esek\u00edel 17. kafli"},"content":{"rendered":"<p>XVII.<\/p>\n<p>Og or\u00f0 Drottins ske\u00f0i til m\u00edn og sag\u00f0i: <span class=\"athugasemd\" title=\"Eftirl\u00edking\">[<\/span> \u00de\u00fa mannsins son, framsettu \u00cdsraels h\u00fasi eina r\u00e1\u00f0g\u00e1tu og eina eftirl\u00edking og seg \u00fe\u00fa: <span class=\"athugasemd\" title=\"S\u00fa fyrsta aurn er k\u00f3ng af Bab\u00fdlon. H\u00e6\u00f0sti kvisturinn af L\u00edbanon er J\u00f3ak\u00edm hvern Bab\u00fdlonsk\u00f3ngur burt flutti. Kramaland er Bab\u00fdlon. S\u00e6\u00f0i\u00f0 \u00fea\u00f0 sem laust var ni\u00f0ur s\u00e1\u00f0 er Zedechias. Hann leitar styrks hj\u00e1 Egyptalands k\u00f3ngi, hann er s\u00fa \u00f6nnur aurnin, en \u00fea\u00f0 hj\u00e1lpar alls ekki\">[<\/span> Svo segir Drottinn Drottinn: Ein st\u00f3r \u00f6rn me\u00f0 miklum v\u00e6ngjum, feitum og vel fi\u00f0ru\u00f0um, me\u00f0 a\u00f0skiljanlegum litarh\u00e6tti, kom upp af L\u00edbanon og t\u00f3k toppinn af sedrusvi\u00f0inum og braut af \u00feann h\u00e6\u00f0sta kvistinn og flutti hann \u00ed kramaralandi\u00f0 og setti hann \u00ed \u00fe\u00e1 kaupmannsborgina. Hann t\u00f3k og einnin s\u00e6\u00f0i\u00f0 af \u00fev\u00ed sama landi og s\u00e1\u00f0i \u00fev\u00ed \u00ed \u00fea\u00f0 sama g\u00f3\u00f0a landi\u00f0 \u00fear sem mikil v\u00f6tn eru og setti \u00fea\u00f0 lauslegana ni\u00f0ur. Og \u00fea\u00f0 v\u00f3x upp og var\u00f0 eitt \u00feykkt v\u00ednvi\u00f0artr\u00e9 og \u00fe\u00f3 l\u00e1gt \u00fev\u00ed a\u00f0 greinirnar \u00fear \u00e1 beyg\u00f0u sig ni\u00f0ur og r\u00e6turnar \u00fear \u00e1 voru undir \u00fev\u00ed og \u00fea\u00f0 var svoddan eitt v\u00ednvi\u00f0artr\u00e9 sem f\u00e9kk kvisti og greinir.<\/p>\n<p>\tOg \u00fear var ein \u00f6nnur st\u00f3r \u00f6rn me\u00f0 miklum v\u00e6ngjum og m\u00f6rgum fj\u00f6\u00f0rum. Og sj\u00e1 \u00fe\u00fa, v\u00ednvi\u00f0artr\u00e9\u00f0 haf\u00f0i einn girndarhug \u00ed s\u00ednum r\u00f3tum til \u00feeirrar s\u00f6mu arnarinnar og \u00fat\u00feandi s\u00edna v\u00ednvi\u00f0arkvistu \u00e1 m\u00f3ti henni svo a\u00f0 \u00feeir skyldu v\u00f6kvast af hennar gr\u00f6\u00f0setningum. Og \u00fea\u00f0 var \u00fe\u00f3 gr\u00f3\u00f0sett \u00e1 einu frj\u00f3s\u00f6mu landi hj\u00e1 m\u00f6rgum v\u00f6tnum so a\u00f0 \u00fea\u00f0 hef\u00f0i vel m\u00e1tt f\u00e1 kvistu og bera \u00e1v\u00f6xt og ver\u00f0a eitt \u00e1g\u00e6tt v\u00ednvi\u00f0artr\u00e9.<\/p>\n<p>\tSvo seg \u00fe\u00fa n\u00fa: Svo segir Drottinn Drottinn: Skyldi \u00fea\u00f0 vel lukkast? J\u00e1 menn munu upprykkja r\u00f3tunum \u00fear af og af r\u00edfa \u00e1v\u00f6xtinn og \u00fea\u00f0 skal upp\u00feorna so a\u00f0 \u00f6ll fullvaxin bl\u00f6\u00f0 \u00fear \u00e1 skulu \u00ed burt visna og \u00fea\u00f0 skal ekki ske fyri reinn st\u00f3ran armlegg e\u00f0a fyrir mikinn mannfj\u00f6lda upp \u00e1 \u00fea\u00f0 a\u00f0 menn skuli \u00ed burt fl\u00fdja \u00fea\u00f0 fr\u00e1 s\u00ednum r\u00f3tum. Sj\u00e1 \u00fe\u00fa, vel er \u00fea\u00f0 gr\u00f3\u00f0sett en skyldi \u00fev\u00ed lukkast \u00fear me\u00f0? J\u00e1, svo snart sem austanvindurinn kemur vi\u00f0 \u00fea\u00f0 \u00fe\u00e1 mun \u00fea\u00f0 \u00ed burt visna \u00ed \u00feeim sama sta\u00f0 sem \u00fea\u00f0 v\u00f3x upp.<\/p>\n<p>\tOg or\u00f0 Drottins ske\u00f0i til m\u00edn og sag\u00f0i: <span class=\"athugasemd\" title=\"\u00dat\u00fe\u00fd\u00f0ing r\u00e1\u00f0g\u00e1tunnar e\u00f0ur eftirl\u00edkingarinnar\">[<\/span> K\u00e6ri, seg \u00fe\u00fa til \u00feess \u00f3hl\u00fd\u00f0uga h\u00fassins: Viti \u00fe\u00e9r ekki hva\u00f0 \u00feetta er? Og seg\u00f0u: Sj\u00e1 \u00fe\u00fa, konungurinn af Bab\u00fdlon kom til Jer\u00fasalem og t\u00f3k hennar konung og hennar h\u00f6f\u00f0ingja og flutti \u00fe\u00e1 \u00ed burt til s\u00edn \u00ed Bab\u00fdlon og t\u00f3k einn af \u00fev\u00ed konunglega s\u00e6\u00f0inu og gj\u00f6r\u00f0i einn s\u00e1ttm\u00e1la vi\u00f0 hann og t\u00f3k einn ei\u00f0 af honum. En \u00fe\u00e1 hina voldugu \u00ed landinu t\u00f3k hann \u00ed burt svo a\u00f0 r\u00edki\u00f0 skyldi ver\u00f0a l\u00e6kka\u00f0 \u00fear me\u00f0 og \u00fea\u00f0 t\u00e6ki sig ekki upp svo \u00fea\u00f0 hans s\u00e1ttm\u00e1li skyldi haldinn ver\u00f0a og st\u00f6\u00f0ugur standa.<\/p>\n<p>\tEn \u00fea\u00f0 sama s\u00e6\u00f0i f\u00e9ll fr\u00e1 honum og sendi sinn bo\u00f0skap til Egyptalands a\u00f0 \u00feeir skyldu senda s\u00e9r v\u00edghesta og margt li\u00f0sf\u00f3lk. Skyldi honum \u00fea\u00f0 vel lukkast? Skyldi s\u00e1 undan komast sem svoddan gj\u00f6rir? Og skyldi hann undan komast sem r\u00fdfur s\u00e1ttm\u00e1lann? <span class=\"athugasemd\" title=\"Ei\u00f0rof ver\u00f0ur straffa\u00f0\">[<\/span> Svo sannarlega sem eg lifi, segir Drottinn Drottinn, \u00ed \u00feeim sta\u00f0 \u00feess konungsins sem hann setti til konungs \u00fe\u00e1 skal han deyja, hvers ei\u00f0 hann hefur forakta\u00f0 og hvers s\u00e1ttm\u00e1la hann hefur rofi\u00f0, einkum sem er til Bab\u00fdlon. Og fara\u00f3 skal ekki veita honum styrk \u00ed str\u00ed\u00f0inu me\u00f0 miklu herli\u00f0i og m\u00f6rgu f\u00f3lki, n\u00e6r e\u00f0 menn hla\u00f0a upp virkisgar\u00f0ana og byggja upp herkastalana so a\u00f0 margur skuli \u00ed hel sleginn ver\u00f0a. \u00dev\u00ed a\u00f0 me\u00f0 \u00fev\u00ed a\u00f0 hann h\u00e9lt ekki \u00feann ei\u00f0inn og rauf \u00fe\u00e1 s\u00e1ttargj\u00f6r\u00f0ina sem hann gaf upp \u00e1 s\u00edna h\u00f6nd og gj\u00f6rir allt svoddan \u00fe\u00e1 skal hann ekki undan komast.<\/p>\n<p>\t\u00dear fyrir segir Drottinn Drottinn svo: So sannarlega sem eg lifi \u00fe\u00e1 vil eg innf\u00e6ra minn ei\u00f0 \u00feann sem hann forakta\u00f0i og minn s\u00e1ttm\u00e1la \u00feann sem hann braut yfir hans h\u00f6fu\u00f0. \u00dev\u00ed a\u00f0 eg vil kasta m\u00ednu neti yfir hann og hann skal h\u00f6ndla\u00f0ur ver\u00f0a \u00ed m\u00ednu lagneti og eg vil flytja hann til Bab\u00fdlon og \u00fear vil eg ganga \u00ed lagad\u00f3m vi\u00f0 hann af \u00fev\u00ed a\u00f0 hann hefur svo forbroti\u00f0 sig vi\u00f0 mig. Og allir hans fl\u00f3ttamenn sem fl\u00fdja me\u00f0 honum \u00feeir skulu falla fyrir sver\u00f0i og \u00feeir sem eftir bl\u00edfa \u00fe\u00e1 skulu \u00ed burt dreif\u00f0ir ver\u00f0a \u00ed allar \u00e1ttir vindanna og \u00feeir skulu formerkja a\u00f0 eg, Drottinn, hefi sagt \u00feetta.<\/p>\n<p>\tSvo segir Drottinn Drottinn: <span class=\"athugasemd\" title=\"Fyrirheit \u00fat af Christo\">[<\/span> Eg vil og taka toppinn af \u00fev\u00ed h\u00e1va sedrustr\u00e9nu og brj\u00f3ta einn fagran kvist af \u00feeirr h\u00e6\u00f0stu greininni \u00fear er \u00e1 og eg vil gr\u00f3\u00f0setja hann upp \u00e1 einu h\u00e1vu fjalli sem upp er hla\u00f0i\u00f0, sem er \u00e1 \u00cdsraels h\u00e1vu fjalli, a\u00f0 hann skal f\u00e1 greinir og bera \u00e1v\u00f6xt og bl\u00edfa eitt vegsamlegt sedrustr\u00e9 so a\u00f0 allra handa fuglar kunni a\u00f0 b\u00faa undir honum og allt \u00fea\u00f0 sem flogi\u00f0 getur kunni a\u00f0 bl\u00edfa undir skugganum hans greina. Og \u00f6ll landsins tr\u00e9 skulu fornema a\u00f0 eg, Drottinn, hafi ni\u00f0ur\u00ferykkt \u00fev\u00ed hinu h\u00e1va tr\u00e9nu og upphafi\u00f0 \u00fea\u00f0 hi\u00f0 ni\u00f0ur\u00ferykkta tr\u00e9\u00f0 og gj\u00f6rt \u00fea\u00f0 gr\u00e6na tr\u00e9\u00f0 \u00feurrt og \u00fea\u00f0 \u00feurra tr\u00e9\u00f0 gr\u00e6nt. Eg, Drottinn, tala \u00feetta og gj\u00f6ri \u00fea\u00f0 einnin.<\/p>\n","protected":false},"excerpt":{"rendered":"<p>XVII. Og or\u00f0 Drottins ske\u00f0i til m\u00edn og sag\u00f0i: [ \u00de\u00fa mannsins son, framsettu \u00cdsraels h\u00fasi eina r\u00e1\u00f0g\u00e1tu og eina eftirl\u00edking og seg \u00fe\u00fa: [ Svo segir Drottinn Drottinn: Ein st\u00f3r \u00f6rn me\u00f0 miklum v\u00e6ngjum, feitum og vel fi\u00f0ru\u00f0um, me\u00f0 a\u00f0skiljanlegum litarh\u00e6tti, kom upp af L\u00edbanon og t\u00f3k toppinn af sedrusvi\u00f0inum og braut af \u00feann h\u00e6\u00f0sta kvistinn og flutti hann \u00ed kramaralandi\u00f0 og setti hann \u00ed \u00fe\u00e1 kaupmannsborgina. Hann t\u00f3k og einnin s\u00e6\u00f0i\u00f0 af \u00fev\u00ed sama landi og s\u00e1\u00f0i \u00fev\u00ed \u00ed \u00fea\u00f0 sama g\u00f3\u00f0a landi\u00f0 \u00fear sem mikil v\u00f6tn eru og setti \u00fea\u00f0 lauslegana ni\u00f0ur. Og \u00fea\u00f0 v\u00f3x upp og <a href=\"https:\/\/biblian.is\/gudbrandsbiblia\/esekiel-17-kafli\/\"> [&#8230;]<\/a><\/p>\n","protected":false},"author":1,"featured_media":0,"parent":0,"menu_order":0,"comment_status":"open","ping_status":"open","template":"bibliukaflar.php","meta":{"footnotes":""},"class_list":["post-3514","page","type-page","status-publish","hentry"],"_links":{"self":[{"href":"https:\/\/biblian.is\/gudbrandsbiblia\/wp-json\/wp\/v2\/pages\/3514","targetHints":{"allow":["GET"]}}],"collection":[{"href":"https:\/\/biblian.is\/gudbrandsbiblia\/wp-json\/wp\/v2\/pages"}],"about":[{"href":"https:\/\/biblian.is\/gudbrandsbiblia\/wp-json\/wp\/v2\/types\/page"}],"author":[{"embeddable":true,"href":"https:\/\/biblian.is\/gudbrandsbiblia\/wp-json\/wp\/v2\/users\/1"}],"replies":[{"embeddable":true,"href":"https:\/\/biblian.is\/gudbrandsbiblia\/wp-json\/wp\/v2\/comments?post=3514"}],"version-history":[{"count":0,"href":"https:\/\/biblian.is\/gudbrandsbiblia\/wp-json\/wp\/v2\/pages\/3514\/revisions"}],"wp:attachment":[{"href":"https:\/\/biblian.is\/gudbrandsbiblia\/wp-json\/wp\/v2\/media?parent=3514"}],"curies":[{"name":"wp","href":"https:\/\/api.w.org\/{rel}","templated":true}]}}