{"id":3511,"date":"2017-12-18T18:33:51","date_gmt":"2017-12-18T18:33:51","guid":{"rendered":"http:\/\/biblian.is\/gudbrandsbiblia\/esekiel-14-kafli\/"},"modified":"2017-12-18T18:33:51","modified_gmt":"2017-12-18T18:33:51","slug":"esekiel-14-kafli","status":"publish","type":"page","link":"https:\/\/biblian.is\/gudbrandsbiblia\/esekiel-14-kafli\/","title":{"rendered":"Esek\u00edel 14. kafli"},"content":{"rendered":"<p>XIIII.<\/p>\n<p>Og \u00fear komu nokkrir af \u00f6ldungunum \u00cdsraels til m\u00edn og settust ni\u00f0ur hj\u00e1 m\u00e9r. \u00de\u00e1 ske\u00f0i or\u00f0 Drottins til m\u00edn og sag\u00f0i: Mannsins son, \u00feetta f\u00f3lk heldur s\u00e9r me\u00f0 \u00feeirra hj\u00f6rtum vi\u00f0 s\u00edna afgu\u00f0i og halda fast \u00e1 \u00feeirri hneykslan sinna illgj\u00f6r\u00f0a. <span class=\"athugasemd\" title=\"Esek. xx.\">[<\/span> Skyldi eg svara \u00feeim n\u00e6r e\u00f0 \u00feeir a\u00f0spyrja mig? \u00dear fyrir tala \u00fe\u00fa vi\u00f0 \u00fe\u00e1 og seg \u00fe\u00fa til \u00feeirra: Svo segir Drottinn Drottinn: Hva\u00f0a manni af \u00cdsraels h\u00fasi sem heldur s\u00e9r \u00ed s\u00ednu hjarta vi\u00f0 s\u00edna afgu\u00f0i og heldur fast \u00e1 \u00feeim skammfyllingum sinna illgj\u00f6r\u00f0a og kemur til prophetanna \u00fe\u00e1 vil eg, Drottinn, svara \u00feeim hinum sama svo sem hann hefur for\u00fe\u00e9na\u00f0 me\u00f0ur sinni mikilli afgu\u00f0ad\u00fdrkan upp \u00e1 \u00fea\u00f0 a\u00f0 \u00cdsraels h\u00fas skulu t\u00e6last \u00ed s\u00ednu hjarta af \u00fev\u00ed a\u00f0 \u00feeir \u00ed burt v\u00edkja allir fr\u00e1 m\u00e9r me\u00f0 afgu\u00f0ad\u00fdrkan.<\/p>\n<p>\t\u00dear fyrir skaltu segja til h\u00fassin \u00cdsrael: Svo segir Drottinn Drottinn: Umvendi\u00f0 og \u00ed burt sn\u00fai\u00f0 y\u00f0ur \u00ed fr\u00e1 y\u00f0vari afgu\u00f0ad\u00fdrkan og sn\u00fai\u00f0 y\u00f0ar andlitum \u00ed burt fr\u00e1 \u00f6llum y\u00f0ar sv\u00edvir\u00f0ingum. \u00dev\u00ed a\u00f0 hver ma\u00f0ur af \u00cdsraels h\u00fasi e\u00f0ur \u00fatlendingur s\u00e1 sem b\u00fdr \u00ed \u00cdsrael sem \u00ed burt v\u00edkur fr\u00e1 m\u00e9r og hn\u00edgur me\u00f0 s\u00ednu hjarta til sinna afgu\u00f0a og heldur samt vi\u00f0 \u00fe\u00e1 hneykslun sinanr afgu\u00f0ad\u00fdrkunar og kemur til prophetans \u00fea\u00f0 hann a\u00f0spyrji mig fyrir honum \u00feeim vil eg, Drottinn, sj\u00e1lfur svar gefa. Og eg vil setja mitt andlit \u00e1 m\u00f3ti \u00feeim hinum sama a\u00f0 \u00feeir skulu bl\u00edfa \u00ed ey\u00f0i lag\u00f0ir og haf\u00f0ir vera a\u00f0 fyrirbur\u00f0i og m\u00e1lsh\u00e6tti og eg vil upprykkja \u00feeim fr\u00e1 m\u00ednu f\u00f3lki so a\u00f0 \u00fe\u00e9r skulu\u00f0 fornema a\u00f0 eg er Drottinn.<\/p>\n<p>\tOg \u00fear sem einn falspropheti talar eitthva\u00f0 \u00fe\u00e1 vil eg, Drottinn, l\u00e1ta \u00feann sama \u00fear igen svikinn ver\u00f0a og eg vil \u00fatr\u00e9tta m\u00edna h\u00f6nd yfir hann og upprykkja honum fr\u00e1 m\u00ednu f\u00f3lki \u00cdsrael. Svo skulu \u00feeir hvorutveggja bera sinn misgj\u00f6rning og svo sem a\u00f0 hans misgj\u00f6rningur er sem a\u00f0spyr, eins l\u00edka svo skal og s\u00e1 misgj\u00f6rningurinn prophetans vera so a\u00f0 \u00feeir skulu ei lengur villa \u00cdsrales h\u00fas \u00ed burt fr\u00e1 m\u00e9r og ekki meir saurga \u00fe\u00e1 me\u00f0 allsh\u00e1ttu\u00f0um l\u00f6gbrotum heldur skulu \u00feeir vera mitt f\u00f3lk og eg vil vera \u00feeirra Gu\u00f0, segir Drottinn Drottinn.<\/p>\n<p>\tOg or\u00f0 Drottins ske\u00f0i til m\u00edn og sag\u00f0i: <span class=\"athugasemd\" title=\"Fj\u00f6gra handa pl\u00e1gur\">[<\/span> \u00de\u00fa mannsins son, n\u00e6r e\u00f0 eitt land syndgast \u00e1 m\u00f3ti m\u00e9r og \u00fear me\u00f0 forsm\u00e1r mig \u00fear ofan \u00e1 \u00fe\u00e1 vil eg \u00fatr\u00e9tta m\u00edna h\u00f6nd yfir \u00fea\u00f0 hi\u00f0 sama og \u00ed burt svipta brau\u00f0sn\u00e6gtunum og eg vil senda \u00feanga\u00f0 hungur og hall\u00e6ri svo a\u00f0 eg skal upprykkja \u00fear inni b\u00e6\u00f0i m\u00f6nnum og f\u00e9na\u00f0i. Og \u00fe\u00f3 a\u00f0 \u00feeir \u00fer\u00edr menn Noe, Dan\u00edel og Job v\u00e6ri \u00fear inni \u00fe\u00e1 mundu \u00feeir a\u00f0eins s\u00ednum eigin s\u00e1lum bjarga\u00f0 geta fyrir sj\u00e1lfs s\u00edns r\u00e9ttv\u00edsi, segir Drottinn Drottinn. <span class=\"athugasemd\" title=\"i. \/ Hall\u00e6ri\">[<\/span>  <\/p>\n<p>\tOg \u00fe\u00f3 a\u00f0 eg innleiddi mannsk\u00e6\u00f0 d\u00fdr \u00ed landi\u00f0 sem \u00ed burt dr\u00edfa f\u00f3lki\u00f0 og ey\u00f0a landi\u00f0 svo a\u00f0 enginn kynni a\u00f0 fer\u00f0ast \u00fear inni fyrir d\u00fdranna sakir og \u00feessir \u00fer\u00edr menn v\u00e6ri \u00fear og einnin inni, svo sannarlega sem eg lifi, segir Drottinn Drottinn, \u00fe\u00e1 mundu \u00feeir hvorki bjarga\u00f0 geta sonum e\u00f0ur d\u00e6trum heldur alleinasta sj\u00e1lfum s\u00e9r en landi\u00f0 skal \u00ed ey\u00f0i leggjast. <span class=\"athugasemd\" title=\"ii. \/ Mannsk\u00e6\u00f0 d\u00fdr\">[<\/span> <\/p>\n<p>\tElliegar ef eg l\u00e6t sver\u00f0 koma yfir landi\u00f0 og segi til sver\u00f0sins: <span class=\"athugasemd\" title=\"iii. \/ Sver\u00f0\">[<\/span> &#8222;Far \u00fe\u00fa \u00ed gegnum landi\u00f0&#8220; og eg upprykkti so b\u00e6\u00f0i m\u00f6nnum og f\u00e9na\u00f0i og \u00feeir \u00fer\u00edr menn v\u00e6ri \u00fear inni, svo sannarlega sem eg lifi, segir Drottinn Drottinn, \u00fe\u00e1 mundu \u00feeir hvorki f\u00e1 bjarga\u00f0 sonum e\u00f0ur d\u00e6trum heldur skyldi \u00feeim alleina bjarga\u00f0 ver\u00f0a.<\/p>\n<p>\tElliegar ef a\u00f0 eg innsendi dreps\u00f3tt \u00ed landi\u00f0 og l\u00e9ti so ausa minni grimmd yfir \u00fea\u00f0 og \u00fathella bl\u00f3\u00f0inu svo a\u00f0 upprykkti b\u00e6\u00f0i m\u00f6nnum og f\u00e9na\u00f0i og Noe, Dan\u00edel og Job v\u00e6ri \u00fear inni, svo sannarlega sem eg lifi, segir Drottinn Drottinn, \u00fe\u00e1 mundu \u00feeir hvorki geta bjarga\u00f0 sonum e\u00f0ur d\u00e6trum heldur alleinasta s\u00ednum eigin s\u00e1lum fyrir sj\u00e1lfs \u00feeirra r\u00e9ttv\u00edsi. <span class=\"athugasemd\" title=\"iiii. \/ Dreps\u00f3tt\">[<\/span> <\/p>\n<p>\t\u00dev\u00ed svo segir Drottinn Drottinn: Ef a\u00f0 eg innsendi m\u00ednar fj\u00f3rar refsingarpl\u00e1gur yfir Jer\u00fasalem, sem er sver\u00f0, hungur, \u00f3lm d\u00fdr, dreps\u00f3tt, a\u00f0 eg upprykki so \u00fear inni b\u00e6\u00f0i m\u00f6nnum og f\u00e9na\u00f0i, sj\u00e1 \u00fe\u00fa, \u00fe\u00e1 skulu \u00fe\u00f3 nokkrir \u00fear inni eftir ver\u00f0a af \u00feeim sem \u00fea\u00f0an skulu \u00fatlei\u00f0a syni og d\u00e6tur og koma hinga\u00f0 til y\u00f0ar svo a\u00f0 \u00fe\u00e9r skulu\u00f0 sj\u00e1 hvernin a\u00f0 \u00feeim vegnar og hughreysta y\u00f0ur yfir \u00feeirra g\u00e6fuleysi sem eg l\u00e6t koma yfir Jer\u00fasalem me\u00f0 \u00f6llu \u00fev\u00ed \u00f6\u00f0ru sem eg l\u00e9t koma yfir hana. \u00deeir skulu vera y\u00f0ar <span class=\"athugasemd\" title=\"a \/ Huggun) \/ \u00dea\u00f0 ver\u00f0ur \u00feeim herteknu \u00ed Bab\u00fdlon huggun a\u00f0 \u00feeir \u00ed Jer\u00fasalem hlj\u00f3ta herteknir til \u00feeirra a\u00f0 koma af hverjum \u00feeir \u00e1\u00f0ur voru spotta\u00f0ir sem a\u00f0rir \u00e6rulausir og dygg\u00f0lausir drengir\">[<\/span> huggun n\u00e6r e\u00f0 \u00fe\u00e9r f\u00e1i\u00f0 a\u00f0 sj\u00e1 hvernin a\u00f0 \u00feeim vegnar og \u00fe\u00e9r skulu\u00f0 fornema a\u00f0 eg gj\u00f6r\u00f0a \u00fea\u00f0 ekki fyrir sakleysi hva\u00f0 eg hefi \u00fear inni gj\u00f6rt, segir Drottinn Drottinn.<\/p>\n","protected":false},"excerpt":{"rendered":"<p>XIIII. Og \u00fear komu nokkrir af \u00f6ldungunum \u00cdsraels til m\u00edn og settust ni\u00f0ur hj\u00e1 m\u00e9r. \u00de\u00e1 ske\u00f0i or\u00f0 Drottins til m\u00edn og sag\u00f0i: Mannsins son, \u00feetta f\u00f3lk heldur s\u00e9r me\u00f0 \u00feeirra hj\u00f6rtum vi\u00f0 s\u00edna afgu\u00f0i og halda fast \u00e1 \u00feeirri hneykslan sinna illgj\u00f6r\u00f0a. [ Skyldi eg svara \u00feeim n\u00e6r e\u00f0 \u00feeir a\u00f0spyrja mig? \u00dear fyrir tala \u00fe\u00fa vi\u00f0 \u00fe\u00e1 og seg \u00fe\u00fa til \u00feeirra: Svo segir Drottinn Drottinn: Hva\u00f0a manni af \u00cdsraels h\u00fasi sem heldur s\u00e9r \u00ed s\u00ednu hjarta vi\u00f0 s\u00edna afgu\u00f0i og heldur fast \u00e1 \u00feeim skammfyllingum sinna illgj\u00f6r\u00f0a og kemur til prophetanna \u00fe\u00e1 vil eg, Drottinn, svara \u00feeim <a href=\"https:\/\/biblian.is\/gudbrandsbiblia\/esekiel-14-kafli\/\"> [&#8230;]<\/a><\/p>\n","protected":false},"author":1,"featured_media":0,"parent":0,"menu_order":0,"comment_status":"open","ping_status":"open","template":"bibliukaflar.php","meta":{"footnotes":""},"class_list":["post-3511","page","type-page","status-publish","hentry"],"_links":{"self":[{"href":"https:\/\/biblian.is\/gudbrandsbiblia\/wp-json\/wp\/v2\/pages\/3511","targetHints":{"allow":["GET"]}}],"collection":[{"href":"https:\/\/biblian.is\/gudbrandsbiblia\/wp-json\/wp\/v2\/pages"}],"about":[{"href":"https:\/\/biblian.is\/gudbrandsbiblia\/wp-json\/wp\/v2\/types\/page"}],"author":[{"embeddable":true,"href":"https:\/\/biblian.is\/gudbrandsbiblia\/wp-json\/wp\/v2\/users\/1"}],"replies":[{"embeddable":true,"href":"https:\/\/biblian.is\/gudbrandsbiblia\/wp-json\/wp\/v2\/comments?post=3511"}],"version-history":[{"count":0,"href":"https:\/\/biblian.is\/gudbrandsbiblia\/wp-json\/wp\/v2\/pages\/3511\/revisions"}],"wp:attachment":[{"href":"https:\/\/biblian.is\/gudbrandsbiblia\/wp-json\/wp\/v2\/media?parent=3511"}],"curies":[{"name":"wp","href":"https:\/\/api.w.org\/{rel}","templated":true}]}}