{"id":3496,"date":"2017-12-18T18:33:51","date_gmt":"2017-12-18T18:33:51","guid":{"rendered":"http:\/\/biblian.is\/gudbrandsbiblia\/harmljodin-4-kafli\/"},"modified":"2017-12-18T18:33:51","modified_gmt":"2017-12-18T18:33:51","slug":"harmljodin-4-kafli","status":"publish","type":"page","link":"https:\/\/biblian.is\/gudbrandsbiblia\/harmljodin-4-kafli\/","title":{"rendered":"Harmlj\u00f3\u00f0in 4. kafli"},"content":{"rendered":"<p>IIII.<\/p>\n<p>Hvernin er \u00fea\u00f0 gulli\u00f0 so me\u00f0 \u00f6llu blakkt og \u00fea\u00f0 sk\u00e6ra gulli\u00f0 so lj\u00f3tt or\u00f0i\u00f0 og steinarnir helgid\u00f3msins liggja so \u00ed sundurdreif\u00f0ir fram \u00e1 \u00f6llum str\u00e6tunum!<\/p>\n<p>\t\u00deau e\u00f0la b\u00f6rnin S\u00edon, sk\u00edra gullinu samj\u00f6fn, hvernin eru \u00feau n\u00fa l\u00edk \u00feeim leirpottunum sem leirkerasmi\u00f0urinn gj\u00f6rir! <span class=\"athugasemd\" title=\"Hall\u00e6ri\">[<\/span> <\/p>\n<p>\tDrekarnir \u00feeir r\u00e9tta brj\u00f3stin a\u00f0 s\u00ednum ungum og gefa \u00feeim a\u00f0 sj\u00faga en d\u00f3tturin m\u00edns f\u00f3lks skal vera so miskunnarlaus svo sem einn str\u00ed\u00f0sfugl \u00e1 ey\u00f0im\u00f6rku.<\/p>\n<p>\tTungan brj\u00f3stbarnanna tollir vi\u00f0 g\u00f3minn \u00e1 \u00feeim af \u00feorsta, \u00feau ungu b\u00f6rnin bei\u00f0ast brau\u00f0s og \u00fear er enginn s\u00e1 sem \u00feeim brj\u00f3ti \u00fea\u00f0.<\/p>\n<p>\t\u00deeir sem \u00e1\u00f0ur fyrri \u00e1tu hi\u00f0 lystilegasta \u00feeir hungra n\u00fa \u00e1 str\u00e6tunum. \u00deeir sem \u00e1\u00f0ur voru kl\u00e6ddir \u00ed silki \u00feeir hlj\u00f3ta a\u00f0 liggja n\u00fa \u00ed \u00f3hreinindum.<\/p>\n<p>\tS\u00e1 misgj\u00f6rningurinn d\u00f3tturinnar m\u00edns f\u00f3lks er st\u00e6rri en syndir S\u00f3d\u00f3ma, \u00feeirri sem um var turna\u00f0 og \u00fear kom engin h\u00f6nd til.<\/p>\n<p>\tHennar Nazarei voru hreinari en snj\u00f3r og sk\u00e6rri en mj\u00f3lk. \u00deeirra yfirlitur var rau\u00f0ara en kuriel, \u00feeirra \u00e1sj\u00f3na var l\u00edka sem saphirus.<\/p>\n<p>\tEn n\u00fa er \u00feeirra yfirlitur d\u00f6kkur af sorta so a\u00f0 menn \u00feekkja \u00fe\u00e1 ekki \u00e1 str\u00e6tunum, \u00feeirra skinn \u00fea\u00f0 lo\u00f0ir vi\u00f0 beinin og \u00feeir eru so \u00feurrir sem tr\u00e9.<\/p>\n<p>\t\u00deeim vegna\u00f0i \u00fea\u00f0 betur sem drepnir voru me\u00f0 sver\u00f0inu heldur en \u00feeim sem d\u00f3u \u00fat af hungrinu, \u00feeir sem sultu og \u00ed hel stungnir ur\u00f0u vegna \u00feess \u00e1vaxtarleysis akurlandanna.<\/p>\n<p>\tHinar hjarts\u00e1rustu kvinnur hlutu sj\u00e1lfar a\u00f0 sj\u00f3\u00f0a s\u00edn b\u00f6rn svo a\u00f0 \u00fe\u00e6r hef\u00f0u nokku\u00f0 a\u00f0 eta \u00ed \u00feeirri eymdinni d\u00f3tturinnar m\u00edns f\u00f3lks.<\/p>\n<p>\tDrottinn hefur fullkomna\u00f0 s\u00edna rei\u00f0i, hann hefur \u00fathellt sinni grimmdarbr\u00e6\u00f0i, hann uppkveikti einn eld \u00ed S\u00edon hver e\u00f0 foreyddi hennar grundvallan.<\/p>\n<p>\tKonungarnir \u00e1 jar\u00f0r\u00edki hef\u00f0u \u00fev\u00ed ekki tr\u00faa\u00f0, eigi heldur allt f\u00f3lki\u00f0 \u00ed ver\u00f6ldunni \u00fea\u00f0 s\u00e1 m\u00f3tstandarinn og \u00f3vinurinn skyldi inndraga um Jer\u00fasalem borgarhli\u00f0.<\/p>\n<p>\tEn \u00fea\u00f0 er ske\u00f0 fyrir synda sakir hennar propheta og fyrir misgj\u00f6r\u00f0a sakir hennar kennimanna sem \u00fathelltu r\u00e9ttl\u00e1tra manna bl\u00f6\u00f0i \u00fear inni.<\/p>\n<p>\t\u00deeir r\u00e1fu\u00f0u hinga\u00f0 og \u00feanga\u00f0 \u00e1 str\u00e6tunum, l\u00edka sem sj\u00f3nlausir menn, og voru saurga\u00f0ir me\u00f0 bl\u00f3\u00f0i svo a\u00f0 \u00feeir m\u00e1ttu ekki snerta \u00feau kl\u00e6\u00f0i hinna annarra.<\/p>\n<p>\tEn \u00feeir k\u00f6llu\u00f0u til \u00feeirra: &#8222;V\u00edki\u00f0 fr\u00e1, \u00fe\u00e9r hinir saurugu! V\u00edki\u00f0 fr\u00e1, v\u00edki\u00f0 fr\u00e1! \u00c1hr\u00e6ri\u00f0 ekki neitt!&#8220; \u00dev\u00ed a\u00f0 \u00feeir for\u00f0u\u00f0ust \u00fe\u00e1 og fl\u00fd\u00f0u fyrir \u00feeim so a\u00f0 sagt var einnin \u00e1 me\u00f0al hei\u00f0ingjanna: &#8222;\u00deeir ver\u00f0a \u00fear ekki lengi.&#8220;<\/p>\n<p>\t\u00dear fyrir hefur rei\u00f0i Drottins \u00ed sundurdreift \u00feeim og vill ekki meir sj\u00e1 til \u00feeirra af \u00fev\u00ed a\u00f0 \u00feeir ekki \u00ed hei\u00f0ri h\u00f6f\u00f0u prestana og gj\u00f6r\u00f0u \u00f6ngva miskunnsemi vi\u00f0 \u00f6ldungana.<\/p>\n<p>\t\u00de\u00f3 g\u00f3ndu samt vor augu eftir \u00feeirra h\u00e9g\u00f3mahj\u00e1lpinni \u00feanga\u00f0 til a\u00f0 \u00feau voru \u00fer\u00f3ttlaus einnin, \u00feann t\u00ed\u00f0 v\u00e9r vonu\u00f0um \u00e1 \u00fea\u00f0 f\u00f3lki\u00f0 sem oss kunni \u00f6ngva hj\u00e1lp a\u00f0 veita.<\/p>\n<p>\t\u00deeir eltu oss so a\u00f0 v\u00e9r \u00feor\u00f0um ekki a\u00f0 ganga \u00e1 vorum vegum. \u00de\u00e1 komu einnin vor \u00e6vilok, vorir dagar eru \u00fati, vor ending er komin.<\/p>\n<p>\tVorir ofs\u00f3knarar voru flj\u00f6tari en ernur \u00ed loftinu, \u00feeir ofs\u00f3ttu oss \u00e1 fj\u00f6llunum og s\u00e1tu um oss \u00ed ey\u00f0im\u00f6rkinni.<\/p>\n<p>\tS\u00e1 hinn smur\u00f0i Drottins sem var vort traust var\u00f0 \u00fear hertekinn \u00fe\u00e1 \u00feeir foreyddu oss \u00e1 hverjum v\u00e9r h\u00f6f\u00f0um vort traust a\u00f0 v\u00e9r vildum lifa undir hans skugga \u00e1 me\u00f0al hei\u00f0inna \u00fej\u00f3\u00f0a.<\/p>\n<p>\tJ\u00e1 gle\u00f0 \u00feig og vert gla\u00f0v\u00e6r, \u00fe\u00fa d\u00f3tturin Ed\u00f3m, \u00fe\u00fa sem b\u00fdr \u00ed landinu \u00das, \u00fev\u00ed a\u00f0 \u00feinn kaleikur skal einnin koma yfir \u00feig, \u00fe\u00fa hl\u00fdtur einnin a\u00f0 ver\u00f0a drukkin og nakin.<\/p>\n<p>\tEn \u00fe\u00fa, d\u00f3tturin S\u00edon, \u00feinn misgj\u00f6rningur hefur einn enda, hann mun eigi oftar l\u00e1ta \u00feig \u00ed burt flytja. En \u00feins misgj\u00f6rnins, \u00fe\u00fa d\u00f3tturin Ed\u00f3m, mun hann vitja og opinbera so \u00fe\u00edna synd.<\/p>\n","protected":false},"excerpt":{"rendered":"<p>IIII. Hvernin er \u00fea\u00f0 gulli\u00f0 so me\u00f0 \u00f6llu blakkt og \u00fea\u00f0 sk\u00e6ra gulli\u00f0 so lj\u00f3tt or\u00f0i\u00f0 og steinarnir helgid\u00f3msins liggja so \u00ed sundurdreif\u00f0ir fram \u00e1 \u00f6llum str\u00e6tunum! \u00deau e\u00f0la b\u00f6rnin S\u00edon, sk\u00edra gullinu samj\u00f6fn, hvernin eru \u00feau n\u00fa l\u00edk \u00feeim leirpottunum sem leirkerasmi\u00f0urinn gj\u00f6rir! [ Drekarnir \u00feeir r\u00e9tta brj\u00f3stin a\u00f0 s\u00ednum ungum og gefa \u00feeim a\u00f0 sj\u00faga en d\u00f3tturin m\u00edns f\u00f3lks skal vera so miskunnarlaus svo sem einn str\u00ed\u00f0sfugl \u00e1 ey\u00f0im\u00f6rku. Tungan brj\u00f3stbarnanna tollir vi\u00f0 g\u00f3minn \u00e1 \u00feeim af \u00feorsta, \u00feau ungu b\u00f6rnin bei\u00f0ast brau\u00f0s og \u00fear er enginn s\u00e1 sem \u00feeim brj\u00f3ti \u00fea\u00f0. \u00deeir sem \u00e1\u00f0ur fyrri \u00e1tu hi\u00f0 <a href=\"https:\/\/biblian.is\/gudbrandsbiblia\/harmljodin-4-kafli\/\"> [&#8230;]<\/a><\/p>\n","protected":false},"author":1,"featured_media":0,"parent":0,"menu_order":0,"comment_status":"open","ping_status":"open","template":"bibliukaflar.php","meta":{"footnotes":""},"class_list":["post-3496","page","type-page","status-publish","hentry"],"_links":{"self":[{"href":"https:\/\/biblian.is\/gudbrandsbiblia\/wp-json\/wp\/v2\/pages\/3496","targetHints":{"allow":["GET"]}}],"collection":[{"href":"https:\/\/biblian.is\/gudbrandsbiblia\/wp-json\/wp\/v2\/pages"}],"about":[{"href":"https:\/\/biblian.is\/gudbrandsbiblia\/wp-json\/wp\/v2\/types\/page"}],"author":[{"embeddable":true,"href":"https:\/\/biblian.is\/gudbrandsbiblia\/wp-json\/wp\/v2\/users\/1"}],"replies":[{"embeddable":true,"href":"https:\/\/biblian.is\/gudbrandsbiblia\/wp-json\/wp\/v2\/comments?post=3496"}],"version-history":[{"count":0,"href":"https:\/\/biblian.is\/gudbrandsbiblia\/wp-json\/wp\/v2\/pages\/3496\/revisions"}],"wp:attachment":[{"href":"https:\/\/biblian.is\/gudbrandsbiblia\/wp-json\/wp\/v2\/media?parent=3496"}],"curies":[{"name":"wp","href":"https:\/\/api.w.org\/{rel}","templated":true}]}}