{"id":3481,"date":"2017-12-18T18:33:47","date_gmt":"2017-12-18T18:33:47","guid":{"rendered":"http:\/\/biblian.is\/gudbrandsbiblia\/jeremia-41-kafli\/"},"modified":"2017-12-18T18:33:47","modified_gmt":"2017-12-18T18:33:47","slug":"jeremia-41-kafli","status":"publish","type":"page","link":"https:\/\/biblian.is\/gudbrandsbiblia\/jeremia-41-kafli\/","title":{"rendered":"Jerem\u00eda 41. kafli"},"content":{"rendered":"<p>XLI.<\/p>\n<p>En \u00e1 \u00feeim sj\u00f6unda m\u00e1na\u00f0i kom \u00cdsmael Natanjason El\u00edsamasonar \u00fat af konunglegu slekti me\u00f0 tignarm\u00f6nnum konungsins og t\u00edu menn me\u00f0ur honum til Gedalja Ah\u00edkamsonar Safansonar til Mispa og \u00feeir neyttu \u00fear matar \u00ed Mispa hvorir me\u00f0 \u00f6\u00f0rum. Og \u00cdsmael Netanjason bj\u00f3 sig til me\u00f0 \u00fe\u00e1 t\u00edu menn sem honum fylgdu og sl\u00f3gu Gedaliam Ah\u00edkamson Safansonar me\u00f0 sver\u00f0i til dau\u00f0s fyrir \u00fea\u00f0 a\u00f0 konungurinn af Bab\u00fdlon haf\u00f0i sett hann yfir allt landi\u00f0. <span class=\"athugasemd\" title=\"Gedalja \u00ed hel sleginn\">[<\/span> \u00dear til me\u00f0 sl\u00f3 \u00cdsmael alla \u00fe\u00e1 Gy\u00f0inga sem voru hj\u00e1 Gedalja \u00ed Mispa og so \u00fe\u00e1 Chaldeis sem \u00feeir fundu \u00fear og alla str\u00ed\u00f0smenn.<\/p>\n<p>\tAnnars dags eftir \u00fe\u00e1 Gedalja var sleginn og \u00fea\u00f0 vissi enn enginn komu \u00e1ttat\u00edi menn af S\u00edkem af S\u00edl\u00f3 og af Samaria og h\u00f6f\u00f0u s\u00edn skegg af raka\u00f0 og \u00ed sundurrifi\u00f0 s\u00edn kl\u00e6\u00f0i og kl\u00f3ra\u00f0 sig og b\u00e1ru me\u00f0 s\u00e9r mataroffur og reykelsi til a\u00f0 offra \u00fev\u00ed \u00ed h\u00fasi Drottins. Og \u00cdsmael Netanjason gekk \u00fat \u00e1 m\u00f3ti \u00feeim af Mispa, gekk so reikandi og gr\u00e1tandi. \u00de\u00e1 e\u00f0 hann kom n\u00fa a\u00f0 \u00feeim sag\u00f0i hann til \u00feeirra: &#8222;\u00de\u00e9r skulu\u00f0 koma til Gedalja Ah\u00edkamsonar.&#8220; En sem \u00feeir komu mitt \u00ed sta\u00f0inn sl\u00f3 \u00cdsmael Netanjason \u00fe\u00e1 \u00ed hel og \u00feeir menn sem hj\u00e1 honum voru vi\u00f0 brunninn. En \u00fear voru t\u00edu menn \u00e1 me\u00f0al \u00feeirra sem s\u00f6g\u00f0u til \u00cdsmael: &#8222;K\u00e6ri, sl\u00e1 \u00fe\u00fa oss ekki \u00ed hel, v\u00e9r h\u00f6fum f\u00f3lgi\u00f0 f\u00e9 liggjanda \u00ed akrinum af hveiti, byggi, vi\u00f0smj\u00f6ri og hunangi.&#8220; \u00de\u00e1 h\u00e6tti hann af \u00fev\u00ed og afl\u00edfa\u00f0i \u00fe\u00e1 ekki me\u00f0 hinum \u00f6\u00f0rum.<\/p>\n<p>\tEn s\u00e1 brunnurinn \u00ed hvern \u00fea\u00f0 \u00cdsmael kasta\u00f0i \u00feeim dau\u00f0u l\u00edk\u00f6munum sem hann haf\u00f0i \u00ed hel slegi\u00f0 me\u00f0 Gedalja \u00fea er s\u00e1 hinn sami sem konungurinn Assa l\u00e9t gj\u00f6ra \u00ed m\u00f3t Baesa \u00cdsraelskonungi. <span class=\"athugasemd\" title=\"Assa \/ iii. Reg. xv.\">[<\/span> \u00deann uppfylldi n\u00fa \u00cdsmael Netanjason me\u00f0 \u00fe\u00e1 \u00ed hel slegnu. Og \u00fea\u00f0 f\u00f3lki\u00f0 sem umfram var \u00ed Mispa, einnin konungsins d\u00f3ttir, \u00fea\u00f0 flutti \u00cdsmael Netanjason herteki\u00f0 \u00ed burt me\u00f0 \u00f6llu \u00fev\u00ed f\u00f3lki sem eftir var \u00ed Mispa yfir hvert Neb\u00fasaradan h\u00f6fu\u00f0sma\u00f0urinn haf\u00f0i sett Gedaliam Ah\u00edkamson og s\u00ed\u00f0an dr\u00f3 hann \u00ed burt og vildi yfir um aftur til Amm\u00f3nsona.<\/p>\n<p>\tEn \u00fe\u00e1 e\u00f0 J\u00f3hanan Kareason og allir hersh\u00f6f\u00f0ingjarnir sem hj\u00e1 honum voru spur\u00f0u \u00f6ll \u00feau illskuverk sem \u00cdsmael Netanjason haf\u00f0i gj\u00f6rt s\u00f6fnu\u00f0u \u00feeir a\u00f0 s\u00e9r m\u00f6nnum og dr\u00f3gu \u00fat \u00ed m\u00f3ti \u00cdsmael Netanjasyni til bardaga og n\u00e1\u00f0u honum vi\u00f0 \u00fea\u00f0 mikla vatni\u00f0 hj\u00e1 G\u00edbeon. <span class=\"athugasemd\" title=\"J\u00f3hanan\">[<\/span> En \u00fe\u00e1 f\u00f3lki\u00f0 \u00fea\u00f0 sem var hj\u00e1 \u00cdsmael s\u00e1 n\u00fa J\u00f3hanan Kareason og alla hersh\u00f6f\u00f0ingjana sem hj\u00e1 honum voru ur\u00f0u \u00feeir gla\u00f0ir vi\u00f0. Og allt \u00fea\u00f0 f\u00f3lki\u00f0 sem \u00cdsmael haf\u00f0i \u00ed burt flutt fr\u00e1 Mispa sneri s\u00e9r vi\u00f0 og hvarf aftur til J\u00f3hanan Kareasonar. En \u00cdsmael Netanjason fl\u00fd\u00f0i undan J\u00f3hanan vi\u00f0 \u00e1ttanda mann og dr\u00f3 til Amm\u00f3nsona.<\/p>\n<p>\tOg J\u00f3hanan Kareason me\u00f0 \u00f6llum hersh\u00f6f\u00f0ingjunum sem hj\u00e1 honum voru t\u00f3ku allt \u00fea\u00f0 f\u00f3lki\u00f0 sem eftir var vor\u00f0i\u00f0 af Mispa til s\u00edn hverja e\u00f0 \u00feeir h\u00f6f\u00f0u n\u00e1\u00f0 af \u00cdsmael Netanjasyni, af \u00fev\u00ed \u00fea\u00f0 Gedalja Ah\u00edkamson var \u00ed hel sleginn, sem voru str\u00ed\u00f0smenn, konur og b\u00f6rn og hir\u00f0sveinar af G\u00edbeon sem \u00feeir h\u00f6f\u00f0u aftur flutt og f\u00f3ru af sta\u00f0 og sneru inn til Kimham til herbergis sem bj\u00f3 hj\u00e1 Betlehem og vildu draga til Egyptalands fyrir sakir \u00feeirra Chaldeis. <span class=\"athugasemd\" title=\"Kimham \/ Jere. xxiiii.\">[<\/span> \u00dev\u00ed a\u00f0 \u00feeir voru hr\u00e6ddir vi\u00f0 \u00fe\u00e1 af \u00fev\u00ed \u00fea\u00f0 \u00cdsmael Netanjason haf\u00f0i \u00ed hel slegi\u00f0 Gedaliam Ah\u00edkamson hvern a\u00f0 konungurinn af Bab\u00fdlon haf\u00f0i sett yfir landi\u00f0.<\/p>\n","protected":false},"excerpt":{"rendered":"<p>XLI. En \u00e1 \u00feeim sj\u00f6unda m\u00e1na\u00f0i kom \u00cdsmael Natanjason El\u00edsamasonar \u00fat af konunglegu slekti me\u00f0 tignarm\u00f6nnum konungsins og t\u00edu menn me\u00f0ur honum til Gedalja Ah\u00edkamsonar Safansonar til Mispa og \u00feeir neyttu \u00fear matar \u00ed Mispa hvorir me\u00f0 \u00f6\u00f0rum. Og \u00cdsmael Netanjason bj\u00f3 sig til me\u00f0 \u00fe\u00e1 t\u00edu menn sem honum fylgdu og sl\u00f3gu Gedaliam Ah\u00edkamson Safansonar me\u00f0 sver\u00f0i til dau\u00f0s fyrir \u00fea\u00f0 a\u00f0 konungurinn af Bab\u00fdlon haf\u00f0i sett hann yfir allt landi\u00f0. [ \u00dear til me\u00f0 sl\u00f3 \u00cdsmael alla \u00fe\u00e1 Gy\u00f0inga sem voru hj\u00e1 Gedalja \u00ed Mispa og so \u00fe\u00e1 Chaldeis sem \u00feeir fundu \u00fear og alla str\u00ed\u00f0smenn. Annars dags <a href=\"https:\/\/biblian.is\/gudbrandsbiblia\/jeremia-41-kafli\/\"> [&#8230;]<\/a><\/p>\n","protected":false},"author":1,"featured_media":0,"parent":0,"menu_order":0,"comment_status":"open","ping_status":"open","template":"bibliukaflar.php","meta":{"footnotes":""},"class_list":["post-3481","page","type-page","status-publish","hentry"],"_links":{"self":[{"href":"https:\/\/biblian.is\/gudbrandsbiblia\/wp-json\/wp\/v2\/pages\/3481","targetHints":{"allow":["GET"]}}],"collection":[{"href":"https:\/\/biblian.is\/gudbrandsbiblia\/wp-json\/wp\/v2\/pages"}],"about":[{"href":"https:\/\/biblian.is\/gudbrandsbiblia\/wp-json\/wp\/v2\/types\/page"}],"author":[{"embeddable":true,"href":"https:\/\/biblian.is\/gudbrandsbiblia\/wp-json\/wp\/v2\/users\/1"}],"replies":[{"embeddable":true,"href":"https:\/\/biblian.is\/gudbrandsbiblia\/wp-json\/wp\/v2\/comments?post=3481"}],"version-history":[{"count":0,"href":"https:\/\/biblian.is\/gudbrandsbiblia\/wp-json\/wp\/v2\/pages\/3481\/revisions"}],"wp:attachment":[{"href":"https:\/\/biblian.is\/gudbrandsbiblia\/wp-json\/wp\/v2\/media?parent=3481"}],"curies":[{"name":"wp","href":"https:\/\/api.w.org\/{rel}","templated":true}]}}