{"id":3467,"date":"2017-12-18T18:33:44","date_gmt":"2017-12-18T18:33:44","guid":{"rendered":"http:\/\/biblian.is\/gudbrandsbiblia\/jeremia-27-kafli\/"},"modified":"2017-12-18T18:33:44","modified_gmt":"2017-12-18T18:33:44","slug":"jeremia-27-kafli","status":"publish","type":"page","link":"https:\/\/biblian.is\/gudbrandsbiblia\/jeremia-27-kafli\/","title":{"rendered":"Jerem\u00eda 27. kafli"},"content":{"rendered":"<p>XXVII.<\/p>\n<p>\u00cd upphafi r\u00edkisstj\u00f3rnar J\u00f3ak\u00edm sonar J\u00f3s\u00eda konungsins J\u00fada ske\u00f0i \u00feetta or\u00f0 af Drottni til Jeremia og sag\u00f0i: So segir Drottinn til m\u00edn: Gj\u00f6r \u00fe\u00e9r eitt ok og heng \u00fea\u00f0 \u00e1 \u00feinn h\u00e1ls og send \u00fea\u00f0 til k\u00f3ngsins \u00ed Ed\u00f3m, til k\u00f3ngsins \u00ed M\u00f3ab, til k\u00f3ngsins \u00feeirra Amm\u00f3nssona, til k\u00f3ngsins \u00ed Tyro og til k\u00f3ngsins \u00ed S\u00eddon, me\u00f0 \u00feeim sendibo\u00f0unum sem komnir eru til Jer\u00fasalem til Zedechia konungsins J\u00fada. <span class=\"athugasemd\" title=\"Ok\">[<\/span> Og bj\u00f3\u00f0 \u00feeim a\u00f0 \u00feeir segi til sinna yfirherra: So segir Drottinn Seba\u00f3t, Gu\u00f0 \u00cdsraels: So skulu \u00fe\u00e9r segja y\u00f0ar herrum: Eg hefi gj\u00f6rt jar\u00f0r\u00edki\u00f0 og so manninn og so \u00feann f\u00e9na\u00f0inn sem \u00e1 j\u00f6r\u00f0unni er fyrir minn hinn mikla kraft og \u00fatr\u00e9ttan armlegg og eg gef \u00fea\u00f0 hverjum eg vil.<\/p>\n<p>\tEn n\u00fa hefi eg gefi\u00f0 \u00f6ll \u00feessi l\u00f6nd \u00ed h\u00f6nd m\u00edns \u00fe\u00e9nara Nab\u00fagodonosor k\u00f3ngsins af Bab\u00fdlon. <span class=\"athugasemd\" title=\"Jere. xxxii. \/ Dan. iiii. \/ Supra. xxv. \/ Jere. xiii.\">[<\/span> Eg hefi og gefi\u00f0 honum \u00feau villid\u00fdrin sem eru \u00e1 sk\u00f3gunum so a\u00f0 \u00feau skulu \u00fej\u00f3na honum. Og allt f\u00f3lki\u00f0 skal \u00fej\u00f3na honum og hans syni og hans sonarsyni, \u00feanga\u00f0 til a\u00f0 kemur s\u00e1 t\u00edminn hans lands, \u00fea\u00f0 margar \u00fej\u00f3\u00f0ir og megtugir konungar skulu honum \u00fej\u00f3na. En hver s\u00fa \u00fej\u00f3\u00f0 og konungsr\u00edki sem ekki vill \u00fej\u00f3na Nab\u00fagodonosor k\u00f3nginum af Bab\u00fdlon og hver e\u00f0 ekki vill gefa sinn h\u00e1ls undir hans ok, \u00fea\u00f0 f\u00f3lk vil eg heims\u00e6kja me\u00f0 sver\u00f0i, hungri og dreps\u00f3tt, segir Drottinn, \u00feanga\u00f0 til a\u00f0 eg fyrirfer \u00feeim fyrir hans h\u00f6nd.<\/p>\n<p>\t\u00dear fyrir heyri\u00f0 ekki y\u00f0ar prophetum, sp\u00e1m\u00f6nnum, draumvitringum, dagveljurum, t\u00f6fram\u00f6nnum, sem segja y\u00f0ur a\u00f0 \u00fe\u00e9r skulu\u00f0 ei \u00fej\u00f3na k\u00f3nginum af Bab\u00fdlon, \u00fev\u00ed a\u00f0 \u00feeir sp\u00e1 y\u00f0ur lygar so a\u00f0 \u00feeir flytji y\u00f0ur langt \u00ed burt \u00far y\u00f0ru landi so \u00fea\u00f0 eg \u00fatreki y\u00f0ur og \u00fe\u00e9r forglatist. <span class=\"athugasemd\" title=\"Jere. xiiii. xxix.\">[<\/span> \u00dev\u00ed a\u00f0 hver s\u00fa \u00fej\u00f3\u00f0 sem gefur sinn h\u00e1ls undir ok konungsins af Bab\u00fdlon og \u00fej\u00f3nar honum, \u00fe\u00e1 \u00fej\u00f3\u00f0 vil eg l\u00e1ta \u00ed s\u00ednu landi vera so a\u00f0 h\u00fan byggi og b\u00fai \u00fear inni, segir Drottinn. <\/p>\n<p>\tOg eg tala\u00f0i allt \u00feetta til Zedechia k\u00f3ngsins J\u00fada og sag\u00f0i: <span class=\"athugasemd\" title=\"Zedechia \/ iiii. Reg. xv.\">[<\/span> Gefi\u00f0 y\u00f0ar h\u00e1lsa undir oki\u00f0 k\u00f3ngsins af Bab\u00fdlon og \u00fej\u00f3ni\u00f0 honum og hans f\u00f3lki, \u00fe\u00e1 skulu \u00fe\u00e9r l\u00edfinu halda. Hvar fyrir vilji \u00fe\u00e9r deyja, \u00fe\u00fa og \u00feitt f\u00f3lk fyrir sver\u00f0i, hungri og dreps\u00f3tt so sem \u00fea\u00f0 Drottinn hefur tala\u00f0 yfir \u00fev\u00ed f\u00f3lki sem ekki vill \u00fej\u00f3na konunginum af Bab\u00fdlon? \u00dear fyrir skulu \u00fe\u00e9r ekki hl\u00fd\u00f0a \u00feeirra prophetanna or\u00f0um sem segja til y\u00f0ar: &#8222;\u00de\u00e9r munu\u00f0 ekki \u00fej\u00f3na konunginum af Bab\u00fdlon&#8220; \u00fea\u00f0 \u00feeir sp\u00e1 y\u00f0ur lygar. Og eg hefi ekki sent \u00fe\u00e1, segir Drottinn, heldur sp\u00e1 \u00feeir lygar undir m\u00ednu nafni upp \u00e1 \u00fea\u00f0 eg \u00fatreki y\u00f0ur og \u00fe\u00e9r tort\u00fdnist me\u00f0 \u00feeim prophetunum sem sp\u00e1 y\u00f0ur.<\/p>\n<p>\tOg til \u00feeirra prestanna og til alls f\u00f3lksins tala\u00f0i eg og sag\u00f0a: <span class=\"athugasemd\" title=\"Jere. xxviii.\">[<\/span> So segir Drottinn: Hl\u00fd\u00f0i\u00f0 ekki or\u00f0um y\u00f0vara sp\u00e1manna sem sp\u00e1 fyrir y\u00f0ur og segja: &#8222;Sj\u00e1i\u00f0, \u00feau kerin \u00far h\u00fasi Drottins munu snarlega koma hinga\u00f0 aftur fr\u00e1 Bab\u00fdlon.&#8220; \u00fev\u00ed a\u00f0 \u00feeir sp\u00e1 lygar fyrir y\u00f0ur. En hvar fyrir skal \u00feessi sta\u00f0ur foreyddur vera? Eru \u00feeir prophetar og hafi \u00feeir or\u00f0 Drottins, \u00fe\u00e1 l\u00e1ti\u00f0 \u00fe\u00e1 bi\u00f0ja \u00feess af Drottni Seba\u00f3t a\u00f0 \u00feau kerin sem eftir eru vor\u00f0in \u00ed h\u00fasi Drottins og \u00ed \u00fev\u00ed h\u00fasinu konungsins J\u00fada og \u00ed Jer\u00fasalem skuli ekki einnin \u00ed burt flutt ver\u00f0a til Bab\u00fdlon.<\/p>\n<p>\t\u00dev\u00ed a\u00f0 so segir Drottinn Seab\u00f3t af \u00feeim st\u00f3lpunum og af hafinu, af st\u00f3lunum og af kerunum sem enn eru eftir vor\u00f0in \u00ed \u00feessum sta\u00f0, \u00feau e\u00f0 Nab\u00fagodonosor konungurinn af Bab\u00fdlon haf\u00f0i ekki \u00ed burt \u00fe\u00e1 e\u00f0 hann \u00ed burt flutti Jechoniam son J\u00f3ak\u00edms konunginn J\u00fada fr\u00e1 Jer\u00fasalem til Bab\u00fdlon og alla h\u00f6f\u00f0ingja J\u00fada og Jer\u00fasalem; \u00fev\u00ed a\u00f0 svo segir Drottinn Seab\u00f3t, Gu\u00f0 \u00cdsraels af \u00feeim kerunum sem enn n\u00fa eru eftir vor\u00f0in \u00ed h\u00fasi Drottins og \u00ed h\u00fasi konungsins af J\u00fada og Jer\u00fasalem: <span class=\"athugasemd\" title=\"Jechonias \/ iiii. Reg. xiiii. \/ iiii. Reg. xxv. \/ i. Esre. i.\">[<\/span> \u00deau skulu \u00ed burt flutt ver\u00f0a til Bab\u00fdlon og vera \u00fear allt til \u00feess dags \u00fe\u00e1 eg vitja \u00feeirra, segir Drottinn, og til \u00feess a\u00f0 eg l\u00e6t flytja \u00feau upp hinga\u00f0 aftur til \u00feessa sta\u00f0ar.<\/p>\n","protected":false},"excerpt":{"rendered":"<p>XXVII. \u00cd upphafi r\u00edkisstj\u00f3rnar J\u00f3ak\u00edm sonar J\u00f3s\u00eda konungsins J\u00fada ske\u00f0i \u00feetta or\u00f0 af Drottni til Jeremia og sag\u00f0i: So segir Drottinn til m\u00edn: Gj\u00f6r \u00fe\u00e9r eitt ok og heng \u00fea\u00f0 \u00e1 \u00feinn h\u00e1ls og send \u00fea\u00f0 til k\u00f3ngsins \u00ed Ed\u00f3m, til k\u00f3ngsins \u00ed M\u00f3ab, til k\u00f3ngsins \u00feeirra Amm\u00f3nssona, til k\u00f3ngsins \u00ed Tyro og til k\u00f3ngsins \u00ed S\u00eddon, me\u00f0 \u00feeim sendibo\u00f0unum sem komnir eru til Jer\u00fasalem til Zedechia konungsins J\u00fada. [ Og bj\u00f3\u00f0 \u00feeim a\u00f0 \u00feeir segi til sinna yfirherra: So segir Drottinn Seba\u00f3t, Gu\u00f0 \u00cdsraels: So skulu \u00fe\u00e9r segja y\u00f0ar herrum: Eg hefi gj\u00f6rt jar\u00f0r\u00edki\u00f0 og so manninn og so <a href=\"https:\/\/biblian.is\/gudbrandsbiblia\/jeremia-27-kafli\/\"> [&#8230;]<\/a><\/p>\n","protected":false},"author":1,"featured_media":0,"parent":0,"menu_order":0,"comment_status":"open","ping_status":"open","template":"bibliukaflar.php","meta":{"footnotes":""},"class_list":["post-3467","page","type-page","status-publish","hentry"],"_links":{"self":[{"href":"https:\/\/biblian.is\/gudbrandsbiblia\/wp-json\/wp\/v2\/pages\/3467","targetHints":{"allow":["GET"]}}],"collection":[{"href":"https:\/\/biblian.is\/gudbrandsbiblia\/wp-json\/wp\/v2\/pages"}],"about":[{"href":"https:\/\/biblian.is\/gudbrandsbiblia\/wp-json\/wp\/v2\/types\/page"}],"author":[{"embeddable":true,"href":"https:\/\/biblian.is\/gudbrandsbiblia\/wp-json\/wp\/v2\/users\/1"}],"replies":[{"embeddable":true,"href":"https:\/\/biblian.is\/gudbrandsbiblia\/wp-json\/wp\/v2\/comments?post=3467"}],"version-history":[{"count":0,"href":"https:\/\/biblian.is\/gudbrandsbiblia\/wp-json\/wp\/v2\/pages\/3467\/revisions"}],"wp:attachment":[{"href":"https:\/\/biblian.is\/gudbrandsbiblia\/wp-json\/wp\/v2\/media?parent=3467"}],"curies":[{"name":"wp","href":"https:\/\/api.w.org\/{rel}","templated":true}]}}