{"id":3452,"date":"2017-12-18T18:33:40","date_gmt":"2017-12-18T18:33:40","guid":{"rendered":"http:\/\/biblian.is\/gudbrandsbiblia\/jeremia-12-kafli\/"},"modified":"2017-12-18T18:33:40","modified_gmt":"2017-12-18T18:33:40","slug":"jeremia-12-kafli","status":"publish","type":"page","link":"https:\/\/biblian.is\/gudbrandsbiblia\/jeremia-12-kafli\/","title":{"rendered":"Jerem\u00eda 12. kafli"},"content":{"rendered":"<p>XII.<\/p>\n<p>Drottinn, \u00fe\u00f3 a\u00f0 eg vilda \u00fereyta l\u00f6g vi\u00f0 \u00feig \u00fe\u00e1 hefur \u00fe\u00fa \u00fe\u00f3 r\u00e9ttara en eg hl\u00fdt \u00fe\u00f3 samt af lagar\u00e9ttinum a\u00f0 tala vi\u00f0 \u00feig. Hvar fyrir vegnar \u00feeim \u00f3gu\u00f0legu so vel og \u00feeir forsm\u00e1nararnir hafa alls konar n\u00e6g\u00f0? <span class=\"athugasemd\" title=\"Job xii. \/ S\u00e1l. lxxiii. \/ Aba. iii.\">[<\/span> \u00de\u00fa gr\u00f3\u00f0ursetur \u00fe\u00e1 so a\u00f0 \u00feeir f\u00e1 r\u00e6tur, vaxa upp og bera \u00e1v\u00f6xt, \u00fe\u00fa l\u00e6tur \u00fe\u00e1 hr\u00f3sa miki\u00f0 \u00fat af \u00fe\u00e9r og agar \u00fe\u00e1 ekki. En mig, Drottinn, \u00fe\u00e1 \u00feekkir \u00fe\u00fa og s\u00e9r til m\u00edn og pr\u00f3far mitt hjarta fyrir \u00fe\u00e9r en \u00fe\u00e1 l\u00e6tur \u00fe\u00fa sj\u00e1lfr\u00e1\u00f0a ganga sem sau\u00f0i so a\u00f0 \u00feeir skuli ekki sl\u00e1trast og sparar \u00fe\u00e1 til dr\u00e1ps.<\/p>\n<p>\tHversu lengi skal \u00fe\u00f3 landi\u00f0 standa so aumlegana og grasi\u00f0 \u00e1 v\u00f6llunum \u00ed burt \u00feorna so allavegana fyrir innbyggjarana illsku sakir so a\u00f0 b\u00e6\u00f0i f\u00e9 og fuglar eru \u00fear aldrei s\u00ed\u00f0an? \u00dev\u00ed a\u00f0 \u00feeir segja: &#8222;Hann veit miki\u00f0 af \u00fev\u00ed hvernin \u00fea\u00f0 eigi oss a\u00f0 ganga.&#8220;<\/p>\n<p>\tFyrst a\u00f0 \u00feeir <span class=\"athugasemd\" title=\"a \/ M\u00e6\u00f0a) \/ \u00dea\u00f0 er, K\u00e6ri Jeremias, ertu hr\u00e6ddur \u00ed Anat\u00f3t? Hvernin mun \u00fe\u00e9r ganga \u00ed Jer\u00fasalem \u00fear \u00feeir drambs\u00f6mu v\u00edkingar r\u00edsa \u00ed m\u00f3ti \u00fe\u00e9r? En vertu \u00f3hr\u00e6ddur etc.\">[<\/span> m\u00e6\u00f0a \u00feig sem \u00e1 f\u00e6ti ganga, hvernin vill \u00fe\u00e9r \u00fe\u00e1 veita n\u00e6r e\u00f0 \u00fe\u00fa skalt me\u00f0 \u00feeim hlaupa sem r\u00ed\u00f0andi eru? Og \u00fear sem \u00fe\u00fa leitar eftir \u00f3hr\u00e6ddur a\u00f0 vera \u00ed \u00fev\u00ed landinu sem fri\u00f0urinn er, hvernin mun \u00fea\u00f0 \u00fe\u00e1 vilja \u00fe\u00e9r vegna \u00ed hj\u00e1 \u00feeirri hinni drambs\u00f6mu J\u00f3rdan? \u00dev\u00ed a\u00f0 \u00fe\u00ednir br\u00e6\u00f0ur og \u00fe\u00edns f\u00f6\u00f0urs h\u00fas forsm\u00e1 \u00feig einnin og hr\u00f3pa eftir \u00fe\u00e9r me\u00f0 h\u00e1reysti. \u00dear fyrir set \u00fe\u00fa ekki \u00feitt traust til \u00feeirra \u00fe\u00f3 a\u00f0 \u00feeir tali enn vinsamlegana vi\u00f0 \u00feig.<\/p>\n<p>\t\u00dear fyrir hlaut eg a\u00f0 yfirgefa mitt heimili og a\u00f0 for\u00f0ast m\u00edna arfleif\u00f0 og gefa m\u00edna elskulega s\u00e1lu \u00fat \u00ed \u00f3vina hendur. M\u00edn arfleif\u00f0 er m\u00e9r or\u00f0in so sem eitt le\u00f3n \u00ed sk\u00f3gi og grenjar \u00e1 m\u00f3ti m\u00e9r, \u00fear fyrir er eg or\u00f0inn henni rei\u00f0ur. M\u00edn arfleif\u00f0 er l\u00edka sem einn flekk\u00f3ttur fugl \u00ed kringum hvern \u00fea\u00f0 fuglarnir safnast. Komi\u00f0 og samansafni\u00f0 a\u00f0 y\u00f0ur \u00f6llum villid\u00fdrunum, komi\u00f0 og uppsvelgi\u00f0!<\/p>\n<p>\tFj\u00f6ldi hjar\u00f0argeymslumanna hefur fordjarfa\u00f0 minn v\u00edngar\u00f0 og ni\u00f0urtro\u00f0i\u00f0 minn akur. \u00deeir hafa gj\u00f6rt minn fagra akur a\u00f0 ey\u00f0im\u00f6rku, \u00feeir hafa lagt hann \u00ed ey\u00f0i. eg s\u00e9 og allarei\u00f0u hversu aumlegana \u00fea\u00f0 hann er \u00ed ey\u00f0i lag\u00f0ur. J\u00e1 gj\u00f6rvallt landi\u00f0 er \u00ed ey\u00f0i en \u00fear er enginn sem s\u00e9r l\u00e6tur \u00fea\u00f0 til hjartans ganga. \u00dev\u00ed a\u00f0 \u00feeir forey\u00f0endurnir koma h\u00e9r fram yfir um allar h\u00e6\u00f0ir ey\u00f0imerkurinnar og ekki neitt hold mun \u00fe\u00e1 fri\u00f0 hafa. \u00deeir ni\u00f0urs\u00e1 hveitinu en illgresi\u00f0 munu \u00feeir uppskera, \u00feeir hafa \u00fear erfi\u00f0i fyrir en \u00fea\u00f0 kemur \u00fe\u00f3 ekki a\u00f0 gagni, af sinni innkomu munu \u00feeir og ekki gla\u00f0ir vera fyrir grimmdarrei\u00f0inni Drottins.<\/p>\n<p>\tSo segir Drottinn \u00ed m\u00f3ti \u00f6llum \u00feeim m\u00ednum vondum n\u00e1gr\u00f6nnum sem gr\u00edpa \u00fe\u00e1 arfleif\u00f0 sem eg \u00fatskipti \u00e1 me\u00f0al m\u00edns f\u00f3lks \u00cdsraels: <span class=\"athugasemd\" title=\"Deut. itii. xxx. \/ Fyrirheit og \u00f3gnan\">[<\/span> Sj\u00e1 \u00fe\u00fa, eg vil \u00ed burt sl\u00edta \u00fe\u00e1 af \u00feeirra landi og \u00ed burt r\u00edfa \u00fea\u00f0 h\u00fasi\u00f0 J\u00fada mitt \u00e1 me\u00f0al \u00feeirra. Og n\u00e6r e\u00f0 eg hefi \u00fe\u00e1 \u00ed burt sliti\u00f0 \u00fe\u00e1 vil eg \u00fe\u00f3 enn aftur vera \u00feeim miskunnsamur og eg vil flytja hvern til sinnar arfleif\u00f0ar og inn \u00ed sitt land aftur. Og \u00fea\u00f0 skal ske ef a\u00f0 \u00feeir l\u00e6ra af m\u00ednu f\u00f3lki a\u00f0 sverja vi\u00f0 mitt nafn: &#8222;Svo sannarlega sem \u00fea\u00f0 Drottinn lifir&#8220; l\u00edka sem a\u00f0 \u00feeir kenndu fyrr meir m\u00ednu f\u00f3lki a\u00f0 sverja vi\u00f0 Baal, \u00fe\u00e1 skulu \u00feeir uppbygg\u00f0ir ver\u00f0a \u00e1 me\u00f0al m\u00edns f\u00f3lks. En ef \u00feeir vilja \u00fea\u00f0 ekki heyra \u00fe\u00e1 vil eg upprykkja og fyrir koma sl\u00edku f\u00f3lki, segir Drottinn.<\/p>\n","protected":false},"excerpt":{"rendered":"<p>XII. Drottinn, \u00fe\u00f3 a\u00f0 eg vilda \u00fereyta l\u00f6g vi\u00f0 \u00feig \u00fe\u00e1 hefur \u00fe\u00fa \u00fe\u00f3 r\u00e9ttara en eg hl\u00fdt \u00fe\u00f3 samt af lagar\u00e9ttinum a\u00f0 tala vi\u00f0 \u00feig. Hvar fyrir vegnar \u00feeim \u00f3gu\u00f0legu so vel og \u00feeir forsm\u00e1nararnir hafa alls konar n\u00e6g\u00f0? [ \u00de\u00fa gr\u00f3\u00f0ursetur \u00fe\u00e1 so a\u00f0 \u00feeir f\u00e1 r\u00e6tur, vaxa upp og bera \u00e1v\u00f6xt, \u00fe\u00fa l\u00e6tur \u00fe\u00e1 hr\u00f3sa miki\u00f0 \u00fat af \u00fe\u00e9r og agar \u00fe\u00e1 ekki. En mig, Drottinn, \u00fe\u00e1 \u00feekkir \u00fe\u00fa og s\u00e9r til m\u00edn og pr\u00f3far mitt hjarta fyrir \u00fe\u00e9r en \u00fe\u00e1 l\u00e6tur \u00fe\u00fa sj\u00e1lfr\u00e1\u00f0a ganga sem sau\u00f0i so a\u00f0 \u00feeir skuli ekki sl\u00e1trast og sparar \u00fe\u00e1 til <a href=\"https:\/\/biblian.is\/gudbrandsbiblia\/jeremia-12-kafli\/\"> [&#8230;]<\/a><\/p>\n","protected":false},"author":1,"featured_media":0,"parent":0,"menu_order":0,"comment_status":"open","ping_status":"open","template":"bibliukaflar.php","meta":{"footnotes":""},"class_list":["post-3452","page","type-page","status-publish","hentry"],"_links":{"self":[{"href":"https:\/\/biblian.is\/gudbrandsbiblia\/wp-json\/wp\/v2\/pages\/3452","targetHints":{"allow":["GET"]}}],"collection":[{"href":"https:\/\/biblian.is\/gudbrandsbiblia\/wp-json\/wp\/v2\/pages"}],"about":[{"href":"https:\/\/biblian.is\/gudbrandsbiblia\/wp-json\/wp\/v2\/types\/page"}],"author":[{"embeddable":true,"href":"https:\/\/biblian.is\/gudbrandsbiblia\/wp-json\/wp\/v2\/users\/1"}],"replies":[{"embeddable":true,"href":"https:\/\/biblian.is\/gudbrandsbiblia\/wp-json\/wp\/v2\/comments?post=3452"}],"version-history":[{"count":0,"href":"https:\/\/biblian.is\/gudbrandsbiblia\/wp-json\/wp\/v2\/pages\/3452\/revisions"}],"wp:attachment":[{"href":"https:\/\/biblian.is\/gudbrandsbiblia\/wp-json\/wp\/v2\/media?parent=3452"}],"curies":[{"name":"wp","href":"https:\/\/api.w.org\/{rel}","templated":true}]}}