{"id":3450,"date":"2017-12-18T18:33:40","date_gmt":"2017-12-18T18:33:40","guid":{"rendered":"http:\/\/biblian.is\/gudbrandsbiblia\/jeremia-10-kafli\/"},"modified":"2017-12-18T18:33:40","modified_gmt":"2017-12-18T18:33:40","slug":"jeremia-10-kafli","status":"publish","type":"page","link":"https:\/\/biblian.is\/gudbrandsbiblia\/jeremia-10-kafli\/","title":{"rendered":"Jerem\u00eda 10. kafli"},"content":{"rendered":"<p>X.<\/p>\n<p>Heyri \u00fe\u00e9r hva\u00f0 er Drottinn talar til y\u00f0ar, \u00fe\u00e9r af h\u00fasi \u00cdsraels. So segir Drottinn: \u00de\u00e9r skulu\u00f0 ekki l\u00e6ra si\u00f0venjur hei\u00f0inna manna og \u00fe\u00e9r skulu\u00f0 ekki hr\u00e6ddir vera fyrir himinteiknunum so sem \u00fea\u00f0 hei\u00f0ingjarnir hr\u00e6ddir eru \u00fev\u00ed a\u00f0 afgu\u00f0irnir hei\u00f0inna manna eru alls ekkert. \u00deeir h\u00f6ggva tr\u00e9\u00f0 \u00ed sk\u00f3ginum og smi\u00f0urinn sm\u00ed\u00f0ar \u00fea\u00f0 me\u00f0 \u00f6xinni og pr\u00fd\u00f0ir \u00fea\u00f0 me\u00f0 gulli og silfri og festir \u00fea\u00f0 me\u00f0 n\u00f6glum og hamri a\u00f0 \u00fea\u00f0 skuli ekki ofan detta. \u00deeir eru ei anna\u00f0 utan m\u00e1la\u00f0ir tr\u00e9stokkar, \u00feeir kunna eigi a\u00f0 tala, so hlj\u00f3ta \u00feeir einnin bornir a\u00f0 vera \u00fea\u00f0 sj\u00e1lfir kunna \u00feeir eigi a\u00f0 ganga. \u00dear fyrir skulu \u00fe\u00e9r ekki hr\u00e6ddir vera fyrir \u00feeim \u00fea\u00f0 \u00feeir kunna hverki a\u00f0 hj\u00e1lpa n\u00e9 ska\u00f0a gj\u00f6ra.<\/p>\n<p>\tEn \u00fe\u00e9r, Drottinn, er enginn l\u00edkur, \u00fe\u00fa ert st\u00f3r og \u00feitt nafn er mikilsh\u00e1ttar og \u00fe\u00fa kannt \u00fea\u00f0 a\u00f0 au\u00f0s\u00fdna me\u00f0 gj\u00f6rningi. Hver er s\u00e1 a\u00f0 \u00feig \u00e6tti eigi a\u00f0 hr\u00e6\u00f0ast, \u00fe\u00fa k\u00f3ngurinn hei\u00f0inna \u00fej\u00f3\u00f0a? \u00de\u00e9r er skyldugt a\u00f0 hl\u00fd\u00f0a \u00fev\u00ed a\u00f0 \u00fear er enginn s\u00e1 spekingur \u00e1 me\u00f0al hei\u00f0inna \u00fej\u00f3\u00f0a og \u00fat \u00ed \u00f6llum k\u00f3ngar\u00edkjunum a\u00f0 hann megi jafnast vi\u00f0 \u00feig. Allir saman \u00fe\u00e1 eru \u00feeir heimskir og viskulausir \u00fev\u00ed a\u00f0 tr\u00e9stokkurinn er ein f\u00e1fengileg gu\u00f0s\u00fej\u00f3nusta. Silfurpl\u00f6turnar flytjast hinga\u00f0 yfir um sj\u00e1varhafi\u00f0 en gulli\u00f0 \u00fat af \u00dafas tilb\u00fai\u00f0 af meistaranum og gullsmi\u00f0unum, \u00ed gult silki og purpura kl\u00e6\u00f0a \u00feeir \u00feau og \u00fea\u00f0 er allt saman ekki utan v\u00edsra manna fundningar.<\/p>\n<p>\tEn Drottinn er einn sannur Gu\u00f0, einn lifandi Gu\u00f0, einn eil\u00edflegur k\u00f3ngur. Fyrir hans rei\u00f0i skelfur j\u00f6r\u00f0in og \u00feeir hinir hei\u00f0nu kunna ekki a\u00f0 \u00feola hans \u00f3gnanir. \u00dev\u00ed segi\u00f0 n\u00fa svo til \u00feeirra: \u00deeir gu\u00f0ir sem ekki hafa gj\u00f6rt himin og j\u00f6r\u00f0 \u00feeir hlj\u00f3ta afm\u00e1\u00f0ir a\u00f0 ver\u00f0a \u00ed burt af j\u00f6r\u00f0unni og undan himninum. En hann hefir gj\u00f6rt j\u00f6r\u00f0ina me\u00f0 s\u00ednum krafti og tilbh\u00fai\u00f0 jar\u00f0arkringluna me\u00f0 s\u00ednum v\u00edsd\u00f3mi og himininn \u00fatbreitt me\u00f0 s\u00ednum skilningi. N\u00e6r e\u00f0 hann sl\u00e6r rei\u00f0ar\u00ferumurnar \u00fe\u00e1 er \u00fear vatsins n\u00f3gleg n\u00e6g\u00f0 undir himninum og dregur upp \u00feokuna \u00ed fr\u00e1 enda jar\u00f0arinnar, hann gj\u00f6rir \u00fe\u00e6r eldingarnar \u00ed regninu og l\u00e6tur vindinn koma \u00far leynilegum fylsnum.<\/p>\n<p>\tAllir menn eru heimskir \u00ed sinni kunn\u00e1ttu og hver gullsmi\u00f0ur ver\u00f0ur skammarlegur me\u00f0ur s\u00ednar l\u00edkneskjur \u00fea\u00f0 \u00feeirra sk\u00fargo\u00f0 eru svikr\u00e6\u00f0i og hafa ekki neitt l\u00edf.<\/p>\n<p>\t\u00dea\u00f0 er ekki utan h\u00e9g\u00f3mi og sviksamlegt sm\u00ed\u00f0i, \u00feeir skulu og fyrirfarast n\u00e6r e\u00f0 \u00feeirra ver\u00f0ur vitja\u00f0. En hann er eigi so s\u00e1 sem a\u00f0 er f\u00e9sj\u00f3\u00f0ur Jakobs heldur er hann s\u00e1 hinn sami sem skapa\u00f0 hefur alla hluti og \u00cdsrael er hans arfleif\u00f0, hann heitir Drottinn Seba\u00f3t.<\/p>\n<p>\tTak \u00fe\u00edna handt\u00e9ran burt \u00far landinu, \u00fe\u00fa sem b\u00fdr \u00ed \u00feeirri \u00f6ruggri borginni, \u00fev\u00ed so segir Drottinn: Sj\u00e1 \u00fe\u00fa, eg vil \u00ed burt dreifa innbyggjurunum landsins \u00ed \u00feessu sinni og eg vil \u00ferengja a\u00f0 \u00feeim so a\u00f0 \u00feeir skulu kenna \u00feess.<\/p>\n<p>\tAh, m\u00edn eymdarney\u00f0 og hjartans sorg! En eg \u00feenki a\u00f0 \u00fea\u00f0 sama s\u00e9 m\u00edn hefndarpl\u00e1ga og eg hlj\u00f3ti hana a\u00f0 l\u00ed\u00f0a. M\u00edn tjaldb\u00fa\u00f0 er ni\u00f0urbrotin og \u00f6ll m\u00edn reip eru \u00ed sundur slitin. M\u00edn b\u00f6rn eru \u00ed burtu og eru eigi meir fyrir sj\u00f3num, enginn \u00fatr\u00e9ttir m\u00edna tjaldb\u00fa\u00f0 aftur og engin sl\u00e6r m\u00ednu landtjaldi upp aftur. \u00fev\u00ed a\u00f0 hir\u00f0ararnir eru vor\u00f0nir a\u00f0 vitleysingum og hir\u00f0a eigi um Drottin, \u00fear fyri kunna \u00feeir og einnin ekki neitt r\u00e9ttv\u00edslegt a\u00f0 kenna heldur eru allar hjar\u00f0ir \u00ed sundur dreif\u00f0ar. Sj\u00e1 \u00fe\u00fa, \u00fear kemur eitt her\u00f3p fram \u00fea\u00f0an og ein mikil skelfing \u00far nor\u00f0urlandinu so a\u00f0 \u00feeir sta\u00f0irnir \u00ed J\u00fada skulu \u00ed ey\u00f0i leggjast og a\u00f0 drekab\u00e6lum ver\u00f0a.<\/p>\n<p>\tEg veit \u00fea\u00f0, Drottinn, a\u00f0 mannsins gj\u00f6rningur er ekki \u00ed sj\u00e1lfs hans valdi og \u00fea\u00f0 stendur ekki \u00ed neins manns magt hvernin \u00fea\u00f0 hann skuli ganga e\u00f0ur grei\u00f0a s\u00edna g\u00f6tu. <span class=\"athugasemd\" title=\"S\u00e1l. lxxix. \/ B\u00e6n\">[<\/span> Tyfta \u00fe\u00fa mig, Drottinn, \u00fe\u00f3 me\u00f0 h\u00f3fsemd og ekki \u00ed br\u00e6\u00f0i \u00feinnar rei\u00f0i so a\u00f0 \u00fe\u00fa uppr\u00e6tir mig ekki, heldur \u00fathell \u00fe\u00fa \u00feinni rei\u00f0i yfir hei\u00f0ingjana \u00fe\u00e1 sem ekki \u00feekkja \u00feig og yfir \u00fe\u00e6r kynkv\u00edslirnar sem ekki \u00e1kalla \u00feitt nafn. \u00dev\u00ed a\u00f0 \u00feeir hafa Jakob upp\u00e9ti\u00f0 og uppsvelgt, \u00feeir hafa \u00fatr\u00fdmt hann og hans b\u00fasta\u00f0i \u00ed ey\u00f0i lagt.<\/p>\n","protected":false},"excerpt":{"rendered":"<p>X. Heyri \u00fe\u00e9r hva\u00f0 er Drottinn talar til y\u00f0ar, \u00fe\u00e9r af h\u00fasi \u00cdsraels. So segir Drottinn: \u00de\u00e9r skulu\u00f0 ekki l\u00e6ra si\u00f0venjur hei\u00f0inna manna og \u00fe\u00e9r skulu\u00f0 ekki hr\u00e6ddir vera fyrir himinteiknunum so sem \u00fea\u00f0 hei\u00f0ingjarnir hr\u00e6ddir eru \u00fev\u00ed a\u00f0 afgu\u00f0irnir hei\u00f0inna manna eru alls ekkert. \u00deeir h\u00f6ggva tr\u00e9\u00f0 \u00ed sk\u00f3ginum og smi\u00f0urinn sm\u00ed\u00f0ar \u00fea\u00f0 me\u00f0 \u00f6xinni og pr\u00fd\u00f0ir \u00fea\u00f0 me\u00f0 gulli og silfri og festir \u00fea\u00f0 me\u00f0 n\u00f6glum og hamri a\u00f0 \u00fea\u00f0 skuli ekki ofan detta. \u00deeir eru ei anna\u00f0 utan m\u00e1la\u00f0ir tr\u00e9stokkar, \u00feeir kunna eigi a\u00f0 tala, so hlj\u00f3ta \u00feeir einnin bornir a\u00f0 vera \u00fea\u00f0 sj\u00e1lfir kunna \u00feeir eigi <a href=\"https:\/\/biblian.is\/gudbrandsbiblia\/jeremia-10-kafli\/\"> [&#8230;]<\/a><\/p>\n","protected":false},"author":1,"featured_media":0,"parent":0,"menu_order":0,"comment_status":"open","ping_status":"open","template":"bibliukaflar.php","meta":{"footnotes":""},"class_list":["post-3450","page","type-page","status-publish","hentry"],"_links":{"self":[{"href":"https:\/\/biblian.is\/gudbrandsbiblia\/wp-json\/wp\/v2\/pages\/3450","targetHints":{"allow":["GET"]}}],"collection":[{"href":"https:\/\/biblian.is\/gudbrandsbiblia\/wp-json\/wp\/v2\/pages"}],"about":[{"href":"https:\/\/biblian.is\/gudbrandsbiblia\/wp-json\/wp\/v2\/types\/page"}],"author":[{"embeddable":true,"href":"https:\/\/biblian.is\/gudbrandsbiblia\/wp-json\/wp\/v2\/users\/1"}],"replies":[{"embeddable":true,"href":"https:\/\/biblian.is\/gudbrandsbiblia\/wp-json\/wp\/v2\/comments?post=3450"}],"version-history":[{"count":0,"href":"https:\/\/biblian.is\/gudbrandsbiblia\/wp-json\/wp\/v2\/pages\/3450\/revisions"}],"wp:attachment":[{"href":"https:\/\/biblian.is\/gudbrandsbiblia\/wp-json\/wp\/v2\/media?parent=3450"}],"curies":[{"name":"wp","href":"https:\/\/api.w.org\/{rel}","templated":true}]}}