{"id":3429,"date":"2017-12-18T18:33:36","date_gmt":"2017-12-18T18:33:36","guid":{"rendered":"http:\/\/biblian.is\/gudbrandsbiblia\/jesaja-56-kafli\/"},"modified":"2017-12-18T18:33:36","modified_gmt":"2017-12-18T18:33:36","slug":"jesaja-56-kafli","status":"publish","type":"page","link":"https:\/\/biblian.is\/gudbrandsbiblia\/jesaja-56-kafli\/","title":{"rendered":"Jesaja 56. kafli"},"content":{"rendered":"<p>LVI.<\/p>\n<p>So segir Drottinn: <span class=\"athugasemd\" title=\"Christus Gu\u00f0s r\u00e9ttl\u00e6ti\">[<\/span> Var\u00f0veiti\u00f0 d\u00f3minn og gj\u00f6ri\u00f0 r\u00e9ttv\u00edsina \u00fev\u00ed a\u00f0 mitt hj\u00e1lpr\u00e6\u00f0i er hartn\u00e6rri so a\u00f0 \u00fea\u00f0 komi og mitt r\u00e9ttl\u00e6ti svo a\u00f0 \u00fea\u00f0 opinbert ver\u00f0i. S\u00e6ll er s\u00e1 ma\u00f0ur sem svodant gj\u00f6rir og s\u00e1 mannsins sonur sem \u00fea\u00f0 sta\u00f0fastlega h\u00f6ndlar \u00fea\u00f0 hann haldi \u00fevottdaginn og saurgi hann ei og var\u00f0veiti s\u00ednar hendur \u00fea\u00f0 hann gj\u00f6ri ei neitt v\u00f6ndslegt.<\/p>\n<p>\tOg s\u00e1 hinn framandi sem sig hefur undirgefi\u00f0 Drottni skal ei segja: &#8222;Drottinn mun skilja mig \u00ed fr\u00e1 s\u00ednu f\u00f3lki&#8220; og s\u00e1 sem geldur er skal ei segja: &#8222;Sj\u00e1 \u00fe\u00fa, eg em eitt \u00feurrt tr\u00e9.&#8220; \u00dev\u00ed a\u00f0 so segir Drottinn til \u00feeirra sem geldir eru, \u00feeir e\u00f0 halda m\u00edna \u00fevottdaga og \u00fatvelja \u00fea\u00f0 hva\u00f0 m\u00e9r vel \u00fe\u00f3knast og h\u00f6ndla fast minn s\u00e1ttm\u00e1la: \u00deeim mun eg gefa r\u00fam \u00ed m\u00ednu h\u00fasi og innan minna m\u00farveggja og betra nafn en sonar og d\u00f3ttur. Eil\u00edflegt nafn mun eg gefa \u00feeim \u00fea\u00f0 ei skal forganga.<\/p>\n<p>\tOg \u00feeir annarlegir synir sem sig hafa gefi\u00f0 til Drottins so a\u00f0 \u00feeir \u00fej\u00f3ni honum og elski hans nafn so a\u00f0 \u00feeir s\u00e9 hans \u00fej\u00f3nar, haldandi allir \u00fevottdaginn so \u00feeir saurgi hann ei og haldi fastlega minn s\u00e1ttm\u00e1la, \u00fe\u00e1 s\u00f6mu mun eg lei\u00f0a til m\u00edns hins heilaga fjalls og mun gle\u00f0ja \u00fe\u00e1 \u00ed m\u00ednu b\u00e6nah\u00fasi so a\u00f0 \u00feeirra f\u00f3rnir og brennioffur skulu m\u00e9r \u00feakkn\u00e6mar vera \u00e1 m\u00ednu altari. <span class=\"athugasemd\" title=\"iy. Regum viy. \/ Matth. xxi.\">[<\/span> \u00dev\u00ed a\u00f0 mitt h\u00fas kallast b\u00e6nah\u00fas \u00f6llu f\u00f3lki. S\u00e1 Drottinn Drottinn sem hina \u00ed sundurdreif\u00f0u af \u00cdsrael samansafnar hann segir: Eg mun enn fleirum safna til \u00feeirra sem samansafna\u00f0ir eru.<\/p>\n<p>\t\u00d6ll d\u00fdrin \u00e1 m\u00f6rkinni, komi\u00f0 og \u00e9ti\u00f0, j\u00e1 \u00f6ll d\u00fdrin \u00ed sk\u00f3ginum. Allir \u00feeirra v\u00f6kumenn eru blindir. <span class=\"athugasemd\" title=\"\u00d3tr\u00fair og falskir kennife\u00f0ur\">[<\/span> \u00deeir vita alls ekki, hlj\u00f3\u00f0alausir hundar eru \u00feeir sem ekki kunna um a\u00f0 vanda, eru latir, liggja og sofa gjarnan, en eru \u00fe\u00f3 sterkir og hraustir hundar sem aldrei kunna saddir a\u00f0 ver\u00f0a. Sj\u00e1, hir\u00f0arnir hafa \u00f6ngvan <span class=\"athugasemd\" title=\"b \/ Skilning) \/ \u00dea\u00f0 er, Gu\u00f0s or\u00f0 \/ Jere. vi. viy.\">[<\/span> skilning, hver \u00feeirra sem einn hn\u00edgur a\u00f0 s\u00ednum sj\u00e1lfs vegi, hver \u00feeirra dregur a\u00f0 s\u00e9r \u00ed sinni st\u00e9tt. &#8222;Komi\u00f0 hinga\u00f0, l\u00e1tum oss v\u00edni\u00f0 s\u00e6kja og drekkum oss drukkna og \u00e1 morgun skal \u00fea\u00f0 vera so sem \u00ed dag og enn miklu framar!&#8220;  <\/p>\n<p>\tEn s\u00e1 hinn r\u00e9ttfer\u00f0ugi tort\u00fdnist og \u00fear er enginn sem \u00fea\u00f0 huglei\u00f0i \u00ed s\u00ednu hjarta og heilagir menn ver\u00f0a \u00ed burt teknir og enginn hyggur a\u00f0 \u00fev\u00ed. \u00dev\u00ed a\u00f0 hinir r\u00e9ttfer\u00f0ugu ver\u00f0a burt teknir fr\u00e1 \u00f3g\u00e6funni og \u00feeir sem r\u00e9ttfer\u00f0uglega hafa gengi\u00f0 koma til fri\u00f0ar og hv\u00edlast \u00ed s\u00ednum svefnh\u00fasum.<\/p>\n","protected":false},"excerpt":{"rendered":"<p>LVI. So segir Drottinn: [ Var\u00f0veiti\u00f0 d\u00f3minn og gj\u00f6ri\u00f0 r\u00e9ttv\u00edsina \u00fev\u00ed a\u00f0 mitt hj\u00e1lpr\u00e6\u00f0i er hartn\u00e6rri so a\u00f0 \u00fea\u00f0 komi og mitt r\u00e9ttl\u00e6ti svo a\u00f0 \u00fea\u00f0 opinbert ver\u00f0i. S\u00e6ll er s\u00e1 ma\u00f0ur sem svodant gj\u00f6rir og s\u00e1 mannsins sonur sem \u00fea\u00f0 sta\u00f0fastlega h\u00f6ndlar \u00fea\u00f0 hann haldi \u00fevottdaginn og saurgi hann ei og var\u00f0veiti s\u00ednar hendur \u00fea\u00f0 hann gj\u00f6ri ei neitt v\u00f6ndslegt. Og s\u00e1 hinn framandi sem sig hefur undirgefi\u00f0 Drottni skal ei segja: &#8222;Drottinn mun skilja mig \u00ed fr\u00e1 s\u00ednu f\u00f3lki&#8220; og s\u00e1 sem geldur er skal ei segja: &#8222;Sj\u00e1 \u00fe\u00fa, eg em eitt \u00feurrt tr\u00e9.&#8220; \u00dev\u00ed a\u00f0 so segir <a href=\"https:\/\/biblian.is\/gudbrandsbiblia\/jesaja-56-kafli\/\"> [&#8230;]<\/a><\/p>\n","protected":false},"author":1,"featured_media":0,"parent":0,"menu_order":0,"comment_status":"open","ping_status":"open","template":"bibliukaflar.php","meta":{"footnotes":""},"class_list":["post-3429","page","type-page","status-publish","hentry"],"_links":{"self":[{"href":"https:\/\/biblian.is\/gudbrandsbiblia\/wp-json\/wp\/v2\/pages\/3429","targetHints":{"allow":["GET"]}}],"collection":[{"href":"https:\/\/biblian.is\/gudbrandsbiblia\/wp-json\/wp\/v2\/pages"}],"about":[{"href":"https:\/\/biblian.is\/gudbrandsbiblia\/wp-json\/wp\/v2\/types\/page"}],"author":[{"embeddable":true,"href":"https:\/\/biblian.is\/gudbrandsbiblia\/wp-json\/wp\/v2\/users\/1"}],"replies":[{"embeddable":true,"href":"https:\/\/biblian.is\/gudbrandsbiblia\/wp-json\/wp\/v2\/comments?post=3429"}],"version-history":[{"count":0,"href":"https:\/\/biblian.is\/gudbrandsbiblia\/wp-json\/wp\/v2\/pages\/3429\/revisions"}],"wp:attachment":[{"href":"https:\/\/biblian.is\/gudbrandsbiblia\/wp-json\/wp\/v2\/media?parent=3429"}],"curies":[{"name":"wp","href":"https:\/\/api.w.org\/{rel}","templated":true}]}}