{"id":3423,"date":"2017-12-18T18:33:36","date_gmt":"2017-12-18T18:33:36","guid":{"rendered":"http:\/\/biblian.is\/gudbrandsbiblia\/jesaja-50-kafli\/"},"modified":"2017-12-18T18:33:36","modified_gmt":"2017-12-18T18:33:36","slug":"jesaja-50-kafli","status":"publish","type":"page","link":"https:\/\/biblian.is\/gudbrandsbiblia\/jesaja-50-kafli\/","title":{"rendered":"Jesaja 50. kafli"},"content":{"rendered":"<p>L.<\/p>\n<p>So segir Drottinn: Hvar er \u00fea\u00f0 skilna\u00f0arbr\u00e9fi\u00f0 y\u00f0rar m\u00f3\u00f0ur \u00fea\u00f0 e\u00f0 eg yfirgaf hana me\u00f0 e\u00f0ur hver er minn okkursmann \u00fea\u00f0 e\u00f0 eg hefi selt y\u00f0ur? Sj\u00e1i\u00f0, \u00fe\u00e9r eru\u00f0 fyrir y\u00f0ra synda sakir \u00ed burt seldir og y\u00f0var m\u00f3\u00f0ir er fyrir y\u00f0vara misgj\u00f6r\u00f0a sakir yfirgefin. Hvar fyrir kom eg og \u00fear var enginn? Eg kalla\u00f0i og enginn svara\u00f0i. Hvert er m\u00edn h\u00f6nd n\u00fa so stutt or\u00f0in \u00fea\u00f0 h\u00fan kann ekki a\u00f0 frelsa e\u00f0a hvert er \u00fear enginn kraftur hj\u00e1 m\u00e9r til a\u00f0 endurleysa? Sj\u00e1i\u00f0, me\u00f0 minni \u00e1v\u00edtan upp\u00feurrka eg sj\u00e1varhafi\u00f0 og gj\u00f6ri vatsfl\u00f3\u00f0in sem a\u00f0ra ey\u00f0im\u00f6rk so a\u00f0 \u00feeirra fiskar af \u00feroti vatsins deyja af \u00feorsta og \u00faldna so upp. <span class=\"athugasemd\" title=\"Esa. v. \/ Exo. xix. xiiy.\">[<\/span> Eg kl\u00e6\u00f0i himininn me\u00f0 myrkrinu og gj\u00f6ri hans sk\u00fdling sem annan sekk.<\/p>\n<p>\tDrottinn Drottinn hefur gefi\u00f0 m\u00e9r vel l\u00e6r\u00f0a tungu so \u00fea\u00f0 eg viti \u00ed r\u00e9ttan t\u00edma a\u00f0 tala vi\u00f0 \u00fe\u00e1 sem m\u00e6ddir eru. Hann uppvekur mig alla morna, hann vekur mitt eyra so \u00fea\u00f0 eg heyri sem annar l\u00e6risveinn. Drottinn Drottinn hefur opna\u00f0 mitt eyra og eg em ei \u00f3hl\u00fd\u00f0ugur og geng ekki til baka aftur. <span class=\"athugasemd\" title=\"Matth. xxvi. \/ Sp\u00e1d\u00f3mur \u00fat af p\u00ednunni Christi \/ S\u00e1l. cxx.\">[<\/span> Eg sneri m\u00ednu baki til \u00feeirra sem mig sl\u00f3gu og m\u00edna kinnvanga a\u00f0 \u00feeim sem mig reyttu. M\u00edna \u00e1sj\u00f3nu byrg\u00f0a eg ekki fyrir forsm\u00e1n og hr\u00e1kum. \u00dev\u00ed a\u00f0 Drottinn Drottinn hj\u00e1lpar m\u00e9r, \u00fear fyrir ver\u00f0 eg ekki til skammar. Af \u00fev\u00ed hefi eg og m\u00edna \u00e1sj\u00f3nu fram bo\u00f0i\u00f0 sem annan har\u00f0an stein \u00fea\u00f0 eg veit a\u00f0 eg ver\u00f0 ekki til skammar. Hann er hartn\u00e6rri sem mig r\u00e9ttl\u00e6tir, hver vill \u00fer\u00e1tta vi\u00f0 mig? L\u00e1tum oss ganga til samans. Hver er s\u00e1 e\u00f0 mig \u00e1klagar? Komi hann hinga\u00f0 til m\u00edn. Sj\u00e1 \u00fe\u00fa, Drottinn Drottinn hj\u00e1lpar m\u00e9r, hver er s\u00e1 e\u00f0 mig vill d\u00e6ma? Sj\u00e1 \u00fe\u00fa, \u00feeir munu allir saman fyrnast upp sem anna\u00f0 kl\u00e6\u00f0i og m\u00f6lurinn mun upp\u00e9ta \u00fe\u00e1.<\/p>\n<p>\tHver er \u00fear \u00e1 me\u00f0al y\u00f0ar s\u00e1 e\u00f0 \u00f3ttast Drottin, hann sem hl\u00fd\u00f0ir raustinni s\u00edns \u00fe\u00e9nara, s\u00e1 \u00ed myrkrunum gengur og l\u00fdsir honum ekki? Voni s\u00e1 upp \u00e1 nafn Drottins og treysti upp \u00e1 sinn Gu\u00f0. Sj\u00e1i\u00f0 \u00fe\u00e9r allir saman sem \u00feann eldinn uppkveiki\u00f0, me\u00f0 loganum umvaf\u00f0ir, gangi\u00f0 \u00ed lj\u00f3sinu eldsins y\u00f0vars og \u00ed \u00feeim loganum sem \u00fe\u00e9r hafi\u00f0 uppkveikt. Svoddan ske\u00f0ur y\u00f0ur af minni hendi: \u00cd harmkv\u00e6lum munu \u00fe\u00e9r liggja.<\/p>\n","protected":false},"excerpt":{"rendered":"<p>L. So segir Drottinn: Hvar er \u00fea\u00f0 skilna\u00f0arbr\u00e9fi\u00f0 y\u00f0rar m\u00f3\u00f0ur \u00fea\u00f0 e\u00f0 eg yfirgaf hana me\u00f0 e\u00f0ur hver er minn okkursmann \u00fea\u00f0 e\u00f0 eg hefi selt y\u00f0ur? Sj\u00e1i\u00f0, \u00fe\u00e9r eru\u00f0 fyrir y\u00f0ra synda sakir \u00ed burt seldir og y\u00f0var m\u00f3\u00f0ir er fyrir y\u00f0vara misgj\u00f6r\u00f0a sakir yfirgefin. Hvar fyrir kom eg og \u00fear var enginn? Eg kalla\u00f0i og enginn svara\u00f0i. Hvert er m\u00edn h\u00f6nd n\u00fa so stutt or\u00f0in \u00fea\u00f0 h\u00fan kann ekki a\u00f0 frelsa e\u00f0a hvert er \u00fear enginn kraftur hj\u00e1 m\u00e9r til a\u00f0 endurleysa? Sj\u00e1i\u00f0, me\u00f0 minni \u00e1v\u00edtan upp\u00feurrka eg sj\u00e1varhafi\u00f0 og gj\u00f6ri vatsfl\u00f3\u00f0in sem a\u00f0ra ey\u00f0im\u00f6rk so a\u00f0 \u00feeirra <a href=\"https:\/\/biblian.is\/gudbrandsbiblia\/jesaja-50-kafli\/\"> [&#8230;]<\/a><\/p>\n","protected":false},"author":1,"featured_media":0,"parent":0,"menu_order":0,"comment_status":"open","ping_status":"open","template":"bibliukaflar.php","meta":{"footnotes":""},"class_list":["post-3423","page","type-page","status-publish","hentry"],"_links":{"self":[{"href":"https:\/\/biblian.is\/gudbrandsbiblia\/wp-json\/wp\/v2\/pages\/3423","targetHints":{"allow":["GET"]}}],"collection":[{"href":"https:\/\/biblian.is\/gudbrandsbiblia\/wp-json\/wp\/v2\/pages"}],"about":[{"href":"https:\/\/biblian.is\/gudbrandsbiblia\/wp-json\/wp\/v2\/types\/page"}],"author":[{"embeddable":true,"href":"https:\/\/biblian.is\/gudbrandsbiblia\/wp-json\/wp\/v2\/users\/1"}],"replies":[{"embeddable":true,"href":"https:\/\/biblian.is\/gudbrandsbiblia\/wp-json\/wp\/v2\/comments?post=3423"}],"version-history":[{"count":0,"href":"https:\/\/biblian.is\/gudbrandsbiblia\/wp-json\/wp\/v2\/pages\/3423\/revisions"}],"wp:attachment":[{"href":"https:\/\/biblian.is\/gudbrandsbiblia\/wp-json\/wp\/v2\/media?parent=3423"}],"curies":[{"name":"wp","href":"https:\/\/api.w.org\/{rel}","templated":true}]}}