{"id":3399,"date":"2017-12-18T18:33:33","date_gmt":"2017-12-18T18:33:33","guid":{"rendered":"http:\/\/biblian.is\/gudbrandsbiblia\/jesaja-26-kafli\/"},"modified":"2017-12-18T18:33:33","modified_gmt":"2017-12-18T18:33:33","slug":"jesaja-26-kafli","status":"publish","type":"page","link":"https:\/\/biblian.is\/gudbrandsbiblia\/jesaja-26-kafli\/","title":{"rendered":"Jesaja 26. kafli"},"content":{"rendered":"<p>XXVI.<\/p>\n<p>\u00c1 \u00feeim t\u00edma mun svodan kv\u00e6\u00f0i sungi\u00f0 vera \u00ed landinu J\u00fada:<\/p>\n<p>\tV\u00e9r h\u00f6fum eina \u00f6fluga borg hv\u00f6rrar m\u00farveggirnir og verjurnar eru hj\u00e1lpr\u00e6\u00f0i\u00f0.<\/p>\n<p>\tL\u00e1ti\u00f0 upp dyrnar so a\u00f0 \u00fear inngangi \u00fea\u00f0 r\u00e9ttv\u00edsa f\u00f3lki\u00f0 sem tr\u00fana var\u00f0veitir.<\/p>\n<p>\t\u00de\u00fa heldur jafnan fri\u00f0inn eftir sannarlegu fyrirheiti \u00fev\u00ed menn treysta \u00e1 \u00feig. \u00dear fyrir \u00fe\u00e1 treysti\u00f0 upp \u00e1 Drottin eil\u00edflega \u00fea\u00f0 Gu\u00f0 Drottinn er eitt eil\u00edft bjarg.<\/p>\n<p>\tOg hann beygir \u00fe\u00e1 s\u00f6mu sem byggja \u00e1 h\u00e6\u00f0inni, \u00fe\u00e1 h\u00e1u borgina ni\u00f0url\u00e6gir hann, j\u00e1, hann ni\u00f0url\u00e6gir hana allt til jar\u00f0ar so \u00fea\u00f0 h\u00fan liggur \u00ed dufti,<\/p>\n<p>\tso a\u00f0 h\u00fan ver\u00f0i me\u00f0 f\u00f3tum tro\u00f0in, j\u00e1 me\u00f0 f\u00f3tum vola\u00f0ra, me\u00f0 h\u00e6lum f\u00e1t\u00e6kra.<\/p>\n<p>\tEn vegurinn r\u00e9ttfer\u00f0ugra er sl\u00e9ttur og f\u00f3tst\u00edginn r\u00e9ttv\u00edsra gj\u00f6rir \u00fe\u00fa beinan.<\/p>\n<p>\t\u00dev\u00ed a\u00f0 v\u00e9r vonum upp \u00e1 \u00feig, Drottinn, \u00e1 veginum \u00feinna r\u00e9ttinda, hjartans lysting stendur til \u00fe\u00edns nafns og til \u00feinnar minningar.<\/p>\n<p>\tAf hjarta girnunst eg \u00fe\u00edn \u00e1 n\u00f3ttinni, \u00fear a\u00f0 auk me\u00f0 m\u00ednum anda \u00ed m\u00e9r vakna eg snemma til \u00fe\u00edn.<\/p>\n<p>\t\u00dev\u00ed a\u00f0 n\u00e6r e\u00f0 \u00fe\u00edn r\u00e9ttindi ganga \u00ed landinu \u00fe\u00e1 l\u00e6ra \u00feeir innbyggjendur jar\u00f0arinnar r\u00e9ttv\u00edsina.<\/p>\n<p>\tEn \u00fe\u00f3 a\u00f0 \u00feeim \u00f3gu\u00f0legum ver\u00f0i n\u00e1\u00f0in frambo\u00f0in \u00fe\u00e1 l\u00e6ra \u00feeir \u00fe\u00f3 \u00f6ngva r\u00e9ttv\u00edsi<\/p>\n<p>\theldur gj\u00f6ra \u00feeir illa \u00ed r\u00e9ttv\u00edsu landi \u00fea\u00f0 \u00feeir sj\u00e1 ekki \u00fe\u00e1 d\u00fdr\u00f0arvegsemd Drottins.<\/p>\n<p>\tDrottinn, \u00fe\u00edn h\u00f6nd er uphafin, \u00fea\u00f0 sj\u00e1 \u00feeir ekki, en \u00fe\u00e1 n\u00e6r e\u00f0 \u00feeir sj\u00e1 \u00fea\u00f0 \u00fe\u00e1 munu \u00feeir til skammar ver\u00f0a \u00ed \u00feeirri vandl\u00e6tingu yfir hei\u00f0num \u00fej\u00f3\u00f0um. \u00dear a\u00f0 auk muntu forey\u00f0a \u00feeim me\u00f0 eldi \u00fear e\u00f0 \u00fe\u00fa forey\u00f0ir \u00fe\u00ednum \u00f3vinum me\u00f0.<\/p>\n<p>\tEn oss mun Drottinn fri\u00f0inn til senda \u00fea\u00f0 allt hva\u00f0 v\u00e9r \u00fatr\u00e9ttum \u00fea\u00f0 hefur \u00fe\u00fa gefi\u00f0 oss.<\/p>\n<p>\tDrottinn Gu\u00f0 vor, \u00fear drottna enn a\u00f0rir herrar yfir oss en \u00fe\u00fa, en v\u00e9r hugsum \u00fe\u00f3 alleinasta til \u00fe\u00edn og til \u00fe\u00edns nafns.<\/p>\n<p>\tHinir dau\u00f0u bl\u00edfa ekki lifandi, hinir framli\u00f0nu standa ekki upp<\/p>\n<p>\t\u00fev\u00ed a\u00f0 \u00fe\u00fa hefir vitja\u00f0 \u00feeirra og afm\u00e1\u00f0 \u00fe\u00e1 og a\u00f0 \u00f6ngu gj\u00f6rt alla \u00feeirra minning.<\/p>\n<p>\tEn \u00fe\u00fa, Drottinn, fer \u00e1fram me\u00f0al hei\u00f0inna \u00fej\u00f3\u00f0a, \u00fe\u00fa fer einatt \u00e1fram me\u00f0al hei\u00f0inna \u00fej\u00f3\u00f0a, au\u00f0s\u00fdnir \u00fe\u00edna vegsemd og \u00fe\u00fa kemst langt allt til enda veraldarinnar.<\/p>\n<p>\tDrottinn, n\u00e6r e\u00f0 h\u00f6rmungin er fyrir h\u00f6ndum \u00fe\u00e1 vitja \u00feeir \u00fe\u00edn, n\u00e6r e\u00f0 \u00fe\u00fa agar \u00fe\u00e1 kalla \u00feeir s\u00e1rgr\u00e6tilega. <span class=\"athugasemd\" title=\"Job xxi.\">[<\/span><\/p>\n<p>\tL\u00edka so sem \u00f3l\u00e9tt kona, n\u00e6r e\u00f0 h\u00fan \u00e1 a\u00f0 mestu barn a\u00f0 f\u00e6\u00f0a, \u00fe\u00e1 hefir h\u00fan hrygg\u00f0, kallar upp \u00ed s\u00ednum harmkv\u00e6lum, so gengur \u00fea\u00f0 oss einnin, Drottinn, fyrir \u00fe\u00ednu augliti.<\/p>\n<p>\tSo erum v\u00e9r og einnin \u00feunga\u00f0ir og v\u00e9r h\u00f6fum hrygg\u00f0 so a\u00f0 v\u00e9r getum varla andardr\u00e6ttinum n\u00e1\u00f0.<\/p>\n<p>\t\u00de\u00f3 getum v\u00e9r ekki landinu vi\u00f0hj\u00e1lpa\u00f0 og \u00feeir byggendur \u00e1 jar\u00f0r\u00edkinu vilja ekki falla.<\/p>\n<p>\tEn \u00fe\u00ednir hinir dau\u00f0u munu lifna og me\u00f0ur l\u00edkumunum upp aftur r\u00edsa.<\/p>\n<p>\tVaki\u00f0 upp, lof segi\u00f0, \u00fe\u00e9r sem liggi\u00f0 \u00ed j\u00f6r\u00f0u luktir, \u00fev\u00ed a\u00f0 \u00fe\u00edn d\u00f6gg er s\u00fa daugg hins gr\u00e6na vallarins en \u00fe\u00fa munt \u00fev\u00ed dau\u00f0ra landinu ni\u00f0ur kasta. <span class=\"athugasemd\" title=\"Upprisan dau\u00f0ra\">[<\/span> <\/p>\n<p>\tFar \u00fe\u00fa, mitt f\u00f3lk, inn \u00ed \u00feitt svefnh\u00fas og l\u00fdk aftur dyrnar eftir \u00fe\u00e9r, geym \u00feig \u00fear um l\u00edti\u00f0 augabrag\u00f0 \u00feanga\u00f0 til a\u00f0 rei\u00f0in er hj\u00e1 gengin.<\/p>\n<p>\t\u00dev\u00ed a\u00f0 sj\u00e1 \u00fe\u00fa, Drottinn mun \u00fatganga af s\u00ednum sta\u00f0 til a\u00f0 vitja \u00feeirrar illgirni yfir \u00fe\u00e1 sem byggja \u00ed landinu so \u00fea\u00f0 landi\u00f0 mun opinbera \u00feeirra bl\u00f3\u00f0 og ekki lengur fela \u00fe\u00e1 sem drepnir eru \u00fear inni.<\/p>\n","protected":false},"excerpt":{"rendered":"<p>XXVI. \u00c1 \u00feeim t\u00edma mun svodan kv\u00e6\u00f0i sungi\u00f0 vera \u00ed landinu J\u00fada: V\u00e9r h\u00f6fum eina \u00f6fluga borg hv\u00f6rrar m\u00farveggirnir og verjurnar eru hj\u00e1lpr\u00e6\u00f0i\u00f0. L\u00e1ti\u00f0 upp dyrnar so a\u00f0 \u00fear inngangi \u00fea\u00f0 r\u00e9ttv\u00edsa f\u00f3lki\u00f0 sem tr\u00fana var\u00f0veitir. \u00de\u00fa heldur jafnan fri\u00f0inn eftir sannarlegu fyrirheiti \u00fev\u00ed menn treysta \u00e1 \u00feig. \u00dear fyrir \u00fe\u00e1 treysti\u00f0 upp \u00e1 Drottin eil\u00edflega \u00fea\u00f0 Gu\u00f0 Drottinn er eitt eil\u00edft bjarg. Og hann beygir \u00fe\u00e1 s\u00f6mu sem byggja \u00e1 h\u00e6\u00f0inni, \u00fe\u00e1 h\u00e1u borgina ni\u00f0url\u00e6gir hann, j\u00e1, hann ni\u00f0url\u00e6gir hana allt til jar\u00f0ar so \u00fea\u00f0 h\u00fan liggur \u00ed dufti, so a\u00f0 h\u00fan ver\u00f0i me\u00f0 f\u00f3tum tro\u00f0in, j\u00e1 me\u00f0 f\u00f3tum <a href=\"https:\/\/biblian.is\/gudbrandsbiblia\/jesaja-26-kafli\/\"> [&#8230;]<\/a><\/p>\n","protected":false},"author":1,"featured_media":0,"parent":0,"menu_order":0,"comment_status":"open","ping_status":"open","template":"bibliukaflar.php","meta":{"footnotes":""},"class_list":["post-3399","page","type-page","status-publish","hentry"],"_links":{"self":[{"href":"https:\/\/biblian.is\/gudbrandsbiblia\/wp-json\/wp\/v2\/pages\/3399","targetHints":{"allow":["GET"]}}],"collection":[{"href":"https:\/\/biblian.is\/gudbrandsbiblia\/wp-json\/wp\/v2\/pages"}],"about":[{"href":"https:\/\/biblian.is\/gudbrandsbiblia\/wp-json\/wp\/v2\/types\/page"}],"author":[{"embeddable":true,"href":"https:\/\/biblian.is\/gudbrandsbiblia\/wp-json\/wp\/v2\/users\/1"}],"replies":[{"embeddable":true,"href":"https:\/\/biblian.is\/gudbrandsbiblia\/wp-json\/wp\/v2\/comments?post=3399"}],"version-history":[{"count":0,"href":"https:\/\/biblian.is\/gudbrandsbiblia\/wp-json\/wp\/v2\/pages\/3399\/revisions"}],"wp:attachment":[{"href":"https:\/\/biblian.is\/gudbrandsbiblia\/wp-json\/wp\/v2\/media?parent=3399"}],"curies":[{"name":"wp","href":"https:\/\/api.w.org\/{rel}","templated":true}]}}